{"version":"1.0","provider_name":"CTF-FCE","provider_url":"https:\/\/www.ctf-fce.ca\/fr\/","author_name":"contact@keshocommunications.ca","author_url":"https:\/\/www.ctf-fce.ca\/fr\/author\/contactkeshocommunications-ca\/","title":"100e Assembl\u00e9e g\u00e9n\u00e9rale annuelle (AGA) - CTF-FCE","type":"rich","width":600,"height":338,"html":"<blockquote class=\"wp-embedded-content\" data-secret=\"lSs1RtAEZO\"><a href=\"https:\/\/www.ctf-fce.ca\/fr\/events\/100e-assemblee-generale-annuelle-aga\/\">100<sup>e<\/sup> Assembl\u00e9e g\u00e9n\u00e9rale annuelle (AGA)<\/a><\/blockquote><iframe sandbox=\"allow-scripts\" security=\"restricted\" src=\"https:\/\/www.ctf-fce.ca\/fr\/events\/100e-assemblee-generale-annuelle-aga\/embed\/#?secret=lSs1RtAEZO\" width=\"600\" height=\"338\" title=\"\u00ab\u00a0100&lt;sup&gt;e&lt;\/sup&gt; Assembl\u00e9e g\u00e9n\u00e9rale annuelle (AGA)\u00a0\u00bb &#8212; CTF-FCE\" data-secret=\"lSs1RtAEZO\" frameborder=\"0\" marginwidth=\"0\" marginheight=\"0\" scrolling=\"no\" class=\"wp-embedded-content\"><\/iframe><script type=\"text\/javascript\">\n\/* <![CDATA[ *\/\n\/*! This file is auto-generated *\/\n!function(d,l){\"use strict\";l.querySelector&&d.addEventListener&&\"undefined\"!=typeof URL&&(d.wp=d.wp||{},d.wp.receiveEmbedMessage||(d.wp.receiveEmbedMessage=function(e){var t=e.data;if((t||t.secret||t.message||t.value)&&!\/[^a-zA-Z0-9]\/.test(t.secret)){for(var s,r,n,a=l.querySelectorAll('iframe[data-secret=\"'+t.secret+'\"]'),o=l.querySelectorAll('blockquote[data-secret=\"'+t.secret+'\"]'),c=new RegExp(\"^https?:$\",\"i\"),i=0;i<o.length;i++)o[i].style.display=\"none\";for(i=0;i<a.length;i++)s=a[i],e.source===s.contentWindow&&(s.removeAttribute(\"style\"),\"height\"===t.message?(1e3<(r=parseInt(t.value,10))?r=1e3:~~r<200&&(r=200),s.height=r):\"link\"===t.message&&(r=new URL(s.getAttribute(\"src\")),n=new URL(t.value),c.test(n.protocol))&&n.host===r.host&&l.activeElement===s&&(d.top.location.href=t.value))}},d.addEventListener(\"message\",d.wp.receiveEmbedMessage,!1),l.addEventListener(\"DOMContentLoaded\",function(){for(var e,t,s=l.querySelectorAll(\"iframe.wp-embedded-content\"),r=0;r<s.length;r++)(t=(e=s[r]).getAttribute(\"data-secret\"))||(t=Math.random().toString(36).substring(2,12),e.src+=\"#?secret=\"+t,e.setAttribute(\"data-secret\",t)),e.contentWindow.postMessage({message:\"ready\",secret:t},\"*\")},!1)))}(window,document);\n\/\/# sourceURL=https:\/\/www.ctf-fce.ca\/wp-includes\/js\/wp-embed.min.js\n\/* ]]> *\/\n<\/script>\n","thumbnail_url":"https:\/\/www.ctf-fce.ca\/wp-content\/uploads\/2020\/04\/AGM-AGA-2020_ConferenceSuite_BI.png","thumbnail_width":2135,"thumbnail_height":578,"description":"En septembre 2019, alors qu\u2019elle amor\u00e7ait son ann\u00e9e, la CTF\/FCE se pr\u00e9parait pour les \u00e9lections f\u00e9d\u00e9rales en mettant l\u2019accent sur les dossiers prioritaires d\u00e9finis \u00e0 son Assembl\u00e9e g\u00e9n\u00e9rale annuelle. Parall\u00e8lement, le compte \u00e0 rebours avait commenc\u00e9 en vue de son 100e anniversaire et elle avait bien l\u2019intention de marquer l\u2019\u00e9v\u00e8nement par des c\u00e9l\u00e9brations m\u00e9morables. Elle [&hellip;]"}