{"version":"1.0","provider_name":"CTF-FCE","provider_url":"https:\/\/www.ctf-fce.ca\/fr\/","author_name":"Nika Quintao","author_url":"https:\/\/www.ctf-fce.ca\/fr\/author\/nquintao\/","title":"Webinaire : Syndicalisme et repr\u00e9sentation collective - CTF-FCE","type":"rich","width":600,"height":338,"html":"<blockquote class=\"wp-embedded-content\" data-secret=\"ArFJjRrHE1\"><a href=\"https:\/\/www.ctf-fce.ca\/fr\/events\/webinaire-syndicalisme-et-representation-collective\/\">Webinaire : Syndicalisme et repr\u00e9sentation collective<\/a><\/blockquote><iframe sandbox=\"allow-scripts\" security=\"restricted\" src=\"https:\/\/www.ctf-fce.ca\/fr\/events\/webinaire-syndicalisme-et-representation-collective\/embed\/#?secret=ArFJjRrHE1\" width=\"600\" height=\"338\" title=\"\u00ab\u00a0Webinaire : Syndicalisme et repr\u00e9sentation collective\u00a0\u00bb &#8212; CTF-FCE\" data-secret=\"ArFJjRrHE1\" frameborder=\"0\" marginwidth=\"0\" marginheight=\"0\" scrolling=\"no\" class=\"wp-embedded-content\"><\/iframe><script type=\"text\/javascript\">\n\/* <![CDATA[ *\/\n\/*! This file is auto-generated *\/\n!function(d,l){\"use strict\";l.querySelector&&d.addEventListener&&\"undefined\"!=typeof URL&&(d.wp=d.wp||{},d.wp.receiveEmbedMessage||(d.wp.receiveEmbedMessage=function(e){var t=e.data;if((t||t.secret||t.message||t.value)&&!\/[^a-zA-Z0-9]\/.test(t.secret)){for(var s,r,n,a=l.querySelectorAll('iframe[data-secret=\"'+t.secret+'\"]'),o=l.querySelectorAll('blockquote[data-secret=\"'+t.secret+'\"]'),c=new RegExp(\"^https?:$\",\"i\"),i=0;i<o.length;i++)o[i].style.display=\"none\";for(i=0;i<a.length;i++)s=a[i],e.source===s.contentWindow&&(s.removeAttribute(\"style\"),\"height\"===t.message?(1e3<(r=parseInt(t.value,10))?r=1e3:~~r<200&&(r=200),s.height=r):\"link\"===t.message&&(r=new URL(s.getAttribute(\"src\")),n=new URL(t.value),c.test(n.protocol))&&n.host===r.host&&l.activeElement===s&&(d.top.location.href=t.value))}},d.addEventListener(\"message\",d.wp.receiveEmbedMessage,!1),l.addEventListener(\"DOMContentLoaded\",function(){for(var e,t,s=l.querySelectorAll(\"iframe.wp-embedded-content\"),r=0;r<s.length;r++)(t=(e=s[r]).getAttribute(\"data-secret\"))||(t=Math.random().toString(36).substring(2,12),e.src+=\"#?secret=\"+t,e.setAttribute(\"data-secret\",t)),e.contentWindow.postMessage({message:\"ready\",secret:t},\"*\")},!1)))}(window,document);\n\/\/# sourceURL=https:\/\/www.ctf-fce.ca\/wp-includes\/js\/wp-embed.min.js\n\/* ]]> *\/\n<\/script>\n","thumbnail_url":"https:\/\/www.ctf-fce.ca\/wp-content\/uploads\/2022\/02\/podium_ep1_20210309_JeanNoelGrenier_web-banner_logo-only.jpg","thumbnail_width":1960,"thumbnail_height":550,"description":"Syndicalisme et repr\u00e9sentation collective dans la p\u00e9riode postpand\u00e9mie\u202f: Avenues possibles&nbsp; Webinaire gratuit | 90 minutes (dont dix minutes pour les questions)&nbsp; La pand\u00e9mie a mis au jour l\u2019importance de la profession enseignante au Canada. Si nous avons vu l\u2019estime de la population augmenter consid\u00e9rablement \u00e0 l\u2019\u00e9gard de la profession enseignante et du personnel scolaire, nous [&hellip;]"}