{"id":10838,"date":"2024-09-11T11:48:06","date_gmt":"2024-09-11T15:48:06","guid":{"rendered":"https:\/\/www.ctf-fce.ca\/?post_type=mec-events&#038;p=10838"},"modified":"2024-11-06T20:09:53","modified_gmt":"2024-11-07T01:09:53","slug":"conference-nationale-pour-le-personnel-de-2024","status":"publish","type":"mec-events","link":"https:\/\/www.ctf-fce.ca\/fr\/events\/conference-nationale-pour-le-personnel-de-2024\/","title":{"rendered":"Conf\u00e9rence nationale pour le personnel de 2024"},"content":{"rendered":"\n<p>La Conf\u00e9rence nationale pour le personnel (CNP) de la CTF\/FCE se d\u00e9roulera \u00e0 Ottawa du 14 au 16&nbsp;novembre&nbsp;2024.<\/p>\n\n\n\n<p>Le th\u00e8me de cette ann\u00e9e, \u00ab&nbsp;L\u2019union fait l\u2019action&nbsp;: renforcer, rassembler et prot\u00e9ger l\u2019\u00e9ducation publique&nbsp;\u00bb, souligne l\u2019importance de la solidarit\u00e9, de la collaboration et de notre mobilisation envers nos objectifs&nbsp;:<\/p>\n\n\n\n<ul class=\"wp-block-list\">\n<li>Renforcer : d\u00e9velopper et consolider nos r\u00e9seaux, nos comp\u00e9tences et nos ressources pour renforcer notre impact collectif;<\/li>\n\n\n\n<li>Rassembler&nbsp;: favoriser la cr\u00e9ation de liens et de partenariats fructueux entre les r\u00e9gions et les secteurs d\u2019activit\u00e9 pour faire front commun;<\/li>\n\n\n\n<li>Prot\u00e9ger&nbsp;: militer en faveur d\u2019un syst\u00e8me \u00e9ducatif plus robuste et plus \u00e9quitable en veillant \u00e0 ce que chaque \u00e9l\u00e8ve b\u00e9n\u00e9ficie d\u2019une instruction de qualit\u00e9, et \u00e0 ce que le personnel de l\u2019\u00e9ducation re\u00e7oive le soutien dont il a besoin et soit en mesure de s\u2019accomplir dans son r\u00f4le.<\/li>\n<\/ul>\n\n\n\n<p>\u00c9tal\u00e9e sur deux jours et demi, cette conf\u00e9rence de perfectionnement professionnel, qui rassemblera le personnel d\u2019organisations membres et associ\u00e9es de la CTF\/FCE, donnera aux personnes participantes une occasion exceptionnelle d\u2019apprendre, de participer \u00e0 des discussions, d\u2019\u00e9changer des id\u00e9es novatrices et d\u2019\u00e9tablir des relations constructives.<\/p>\n\n\n\n<p>Ne manquez pas cette occasion de vous r\u00e9unir de nouveau en personne. Inscrivez-vous d\u2019ici le&nbsp;<strong>4&nbsp;novembre&nbsp;2024<\/strong>!<\/p>\n\n\n\n<h2 class=\"wp-block-heading\">Conf\u00e9renci\u00e8res et conf\u00e9renciers invit\u00e9s<\/h2>\n\n\n\n<div class=\"wp-block-buttons is-layout-flex wp-block-buttons-is-layout-flex\">\n<div class=\"wp-block-button cta-level-1\"><a class=\"wp-block-button__link wp-element-button\" href=\"https:\/\/site.pheedloop.com\/event\/NSC2024CNP\/schedule\" target=\"_blank\" rel=\"noreferrer noopener\">Programme<\/a><\/div>\n<\/div>\n\n\n\n<p>Ne manquez pas cette occasion de d\u00e9couvrir des perspectives et des connaissances aussi vari\u00e9es que fascinantes.<\/p>\n\n\n\n<div class=\"wp-block-columns is-layout-flex wp-container-core-columns-is-layout-9d6595d7 wp-block-columns-is-layout-flex\">\n<div class=\"wp-block-column is-layout-flow wp-block-column-is-layout-flow\">\n<figure class=\"wp-block-image size-full\"><img loading=\"lazy\" decoding=\"async\" width=\"2560\" height=\"2560\" src=\"https:\/\/www.ctf-fce.ca\/wp-content\/uploads\/2024\/10\/Caroline-Bergeron-edited-scaled.jpg\" alt=\"\" class=\"wp-image-11049\" style=\"aspect-ratio:1;object-fit:cover\" srcset=\"https:\/\/www.ctf-fce.ca\/wp-content\/uploads\/2024\/10\/Caroline-Bergeron-edited-scaled.jpg 2560w, https:\/\/www.ctf-fce.ca\/wp-content\/uploads\/2024\/10\/Caroline-Bergeron-edited-300x300.jpg 300w, https:\/\/www.ctf-fce.ca\/wp-content\/uploads\/2024\/10\/Caroline-Bergeron-edited-1024x1024.jpg 1024w, https:\/\/www.ctf-fce.ca\/wp-content\/uploads\/2024\/10\/Caroline-Bergeron-edited-150x150.jpg 150w, https:\/\/www.ctf-fce.ca\/wp-content\/uploads\/2024\/10\/Caroline-Bergeron-edited-768x768.jpg 768w, https:\/\/www.ctf-fce.ca\/wp-content\/uploads\/2024\/10\/Caroline-Bergeron-edited-500x500.jpg 500w, https:\/\/www.ctf-fce.ca\/wp-content\/uploads\/2024\/10\/Caroline-Bergeron-edited-1536x1536.jpg 1536w, https:\/\/www.ctf-fce.ca\/wp-content\/uploads\/2024\/10\/Caroline-Bergeron-edited-2048x2048.jpg 2048w, https:\/\/www.ctf-fce.ca\/wp-content\/uploads\/2024\/10\/Caroline-Bergeron-edited-55x55.jpg 55w, https:\/\/www.ctf-fce.ca\/wp-content\/uploads\/2024\/10\/Caroline-Bergeron-edited-350x350.jpg 350w\" sizes=\"auto, (max-width: 2560px) 100vw, 2560px\" \/><\/figure>\n\n\n\n<h3 class=\"wp-block-heading has-text-align-center\" id=\"roda-muse\">Caroline Bergeron<\/h3>\n\n\n\n<p class=\"has-text-align-center\"><a href=\"https:\/\/site.pheedloop.com\/event\/NSC2024CNP\/speakers\/SPEFIELPLXH\" target=\"_blank\" rel=\"noreferrer noopener\">En savoir plus<\/a><\/p>\n<\/div>\n\n\n\n<div class=\"wp-block-column is-layout-flow wp-block-column-is-layout-flow\">\n<figure class=\"wp-block-image size-full\"><img loading=\"lazy\" decoding=\"async\" width=\"2560\" height=\"2560\" src=\"https:\/\/www.ctf-fce.ca\/wp-content\/uploads\/2024\/10\/Jacqui-Du-Toit-Headshot-edited-scaled.jpg\" alt=\"\" class=\"wp-image-10985\" srcset=\"https:\/\/www.ctf-fce.ca\/wp-content\/uploads\/2024\/10\/Jacqui-Du-Toit-Headshot-edited-scaled.jpg 2560w, https:\/\/www.ctf-fce.ca\/wp-content\/uploads\/2024\/10\/Jacqui-Du-Toit-Headshot-edited-300x300.jpg 300w, https:\/\/www.ctf-fce.ca\/wp-content\/uploads\/2024\/10\/Jacqui-Du-Toit-Headshot-edited-1024x1024.jpg 1024w, https:\/\/www.ctf-fce.ca\/wp-content\/uploads\/2024\/10\/Jacqui-Du-Toit-Headshot-edited-150x150.jpg 150w, https:\/\/www.ctf-fce.ca\/wp-content\/uploads\/2024\/10\/Jacqui-Du-Toit-Headshot-edited-768x768.jpg 768w, https:\/\/www.ctf-fce.ca\/wp-content\/uploads\/2024\/10\/Jacqui-Du-Toit-Headshot-edited-500x500.jpg 500w, https:\/\/www.ctf-fce.ca\/wp-content\/uploads\/2024\/10\/Jacqui-Du-Toit-Headshot-edited-1536x1536.jpg 1536w, https:\/\/www.ctf-fce.ca\/wp-content\/uploads\/2024\/10\/Jacqui-Du-Toit-Headshot-edited-2048x2048.jpg 2048w, https:\/\/www.ctf-fce.ca\/wp-content\/uploads\/2024\/10\/Jacqui-Du-Toit-Headshot-edited-55x55.jpg 55w, https:\/\/www.ctf-fce.ca\/wp-content\/uploads\/2024\/10\/Jacqui-Du-Toit-Headshot-edited-350x350.jpg 350w\" sizes=\"auto, (max-width: 2560px) 100vw, 2560px\" \/><\/figure>\n\n\n\n<h3 class=\"wp-block-heading has-text-align-center\" id=\"carla-romo\">Jacqui Du Toit<\/h3>\n\n\n\n<p class=\"has-text-align-center\"><a href=\"https:\/\/site.pheedloop.com\/event\/NSC2024CNP\/speakers\/SPENMLQUXKQ\" target=\"_blank\" rel=\"noreferrer noopener\">En savoir plus<\/a><\/p>\n<\/div>\n\n\n\n<div class=\"wp-block-column is-layout-flow wp-block-column-is-layout-flow\">\n<figure class=\"wp-block-image size-large\"><img loading=\"lazy\" decoding=\"async\" width=\"2560\" height=\"2560\" src=\"https:\/\/www.ctf-fce.ca\/wp-content\/uploads\/2024\/10\/DomenicB-Headshot-edited-scaled.jpg\" alt=\"\" class=\"wp-image-10981\" style=\"aspect-ratio:1;object-fit:cover\" srcset=\"https:\/\/www.ctf-fce.ca\/wp-content\/uploads\/2024\/10\/DomenicB-Headshot-edited-scaled.jpg 2560w, https:\/\/www.ctf-fce.ca\/wp-content\/uploads\/2024\/10\/DomenicB-Headshot-edited-300x300.jpg 300w, https:\/\/www.ctf-fce.ca\/wp-content\/uploads\/2024\/10\/DomenicB-Headshot-edited-1024x1024.jpg 1024w, https:\/\/www.ctf-fce.ca\/wp-content\/uploads\/2024\/10\/DomenicB-Headshot-edited-150x150.jpg 150w, https:\/\/www.ctf-fce.ca\/wp-content\/uploads\/2024\/10\/DomenicB-Headshot-edited-768x768.jpg 768w, https:\/\/www.ctf-fce.ca\/wp-content\/uploads\/2024\/10\/DomenicB-Headshot-edited-500x500.jpg 500w, https:\/\/www.ctf-fce.ca\/wp-content\/uploads\/2024\/10\/DomenicB-Headshot-edited-1536x1536.jpg 1536w, https:\/\/www.ctf-fce.ca\/wp-content\/uploads\/2024\/10\/DomenicB-Headshot-edited-2048x2048.jpg 2048w, https:\/\/www.ctf-fce.ca\/wp-content\/uploads\/2024\/10\/DomenicB-Headshot-edited-55x55.jpg 55w, https:\/\/www.ctf-fce.ca\/wp-content\/uploads\/2024\/10\/DomenicB-Headshot-edited-350x350.jpg 350w\" sizes=\"auto, (max-width: 2560px) 100vw, 2560px\" \/><\/figure>\n\n\n\n<h3 class=\"wp-block-heading has-text-align-center\" id=\"roda-muse\">Domenic Bellisimo<\/h3>\n\n\n\n<p class=\"has-text-align-center\"><a href=\"https:\/\/site.pheedloop.com\/event\/NSC2024CNP\/speakers\/SPEBEFJNTZK\" target=\"_blank\" rel=\"noreferrer noopener\">En savoir plus<\/a><\/p>\n<\/div>\n\n\n\n<div class=\"wp-block-column is-layout-flow wp-block-column-is-layout-flow\">\n<figure class=\"wp-block-image size-full\"><img loading=\"lazy\" decoding=\"async\" width=\"1365\" height=\"1365\" src=\"https:\/\/www.ctf-fce.ca\/wp-content\/uploads\/2024\/10\/Gregg-BrownHeadshots-edited.jpg\" alt=\"\" class=\"wp-image-11175\" style=\"aspect-ratio:1;object-fit:cover\" srcset=\"https:\/\/www.ctf-fce.ca\/wp-content\/uploads\/2024\/10\/Gregg-BrownHeadshots-edited.jpg 1365w, https:\/\/www.ctf-fce.ca\/wp-content\/uploads\/2024\/10\/Gregg-BrownHeadshots-edited-300x300.jpg 300w, https:\/\/www.ctf-fce.ca\/wp-content\/uploads\/2024\/10\/Gregg-BrownHeadshots-edited-1024x1024.jpg 1024w, https:\/\/www.ctf-fce.ca\/wp-content\/uploads\/2024\/10\/Gregg-BrownHeadshots-edited-150x150.jpg 150w, https:\/\/www.ctf-fce.ca\/wp-content\/uploads\/2024\/10\/Gregg-BrownHeadshots-edited-768x768.jpg 768w, https:\/\/www.ctf-fce.ca\/wp-content\/uploads\/2024\/10\/Gregg-BrownHeadshots-edited-500x500.jpg 500w, https:\/\/www.ctf-fce.ca\/wp-content\/uploads\/2024\/10\/Gregg-BrownHeadshots-edited-55x55.jpg 55w, https:\/\/www.ctf-fce.ca\/wp-content\/uploads\/2024\/10\/Gregg-BrownHeadshots-edited-350x350.jpg 350w\" sizes=\"auto, (max-width: 1365px) 100vw, 1365px\" \/><\/figure>\n\n\n\n<h3 class=\"wp-block-heading has-text-align-center\" id=\"roda-muse\">Gregg Brown<\/h3>\n\n\n\n<p class=\"has-text-align-center\"><a href=\"https:\/\/site.pheedloop.com\/event\/NSC2024CNP\/speakers\/SPEKNXLXSAC\" target=\"_blank\" rel=\"noreferrer noopener\">En savoir plus<\/a><\/p>\n<\/div>\n<\/div>\n\n\n\n<div class=\"wp-block-columns is-layout-flex wp-container-core-columns-is-layout-9d6595d7 wp-block-columns-is-layout-flex\">\n<div class=\"wp-block-column is-layout-flow wp-block-column-is-layout-flow\">\n<figure class=\"wp-block-image size-large\"><img loading=\"lazy\" decoding=\"async\" width=\"949\" height=\"1024\" src=\"https:\/\/www.ctf-fce.ca\/wp-content\/uploads\/2024\/09\/RichO-headshot-949x1024.jpg\" alt=\"\" class=\"wp-image-10993\" style=\"aspect-ratio:1;object-fit:cover\" srcset=\"https:\/\/www.ctf-fce.ca\/wp-content\/uploads\/2024\/09\/RichO-headshot-949x1024.jpg 949w, https:\/\/www.ctf-fce.ca\/wp-content\/uploads\/2024\/09\/RichO-headshot-278x300.jpg 278w, https:\/\/www.ctf-fce.ca\/wp-content\/uploads\/2024\/09\/RichO-headshot-768x829.jpg 768w, https:\/\/www.ctf-fce.ca\/wp-content\/uploads\/2024\/09\/RichO-headshot.jpg 1148w\" sizes=\"auto, (max-width: 949px) 100vw, 949px\" \/><\/figure>\n\n\n\n<h3 class=\"wp-block-heading has-text-align-center\" id=\"roda-muse\">Rich Overgaard<\/h3>\n\n\n\n<p class=\"has-text-align-center\"><a href=\"https:\/\/site.pheedloop.com\/event\/NSC2024CNP\/speakers\/SPEJCHFTAKO\" target=\"_blank\" rel=\"noreferrer noopener\">En savoir plus<\/a><\/p>\n<\/div>\n\n\n\n<div class=\"wp-block-column is-layout-flow wp-block-column-is-layout-flow\">\n<figure class=\"wp-block-image size-full\"><img loading=\"lazy\" decoding=\"async\" width=\"2106\" height=\"2105\" src=\"https:\/\/www.ctf-fce.ca\/wp-content\/uploads\/2024\/10\/DawnB-Headshot-edited.jpg\" alt=\"\" class=\"wp-image-10997\" srcset=\"https:\/\/www.ctf-fce.ca\/wp-content\/uploads\/2024\/10\/DawnB-Headshot-edited.jpg 2106w, https:\/\/www.ctf-fce.ca\/wp-content\/uploads\/2024\/10\/DawnB-Headshot-edited-300x300.jpg 300w, https:\/\/www.ctf-fce.ca\/wp-content\/uploads\/2024\/10\/DawnB-Headshot-edited-1024x1024.jpg 1024w, https:\/\/www.ctf-fce.ca\/wp-content\/uploads\/2024\/10\/DawnB-Headshot-edited-150x150.jpg 150w, https:\/\/www.ctf-fce.ca\/wp-content\/uploads\/2024\/10\/DawnB-Headshot-edited-768x768.jpg 768w, https:\/\/www.ctf-fce.ca\/wp-content\/uploads\/2024\/10\/DawnB-Headshot-edited-500x500.jpg 500w, https:\/\/www.ctf-fce.ca\/wp-content\/uploads\/2024\/10\/DawnB-Headshot-edited-1536x1536.jpg 1536w, https:\/\/www.ctf-fce.ca\/wp-content\/uploads\/2024\/10\/DawnB-Headshot-edited-2048x2048.jpg 2048w, https:\/\/www.ctf-fce.ca\/wp-content\/uploads\/2024\/10\/DawnB-Headshot-edited-55x55.jpg 55w, https:\/\/www.ctf-fce.ca\/wp-content\/uploads\/2024\/10\/DawnB-Headshot-edited-350x350.jpg 350w\" sizes=\"auto, (max-width: 2106px) 100vw, 2106px\" \/><\/figure>\n\n\n\n<h3 class=\"wp-block-heading has-text-align-center\" id=\"carla-romo\">Dawn Beckingham<\/h3>\n\n\n\n<p class=\"has-text-align-center\"><a href=\"https:\/\/site.pheedloop.com\/event\/NSC2024CNP\/speakers\/SPEXRTOPXDB\" target=\"_blank\" rel=\"noreferrer noopener\">En savoir plus<\/a><\/p>\n<\/div>\n\n\n\n<div class=\"wp-block-column is-layout-flow wp-block-column-is-layout-flow\">\n<figure class=\"wp-block-image size-full\"><img loading=\"lazy\" decoding=\"async\" width=\"1024\" height=\"1024\" src=\"https:\/\/www.ctf-fce.ca\/wp-content\/uploads\/2024\/09\/GailB-Headshot.jpg\" alt=\"\" class=\"wp-image-10999\" style=\"aspect-ratio:1;object-fit:cover\" srcset=\"https:\/\/www.ctf-fce.ca\/wp-content\/uploads\/2024\/09\/GailB-Headshot.jpg 1024w, https:\/\/www.ctf-fce.ca\/wp-content\/uploads\/2024\/09\/GailB-Headshot-300x300.jpg 300w, https:\/\/www.ctf-fce.ca\/wp-content\/uploads\/2024\/09\/GailB-Headshot-150x150.jpg 150w, https:\/\/www.ctf-fce.ca\/wp-content\/uploads\/2024\/09\/GailB-Headshot-768x768.jpg 768w, https:\/\/www.ctf-fce.ca\/wp-content\/uploads\/2024\/09\/GailB-Headshot-500x500.jpg 500w, https:\/\/www.ctf-fce.ca\/wp-content\/uploads\/2024\/09\/GailB-Headshot-55x55.jpg 55w, https:\/\/www.ctf-fce.ca\/wp-content\/uploads\/2024\/09\/GailB-Headshot-350x350.jpg 350w\" sizes=\"auto, (max-width: 1024px) 100vw, 1024px\" \/><\/figure>\n\n\n\n<h3 class=\"wp-block-heading has-text-align-center\" id=\"roda-muse\">Gail Bannister-Clarke<\/h3>\n\n\n\n<p class=\"has-text-align-center\"><a href=\"https:\/\/site.pheedloop.com\/event\/NSC2024CNP\/speakers\/SPEUKDEALDH\" target=\"_blank\" rel=\"noreferrer noopener\">En savoir plus<\/a><\/p>\n<\/div>\n\n\n\n<div class=\"wp-block-column is-layout-flow wp-block-column-is-layout-flow\">\n<figure class=\"wp-block-image size-full\"><img loading=\"lazy\" decoding=\"async\" width=\"1022\" height=\"680\" src=\"https:\/\/www.ctf-fce.ca\/wp-content\/uploads\/2024\/09\/bond-e-jess-burnie-Headshot.jpeg\" alt=\"\" class=\"wp-image-11001\" style=\"aspect-ratio:1;object-fit:cover\" srcset=\"https:\/\/www.ctf-fce.ca\/wp-content\/uploads\/2024\/09\/bond-e-jess-burnie-Headshot.jpeg 1022w, https:\/\/www.ctf-fce.ca\/wp-content\/uploads\/2024\/09\/bond-e-jess-burnie-Headshot-300x200.jpeg 300w, https:\/\/www.ctf-fce.ca\/wp-content\/uploads\/2024\/09\/bond-e-jess-burnie-Headshot-768x511.jpeg 768w, https:\/\/www.ctf-fce.ca\/wp-content\/uploads\/2024\/09\/bond-e-jess-burnie-Headshot-391x260.jpeg 391w, https:\/\/www.ctf-fce.ca\/wp-content\/uploads\/2024\/09\/bond-e-jess-burnie-Headshot-600x400.jpeg 600w\" sizes=\"auto, (max-width: 1022px) 100vw, 1022px\" \/><\/figure>\n\n\n\n<h3 class=\"wp-block-heading has-text-align-center\" id=\"carla-romo\">Jessica Burnie<\/h3>\n\n\n\n<p class=\"has-text-align-center\"><a href=\"https:\/\/site.pheedloop.com\/event\/NSC2024CNP\/speakers\/SPEEQIDATLR\" target=\"_blank\" rel=\"noreferrer noopener\">En savoir plus<\/a><\/p>\n<\/div>\n<\/div>\n\n\n\n<div class=\"wp-block-columns is-layout-flex wp-container-core-columns-is-layout-9d6595d7 wp-block-columns-is-layout-flex\">\n<div class=\"wp-block-column is-layout-flow wp-block-column-is-layout-flow\">\n<figure class=\"wp-block-image size-large\"><img loading=\"lazy\" decoding=\"async\" width=\"1024\" height=\"683\" src=\"https:\/\/www.ctf-fce.ca\/wp-content\/uploads\/2024\/09\/Lisa-Black-Meddings-Headshot-1024x683.jpg\" alt=\"\" class=\"wp-image-11003\" style=\"aspect-ratio:1;object-fit:cover\" srcset=\"https:\/\/www.ctf-fce.ca\/wp-content\/uploads\/2024\/09\/Lisa-Black-Meddings-Headshot-1024x683.jpg 1024w, https:\/\/www.ctf-fce.ca\/wp-content\/uploads\/2024\/09\/Lisa-Black-Meddings-Headshot-300x200.jpg 300w, https:\/\/www.ctf-fce.ca\/wp-content\/uploads\/2024\/09\/Lisa-Black-Meddings-Headshot-768x512.jpg 768w, https:\/\/www.ctf-fce.ca\/wp-content\/uploads\/2024\/09\/Lisa-Black-Meddings-Headshot-391x260.jpg 391w, https:\/\/www.ctf-fce.ca\/wp-content\/uploads\/2024\/09\/Lisa-Black-Meddings-Headshot-1536x1024.jpg 1536w, https:\/\/www.ctf-fce.ca\/wp-content\/uploads\/2024\/09\/Lisa-Black-Meddings-Headshot-2048x1365.jpg 2048w, https:\/\/www.ctf-fce.ca\/wp-content\/uploads\/2024\/09\/Lisa-Black-Meddings-Headshot-600x400.jpg 600w\" sizes=\"auto, (max-width: 1024px) 100vw, 1024px\" \/><\/figure>\n\n\n\n<h3 class=\"wp-block-heading has-text-align-center\" id=\"roda-muse\">Lisa Black-Meddings<\/h3>\n\n\n\n<p class=\"has-text-align-center\"><a href=\"https:\/\/site.pheedloop.com\/event\/NSC2024CNP\/speakers\/SPEVWRPLSPH\" target=\"_blank\" rel=\"noreferrer noopener\">En savoir plus<\/a><\/p>\n<\/div>\n\n\n\n<div class=\"wp-block-column is-layout-flow wp-block-column-is-layout-flow\">\n<figure class=\"wp-block-image size-full\"><img loading=\"lazy\" decoding=\"async\" width=\"2221\" height=\"2220\" src=\"https:\/\/www.ctf-fce.ca\/wp-content\/uploads\/2024\/10\/MichaelB-Headshot-edited.jpg\" alt=\"\" class=\"wp-image-11007\" srcset=\"https:\/\/www.ctf-fce.ca\/wp-content\/uploads\/2024\/10\/MichaelB-Headshot-edited.jpg 2221w, https:\/\/www.ctf-fce.ca\/wp-content\/uploads\/2024\/10\/MichaelB-Headshot-edited-300x300.jpg 300w, https:\/\/www.ctf-fce.ca\/wp-content\/uploads\/2024\/10\/MichaelB-Headshot-edited-1024x1024.jpg 1024w, https:\/\/www.ctf-fce.ca\/wp-content\/uploads\/2024\/10\/MichaelB-Headshot-edited-150x150.jpg 150w, https:\/\/www.ctf-fce.ca\/wp-content\/uploads\/2024\/10\/MichaelB-Headshot-edited-768x768.jpg 768w, https:\/\/www.ctf-fce.ca\/wp-content\/uploads\/2024\/10\/MichaelB-Headshot-edited-500x500.jpg 500w, https:\/\/www.ctf-fce.ca\/wp-content\/uploads\/2024\/10\/MichaelB-Headshot-edited-1536x1536.jpg 1536w, https:\/\/www.ctf-fce.ca\/wp-content\/uploads\/2024\/10\/MichaelB-Headshot-edited-2048x2048.jpg 2048w, https:\/\/www.ctf-fce.ca\/wp-content\/uploads\/2024\/10\/MichaelB-Headshot-edited-55x55.jpg 55w, https:\/\/www.ctf-fce.ca\/wp-content\/uploads\/2024\/10\/MichaelB-Headshot-edited-350x350.jpg 350w\" sizes=\"auto, (max-width: 2221px) 100vw, 2221px\" \/><\/figure>\n\n\n\n<h3 class=\"wp-block-heading has-text-align-center\" id=\"carla-romo\">Michael Butler<\/h3>\n\n\n\n<p class=\"has-text-align-center\"><a href=\"https:\/\/site.pheedloop.com\/event\/NSC2024CNP\/speakers\/SPEAWTTFLIF\" target=\"_blank\" rel=\"noreferrer noopener\">En savoir plus<\/a><\/p>\n<\/div>\n\n\n\n<div class=\"wp-block-column is-layout-flow wp-block-column-is-layout-flow\">\n<figure class=\"wp-block-image size-full\"><img loading=\"lazy\" decoding=\"async\" width=\"1333\" height=\"1333\" src=\"https:\/\/www.ctf-fce.ca\/wp-content\/uploads\/2024\/10\/StarleighG-Headshot-edited.jpg\" alt=\"\" class=\"wp-image-11011\" style=\"aspect-ratio:1;object-fit:cover\" srcset=\"https:\/\/www.ctf-fce.ca\/wp-content\/uploads\/2024\/10\/StarleighG-Headshot-edited.jpg 1333w, https:\/\/www.ctf-fce.ca\/wp-content\/uploads\/2024\/10\/StarleighG-Headshot-edited-300x300.jpg 300w, https:\/\/www.ctf-fce.ca\/wp-content\/uploads\/2024\/10\/StarleighG-Headshot-edited-1024x1024.jpg 1024w, https:\/\/www.ctf-fce.ca\/wp-content\/uploads\/2024\/10\/StarleighG-Headshot-edited-150x150.jpg 150w, https:\/\/www.ctf-fce.ca\/wp-content\/uploads\/2024\/10\/StarleighG-Headshot-edited-768x768.jpg 768w, https:\/\/www.ctf-fce.ca\/wp-content\/uploads\/2024\/10\/StarleighG-Headshot-edited-500x500.jpg 500w, https:\/\/www.ctf-fce.ca\/wp-content\/uploads\/2024\/10\/StarleighG-Headshot-edited-55x55.jpg 55w, https:\/\/www.ctf-fce.ca\/wp-content\/uploads\/2024\/10\/StarleighG-Headshot-edited-350x350.jpg 350w\" sizes=\"auto, (max-width: 1333px) 100vw, 1333px\" \/><\/figure>\n\n\n\n<h3 class=\"wp-block-heading has-text-align-center\" id=\"roda-muse\">Starleigh Grass<\/h3>\n\n\n\n<p class=\"has-text-align-center\"><a href=\"https:\/\/site.pheedloop.com\/event\/NSC2024CNP\/speakers\/SPELXMGNGLN\" target=\"_blank\" rel=\"noreferrer noopener\">En savoir plus<\/a><\/p>\n<\/div>\n\n\n\n<div class=\"wp-block-column is-layout-flow wp-block-column-is-layout-flow\">\n<figure class=\"wp-block-image size-full\"><img loading=\"lazy\" decoding=\"async\" width=\"200\" height=\"200\" src=\"https:\/\/www.ctf-fce.ca\/wp-content\/uploads\/2024\/09\/C-Reid-headshot.jpg\" alt=\"\" class=\"wp-image-11013\" style=\"aspect-ratio:1;object-fit:cover\" srcset=\"https:\/\/www.ctf-fce.ca\/wp-content\/uploads\/2024\/09\/C-Reid-headshot.jpg 200w, https:\/\/www.ctf-fce.ca\/wp-content\/uploads\/2024\/09\/C-Reid-headshot-150x150.jpg 150w, https:\/\/www.ctf-fce.ca\/wp-content\/uploads\/2024\/09\/C-Reid-headshot-55x55.jpg 55w\" sizes=\"auto, (max-width: 200px) 100vw, 200px\" \/><\/figure>\n\n\n\n<h3 class=\"wp-block-heading has-text-align-center\" id=\"carla-romo\">Caitlin Reid<\/h3>\n\n\n\n<p class=\"has-text-align-center\"><a href=\"https:\/\/site.pheedloop.com\/event\/NSC2024CNP\/speakers\/SPEJWAXMLXO\" target=\"_blank\" rel=\"noreferrer noopener\">En savoir plus<\/a><\/p>\n<\/div>\n<\/div>\n\n\n\n<div class=\"wp-block-columns is-layout-flex wp-container-core-columns-is-layout-9d6595d7 wp-block-columns-is-layout-flex\">\n<div class=\"wp-block-column is-layout-flow wp-block-column-is-layout-flow\">\n<figure class=\"wp-block-image size-full\"><img loading=\"lazy\" decoding=\"async\" width=\"1666\" height=\"1666\" src=\"https:\/\/www.ctf-fce.ca\/wp-content\/uploads\/2024\/10\/Shafiq-Aziz-headshot-edited.jpg\" alt=\"\" class=\"wp-image-11021\" style=\"aspect-ratio:1;object-fit:cover\" srcset=\"https:\/\/www.ctf-fce.ca\/wp-content\/uploads\/2024\/10\/Shafiq-Aziz-headshot-edited.jpg 1666w, https:\/\/www.ctf-fce.ca\/wp-content\/uploads\/2024\/10\/Shafiq-Aziz-headshot-edited-300x300.jpg 300w, https:\/\/www.ctf-fce.ca\/wp-content\/uploads\/2024\/10\/Shafiq-Aziz-headshot-edited-1024x1024.jpg 1024w, https:\/\/www.ctf-fce.ca\/wp-content\/uploads\/2024\/10\/Shafiq-Aziz-headshot-edited-150x150.jpg 150w, https:\/\/www.ctf-fce.ca\/wp-content\/uploads\/2024\/10\/Shafiq-Aziz-headshot-edited-768x768.jpg 768w, https:\/\/www.ctf-fce.ca\/wp-content\/uploads\/2024\/10\/Shafiq-Aziz-headshot-edited-500x500.jpg 500w, https:\/\/www.ctf-fce.ca\/wp-content\/uploads\/2024\/10\/Shafiq-Aziz-headshot-edited-1536x1536.jpg 1536w, https:\/\/www.ctf-fce.ca\/wp-content\/uploads\/2024\/10\/Shafiq-Aziz-headshot-edited-55x55.jpg 55w, https:\/\/www.ctf-fce.ca\/wp-content\/uploads\/2024\/10\/Shafiq-Aziz-headshot-edited-350x350.jpg 350w\" sizes=\"auto, (max-width: 1666px) 100vw, 1666px\" \/><\/figure>\n\n\n\n<h3 class=\"wp-block-heading has-text-align-center\" id=\"roda-muse\">Shafiq Aziz<\/h3>\n\n\n\n<p class=\"has-text-align-center\"><a href=\"https:\/\/site.pheedloop.com\/event\/NSC2024CNP\/speakers\/SPEYMWBDBHT\" target=\"_blank\" rel=\"noreferrer noopener\">En savoir plus<\/a><\/p>\n<\/div>\n\n\n\n<div class=\"wp-block-column is-layout-flow wp-block-column-is-layout-flow\">\n<figure class=\"wp-block-image size-full\"><img loading=\"lazy\" decoding=\"async\" width=\"480\" height=\"480\" src=\"https:\/\/www.ctf-fce.ca\/wp-content\/uploads\/2024\/10\/headshot-eden-edited.jpg\" alt=\"\" class=\"wp-image-11017\" style=\"aspect-ratio:1;object-fit:cover\" srcset=\"https:\/\/www.ctf-fce.ca\/wp-content\/uploads\/2024\/10\/headshot-eden-edited.jpg 480w, https:\/\/www.ctf-fce.ca\/wp-content\/uploads\/2024\/10\/headshot-eden-edited-300x300.jpg 300w, https:\/\/www.ctf-fce.ca\/wp-content\/uploads\/2024\/10\/headshot-eden-edited-150x150.jpg 150w, https:\/\/www.ctf-fce.ca\/wp-content\/uploads\/2024\/10\/headshot-eden-edited-55x55.jpg 55w, https:\/\/www.ctf-fce.ca\/wp-content\/uploads\/2024\/10\/headshot-eden-edited-350x350.jpg 350w\" sizes=\"auto, (max-width: 480px) 100vw, 480px\" \/><\/figure>\n\n\n\n<h3 class=\"wp-block-heading has-text-align-center\" id=\"roda-muse\">Eden Debebe<\/h3>\n\n\n\n<p class=\"has-text-align-center\"><a href=\"https:\/\/site.pheedloop.com\/event\/NSC2024CNP\/speakers\/SPEXXFQWBHQ\" target=\"_blank\" rel=\"noreferrer noopener\">En savoir plus<\/a><\/p>\n<\/div>\n\n\n\n<div class=\"wp-block-column is-layout-flow wp-block-column-is-layout-flow\">\n<figure class=\"wp-block-image size-full\"><img loading=\"lazy\" decoding=\"async\" width=\"2560\" height=\"2560\" src=\"https:\/\/www.ctf-fce.ca\/wp-content\/uploads\/2024\/10\/AnthonyC-headshot-edited-scaled.jpg\" alt=\"\" class=\"wp-image-10991\" style=\"aspect-ratio:1;object-fit:cover\" srcset=\"https:\/\/www.ctf-fce.ca\/wp-content\/uploads\/2024\/10\/AnthonyC-headshot-edited-scaled.jpg 2560w, https:\/\/www.ctf-fce.ca\/wp-content\/uploads\/2024\/10\/AnthonyC-headshot-edited-300x300.jpg 300w, https:\/\/www.ctf-fce.ca\/wp-content\/uploads\/2024\/10\/AnthonyC-headshot-edited-1024x1024.jpg 1024w, https:\/\/www.ctf-fce.ca\/wp-content\/uploads\/2024\/10\/AnthonyC-headshot-edited-150x150.jpg 150w, https:\/\/www.ctf-fce.ca\/wp-content\/uploads\/2024\/10\/AnthonyC-headshot-edited-768x768.jpg 768w, https:\/\/www.ctf-fce.ca\/wp-content\/uploads\/2024\/10\/AnthonyC-headshot-edited-500x500.jpg 500w, https:\/\/www.ctf-fce.ca\/wp-content\/uploads\/2024\/10\/AnthonyC-headshot-edited-1536x1536.jpg 1536w, https:\/\/www.ctf-fce.ca\/wp-content\/uploads\/2024\/10\/AnthonyC-headshot-edited-2048x2048.jpg 2048w, https:\/\/www.ctf-fce.ca\/wp-content\/uploads\/2024\/10\/AnthonyC-headshot-edited-55x55.jpg 55w, https:\/\/www.ctf-fce.ca\/wp-content\/uploads\/2024\/10\/AnthonyC-headshot-edited-350x350.jpg 350w\" sizes=\"auto, (max-width: 2560px) 100vw, 2560px\" \/><\/figure>\n\n\n\n<h3 class=\"wp-block-heading has-text-align-center\" id=\"carla-romo\">Anthony Carabache<\/h3>\n\n\n\n<p class=\"has-text-align-center\"><a href=\"https:\/\/site.pheedloop.com\/event\/NSC2024CNP\/speakers\/SPEUJUJXEGA\" target=\"_blank\" rel=\"noreferrer noopener\">En savoir plus<\/a><\/p>\n<\/div>\n\n\n\n<div class=\"wp-block-column is-layout-flow wp-block-column-is-layout-flow\">\n<figure class=\"wp-block-image size-full\"><img loading=\"lazy\" decoding=\"async\" width=\"402\" height=\"369\" src=\"https:\/\/www.ctf-fce.ca\/wp-content\/uploads\/2024\/09\/Iyanuoluwa-Akinrinola.png\" alt=\"\" class=\"wp-image-11044\" style=\"aspect-ratio:1;object-fit:cover\" srcset=\"https:\/\/www.ctf-fce.ca\/wp-content\/uploads\/2024\/09\/Iyanuoluwa-Akinrinola.png 402w, https:\/\/www.ctf-fce.ca\/wp-content\/uploads\/2024\/09\/Iyanuoluwa-Akinrinola-300x275.png 300w\" sizes=\"auto, (max-width: 402px) 100vw, 402px\" \/><\/figure>\n\n\n\n<h3 class=\"wp-block-heading has-text-align-center\" id=\"carla-romo\">Iyanuoluwa Akinrinola<\/h3>\n\n\n\n<p class=\"has-text-align-center\"><a href=\"https:\/\/site.pheedloop.com\/event\/NSC2024CNP\/speakers\/SPEULZORUQV\" target=\"_blank\" rel=\"noreferrer noopener\">En savoir plus<\/a><\/p>\n<\/div>\n<\/div>\n\n\n\n<div class=\"wp-block-columns is-layout-flex wp-container-core-columns-is-layout-9d6595d7 wp-block-columns-is-layout-flex\">\n<div class=\"wp-block-column is-layout-flow wp-block-column-is-layout-flow\">\n<figure class=\"wp-block-image size-full\"><img loading=\"lazy\" decoding=\"async\" width=\"1457\" height=\"1507\" src=\"https:\/\/www.ctf-fce.ca\/wp-content\/uploads\/2024\/09\/Christelle-Tessono.jpg\" alt=\"\" class=\"wp-image-11177\" style=\"aspect-ratio:1;object-fit:cover\" srcset=\"https:\/\/www.ctf-fce.ca\/wp-content\/uploads\/2024\/09\/Christelle-Tessono.jpg 1457w, https:\/\/www.ctf-fce.ca\/wp-content\/uploads\/2024\/09\/Christelle-Tessono-290x300.jpg 290w, https:\/\/www.ctf-fce.ca\/wp-content\/uploads\/2024\/09\/Christelle-Tessono-990x1024.jpg 990w, https:\/\/www.ctf-fce.ca\/wp-content\/uploads\/2024\/09\/Christelle-Tessono-768x794.jpg 768w\" sizes=\"auto, (max-width: 1457px) 100vw, 1457px\" \/><\/figure>\n\n\n\n<h3 class=\"wp-block-heading has-text-align-center\" id=\"roda-muse\">Christelle Tessono<\/h3>\n\n\n\n<p class=\"has-text-align-center\"><a href=\"https:\/\/site.pheedloop.com\/event\/NSC2024CNP\/speakers\/SPENOHGVRDL\" target=\"_blank\" rel=\"noreferrer noopener\">En savoir plus<\/a><\/p>\n<\/div>\n\n\n\n<div class=\"wp-block-column is-layout-flow wp-block-column-is-layout-flow\">\n<figure class=\"wp-block-image size-full\"><img loading=\"lazy\" decoding=\"async\" width=\"1024\" height=\"1024\" src=\"https:\/\/www.ctf-fce.ca\/wp-content\/uploads\/2024\/10\/Chris-Samuel-edited.jpg\" alt=\"\" class=\"wp-image-11056\" style=\"aspect-ratio:1;object-fit:cover\" srcset=\"https:\/\/www.ctf-fce.ca\/wp-content\/uploads\/2024\/10\/Chris-Samuel-edited.jpg 1024w, https:\/\/www.ctf-fce.ca\/wp-content\/uploads\/2024\/10\/Chris-Samuel-edited-300x300.jpg 300w, https:\/\/www.ctf-fce.ca\/wp-content\/uploads\/2024\/10\/Chris-Samuel-edited-150x150.jpg 150w, https:\/\/www.ctf-fce.ca\/wp-content\/uploads\/2024\/10\/Chris-Samuel-edited-768x768.jpg 768w, https:\/\/www.ctf-fce.ca\/wp-content\/uploads\/2024\/10\/Chris-Samuel-edited-500x500.jpg 500w, https:\/\/www.ctf-fce.ca\/wp-content\/uploads\/2024\/10\/Chris-Samuel-edited-55x55.jpg 55w, https:\/\/www.ctf-fce.ca\/wp-content\/uploads\/2024\/10\/Chris-Samuel-edited-350x350.jpg 350w\" sizes=\"auto, (max-width: 1024px) 100vw, 1024px\" \/><\/figure>\n\n\n\n<h3 class=\"wp-block-heading has-text-align-center\" id=\"roda-muse\">Chris Samuel<\/h3>\n\n\n\n<p class=\"has-text-align-center\"><a href=\"https:\/\/site.pheedloop.com\/event\/NSC2024CNP\/speakers\/SPEWUAIFFVC\" target=\"_blank\" rel=\"noreferrer noopener\">En savoir plus<\/a><\/p>\n<\/div>\n\n\n\n<div class=\"wp-block-column is-layout-flow wp-block-column-is-layout-flow\">\n<figure class=\"wp-block-image size-full\"><img loading=\"lazy\" decoding=\"async\" width=\"640\" height=\"640\" src=\"https:\/\/www.ctf-fce.ca\/wp-content\/uploads\/2024\/09\/Nichole_Grant-headshot.jpg\" alt=\"\" class=\"wp-image-11051\" style=\"aspect-ratio:1;object-fit:cover\" srcset=\"https:\/\/www.ctf-fce.ca\/wp-content\/uploads\/2024\/09\/Nichole_Grant-headshot.jpg 640w, https:\/\/www.ctf-fce.ca\/wp-content\/uploads\/2024\/09\/Nichole_Grant-headshot-300x300.jpg 300w, https:\/\/www.ctf-fce.ca\/wp-content\/uploads\/2024\/09\/Nichole_Grant-headshot-150x150.jpg 150w, https:\/\/www.ctf-fce.ca\/wp-content\/uploads\/2024\/09\/Nichole_Grant-headshot-500x500.jpg 500w, https:\/\/www.ctf-fce.ca\/wp-content\/uploads\/2024\/09\/Nichole_Grant-headshot-55x55.jpg 55w, https:\/\/www.ctf-fce.ca\/wp-content\/uploads\/2024\/09\/Nichole_Grant-headshot-350x350.jpg 350w\" sizes=\"auto, (max-width: 640px) 100vw, 640px\" \/><\/figure>\n\n\n\n<h3 class=\"wp-block-heading has-text-align-center\" id=\"roda-muse\">Nichole Grant<\/h3>\n\n\n\n<p class=\"has-text-align-center\"><a href=\"https:\/\/site.pheedloop.com\/event\/NSC2024CNP\/speakers\/SPEHNXQYJAR\" target=\"_blank\" rel=\"noreferrer noopener\">En savoir plus<\/a><\/p>\n<\/div>\n\n\n\n<div class=\"wp-block-column is-layout-flow wp-block-column-is-layout-flow\">\n<figure class=\"wp-block-image size-full\"><img loading=\"lazy\" decoding=\"async\" width=\"768\" height=\"768\" src=\"https:\/\/www.ctf-fce.ca\/wp-content\/uploads\/2024\/09\/AlexH-Headshot.jpg\" alt=\"\" class=\"wp-image-10987\" style=\"aspect-ratio:1;object-fit:cover\" srcset=\"https:\/\/www.ctf-fce.ca\/wp-content\/uploads\/2024\/09\/AlexH-Headshot.jpg 768w, https:\/\/www.ctf-fce.ca\/wp-content\/uploads\/2024\/09\/AlexH-Headshot-300x300.jpg 300w, https:\/\/www.ctf-fce.ca\/wp-content\/uploads\/2024\/09\/AlexH-Headshot-150x150.jpg 150w, https:\/\/www.ctf-fce.ca\/wp-content\/uploads\/2024\/09\/AlexH-Headshot-500x500.jpg 500w, https:\/\/www.ctf-fce.ca\/wp-content\/uploads\/2024\/09\/AlexH-Headshot-55x55.jpg 55w, https:\/\/www.ctf-fce.ca\/wp-content\/uploads\/2024\/09\/AlexH-Headshot-350x350.jpg 350w\" sizes=\"auto, (max-width: 768px) 100vw, 768px\" \/><\/figure>\n\n\n\n<h3 class=\"wp-block-heading has-text-align-center\" id=\"roda-muse\">Alex Hardy<\/h3>\n\n\n\n<p class=\"has-text-align-center\"><a href=\"https:\/\/site.pheedloop.com\/event\/NSC2024CNP\/speakers\/SPETQMKBXAG\" target=\"_blank\" rel=\"noreferrer noopener\">En savoir plus<\/a><\/p>\n<\/div>\n<\/div>\n\n\n\n<h2 class=\"wp-block-heading\">Renseignements importants<\/h2>\n\n\n\n<h3 class=\"wp-block-heading\">Inscription<\/h3>\n\n\n\n<p>La p\u00e9riode d\u2019inscription aura lieu <strong>du 11&nbsp;septembre au 4&nbsp;novembre&nbsp;2024<\/strong>.<\/p>\n\n\n\n<p>Les droits d\u2019inscription couvrent l\u2019acc\u00e8s aux s\u00e9ances pl\u00e9ni\u00e8res et aux ateliers-carrousels, ainsi que les repas servis dans le cadre de la Conf\u00e9rence. Au besoin, consultez notre<a href=\"https:\/\/www.ctf-fce.ca\/wp-content\/uploads\/2024\/09\/CTFFCE-Events-Cancellation-Policy.pdf\" target=\"_blank\" rel=\"noreferrer noopener\"> <u>politique d\u2019annulation<\/u>.<\/a><\/p>\n\n\n\n<p><strong>Inscription h\u00e2tive <\/strong>(jusqu\u2019au 11&nbsp;octobre&nbsp;2024)&nbsp;: 600&nbsp;$ (taxes en sus)<\/p>\n\n\n\n<p><strong>Inscription ordinaire <\/strong>(jusqu\u2019au 4&nbsp;novembre&nbsp;2024)&nbsp;: 650&nbsp;$ (taxes en sus)<\/p>\n\n\n\n<h3 class=\"wp-block-heading\">R\u00e9servez votre chambre d\u2019h\u00f4tel<\/h3>\n\n\n\n<p>La CTF\/FCE a r\u00e9serv\u00e9 un bloc de chambres \u00e0 l\u2019h\u00f4tel Delta Ottawa City Centre pour les personnes participantes et b\u00e9n\u00e9ficie d\u2019un tarif de groupe \u00e0 269&nbsp;$ la nuit pour une chambre standard ou 299&nbsp;$ la nuit pour une chambre \u00ab&nbsp;de luxe&nbsp;\u00bb. Pour b\u00e9n\u00e9ficier de ce tarif, veuillez <a href=\"https:\/\/www.marriott.com\/event-reservations\/reservation-link.mi?id=1716480756234&amp;key=GRP&amp;app=resvlink\" target=\"_blank\" rel=\"noreferrer noopener\">r\u00e9server votre chambre<\/a> d\u2019ici le <strong>vendredi&nbsp;25&nbsp;octobre&nbsp;2024 (17&nbsp;h HE) <\/strong>en cliquantsur le lien ci-dessus ou en composant le 1-888-236-2427. N\u2019oubliez pas de mentionner que vous participez \u00e0 la <strong>Conf\u00e9rence nationale de la CTF\/FCE pour le personnel<\/strong>.<\/p>\n\n\n\n<p>Si vous avez des questions \u00e0 propos de l\u2019h\u00f4tel, veuillez communiquer avec la planificatrice de r\u00e9unions et d\u2019\u00e9v\u00e8nements de la CTF\/FCE, <a href=\"oharbor@ctf-fce.ca\" target=\"_blank\" rel=\"noreferrer noopener\">Obianuju Harbor<\/a>.<\/p>\n\n\n\n<h3 class=\"wp-block-heading\">Politique pour un milieu sans parfum<\/h3>\n\n\n\n<p>La CTF\/FCE s\u2019est engag\u00e9e \u00e0 tenir compte des sensibilit\u00e9s et des allergies des membres de son personnel et des personnes de l\u2019ext\u00e9rieur, et \u00e0 leur garantir en tout temps un milieu sans parfum, tant dans ses bureaux que l\u00e0 o\u00f9 elle organise des r\u00e9unions ou autres \u00e9v\u00e8nements.<\/p>\n","protected":false},"excerpt":{"rendered":"<p>La Conf\u00e9rence nationale pour le personnel (CNP) de la CTF\/FCE se d\u00e9roulera \u00e0 Ottawa du 14 au 16&nbsp;novembre&nbsp;2024. Le th\u00e8me de cette ann\u00e9e, \u00ab&nbsp;L\u2019union fait l\u2019action&nbsp;: renforcer, rassembler et prot\u00e9ger l\u2019\u00e9ducation publique&nbsp;\u00bb, souligne l\u2019importance de la solidarit\u00e9, de la collaboration et de notre mobilisation envers nos objectifs&nbsp;: \u00c9tal\u00e9e sur deux jours et demi, cette conf\u00e9rence [&hellip;]<\/p>\n","protected":false},"author":2,"featured_media":10837,"comment_status":"closed","ping_status":"closed","template":"","tags":[],"mec_category":[640],"mec_speaker":[],"class_list":["post-10838","mec-events","type-mec-events","status-publish","has-post-thumbnail","hentry","mec_category-conference-fr"],"acf":[],"yoast_head":"<!-- This site is optimized with the Yoast SEO plugin v27.4 - https:\/\/yoast.com\/product\/yoast-seo-wordpress\/ -->\n<title>Conf\u00e9rence nationale pour le personnel de 2024 - CTF-FCE<\/title>\n<meta name=\"robots\" content=\"index, follow, max-snippet:-1, max-image-preview:large, max-video-preview:-1\" \/>\n<link rel=\"canonical\" href=\"https:\/\/www.ctf-fce.ca\/fr\/events\/conference-nationale-pour-le-personnel-de-2024\/\" \/>\n<meta property=\"og:locale\" content=\"fr_FR\" \/>\n<meta property=\"og:type\" content=\"article\" \/>\n<meta property=\"og:title\" content=\"Conf\u00e9rence nationale pour le personnel de 2024 - CTF-FCE\" \/>\n<meta property=\"og:description\" content=\"La Conf\u00e9rence nationale pour le personnel (CNP) de la CTF\/FCE se d\u00e9roulera \u00e0 Ottawa du 14 au 16&nbsp;novembre&nbsp;2024. Le th\u00e8me de cette ann\u00e9e, \u00ab&nbsp;L\u2019union fait l\u2019action&nbsp;: renforcer, rassembler et prot\u00e9ger l\u2019\u00e9ducation publique&nbsp;\u00bb, souligne l\u2019importance de la solidarit\u00e9, de la collaboration et de notre mobilisation envers nos objectifs&nbsp;: \u00c9tal\u00e9e sur deux jours et demi, cette conf\u00e9rence [&hellip;]\" \/>\n<meta property=\"og:url\" content=\"https:\/\/www.ctf-fce.ca\/fr\/events\/conference-nationale-pour-le-personnel-de-2024\/\" \/>\n<meta property=\"og:site_name\" content=\"CTF-FCE\" \/>\n<meta property=\"article:publisher\" content=\"https:\/\/www.facebook.com\/CTF.FCE\/\" \/>\n<meta property=\"article:modified_time\" content=\"2024-11-07T01:09:53+00:00\" \/>\n<meta property=\"og:image\" content=\"https:\/\/www.ctf-fce.ca\/wp-content\/uploads\/2024\/09\/NSC2024-website-banner.png\" \/>\n\t<meta property=\"og:image:width\" content=\"1300\" \/>\n\t<meta property=\"og:image:height\" content=\"895\" \/>\n\t<meta property=\"og:image:type\" content=\"image\/png\" \/>\n<meta name=\"twitter:card\" content=\"summary_large_image\" \/>\n<meta name=\"twitter:site\" content=\"@CTFFCE\" \/>\n<meta name=\"twitter:label1\" content=\"Dur\u00e9e de lecture estim\u00e9e\" \/>\n\t<meta name=\"twitter:data1\" content=\"7 minutes\" \/>\n<script type=\"application\/ld+json\" class=\"yoast-schema-graph\">{\"@context\":\"https:\\\/\\\/schema.org\",\"@graph\":[{\"@type\":\"WebPage\",\"@id\":\"https:\\\/\\\/www.ctf-fce.ca\\\/fr\\\/events\\\/conference-nationale-pour-le-personnel-de-2024\\\/\",\"url\":\"https:\\\/\\\/www.ctf-fce.ca\\\/fr\\\/events\\\/conference-nationale-pour-le-personnel-de-2024\\\/\",\"name\":\"Conf\u00e9rence nationale pour le personnel de 2024 - CTF-FCE\",\"isPartOf\":{\"@id\":\"https:\\\/\\\/www.ctf-fce.ca\\\/fr\\\/#website\"},\"primaryImageOfPage\":{\"@id\":\"https:\\\/\\\/www.ctf-fce.ca\\\/fr\\\/events\\\/conference-nationale-pour-le-personnel-de-2024\\\/#primaryimage\"},\"image\":{\"@id\":\"https:\\\/\\\/www.ctf-fce.ca\\\/fr\\\/events\\\/conference-nationale-pour-le-personnel-de-2024\\\/#primaryimage\"},\"thumbnailUrl\":\"https:\\\/\\\/www.ctf-fce.ca\\\/wp-content\\\/uploads\\\/2024\\\/09\\\/NSC2024-website-banner.png\",\"datePublished\":\"2024-09-11T15:48:06+00:00\",\"dateModified\":\"2024-11-07T01:09:53+00:00\",\"breadcrumb\":{\"@id\":\"https:\\\/\\\/www.ctf-fce.ca\\\/fr\\\/events\\\/conference-nationale-pour-le-personnel-de-2024\\\/#breadcrumb\"},\"inLanguage\":\"fr-FR\",\"potentialAction\":[{\"@type\":\"ReadAction\",\"target\":[\"https:\\\/\\\/www.ctf-fce.ca\\\/fr\\\/events\\\/conference-nationale-pour-le-personnel-de-2024\\\/\"]}]},{\"@type\":\"ImageObject\",\"inLanguage\":\"fr-FR\",\"@id\":\"https:\\\/\\\/www.ctf-fce.ca\\\/fr\\\/events\\\/conference-nationale-pour-le-personnel-de-2024\\\/#primaryimage\",\"url\":\"https:\\\/\\\/www.ctf-fce.ca\\\/wp-content\\\/uploads\\\/2024\\\/09\\\/NSC2024-website-banner.png\",\"contentUrl\":\"https:\\\/\\\/www.ctf-fce.ca\\\/wp-content\\\/uploads\\\/2024\\\/09\\\/NSC2024-website-banner.png\",\"width\":1300,\"height\":895},{\"@type\":\"BreadcrumbList\",\"@id\":\"https:\\\/\\\/www.ctf-fce.ca\\\/fr\\\/events\\\/conference-nationale-pour-le-personnel-de-2024\\\/#breadcrumb\",\"itemListElement\":[{\"@type\":\"ListItem\",\"position\":1,\"name\":\"Accueil\",\"item\":\"https:\\\/\\\/www.ctf-fce.ca\\\/fr\\\/\"},{\"@type\":\"ListItem\",\"position\":2,\"name\":\"\u00c9v\u00e9nements\",\"item\":\"https:\\\/\\\/www.ctf-fce.ca\\\/fr\\\/events\\\/\"},{\"@type\":\"ListItem\",\"position\":3,\"name\":\"Conf\u00e9rence nationale pour le personnel de 2024\"}]},{\"@type\":\"WebSite\",\"@id\":\"https:\\\/\\\/www.ctf-fce.ca\\\/fr\\\/#website\",\"url\":\"https:\\\/\\\/www.ctf-fce.ca\\\/fr\\\/\",\"name\":\"CTF-FCE\",\"description\":\"\",\"publisher\":{\"@id\":\"https:\\\/\\\/www.ctf-fce.ca\\\/fr\\\/#organization\"},\"potentialAction\":[{\"@type\":\"SearchAction\",\"target\":{\"@type\":\"EntryPoint\",\"urlTemplate\":\"https:\\\/\\\/www.ctf-fce.ca\\\/fr\\\/?s={search_term_string}\"},\"query-input\":{\"@type\":\"PropertyValueSpecification\",\"valueRequired\":true,\"valueName\":\"search_term_string\"}}],\"inLanguage\":\"fr-FR\"},{\"@type\":\"Organization\",\"@id\":\"https:\\\/\\\/www.ctf-fce.ca\\\/fr\\\/#organization\",\"name\":\"CTF-FCE\",\"url\":\"https:\\\/\\\/www.ctf-fce.ca\\\/fr\\\/\",\"logo\":{\"@type\":\"ImageObject\",\"inLanguage\":\"fr-FR\",\"@id\":\"https:\\\/\\\/www.ctf-fce.ca\\\/fr\\\/#\\\/schema\\\/logo\\\/image\\\/\",\"url\":\"https:\\\/\\\/www.ctf-fce.ca\\\/wp-content\\\/uploads\\\/2020\\\/01\\\/ctf-fce-logo@2x.png\",\"contentUrl\":\"https:\\\/\\\/www.ctf-fce.ca\\\/wp-content\\\/uploads\\\/2020\\\/01\\\/ctf-fce-logo@2x.png\",\"width\":485,\"height\":146,\"caption\":\"CTF-FCE\"},\"image\":{\"@id\":\"https:\\\/\\\/www.ctf-fce.ca\\\/fr\\\/#\\\/schema\\\/logo\\\/image\\\/\"},\"sameAs\":[\"https:\\\/\\\/www.facebook.com\\\/CTF.FCE\\\/\",\"https:\\\/\\\/x.com\\\/CTFFCE\",\"https:\\\/\\\/www.instagram.com\\\/ctffce\\\/\",\"https:\\\/\\\/www.linkedin.com\\\/company\\\/canadian-teachers'\u200b-federation---f\u00e9d.-canadienne-des-enseignantes-et-des-enseignants\\\/\",\"https:\\\/\\\/www.youtube.com\\\/user\\\/canadianteachers\"]}]}<\/script>\n<!-- \/ Yoast SEO plugin. -->","yoast_head_json":{"title":"Conf\u00e9rence nationale pour le personnel de 2024 - CTF-FCE","robots":{"index":"index","follow":"follow","max-snippet":"max-snippet:-1","max-image-preview":"max-image-preview:large","max-video-preview":"max-video-preview:-1"},"canonical":"https:\/\/www.ctf-fce.ca\/fr\/events\/conference-nationale-pour-le-personnel-de-2024\/","og_locale":"fr_FR","og_type":"article","og_title":"Conf\u00e9rence nationale pour le personnel de 2024 - CTF-FCE","og_description":"La Conf\u00e9rence nationale pour le personnel (CNP) de la CTF\/FCE se d\u00e9roulera \u00e0 Ottawa du 14 au 16&nbsp;novembre&nbsp;2024. Le th\u00e8me de cette ann\u00e9e, \u00ab&nbsp;L\u2019union fait l\u2019action&nbsp;: renforcer, rassembler et prot\u00e9ger l\u2019\u00e9ducation publique&nbsp;\u00bb, souligne l\u2019importance de la solidarit\u00e9, de la collaboration et de notre mobilisation envers nos objectifs&nbsp;: \u00c9tal\u00e9e sur deux jours et demi, cette conf\u00e9rence [&hellip;]","og_url":"https:\/\/www.ctf-fce.ca\/fr\/events\/conference-nationale-pour-le-personnel-de-2024\/","og_site_name":"CTF-FCE","article_publisher":"https:\/\/www.facebook.com\/CTF.FCE\/","article_modified_time":"2024-11-07T01:09:53+00:00","og_image":[{"width":1300,"height":895,"url":"https:\/\/www.ctf-fce.ca\/wp-content\/uploads\/2024\/09\/NSC2024-website-banner.png","type":"image\/png"}],"twitter_card":"summary_large_image","twitter_site":"@CTFFCE","twitter_misc":{"Dur\u00e9e de lecture estim\u00e9e":"7 minutes"},"schema":{"@context":"https:\/\/schema.org","@graph":[{"@type":"WebPage","@id":"https:\/\/www.ctf-fce.ca\/fr\/events\/conference-nationale-pour-le-personnel-de-2024\/","url":"https:\/\/www.ctf-fce.ca\/fr\/events\/conference-nationale-pour-le-personnel-de-2024\/","name":"Conf\u00e9rence nationale pour le personnel de 2024 - CTF-FCE","isPartOf":{"@id":"https:\/\/www.ctf-fce.ca\/fr\/#website"},"primaryImageOfPage":{"@id":"https:\/\/www.ctf-fce.ca\/fr\/events\/conference-nationale-pour-le-personnel-de-2024\/#primaryimage"},"image":{"@id":"https:\/\/www.ctf-fce.ca\/fr\/events\/conference-nationale-pour-le-personnel-de-2024\/#primaryimage"},"thumbnailUrl":"https:\/\/www.ctf-fce.ca\/wp-content\/uploads\/2024\/09\/NSC2024-website-banner.png","datePublished":"2024-09-11T15:48:06+00:00","dateModified":"2024-11-07T01:09:53+00:00","breadcrumb":{"@id":"https:\/\/www.ctf-fce.ca\/fr\/events\/conference-nationale-pour-le-personnel-de-2024\/#breadcrumb"},"inLanguage":"fr-FR","potentialAction":[{"@type":"ReadAction","target":["https:\/\/www.ctf-fce.ca\/fr\/events\/conference-nationale-pour-le-personnel-de-2024\/"]}]},{"@type":"ImageObject","inLanguage":"fr-FR","@id":"https:\/\/www.ctf-fce.ca\/fr\/events\/conference-nationale-pour-le-personnel-de-2024\/#primaryimage","url":"https:\/\/www.ctf-fce.ca\/wp-content\/uploads\/2024\/09\/NSC2024-website-banner.png","contentUrl":"https:\/\/www.ctf-fce.ca\/wp-content\/uploads\/2024\/09\/NSC2024-website-banner.png","width":1300,"height":895},{"@type":"BreadcrumbList","@id":"https:\/\/www.ctf-fce.ca\/fr\/events\/conference-nationale-pour-le-personnel-de-2024\/#breadcrumb","itemListElement":[{"@type":"ListItem","position":1,"name":"Accueil","item":"https:\/\/www.ctf-fce.ca\/fr\/"},{"@type":"ListItem","position":2,"name":"\u00c9v\u00e9nements","item":"https:\/\/www.ctf-fce.ca\/fr\/events\/"},{"@type":"ListItem","position":3,"name":"Conf\u00e9rence nationale pour le personnel de 2024"}]},{"@type":"WebSite","@id":"https:\/\/www.ctf-fce.ca\/fr\/#website","url":"https:\/\/www.ctf-fce.ca\/fr\/","name":"CTF-FCE","description":"","publisher":{"@id":"https:\/\/www.ctf-fce.ca\/fr\/#organization"},"potentialAction":[{"@type":"SearchAction","target":{"@type":"EntryPoint","urlTemplate":"https:\/\/www.ctf-fce.ca\/fr\/?s={search_term_string}"},"query-input":{"@type":"PropertyValueSpecification","valueRequired":true,"valueName":"search_term_string"}}],"inLanguage":"fr-FR"},{"@type":"Organization","@id":"https:\/\/www.ctf-fce.ca\/fr\/#organization","name":"CTF-FCE","url":"https:\/\/www.ctf-fce.ca\/fr\/","logo":{"@type":"ImageObject","inLanguage":"fr-FR","@id":"https:\/\/www.ctf-fce.ca\/fr\/#\/schema\/logo\/image\/","url":"https:\/\/www.ctf-fce.ca\/wp-content\/uploads\/2020\/01\/ctf-fce-logo@2x.png","contentUrl":"https:\/\/www.ctf-fce.ca\/wp-content\/uploads\/2020\/01\/ctf-fce-logo@2x.png","width":485,"height":146,"caption":"CTF-FCE"},"image":{"@id":"https:\/\/www.ctf-fce.ca\/fr\/#\/schema\/logo\/image\/"},"sameAs":["https:\/\/www.facebook.com\/CTF.FCE\/","https:\/\/x.com\/CTFFCE","https:\/\/www.instagram.com\/ctffce\/","https:\/\/www.linkedin.com\/company\/canadian-teachers'\u200b-federation---f\u00e9d.-canadienne-des-enseignantes-et-des-enseignants\/","https:\/\/www.youtube.com\/user\/canadianteachers"]}]}},"featured_img":"https:\/\/www.ctf-fce.ca\/wp-content\/uploads\/2024\/09\/NSC2024-website-banner.png","coauthors":[],"author_meta":{"author_link":"https:\/\/www.ctf-fce.ca\/fr\/author\/nquintao\/","display_name":"Nika Quintao"},"relative_dates":{"created":"Publi\u00e9 2 ans il y a","modified":"Mis \u00e0 jour 1 an il y a"},"absolute_dates":{"created":"Publi\u00e9 le 11 septembre 2024","modified":"Mise \u00e0 jour le 6 novembre 2024"},"absolute_dates_time":{"created":"Publi\u00e9 le 11 septembre 2024 11h48","modified":"Mise \u00e0 jour le 6 novembre 2024 20h09"},"featured_img_caption":"","tax_additional":{"post_tag":{"linked":[],"unlinked":[],"slug":"post_tag","name":"\u00c9tiquettes"},"mec_category":{"linked":["<a href=\"https:\/\/www.ctf-fce.ca\/fr\/events-category\/conference-fr\/\" class=\"advgb-post-tax-term\">Conf\u00e9rence<\/a>"],"unlinked":["<span class=\"advgb-post-tax-term\">Conf\u00e9rence<\/span>"],"slug":"mec_category","name":"Cat\u00e9gories"},"mec_label":{"linked":[],"unlinked":[],"slug":"mec_label","name":"Labels"},"mec_location":{"linked":["<a href=\"https:\/\/www.ctf-fce.ca\/fr\/lieux-evenement\/delta-ottawa-city-centre-fr\/\" class=\"advgb-post-tax-term\">Delta Hotels Ottawa City Centre<\/a>"],"unlinked":["<span class=\"advgb-post-tax-term\">Delta Hotels Ottawa City Centre<\/span>"],"slug":"mec_location","name":"Lieux"},"mec_organizer":{"linked":["<a href=\"https:\/\/www.ctf-fce.ca\/events-organizer\/federation-canadienne-des-enseignantes-et-des-enseignants\/\" class=\"advgb-post-tax-term\">F\u00e9d\u00e9ration canadienne des enseignantes et des enseignants<\/a>"],"unlinked":["<span class=\"advgb-post-tax-term\">F\u00e9d\u00e9ration canadienne des enseignantes et des enseignants<\/span>"],"slug":"mec_organizer","name":"Organisateurs"},"mec_speaker":{"linked":[],"unlinked":[],"slug":"mec_speaker","name":"Intervenants"}},"series_order":"","_links":{"self":[{"href":"https:\/\/www.ctf-fce.ca\/fr\/wp-json\/wp\/v2\/mec-events\/10838","targetHints":{"allow":["GET"]}}],"collection":[{"href":"https:\/\/www.ctf-fce.ca\/fr\/wp-json\/wp\/v2\/mec-events"}],"about":[{"href":"https:\/\/www.ctf-fce.ca\/fr\/wp-json\/wp\/v2\/types\/mec-events"}],"author":[{"embeddable":true,"href":"https:\/\/www.ctf-fce.ca\/fr\/wp-json\/wp\/v2\/users\/2"}],"replies":[{"embeddable":true,"href":"https:\/\/www.ctf-fce.ca\/fr\/wp-json\/wp\/v2\/comments?post=10838"}],"wp:featuredmedia":[{"embeddable":true,"href":"https:\/\/www.ctf-fce.ca\/fr\/wp-json\/wp\/v2\/media\/10837"}],"wp:attachment":[{"href":"https:\/\/www.ctf-fce.ca\/fr\/wp-json\/wp\/v2\/media?parent=10838"}],"wp:term":[{"taxonomy":"post_tag","embeddable":true,"href":"https:\/\/www.ctf-fce.ca\/fr\/wp-json\/wp\/v2\/tags?post=10838"},{"taxonomy":"mec_category","embeddable":true,"href":"https:\/\/www.ctf-fce.ca\/fr\/wp-json\/wp\/v2\/mec_category?post=10838"},{"taxonomy":"mec_speaker","embeddable":true,"href":"https:\/\/www.ctf-fce.ca\/fr\/wp-json\/wp\/v2\/mec_speaker?post=10838"}],"curies":[{"name":"wp","href":"https:\/\/api.w.org\/{rel}","templated":true}]}}