{"id":11265,"date":"2024-04-08T09:48:43","date_gmt":"2024-04-08T13:48:43","guid":{"rendered":"https:\/\/www.ctf-fce.ca\/?page_id=11265"},"modified":"2025-03-12T10:06:08","modified_gmt":"2025-03-12T14:06:08","slug":"programme-alimentation-scolaire-du-canada","status":"publish","type":"page","link":"https:\/\/www.ctf-fce.ca\/fr\/passez-a-laction\/programme-alimentation-scolaire-du-canada\/","title":{"rendered":"Pour un programme d\u2019alimentation scolaire dans chaque province et territoire!"},"content":{"rendered":"\n<div style=\"height:35px\" aria-hidden=\"true\" class=\"wp-block-spacer\"><\/div>\n\n\n\n<div class=\"wp-block-media-text is-stacked-on-mobile is-vertically-aligned-top\" style=\"grid-template-columns:28% auto\"><figure class=\"wp-block-media-text__media\"><img loading=\"lazy\" decoding=\"async\" width=\"1024\" height=\"1024\" src=\"https:\/\/www.ctf-fce.ca\/wp-content\/uploads\/2024\/12\/FP3-Post-2-IG-EN-1024x1024.png\" alt=\"\" class=\"wp-image-11268 size-full\" srcset=\"https:\/\/www.ctf-fce.ca\/wp-content\/uploads\/2024\/12\/FP3-Post-2-IG-EN-1024x1024.png 1024w, https:\/\/www.ctf-fce.ca\/wp-content\/uploads\/2024\/12\/FP3-Post-2-IG-EN-300x300.png 300w, https:\/\/www.ctf-fce.ca\/wp-content\/uploads\/2024\/12\/FP3-Post-2-IG-EN-150x150.png 150w, https:\/\/www.ctf-fce.ca\/wp-content\/uploads\/2024\/12\/FP3-Post-2-IG-EN-768x768.png 768w, https:\/\/www.ctf-fce.ca\/wp-content\/uploads\/2024\/12\/FP3-Post-2-IG-EN-500x500.png 500w, https:\/\/www.ctf-fce.ca\/wp-content\/uploads\/2024\/12\/FP3-Post-2-IG-EN-55x55.png 55w, https:\/\/www.ctf-fce.ca\/wp-content\/uploads\/2024\/12\/FP3-Post-2-IG-EN-350x350.png 350w, https:\/\/www.ctf-fce.ca\/wp-content\/uploads\/2024\/12\/FP3-Post-2-IG-EN-400x400.png 400w, https:\/\/www.ctf-fce.ca\/wp-content\/uploads\/2024\/12\/FP3-Post-2-IG-EN-600x600.png 600w, https:\/\/www.ctf-fce.ca\/wp-content\/uploads\/2024\/12\/FP3-Post-2-IG-EN.png 1080w\" sizes=\"auto, (max-width: 1024px) 100vw, 1024px\" \/><\/figure><div class=\"wp-block-media-text__content\">\n<p>GRAND MERCI \u00e0 toutes les personnes qui nous ont appuy\u00e9s dans notre <a href=\"https:\/\/www.ctf-fce.ca\/fr\/programme-pancanadien-dalimentation-scolaire\/\">campagne \u00e9pistolaire du d\u00e9but 2024<\/a> en faveur de la cr\u00e9ation d\u2019un programme national d\u2019alimentation en milieu scolaire!\u00a0\u00a0<\/p>\n\n\n\n<p>Nous sommes tr\u00e8s heureux que le gouvernement du Canada se soit engag\u00e9, dans son budget de 2024, \u00e0 financer un <a href=\"https:\/\/www.canada.ca\/fr\/emploi-developpement-social\/programmes\/alimentation-ecoles\/nourrir-releve.html\" target=\"_blank\" rel=\"noreferrer noopener\"><strong>Programme national d\u2019alimentation scolaire<\/strong><\/a>.\u00a0<\/p>\n\n\n\n<p class=\"has-vivid-red-color has-text-color has-link-color wp-elements-fe15337410779b14b47d86211169627c\"><strong>\u00c0 ce jour, chaque territoire et province du Canada ont officiellement adh\u00e9r\u00e9 au programme national d\u2019alimentation en milieu scolaire!<\/strong>\u00a0<\/p>\n\n\n\n<div class=\"wp-block-buttons cta-level-1 is-layout-flex wp-block-buttons-is-layout-flex\"><\/div>\n<\/div><\/div>\n\n\n\n<div style=\"height:30px\" aria-hidden=\"true\" class=\"wp-block-spacer\"><\/div>\n\n\n\n<hr class=\"wp-block-separator has-alpha-channel-opacity\"\/>\n\n\n\n<div style=\"height:44px\" aria-hidden=\"true\" class=\"wp-block-spacer\"><\/div>\n","protected":false},"excerpt":{"rendered":"","protected":false},"author":6,"featured_media":0,"parent":10032,"menu_order":0,"comment_status":"closed","ping_status":"closed","template":"","meta":{"_acf_changed":false,"advgb_blocks_editor_width":"","advgb_blocks_columns_visual_guide":"","footnotes":""},"class_list":["post-11265","page","type-page","status-publish","hentry"],"acf":[],"yoast_head":"<!-- This site is optimized with the Yoast SEO plugin v27.4 - https:\/\/yoast.com\/product\/yoast-seo-wordpress\/ -->\n<title>Pour un programme d\u2019alimentation scolaire dans chaque province et territoire! - CTF-FCE<\/title>\n<meta name=\"description\" content=\"Dites \u00e0 votre premier\u00b7\u00e8re ministre et \u00e0 votre d\u00e9put\u00e9\u00b7e d\u2019accepter les fonds destin\u00e9s \u00e0 un programme d\u2019alimentation scolaire.\" \/>\n<meta name=\"robots\" content=\"index, follow, max-snippet:-1, max-image-preview:large, max-video-preview:-1\" \/>\n<link rel=\"canonical\" href=\"https:\/\/www.ctf-fce.ca\/fr\/passez-a-laction\/programme-alimentation-scolaire-du-canada\/\" \/>\n<meta property=\"og:locale\" content=\"fr_FR\" \/>\n<meta property=\"og:type\" content=\"article\" \/>\n<meta property=\"og:title\" content=\"Pour un programme d\u2019alimentation scolaire dans chaque province et territoire! - CTF-FCE\" \/>\n<meta property=\"og:description\" content=\"Dites \u00e0 votre premier\u00b7\u00e8re ministre et \u00e0 votre d\u00e9put\u00e9\u00b7e d\u2019accepter les fonds destin\u00e9s \u00e0 un programme d\u2019alimentation scolaire.\" \/>\n<meta property=\"og:url\" content=\"https:\/\/www.ctf-fce.ca\/fr\/passez-a-laction\/programme-alimentation-scolaire-du-canada\/\" \/>\n<meta property=\"og:site_name\" content=\"CTF-FCE\" \/>\n<meta property=\"article:publisher\" content=\"https:\/\/www.facebook.com\/CTF.FCE\/\" \/>\n<meta property=\"article:modified_time\" content=\"2025-03-12T14:06:08+00:00\" \/>\n<meta property=\"og:image\" content=\"https:\/\/www.ctf-fce.ca\/wp-content\/uploads\/2024\/12\/FP3-Post-2-IG-EN.png\" \/>\n\t<meta property=\"og:image:width\" content=\"1080\" \/>\n\t<meta property=\"og:image:height\" content=\"1080\" \/>\n\t<meta property=\"og:image:type\" content=\"image\/png\" \/>\n<meta name=\"twitter:card\" content=\"summary_large_image\" \/>\n<meta name=\"twitter:site\" content=\"@CTFFCE\" \/>\n<meta name=\"twitter:label1\" content=\"Dur\u00e9e de lecture estim\u00e9e\" \/>\n\t<meta name=\"twitter:data1\" content=\"1 minute\" \/>\n<script type=\"application\/ld+json\" class=\"yoast-schema-graph\">{\"@context\":\"https:\\\/\\\/schema.org\",\"@graph\":[{\"@type\":\"WebPage\",\"@id\":\"https:\\\/\\\/www.ctf-fce.ca\\\/fr\\\/passez-a-laction\\\/programme-alimentation-scolaire-du-canada\\\/\",\"url\":\"https:\\\/\\\/www.ctf-fce.ca\\\/fr\\\/passez-a-laction\\\/programme-alimentation-scolaire-du-canada\\\/\",\"name\":\"Pour un programme d\u2019alimentation scolaire dans chaque province et territoire! - CTF-FCE\",\"isPartOf\":{\"@id\":\"https:\\\/\\\/www.ctf-fce.ca\\\/fr\\\/#website\"},\"primaryImageOfPage\":{\"@id\":\"https:\\\/\\\/www.ctf-fce.ca\\\/fr\\\/passez-a-laction\\\/programme-alimentation-scolaire-du-canada\\\/#primaryimage\"},\"image\":{\"@id\":\"https:\\\/\\\/www.ctf-fce.ca\\\/fr\\\/passez-a-laction\\\/programme-alimentation-scolaire-du-canada\\\/#primaryimage\"},\"thumbnailUrl\":\"https:\\\/\\\/www.ctf-fce.ca\\\/wp-content\\\/uploads\\\/2024\\\/12\\\/FP3-Post-2-IG-EN-1024x1024.png\",\"datePublished\":\"2024-04-08T13:48:43+00:00\",\"dateModified\":\"2025-03-12T14:06:08+00:00\",\"description\":\"Dites \u00e0 votre premier\u00b7\u00e8re ministre et \u00e0 votre d\u00e9put\u00e9\u00b7e d\u2019accepter les fonds destin\u00e9s \u00e0 un programme d\u2019alimentation scolaire.\",\"breadcrumb\":{\"@id\":\"https:\\\/\\\/www.ctf-fce.ca\\\/fr\\\/passez-a-laction\\\/programme-alimentation-scolaire-du-canada\\\/#breadcrumb\"},\"inLanguage\":\"fr-FR\",\"potentialAction\":[{\"@type\":\"ReadAction\",\"target\":[\"https:\\\/\\\/www.ctf-fce.ca\\\/fr\\\/passez-a-laction\\\/programme-alimentation-scolaire-du-canada\\\/\"]}]},{\"@type\":\"ImageObject\",\"inLanguage\":\"fr-FR\",\"@id\":\"https:\\\/\\\/www.ctf-fce.ca\\\/fr\\\/passez-a-laction\\\/programme-alimentation-scolaire-du-canada\\\/#primaryimage\",\"url\":\"https:\\\/\\\/www.ctf-fce.ca\\\/wp-content\\\/uploads\\\/2024\\\/12\\\/FP3-Post-2-IG-EN-1024x1024.png\",\"contentUrl\":\"https:\\\/\\\/www.ctf-fce.ca\\\/wp-content\\\/uploads\\\/2024\\\/12\\\/FP3-Post-2-IG-EN-1024x1024.png\"},{\"@type\":\"BreadcrumbList\",\"@id\":\"https:\\\/\\\/www.ctf-fce.ca\\\/fr\\\/passez-a-laction\\\/programme-alimentation-scolaire-du-canada\\\/#breadcrumb\",\"itemListElement\":[{\"@type\":\"ListItem\",\"position\":1,\"name\":\"Accueil\",\"item\":\"https:\\\/\\\/www.ctf-fce.ca\\\/fr\\\/\"},{\"@type\":\"ListItem\",\"position\":2,\"name\":\"Passez \u00e0 l\u2019action\",\"item\":\"https:\\\/\\\/www.ctf-fce.ca\\\/fr\\\/passez-a-laction\\\/\"},{\"@type\":\"ListItem\",\"position\":3,\"name\":\"Pour un programme d\u2019alimentation scolaire dans chaque province et territoire!\"}]},{\"@type\":\"WebSite\",\"@id\":\"https:\\\/\\\/www.ctf-fce.ca\\\/fr\\\/#website\",\"url\":\"https:\\\/\\\/www.ctf-fce.ca\\\/fr\\\/\",\"name\":\"CTF-FCE\",\"description\":\"\",\"publisher\":{\"@id\":\"https:\\\/\\\/www.ctf-fce.ca\\\/fr\\\/#organization\"},\"potentialAction\":[{\"@type\":\"SearchAction\",\"target\":{\"@type\":\"EntryPoint\",\"urlTemplate\":\"https:\\\/\\\/www.ctf-fce.ca\\\/fr\\\/?s={search_term_string}\"},\"query-input\":{\"@type\":\"PropertyValueSpecification\",\"valueRequired\":true,\"valueName\":\"search_term_string\"}}],\"inLanguage\":\"fr-FR\"},{\"@type\":\"Organization\",\"@id\":\"https:\\\/\\\/www.ctf-fce.ca\\\/fr\\\/#organization\",\"name\":\"CTF-FCE\",\"url\":\"https:\\\/\\\/www.ctf-fce.ca\\\/fr\\\/\",\"logo\":{\"@type\":\"ImageObject\",\"inLanguage\":\"fr-FR\",\"@id\":\"https:\\\/\\\/www.ctf-fce.ca\\\/fr\\\/#\\\/schema\\\/logo\\\/image\\\/\",\"url\":\"https:\\\/\\\/www.ctf-fce.ca\\\/wp-content\\\/uploads\\\/2020\\\/01\\\/ctf-fce-logo@2x.png\",\"contentUrl\":\"https:\\\/\\\/www.ctf-fce.ca\\\/wp-content\\\/uploads\\\/2020\\\/01\\\/ctf-fce-logo@2x.png\",\"width\":485,\"height\":146,\"caption\":\"CTF-FCE\"},\"image\":{\"@id\":\"https:\\\/\\\/www.ctf-fce.ca\\\/fr\\\/#\\\/schema\\\/logo\\\/image\\\/\"},\"sameAs\":[\"https:\\\/\\\/www.facebook.com\\\/CTF.FCE\\\/\",\"https:\\\/\\\/x.com\\\/CTFFCE\",\"https:\\\/\\\/www.instagram.com\\\/ctffce\\\/\",\"https:\\\/\\\/www.linkedin.com\\\/company\\\/canadian-teachers'\u200b-federation---f\u00e9d.-canadienne-des-enseignantes-et-des-enseignants\\\/\",\"https:\\\/\\\/www.youtube.com\\\/user\\\/canadianteachers\"]}]}<\/script>\n<!-- \/ Yoast SEO plugin. -->","yoast_head_json":{"title":"Pour un programme d\u2019alimentation scolaire dans chaque province et territoire! - CTF-FCE","description":"Dites \u00e0 votre premier\u00b7\u00e8re ministre et \u00e0 votre d\u00e9put\u00e9\u00b7e d\u2019accepter les fonds destin\u00e9s \u00e0 un programme d\u2019alimentation scolaire.","robots":{"index":"index","follow":"follow","max-snippet":"max-snippet:-1","max-image-preview":"max-image-preview:large","max-video-preview":"max-video-preview:-1"},"canonical":"https:\/\/www.ctf-fce.ca\/fr\/passez-a-laction\/programme-alimentation-scolaire-du-canada\/","og_locale":"fr_FR","og_type":"article","og_title":"Pour un programme d\u2019alimentation scolaire dans chaque province et territoire! - CTF-FCE","og_description":"Dites \u00e0 votre premier\u00b7\u00e8re ministre et \u00e0 votre d\u00e9put\u00e9\u00b7e d\u2019accepter les fonds destin\u00e9s \u00e0 un programme d\u2019alimentation scolaire.","og_url":"https:\/\/www.ctf-fce.ca\/fr\/passez-a-laction\/programme-alimentation-scolaire-du-canada\/","og_site_name":"CTF-FCE","article_publisher":"https:\/\/www.facebook.com\/CTF.FCE\/","article_modified_time":"2025-03-12T14:06:08+00:00","og_image":[{"width":1080,"height":1080,"url":"https:\/\/www.ctf-fce.ca\/wp-content\/uploads\/2024\/12\/FP3-Post-2-IG-EN.png","type":"image\/png"}],"twitter_card":"summary_large_image","twitter_site":"@CTFFCE","twitter_misc":{"Dur\u00e9e de lecture estim\u00e9e":"1 minute"},"schema":{"@context":"https:\/\/schema.org","@graph":[{"@type":"WebPage","@id":"https:\/\/www.ctf-fce.ca\/fr\/passez-a-laction\/programme-alimentation-scolaire-du-canada\/","url":"https:\/\/www.ctf-fce.ca\/fr\/passez-a-laction\/programme-alimentation-scolaire-du-canada\/","name":"Pour un programme d\u2019alimentation scolaire dans chaque province et territoire! - CTF-FCE","isPartOf":{"@id":"https:\/\/www.ctf-fce.ca\/fr\/#website"},"primaryImageOfPage":{"@id":"https:\/\/www.ctf-fce.ca\/fr\/passez-a-laction\/programme-alimentation-scolaire-du-canada\/#primaryimage"},"image":{"@id":"https:\/\/www.ctf-fce.ca\/fr\/passez-a-laction\/programme-alimentation-scolaire-du-canada\/#primaryimage"},"thumbnailUrl":"https:\/\/www.ctf-fce.ca\/wp-content\/uploads\/2024\/12\/FP3-Post-2-IG-EN-1024x1024.png","datePublished":"2024-04-08T13:48:43+00:00","dateModified":"2025-03-12T14:06:08+00:00","description":"Dites \u00e0 votre premier\u00b7\u00e8re ministre et \u00e0 votre d\u00e9put\u00e9\u00b7e d\u2019accepter les fonds destin\u00e9s \u00e0 un programme d\u2019alimentation scolaire.","breadcrumb":{"@id":"https:\/\/www.ctf-fce.ca\/fr\/passez-a-laction\/programme-alimentation-scolaire-du-canada\/#breadcrumb"},"inLanguage":"fr-FR","potentialAction":[{"@type":"ReadAction","target":["https:\/\/www.ctf-fce.ca\/fr\/passez-a-laction\/programme-alimentation-scolaire-du-canada\/"]}]},{"@type":"ImageObject","inLanguage":"fr-FR","@id":"https:\/\/www.ctf-fce.ca\/fr\/passez-a-laction\/programme-alimentation-scolaire-du-canada\/#primaryimage","url":"https:\/\/www.ctf-fce.ca\/wp-content\/uploads\/2024\/12\/FP3-Post-2-IG-EN-1024x1024.png","contentUrl":"https:\/\/www.ctf-fce.ca\/wp-content\/uploads\/2024\/12\/FP3-Post-2-IG-EN-1024x1024.png"},{"@type":"BreadcrumbList","@id":"https:\/\/www.ctf-fce.ca\/fr\/passez-a-laction\/programme-alimentation-scolaire-du-canada\/#breadcrumb","itemListElement":[{"@type":"ListItem","position":1,"name":"Accueil","item":"https:\/\/www.ctf-fce.ca\/fr\/"},{"@type":"ListItem","position":2,"name":"Passez \u00e0 l\u2019action","item":"https:\/\/www.ctf-fce.ca\/fr\/passez-a-laction\/"},{"@type":"ListItem","position":3,"name":"Pour un programme d\u2019alimentation scolaire dans chaque province et territoire!"}]},{"@type":"WebSite","@id":"https:\/\/www.ctf-fce.ca\/fr\/#website","url":"https:\/\/www.ctf-fce.ca\/fr\/","name":"CTF-FCE","description":"","publisher":{"@id":"https:\/\/www.ctf-fce.ca\/fr\/#organization"},"potentialAction":[{"@type":"SearchAction","target":{"@type":"EntryPoint","urlTemplate":"https:\/\/www.ctf-fce.ca\/fr\/?s={search_term_string}"},"query-input":{"@type":"PropertyValueSpecification","valueRequired":true,"valueName":"search_term_string"}}],"inLanguage":"fr-FR"},{"@type":"Organization","@id":"https:\/\/www.ctf-fce.ca\/fr\/#organization","name":"CTF-FCE","url":"https:\/\/www.ctf-fce.ca\/fr\/","logo":{"@type":"ImageObject","inLanguage":"fr-FR","@id":"https:\/\/www.ctf-fce.ca\/fr\/#\/schema\/logo\/image\/","url":"https:\/\/www.ctf-fce.ca\/wp-content\/uploads\/2020\/01\/ctf-fce-logo@2x.png","contentUrl":"https:\/\/www.ctf-fce.ca\/wp-content\/uploads\/2020\/01\/ctf-fce-logo@2x.png","width":485,"height":146,"caption":"CTF-FCE"},"image":{"@id":"https:\/\/www.ctf-fce.ca\/fr\/#\/schema\/logo\/image\/"},"sameAs":["https:\/\/www.facebook.com\/CTF.FCE\/","https:\/\/x.com\/CTFFCE","https:\/\/www.instagram.com\/ctffce\/","https:\/\/www.linkedin.com\/company\/canadian-teachers'\u200b-federation---f\u00e9d.-canadienne-des-enseignantes-et-des-enseignants\/","https:\/\/www.youtube.com\/user\/canadianteachers"]}]}},"coauthors":[],"author_meta":{"author_link":"https:\/\/www.ctf-fce.ca\/fr\/author\/jnyenkampctf-fce-ca\/","display_name":"Julie Nyenkamp"},"relative_dates":{"created":"Publi\u00e9 2 ans il y a","modified":"Mis \u00e0 jour 1 an il y a"},"absolute_dates":{"created":"Publi\u00e9 le 8 avril 2024","modified":"Mise \u00e0 jour le 12 mars 2025"},"absolute_dates_time":{"created":"Publi\u00e9 le 8 avril 2024 9h48","modified":"Mise \u00e0 jour le 12 mars 2025 10h06"},"featured_img_caption":"","featured_img":false,"series_order":"","_links":{"self":[{"href":"https:\/\/www.ctf-fce.ca\/fr\/wp-json\/wp\/v2\/pages\/11265","targetHints":{"allow":["GET"]}}],"collection":[{"href":"https:\/\/www.ctf-fce.ca\/fr\/wp-json\/wp\/v2\/pages"}],"about":[{"href":"https:\/\/www.ctf-fce.ca\/fr\/wp-json\/wp\/v2\/types\/page"}],"author":[{"embeddable":true,"href":"https:\/\/www.ctf-fce.ca\/fr\/wp-json\/wp\/v2\/users\/6"}],"replies":[{"embeddable":true,"href":"https:\/\/www.ctf-fce.ca\/fr\/wp-json\/wp\/v2\/comments?post=11265"}],"version-history":[{"count":0,"href":"https:\/\/www.ctf-fce.ca\/fr\/wp-json\/wp\/v2\/pages\/11265\/revisions"}],"up":[{"embeddable":true,"href":"https:\/\/www.ctf-fce.ca\/fr\/wp-json\/wp\/v2\/pages\/10032"}],"wp:attachment":[{"href":"https:\/\/www.ctf-fce.ca\/fr\/wp-json\/wp\/v2\/media?parent=11265"}],"curies":[{"name":"wp","href":"https:\/\/api.w.org\/{rel}","templated":true}]}}