{"id":4157,"date":"2020-02-07T21:39:14","date_gmt":"2020-02-08T02:39:14","guid":{"rendered":"http:\/\/184.107.41.70\/~ctffce\/nos-activites\/cooperation-au-developpement-international\/capacity-building\/"},"modified":"2020-04-12T20:55:10","modified_gmt":"2020-04-13T00:55:10","slug":"renforcement-des-capacites","status":"publish","type":"page","link":"https:\/\/www.ctf-fce.ca\/fr\/nos-activites\/cooperation-au-developpement-international\/renforcement-des-capacites\/","title":{"rendered":"Renforcement des capacit\u00e9s"},"content":{"rendered":"\n<div class=\"wp-block-media-text alignwide has-media-on-the-right is-stacked-on-mobile is-vertically-aligned-top is-image-fill\"><figure class=\"wp-block-media-text__media\" style=\"background-image:url(https:\/\/www.ctf-fce.ca\/wp-content\/uploads\/2020\/03\/iStock-1158180684-1024x762.jpg);background-position:100% 50%\"><img loading=\"lazy\" decoding=\"async\" width=\"1024\" height=\"762\" src=\"https:\/\/www.ctf-fce.ca\/wp-content\/uploads\/2020\/03\/iStock-1158180684-1024x762.jpg\" alt=\"\" class=\"wp-image-4361\" srcset=\"https:\/\/www.ctf-fce.ca\/wp-content\/uploads\/2020\/03\/iStock-1158180684-1024x762.jpg 1024w, https:\/\/www.ctf-fce.ca\/wp-content\/uploads\/2020\/03\/iStock-1158180684-300x223.jpg 300w, https:\/\/www.ctf-fce.ca\/wp-content\/uploads\/2020\/03\/iStock-1158180684-768x572.jpg 768w, https:\/\/www.ctf-fce.ca\/wp-content\/uploads\/2020\/03\/iStock-1158180684-1536x1143.jpg 1536w, https:\/\/www.ctf-fce.ca\/wp-content\/uploads\/2020\/03\/iStock-1158180684-2048x1524.jpg 2048w\" sizes=\"auto, (max-width: 1024px) 100vw, 1024px\" \/><\/figure><div class=\"wp-block-media-text__content\">\n<p>La CTF\/FCE aide ses organisations partenaires \u00e0 renforcer leur capacit\u00e9&nbsp;:  <\/p>\n\n\n\n<ul class=\"wp-block-list\"><li>de faire du lobbyisme et de mener des actions politiques \u00e0 la d\u00e9fense d\u2019une \u00e9ducation publique de qualit\u00e9;&nbsp;<\/li><li>d\u2019organiser et de lancer des campagnes;<\/li><li>de fournir des services \u00e0 leurs membres enseignantes et enseignants.<\/li><\/ul>\n\n\n\n<p><strong>Nous offrons du soutien, de la formation et des conseils techniques dans les domaines suivants&nbsp;: <\/strong><\/p>\n\n\n\n<ul class=\"wp-block-list\"><li>l\u2019action politique&nbsp;<\/li><li>la n\u00e9gociation collective<\/li><li>les communications<\/li><li>l\u2019\u00e9laboration de politiques et de proc\u00e9dures<\/li><li>la gestion financi\u00e8re&nbsp;<\/li><li>le d\u00e9veloppement du leadership&nbsp;<\/li><li>la prestation de services aux membres<\/li><li>le recrutement de membres<\/li><li>la recherche<\/li><\/ul>\n\n\n\n<p>En tant que membre fondatrice du <a href=\"http:\/\/www.csfef.org\" target=\"_blank\" rel=\"noreferrer noopener\">Comit\u00e9 syndical francophone de l\u2019\u00e9ducation et de la formation<\/a>, la CTF\/FCE en est aussi la tr\u00e9sori\u00e8re. Par l\u2019interm\u00e9diaire de ce comit\u00e9, nous collaborons avec des organisations de l\u2019enseignement affili\u00e9es \u00e0 l\u2019Internationale de l\u2019\u00c9ducation qui sont \u00e9tablies dans des pays de la Francophonie, et leur donnons notre appui.<br> <\/p>\n\n\n\n<p class=\"has-large-font-size\"><\/p>\n<\/div><\/div>\n","protected":false},"excerpt":{"rendered":"<p>La CTF\/FCE aide ses organisations partenaires \u00e0 renforcer leur capacit\u00e9&nbsp;: de faire du lobbyisme et de mener des actions politiques \u00e0 la d\u00e9fense d\u2019une \u00e9ducation publique de qualit\u00e9;&nbsp; d\u2019organiser et de lancer des campagnes; de fournir des services \u00e0 leurs membres enseignantes et enseignants. Nous offrons du soutien, de la formation et des conseils techniques [&hellip;]<\/p>\n","protected":false},"author":1,"featured_media":0,"parent":3423,"menu_order":0,"comment_status":"closed","ping_status":"closed","template":"","meta":{"_acf_changed":false,"advgb_blocks_editor_width":"","advgb_blocks_columns_visual_guide":"","footnotes":""},"class_list":["post-4157","page","type-page","status-publish","hentry"],"acf":[],"yoast_head":"<!-- This site is optimized with the Yoast SEO plugin v27.4 - https:\/\/yoast.com\/product\/yoast-seo-wordpress\/ -->\n<title>Renforcement des capacit\u00e9s - CTF-FCE<\/title>\n<meta name=\"robots\" content=\"index, follow, max-snippet:-1, max-image-preview:large, max-video-preview:-1\" \/>\n<link rel=\"canonical\" href=\"https:\/\/www.ctf-fce.ca\/fr\/nos-activites\/cooperation-au-developpement-international\/renforcement-des-capacites\/\" \/>\n<meta property=\"og:locale\" content=\"fr_FR\" \/>\n<meta property=\"og:type\" content=\"article\" \/>\n<meta property=\"og:title\" content=\"Renforcement des capacit\u00e9s - CTF-FCE\" \/>\n<meta property=\"og:description\" content=\"La CTF\/FCE aide ses organisations partenaires \u00e0 renforcer leur capacit\u00e9&nbsp;: de faire du lobbyisme et de mener des actions politiques \u00e0 la d\u00e9fense d\u2019une \u00e9ducation publique de qualit\u00e9;&nbsp; d\u2019organiser et de lancer des campagnes; de fournir des services \u00e0 leurs membres enseignantes et enseignants. Nous offrons du soutien, de la formation et des conseils techniques [&hellip;]\" \/>\n<meta property=\"og:url\" content=\"https:\/\/www.ctf-fce.ca\/fr\/nos-activites\/cooperation-au-developpement-international\/renforcement-des-capacites\/\" \/>\n<meta property=\"og:site_name\" content=\"CTF-FCE\" \/>\n<meta property=\"article:publisher\" content=\"https:\/\/www.facebook.com\/CTF.FCE\/\" \/>\n<meta property=\"article:modified_time\" content=\"2020-04-13T00:55:10+00:00\" \/>\n<meta property=\"og:image\" content=\"https:\/\/www.ctf-fce.ca\/wp-content\/uploads\/2020\/03\/iStock-1158180684-1024x762.jpg\" \/>\n<meta name=\"twitter:card\" content=\"summary_large_image\" \/>\n<meta name=\"twitter:site\" content=\"@CTFFCE\" \/>\n<meta name=\"twitter:label1\" content=\"Dur\u00e9e de lecture estim\u00e9e\" \/>\n\t<meta name=\"twitter:data1\" content=\"1 minute\" \/>\n<script type=\"application\/ld+json\" class=\"yoast-schema-graph\">{\"@context\":\"https:\\\/\\\/schema.org\",\"@graph\":[{\"@type\":\"WebPage\",\"@id\":\"https:\\\/\\\/www.ctf-fce.ca\\\/fr\\\/nos-activites\\\/cooperation-au-developpement-international\\\/renforcement-des-capacites\\\/\",\"url\":\"https:\\\/\\\/www.ctf-fce.ca\\\/fr\\\/nos-activites\\\/cooperation-au-developpement-international\\\/renforcement-des-capacites\\\/\",\"name\":\"Renforcement des capacit\u00e9s - CTF-FCE\",\"isPartOf\":{\"@id\":\"https:\\\/\\\/www.ctf-fce.ca\\\/fr\\\/#website\"},\"primaryImageOfPage\":{\"@id\":\"https:\\\/\\\/www.ctf-fce.ca\\\/fr\\\/nos-activites\\\/cooperation-au-developpement-international\\\/renforcement-des-capacites\\\/#primaryimage\"},\"image\":{\"@id\":\"https:\\\/\\\/www.ctf-fce.ca\\\/fr\\\/nos-activites\\\/cooperation-au-developpement-international\\\/renforcement-des-capacites\\\/#primaryimage\"},\"thumbnailUrl\":\"https:\\\/\\\/www.ctf-fce.ca\\\/wp-content\\\/uploads\\\/2020\\\/03\\\/iStock-1158180684-1024x762.jpg\",\"datePublished\":\"2020-02-08T02:39:14+00:00\",\"dateModified\":\"2020-04-13T00:55:10+00:00\",\"breadcrumb\":{\"@id\":\"https:\\\/\\\/www.ctf-fce.ca\\\/fr\\\/nos-activites\\\/cooperation-au-developpement-international\\\/renforcement-des-capacites\\\/#breadcrumb\"},\"inLanguage\":\"fr-FR\",\"potentialAction\":[{\"@type\":\"ReadAction\",\"target\":[\"https:\\\/\\\/www.ctf-fce.ca\\\/fr\\\/nos-activites\\\/cooperation-au-developpement-international\\\/renforcement-des-capacites\\\/\"]}]},{\"@type\":\"ImageObject\",\"inLanguage\":\"fr-FR\",\"@id\":\"https:\\\/\\\/www.ctf-fce.ca\\\/fr\\\/nos-activites\\\/cooperation-au-developpement-international\\\/renforcement-des-capacites\\\/#primaryimage\",\"url\":\"https:\\\/\\\/www.ctf-fce.ca\\\/wp-content\\\/uploads\\\/2020\\\/03\\\/iStock-1158180684-1024x762.jpg\",\"contentUrl\":\"https:\\\/\\\/www.ctf-fce.ca\\\/wp-content\\\/uploads\\\/2020\\\/03\\\/iStock-1158180684-1024x762.jpg\"},{\"@type\":\"BreadcrumbList\",\"@id\":\"https:\\\/\\\/www.ctf-fce.ca\\\/fr\\\/nos-activites\\\/cooperation-au-developpement-international\\\/renforcement-des-capacites\\\/#breadcrumb\",\"itemListElement\":[{\"@type\":\"ListItem\",\"position\":1,\"name\":\"Accueil\",\"item\":\"https:\\\/\\\/www.ctf-fce.ca\\\/fr\\\/\"},{\"@type\":\"ListItem\",\"position\":2,\"name\":\"Nos activit\u00e9s\",\"item\":\"https:\\\/\\\/www.ctf-fce.ca\\\/fr\\\/nos-activites\\\/\"},{\"@type\":\"ListItem\",\"position\":3,\"name\":\"Coop\u00e9ration au d\u00e9veloppement international\",\"item\":\"https:\\\/\\\/www.ctf-fce.ca\\\/fr\\\/nos-activites\\\/cooperation-au-developpement-international\\\/\"},{\"@type\":\"ListItem\",\"position\":4,\"name\":\"Renforcement des capacit\u00e9s\"}]},{\"@type\":\"WebSite\",\"@id\":\"https:\\\/\\\/www.ctf-fce.ca\\\/fr\\\/#website\",\"url\":\"https:\\\/\\\/www.ctf-fce.ca\\\/fr\\\/\",\"name\":\"CTF-FCE\",\"description\":\"\",\"publisher\":{\"@id\":\"https:\\\/\\\/www.ctf-fce.ca\\\/fr\\\/#organization\"},\"potentialAction\":[{\"@type\":\"SearchAction\",\"target\":{\"@type\":\"EntryPoint\",\"urlTemplate\":\"https:\\\/\\\/www.ctf-fce.ca\\\/fr\\\/?s={search_term_string}\"},\"query-input\":{\"@type\":\"PropertyValueSpecification\",\"valueRequired\":true,\"valueName\":\"search_term_string\"}}],\"inLanguage\":\"fr-FR\"},{\"@type\":\"Organization\",\"@id\":\"https:\\\/\\\/www.ctf-fce.ca\\\/fr\\\/#organization\",\"name\":\"CTF-FCE\",\"url\":\"https:\\\/\\\/www.ctf-fce.ca\\\/fr\\\/\",\"logo\":{\"@type\":\"ImageObject\",\"inLanguage\":\"fr-FR\",\"@id\":\"https:\\\/\\\/www.ctf-fce.ca\\\/fr\\\/#\\\/schema\\\/logo\\\/image\\\/\",\"url\":\"https:\\\/\\\/www.ctf-fce.ca\\\/wp-content\\\/uploads\\\/2020\\\/01\\\/ctf-fce-logo@2x.png\",\"contentUrl\":\"https:\\\/\\\/www.ctf-fce.ca\\\/wp-content\\\/uploads\\\/2020\\\/01\\\/ctf-fce-logo@2x.png\",\"width\":485,\"height\":146,\"caption\":\"CTF-FCE\"},\"image\":{\"@id\":\"https:\\\/\\\/www.ctf-fce.ca\\\/fr\\\/#\\\/schema\\\/logo\\\/image\\\/\"},\"sameAs\":[\"https:\\\/\\\/www.facebook.com\\\/CTF.FCE\\\/\",\"https:\\\/\\\/x.com\\\/CTFFCE\",\"https:\\\/\\\/www.instagram.com\\\/ctffce\\\/\",\"https:\\\/\\\/www.linkedin.com\\\/company\\\/canadian-teachers'\u200b-federation---f\u00e9d.-canadienne-des-enseignantes-et-des-enseignants\\\/\",\"https:\\\/\\\/www.youtube.com\\\/user\\\/canadianteachers\"]}]}<\/script>\n<!-- \/ Yoast SEO plugin. -->","yoast_head_json":{"title":"Renforcement des capacit\u00e9s - CTF-FCE","robots":{"index":"index","follow":"follow","max-snippet":"max-snippet:-1","max-image-preview":"max-image-preview:large","max-video-preview":"max-video-preview:-1"},"canonical":"https:\/\/www.ctf-fce.ca\/fr\/nos-activites\/cooperation-au-developpement-international\/renforcement-des-capacites\/","og_locale":"fr_FR","og_type":"article","og_title":"Renforcement des capacit\u00e9s - CTF-FCE","og_description":"La CTF\/FCE aide ses organisations partenaires \u00e0 renforcer leur capacit\u00e9&nbsp;: de faire du lobbyisme et de mener des actions politiques \u00e0 la d\u00e9fense d\u2019une \u00e9ducation publique de qualit\u00e9;&nbsp; d\u2019organiser et de lancer des campagnes; de fournir des services \u00e0 leurs membres enseignantes et enseignants. Nous offrons du soutien, de la formation et des conseils techniques [&hellip;]","og_url":"https:\/\/www.ctf-fce.ca\/fr\/nos-activites\/cooperation-au-developpement-international\/renforcement-des-capacites\/","og_site_name":"CTF-FCE","article_publisher":"https:\/\/www.facebook.com\/CTF.FCE\/","article_modified_time":"2020-04-13T00:55:10+00:00","og_image":[{"url":"https:\/\/www.ctf-fce.ca\/wp-content\/uploads\/2020\/03\/iStock-1158180684-1024x762.jpg","type":"","width":"","height":""}],"twitter_card":"summary_large_image","twitter_site":"@CTFFCE","twitter_misc":{"Dur\u00e9e de lecture estim\u00e9e":"1 minute"},"schema":{"@context":"https:\/\/schema.org","@graph":[{"@type":"WebPage","@id":"https:\/\/www.ctf-fce.ca\/fr\/nos-activites\/cooperation-au-developpement-international\/renforcement-des-capacites\/","url":"https:\/\/www.ctf-fce.ca\/fr\/nos-activites\/cooperation-au-developpement-international\/renforcement-des-capacites\/","name":"Renforcement des capacit\u00e9s - CTF-FCE","isPartOf":{"@id":"https:\/\/www.ctf-fce.ca\/fr\/#website"},"primaryImageOfPage":{"@id":"https:\/\/www.ctf-fce.ca\/fr\/nos-activites\/cooperation-au-developpement-international\/renforcement-des-capacites\/#primaryimage"},"image":{"@id":"https:\/\/www.ctf-fce.ca\/fr\/nos-activites\/cooperation-au-developpement-international\/renforcement-des-capacites\/#primaryimage"},"thumbnailUrl":"https:\/\/www.ctf-fce.ca\/wp-content\/uploads\/2020\/03\/iStock-1158180684-1024x762.jpg","datePublished":"2020-02-08T02:39:14+00:00","dateModified":"2020-04-13T00:55:10+00:00","breadcrumb":{"@id":"https:\/\/www.ctf-fce.ca\/fr\/nos-activites\/cooperation-au-developpement-international\/renforcement-des-capacites\/#breadcrumb"},"inLanguage":"fr-FR","potentialAction":[{"@type":"ReadAction","target":["https:\/\/www.ctf-fce.ca\/fr\/nos-activites\/cooperation-au-developpement-international\/renforcement-des-capacites\/"]}]},{"@type":"ImageObject","inLanguage":"fr-FR","@id":"https:\/\/www.ctf-fce.ca\/fr\/nos-activites\/cooperation-au-developpement-international\/renforcement-des-capacites\/#primaryimage","url":"https:\/\/www.ctf-fce.ca\/wp-content\/uploads\/2020\/03\/iStock-1158180684-1024x762.jpg","contentUrl":"https:\/\/www.ctf-fce.ca\/wp-content\/uploads\/2020\/03\/iStock-1158180684-1024x762.jpg"},{"@type":"BreadcrumbList","@id":"https:\/\/www.ctf-fce.ca\/fr\/nos-activites\/cooperation-au-developpement-international\/renforcement-des-capacites\/#breadcrumb","itemListElement":[{"@type":"ListItem","position":1,"name":"Accueil","item":"https:\/\/www.ctf-fce.ca\/fr\/"},{"@type":"ListItem","position":2,"name":"Nos activit\u00e9s","item":"https:\/\/www.ctf-fce.ca\/fr\/nos-activites\/"},{"@type":"ListItem","position":3,"name":"Coop\u00e9ration au d\u00e9veloppement international","item":"https:\/\/www.ctf-fce.ca\/fr\/nos-activites\/cooperation-au-developpement-international\/"},{"@type":"ListItem","position":4,"name":"Renforcement des capacit\u00e9s"}]},{"@type":"WebSite","@id":"https:\/\/www.ctf-fce.ca\/fr\/#website","url":"https:\/\/www.ctf-fce.ca\/fr\/","name":"CTF-FCE","description":"","publisher":{"@id":"https:\/\/www.ctf-fce.ca\/fr\/#organization"},"potentialAction":[{"@type":"SearchAction","target":{"@type":"EntryPoint","urlTemplate":"https:\/\/www.ctf-fce.ca\/fr\/?s={search_term_string}"},"query-input":{"@type":"PropertyValueSpecification","valueRequired":true,"valueName":"search_term_string"}}],"inLanguage":"fr-FR"},{"@type":"Organization","@id":"https:\/\/www.ctf-fce.ca\/fr\/#organization","name":"CTF-FCE","url":"https:\/\/www.ctf-fce.ca\/fr\/","logo":{"@type":"ImageObject","inLanguage":"fr-FR","@id":"https:\/\/www.ctf-fce.ca\/fr\/#\/schema\/logo\/image\/","url":"https:\/\/www.ctf-fce.ca\/wp-content\/uploads\/2020\/01\/ctf-fce-logo@2x.png","contentUrl":"https:\/\/www.ctf-fce.ca\/wp-content\/uploads\/2020\/01\/ctf-fce-logo@2x.png","width":485,"height":146,"caption":"CTF-FCE"},"image":{"@id":"https:\/\/www.ctf-fce.ca\/fr\/#\/schema\/logo\/image\/"},"sameAs":["https:\/\/www.facebook.com\/CTF.FCE\/","https:\/\/x.com\/CTFFCE","https:\/\/www.instagram.com\/ctffce\/","https:\/\/www.linkedin.com\/company\/canadian-teachers'\u200b-federation---f\u00e9d.-canadienne-des-enseignantes-et-des-enseignants\/","https:\/\/www.youtube.com\/user\/canadianteachers"]}]}},"coauthors":[],"author_meta":{"author_link":"https:\/\/www.ctf-fce.ca\/fr\/author\/contactkeshocommunications-ca\/","display_name":"contact@keshocommunications.ca"},"relative_dates":{"created":"Publi\u00e9 6 ans il y a","modified":"Mis \u00e0 jour 6 ans il y a"},"absolute_dates":{"created":"Publi\u00e9 le 7 f\u00e9vrier 2020","modified":"Mise \u00e0 jour le 12 avril 2020"},"absolute_dates_time":{"created":"Publi\u00e9 le 7 f\u00e9vrier 2020 21h39","modified":"Mise \u00e0 jour le 12 avril 2020 20h55"},"featured_img_caption":"","featured_img":false,"series_order":"","_links":{"self":[{"href":"https:\/\/www.ctf-fce.ca\/fr\/wp-json\/wp\/v2\/pages\/4157","targetHints":{"allow":["GET"]}}],"collection":[{"href":"https:\/\/www.ctf-fce.ca\/fr\/wp-json\/wp\/v2\/pages"}],"about":[{"href":"https:\/\/www.ctf-fce.ca\/fr\/wp-json\/wp\/v2\/types\/page"}],"author":[{"embeddable":true,"href":"https:\/\/www.ctf-fce.ca\/fr\/wp-json\/wp\/v2\/users\/1"}],"replies":[{"embeddable":true,"href":"https:\/\/www.ctf-fce.ca\/fr\/wp-json\/wp\/v2\/comments?post=4157"}],"version-history":[{"count":0,"href":"https:\/\/www.ctf-fce.ca\/fr\/wp-json\/wp\/v2\/pages\/4157\/revisions"}],"up":[{"embeddable":true,"href":"https:\/\/www.ctf-fce.ca\/fr\/wp-json\/wp\/v2\/pages\/3423"}],"wp:attachment":[{"href":"https:\/\/www.ctf-fce.ca\/fr\/wp-json\/wp\/v2\/media?parent=4157"}],"curies":[{"name":"wp","href":"https:\/\/api.w.org\/{rel}","templated":true}]}}