{"id":2983,"date":"2015-03-06T00:00:00","date_gmt":"2015-03-06T05:00:00","guid":{"rendered":"http:\/\/184.107.41.70\/~ctffce\/perspectives_cpt\/reduire-la-stigmatisation-associee-a-la-maladie-mentale-a-lelementaire-une-affaire-dexemple\/"},"modified":"2015-03-06T00:00:00","modified_gmt":"2015-03-06T05:00:00","slug":"reduire-la-stigmatisation-associee-a-la-maladie-mentale-a-lelementaire-une-affaire-dexemple","status":"publish","type":"perspectives_cpt","link":"https:\/\/www.ctf-fce.ca\/fr\/journal-education-publique\/reduire-la-stigmatisation-associee-a-la-maladie-mentale-a-lelementaire-une-affaire-dexemple\/","title":{"rendered":"R\u00e9duire la stigmatisation associ\u00e9e \u00e0 la maladie mentale \u00e0 l\u2019\u00e9l\u00e9mentaire&nbsp;: une affaire d\u2019exemple"},"content":{"rendered":"<p>Le m\u00e9tier d\u2019enseignant peut \u00eatre extr\u00eamement valorisant mais aussi tr\u00e8s exigeant, surtout quand se retrouve, dans notre classe r\u00e9guli\u00e8re, un \u00e9ventail d\u2019\u00e9l\u00e8ves aux besoins tr\u00e8s divers.<\/p>\n<p>Or, trop souvent, le personnel enseignant ne peut compter que sur lui-m\u00eame pour trouver comment aider des enfants aux difficult\u00e9s d\u2019apprentissage et aux probl\u00e8mes de sant\u00e9 mentale aussi vari\u00e9s. Cela explique peut-\u00eatre pourquoi, lors d\u2019un <a href=\"http:\/\/www.ctf-fce.ca\/fr\/news\/Pages\/default.aspx?newsid=1983984729&amp;year=2011\" target=\"_blank\" rel=\"noopener noreferrer\">sondage national<\/a> men\u00e9 en 2011, une grande majorit\u00e9 d\u2019enseignantes et enseignants ont class\u00e9 la sant\u00e9 mentale aux premiers rangs de leurs pr\u00e9occupations. (F\u00e9d\u00e9ration canadienne des enseignantes et des enseignants, juillet&nbsp;2011) Trois ans plus tard, la FCE a men\u00e9 un autre sondage pour connaitre les dossiers qui, de l\u2019avis du personnel enseignant et dans la perspective de la salle de classe, devraient \u00eatre au premier rang des enjeux \u00e0 d\u00e9fendre lors de la prochaine campagne \u00e9lectorale f\u00e9d\u00e9rale. La sant\u00e9 mentale des enfants et des jeunes est venue au premier rang des pr\u00e9occupations de 95&nbsp;% des r\u00e9pondantes et r\u00e9pondants. (FCE, 2014)<\/p>\n<p>Selon l\u2019Association canadienne pour la sant\u00e9 mentale (2015), 20&nbsp;% des Canadiens et Canadiennes connaitront personnellement la maladie mentale. Tous et toutes la connaitront indirectement \u00e0 un moment ou \u00e0 un autre dans leur vie, soit par l\u2019interm\u00e9diaire d\u2019un parent, d\u2019un ami ou d\u2019une amie, ou encore d\u2019une personne au travail. Parce que les \u00e9coles sont des microcosmes de la soci\u00e9t\u00e9, ces statistiques s\u2019appliquent aussi aux salles de classe d\u2019aujourd\u2019hui.<\/p>\n<p>Pour l\u2019enseignant ou l\u2019enseignante qui essaie de g\u00e9rer \u00e0 la fois les comportements manifestes et cach\u00e9s des \u00e9l\u00e8ves qui souffrent de maladie mentale tout en s\u2019effor\u00e7ant d\u2019amener l\u2019ensemble des \u00e9l\u00e8ves au bout de leur potentiel cognitif, affectif, physique et social, g\u00e9rer la maladie mentale dans une classe repr\u00e9sente un d\u00e9fi de taille et un exercice d\u2019\u00e9quilibre difficile. Ce dilemme, j\u2019ai r\u00e9guli\u00e8rement eu \u00e0 le vivre dans ma carri\u00e8re d\u2019enseignant. Les crises caus\u00e9es par la maladie mentale chez un ou une \u00e9l\u00e8ve peuvent \u00eatre effrayantes pour l\u2019\u00e9l\u00e8ve, mais aussi pour ceux et celles qui en sont t\u00e9moins.<\/p>\n<p>Pour les personnes qui souffrent d\u2019une maladie mentale, la stigmatisation dont elles font l\u2019objet peut non seulement les d\u00e9biliter, mais aussi mettre leur vie en danger. Selon Sartorius (2002), la stigmatisation de la maladie mentale a \u00e9t\u00e9 reconnue comme \u00e9tant le principal obstacle aux soins (cit\u00e9 par Steele, 2013). Steele (2013) s\u2019empresse d\u2019ajouter qu\u2019il faudrait, dans l\u2019int\u00e9r\u00eat g\u00e9n\u00e9ral, r\u00e9duire cette stigmatisation et, donc, changer les attitudes et croyances envers la maladie mentale et les personnes qui en souffrent. Steele (2013) rappelle avec force conviction que les enfants et les adolescents constituent, d\u2019apr\u00e8s les \u00e9tudes, un groupe susceptible de r\u00e9agir particuli\u00e8rement bien aux interventions de r\u00e9duction de la stigmatisation, parce que c\u2019est durant ces \u00e9tapes du d\u00e9veloppement personnel que s\u2019ancrent les attitudes. Par cons\u00e9quent, il est tout \u00e0 fait logique d\u2019avoir ces discussions courageuses dans les classes. <\/p>\n<p>Personnellement, pour le faire, je commence par inviter mes \u00e9l\u00e8ves \u00e0 discuter des signes, des sympt\u00f4mes, des traitements et des mesures pr\u00e9ventives associ\u00e9es \u00e0 diverses maladies ou affections physiques ou mentales, afin qu\u2019ils prennent conscience du fait que, quand on est malade, aucune maladie n\u2019est mieux qu\u2019une autre. Par exemple, je peux poser des questions du genre&nbsp;: \u00ab&nbsp;Combien d\u2019entre vous avez commenc\u00e9 \u00e0 prendre des antibiotiques, puis interrompu le traitement avant la fin, puis \u00eates tomb\u00e9s malades de nouveau?&nbsp;\u00bb&nbsp;\u00ab&nbsp;En quoi cela est-il diff\u00e9rent de ce que fait une personne qui interrompt ses antid\u00e9presseurs parce qu\u2019elle ne se sent plus d\u00e9prim\u00e9e et qui fait une rechute?&nbsp;\u00bb&nbsp;ou encore \u00ab&nbsp;Quels mots utilise-t-on dans la cour d\u2019\u00e9cole ou dans les m\u00e9dias pour d\u00e9signer des personnes qui ont une maladie mentale?&nbsp;\u00bb J\u2019incite aussi mes \u00e9l\u00e8ves \u00e0 se demander comment ils se sentiraient si des gens les maltraitaient ou les injuriaient en raison de probl\u00e8mes de sant\u00e9.<\/p>\n<p>Autrement dit, quand on parle de sant\u00e9 mentale dans un contexte \u00e9ducatif, il ne faut pas seulement aborder la question d\u2019un point de vue clinique, mais aussi dans une perspective de justice sociale. En proc\u00e9dant ainsi, j\u2019ai trouv\u00e9 que les enfants comprennent mieux que d\u2019\u00eatre en mauvaise sant\u00e9 physique ou mentale, c\u2019est la m\u00eame chose, et que les deux n\u00e9cessitent un traitement. Je leur apprends aussi que de traiter les gens de \u00ab&nbsp;fou&nbsp;\u00bb ou de \u00ab&nbsp;d\u00e9rang\u00e9&nbsp;\u00bb n\u2019est pas seulement incorrect, mais que c\u2019est discriminatoire.<\/p>\n<p>Si on n\u2019apprend pas aux enfants que ce langage est incorrect, ils peuvent en venir \u00e0 l\u2019adopter comme si c\u2019\u00e9tait la norme et, ce faisant, ils contribuent \u00e0 perp\u00e9tuer des mythes qu\u2019ils int\u00e9riorisent. Les \u00e9ducateurs et \u00e9ducatrices que nous sommes devons prendre conscience du fait que, si nous ne prenons pas le temps de faire mieux comprendre la maladie mentale \u00e0 nos \u00e9l\u00e8ves et de d\u00e9faire les nombreux mythes qui l\u2019entourent, nous risquons fort, en r\u00e9alit\u00e9, de contribuer \u00e0 la stigmatisation de la maladie mentale.<\/p>\n<p>Enseigner dans une perspective de justice sociale nous permet de cr\u00e9er dans nos classes des fen\u00eatres et des miroirs. Je veux dire par l\u00e0 que nous donnons \u00e0 nos \u00e9l\u00e8ves les moyens de continuellement se voir et voir les autres au travers du prisme des mati\u00e8res \u00e9tudi\u00e9es. L\u2019enseignement, par le biais de la justice sociale, ouvre la porte \u00e0 la pens\u00e9e critique et \u00e0 l\u2019empathie.<\/p>\n<p>En tant qu\u2019\u00e9ducateur, j\u2019en suis aussi venu \u00e0 la conclusion que je dois prendre conscience de ma mani\u00e8re de r\u00e9agir aux crises comportementales qui se produisent dans ma classe, ne serait-ce que parce que les autres \u00e9l\u00e8ves m\u2019observent. Ils examinent tr\u00e8s attentivement non seulement ma mani\u00e8re de communiquer verbalement et non verbalement, mais aussi ce que je communique. Quand un ou une \u00e9l\u00e8ve fait un commentaire n\u00e9gatif \u00e0 un autre ou dit quelque chose sans r\u00e9fl\u00e9chir, j\u2019ai appris que je ne pouvais pas le laisser passer, parce qu\u2019autrement, c\u2019est comme si j\u2019ent\u00e9rinais ce message et disais \u00e0 tous et toutes mes \u00e9l\u00e8ves qu\u2019il est acceptable. Parfois, ce qu\u2019on ne dit pas r\u00e9sonne davantage que ce qu\u2019on dit. Au lieu d\u2019ignorer ces incidents, j\u2019en fais des occasions d\u2019enseignement, de discussion ouverte.<\/p>\n<p>En conclusion, j\u2019ai d\u00e9couvert qu\u2019en ayant ces conversations courageuses avec mes \u00e9l\u00e8ves, en inscrivant mon enseignement dans une perspective de justice sociale et en r\u00e9agissant correctement \u00e0 certains comportements, j\u2019arrive \u00e0 cr\u00e9er un milieu qui favorise l\u2019apprentissage chez tous mes \u00e9l\u00e8ves, un milieu o\u00f9 tous, filles et gar\u00e7ons, se sentent valoris\u00e9s et appr\u00e9ci\u00e9s. Et je ne me contente pas des mots, je montre par l\u2019exemple.<\/p>\n<h2>R\u00e9f\u00e9rences<\/h2>\n<p>ASSOCIATION CANADIENNE POUR LA SANT\u00c9 MENTALE. \u00ab&nbsp;Information rapide&nbsp;: La sant\u00e9 mentale \/ la maladie mentale&nbsp;\u00bb (fiche de renseignements), [En ligne], janvier 2015. [www.cmha.ca\/fr\/medias\/information-rapide-la-sante-mentale-la-maladie-mentale\/]<\/p>\n<p>F\u00c9D\u00c9RATION CANADIENNE DES ENSEIGNANTES ET DES ENSEIGNANTS. <em>La voix du personnel enseignant canadien sur l\u2019enseignement et l\u2019apprentissage<\/em>, Ottawa, [En ligne], juillet 2011. [www.ctf-fce.ca\/fr\/news\/Pages\/default.aspx?newsid=1983984729&amp;year=2011]<\/p>\n<p>STEELE, D. \u00ab&nbsp;Fighting mental illness stigma in the classroom&nbsp;\u00bb, dans le blogue <em>The Mental Elf<\/em>, [En ligne], le 1<sup>er<\/sup> mars 2013. [www.thementalelf.net\/populations-and-settings\/child-and-adolescent\/fighting-mental-illness-stigma-in-the-classroom\/] (en anglais seulement)<\/p>\n","protected":false},"excerpt":{"rendered":"<p>Trop<br \/>\nsouvent, le personnel enseignant ne peut compter que sur lui-m\u00eame pour trouver<br \/>\ncomment aider des enfants aux difficult\u00e9s d\u2019apprentissage et aux probl\u00e8mes de<br \/>\nsant\u00e9 mentale aussi vari\u00e9s que ceux qu\u2019on retrouve en salle de classe. Ron Muller, membre du Comit\u00e9 consultatif de la<br \/>\ndiversit\u00e9 et des droits de la personne de la FCE, d\u00e9crit son exp\u00e9rience et<br \/>\nexplique les discussions \u00ab&nbsp;courageuses&nbsp;\u00bb qu\u2019il a avec ses \u00e9l\u00e8ves en<br \/>\nsalle de classe sur la sant\u00e9 mentale.<\/p>\n","protected":false},"author":1,"featured_media":1146,"menu_order":0,"comment_status":"closed","ping_status":"open","template":"","format":"standard","meta":{"_acf_changed":false,"advgb_blocks_editor_width":"","advgb_blocks_columns_visual_guide":"","footnotes":""},"categories_perspectives_cpt":[496,508],"authors_perspectives_cpt":[389],"class_list":["post-2983","perspectives_cpt","type-perspectives_cpt","status-publish","format-standard","has-post-thumbnail","hentry","categories_perspectives_cpt-diversite","categories_perspectives_cpt-sante-mentale","authors_perspectives_cpt-ron-muller-fr"],"acf":[],"yoast_head":"<!-- This site is optimized with the Yoast SEO plugin v27.4 - https:\/\/yoast.com\/product\/yoast-seo-wordpress\/ -->\n<title>R\u00e9duire la stigmatisation associ\u00e9e \u00e0 la maladie mentale \u00e0 l\u2019\u00e9l\u00e9mentaire&nbsp;: une affaire d\u2019exemple<\/title>\n<meta name=\"description\" content=\"Trop souvent, le personnel enseignant ne peut compter que sur lui-m\u00eame pour trouver comment aider des enfants aux difficult\u00e9s d\u2019apprentissage et aux probl\u00e8mes de sant\u00e9 mentale aussi vari\u00e9s que ceux qu\u2019on retrouve en salle de classe. Ron Muller, membre du Comit\u00e9 consultatif de la diversit\u00e9 et des droits de la personne de la FCE, d\u00e9crit son exp\u00e9rience et explique les discussions \u00ab&nbsp;courageuses&nbsp;\u00bb qu\u2019il a avec ses \u00e9l\u00e8ves en salle de classe sur la sant\u00e9 mentale.\" \/>\n<meta name=\"robots\" content=\"index, follow, max-snippet:-1, max-image-preview:large, max-video-preview:-1\" \/>\n<link rel=\"canonical\" href=\"https:\/\/www.ctf-fce.ca\/fr\/journal-education-publique\/reduire-la-stigmatisation-associee-a-la-maladie-mentale-a-lelementaire-une-affaire-dexemple\/\" \/>\n<meta property=\"og:locale\" content=\"fr_FR\" \/>\n<meta property=\"og:type\" content=\"article\" \/>\n<meta property=\"og:title\" content=\"R\u00e9duire la stigmatisation associ\u00e9e \u00e0 la maladie mentale \u00e0 l\u2019\u00e9l\u00e9mentaire&nbsp;: une affaire d\u2019exemple\" \/>\n<meta property=\"og:description\" content=\"Trop souvent, le personnel enseignant ne peut compter que sur lui-m\u00eame pour trouver comment aider des enfants aux difficult\u00e9s d\u2019apprentissage et aux probl\u00e8mes de sant\u00e9 mentale aussi vari\u00e9s que ceux qu\u2019on retrouve en salle de classe. Ron Muller, membre du Comit\u00e9 consultatif de la diversit\u00e9 et des droits de la personne de la FCE, d\u00e9crit son exp\u00e9rience et explique les discussions \u00ab&nbsp;courageuses&nbsp;\u00bb qu\u2019il a avec ses \u00e9l\u00e8ves en salle de classe sur la sant\u00e9 mentale.\" \/>\n<meta property=\"og:url\" content=\"https:\/\/www.ctf-fce.ca\/fr\/journal-education-publique\/reduire-la-stigmatisation-associee-a-la-maladie-mentale-a-lelementaire-une-affaire-dexemple\/\" \/>\n<meta property=\"og:site_name\" content=\"CTF-FCE\" \/>\n<meta property=\"article:publisher\" content=\"https:\/\/www.facebook.com\/CTF.FCE\/\" \/>\n<meta property=\"og:image\" content=\"https:\/\/www.ctf-fce.ca\/wp-content\/uploads\/2020\/02\/Article-5.jpg\" \/>\n\t<meta property=\"og:image:width\" content=\"800\" \/>\n\t<meta property=\"og:image:height\" content=\"500\" \/>\n\t<meta property=\"og:image:type\" content=\"image\/jpeg\" \/>\n<meta name=\"twitter:card\" content=\"summary_large_image\" \/>\n<meta name=\"twitter:title\" content=\"R\u00e9duire la stigmatisation associ\u00e9e \u00e0 la maladie mentale \u00e0 l\u2019\u00e9l\u00e9mentaire&nbsp;: une affaire d\u2019exemple\" \/>\n<meta name=\"twitter:description\" content=\"Trop souvent, le personnel enseignant ne peut compter que sur lui-m\u00eame pour trouver comment aider des enfants aux difficult\u00e9s d\u2019apprentissage et aux probl\u00e8mes de sant\u00e9 mentale aussi vari\u00e9s que ceux qu\u2019on retrouve en salle de classe. Ron Muller, membre du Comit\u00e9 consultatif de la diversit\u00e9 et des droits de la personne de la FCE, d\u00e9crit son exp\u00e9rience et explique les discussions \u00ab&nbsp;courageuses&nbsp;\u00bb qu\u2019il a avec ses \u00e9l\u00e8ves en salle de classe sur la sant\u00e9 mentale.\" \/>\n<meta name=\"twitter:site\" content=\"@CTFFCE\" \/>\n<meta name=\"twitter:label1\" content=\"Dur\u00e9e de lecture estim\u00e9e\" \/>\n\t<meta name=\"twitter:data1\" content=\"6 minutes\" \/>\n<script type=\"application\/ld+json\" class=\"yoast-schema-graph\">{\"@context\":\"https:\\\/\\\/schema.org\",\"@graph\":[{\"@type\":\"WebPage\",\"@id\":\"https:\\\/\\\/www.ctf-fce.ca\\\/fr\\\/journal-education-publique\\\/reduire-la-stigmatisation-associee-a-la-maladie-mentale-a-lelementaire-une-affaire-dexemple\\\/\",\"url\":\"https:\\\/\\\/www.ctf-fce.ca\\\/fr\\\/journal-education-publique\\\/reduire-la-stigmatisation-associee-a-la-maladie-mentale-a-lelementaire-une-affaire-dexemple\\\/\",\"name\":\"R\u00e9duire la stigmatisation associ\u00e9e \u00e0 la maladie mentale \u00e0 l\u2019\u00e9l\u00e9mentaire&nbsp;: une affaire d\u2019exemple\",\"isPartOf\":{\"@id\":\"https:\\\/\\\/www.ctf-fce.ca\\\/fr\\\/#website\"},\"primaryImageOfPage\":{\"@id\":\"https:\\\/\\\/www.ctf-fce.ca\\\/fr\\\/journal-education-publique\\\/reduire-la-stigmatisation-associee-a-la-maladie-mentale-a-lelementaire-une-affaire-dexemple\\\/#primaryimage\"},\"image\":{\"@id\":\"https:\\\/\\\/www.ctf-fce.ca\\\/fr\\\/journal-education-publique\\\/reduire-la-stigmatisation-associee-a-la-maladie-mentale-a-lelementaire-une-affaire-dexemple\\\/#primaryimage\"},\"thumbnailUrl\":\"https:\\\/\\\/www.ctf-fce.ca\\\/wp-content\\\/uploads\\\/2020\\\/02\\\/Article-5.jpg\",\"datePublished\":\"2015-03-06T05:00:00+00:00\",\"description\":\"Trop souvent, le personnel enseignant ne peut compter que sur lui-m\u00eame pour trouver comment aider des enfants aux difficult\u00e9s d\u2019apprentissage et aux probl\u00e8mes de sant\u00e9 mentale aussi vari\u00e9s que ceux qu\u2019on retrouve en salle de classe. Ron Muller, membre du Comit\u00e9 consultatif de la diversit\u00e9 et des droits de la personne de la FCE, d\u00e9crit son exp\u00e9rience et explique les discussions \u00ab&nbsp;courageuses&nbsp;\u00bb qu\u2019il a avec ses \u00e9l\u00e8ves en salle de classe sur la sant\u00e9 mentale.\",\"breadcrumb\":{\"@id\":\"https:\\\/\\\/www.ctf-fce.ca\\\/fr\\\/journal-education-publique\\\/reduire-la-stigmatisation-associee-a-la-maladie-mentale-a-lelementaire-une-affaire-dexemple\\\/#breadcrumb\"},\"inLanguage\":\"fr-FR\",\"potentialAction\":[{\"@type\":\"ReadAction\",\"target\":[\"https:\\\/\\\/www.ctf-fce.ca\\\/fr\\\/journal-education-publique\\\/reduire-la-stigmatisation-associee-a-la-maladie-mentale-a-lelementaire-une-affaire-dexemple\\\/\"]}]},{\"@type\":\"ImageObject\",\"inLanguage\":\"fr-FR\",\"@id\":\"https:\\\/\\\/www.ctf-fce.ca\\\/fr\\\/journal-education-publique\\\/reduire-la-stigmatisation-associee-a-la-maladie-mentale-a-lelementaire-une-affaire-dexemple\\\/#primaryimage\",\"url\":\"https:\\\/\\\/www.ctf-fce.ca\\\/wp-content\\\/uploads\\\/2020\\\/02\\\/Article-5.jpg\",\"contentUrl\":\"https:\\\/\\\/www.ctf-fce.ca\\\/wp-content\\\/uploads\\\/2020\\\/02\\\/Article-5.jpg\",\"width\":800,\"height\":500,\"caption\":\"La soci\u00e9t\u00e9 civile francophone se mobilise contre la marchandisation de l\u2019\u00e9ducation\"},{\"@type\":\"BreadcrumbList\",\"@id\":\"https:\\\/\\\/www.ctf-fce.ca\\\/fr\\\/journal-education-publique\\\/reduire-la-stigmatisation-associee-a-la-maladie-mentale-a-lelementaire-une-affaire-dexemple\\\/#breadcrumb\",\"itemListElement\":[{\"@type\":\"ListItem\",\"position\":1,\"name\":\"Accueil\",\"item\":\"https:\\\/\\\/www.ctf-fce.ca\\\/fr\\\/\"},{\"@type\":\"ListItem\",\"position\":2,\"name\":\"Journal de l\u2019\u00e9ducation publique\",\"item\":\"https:\\\/\\\/www.ctf-fce.ca\\\/fr\\\/journal-education-publique\\\/\"},{\"@type\":\"ListItem\",\"position\":3,\"name\":\"R\u00e9duire la stigmatisation associ\u00e9e \u00e0 la maladie mentale \u00e0 l\u2019\u00e9l\u00e9mentaire&nbsp;: une affaire d\u2019exemple\"}]},{\"@type\":\"WebSite\",\"@id\":\"https:\\\/\\\/www.ctf-fce.ca\\\/fr\\\/#website\",\"url\":\"https:\\\/\\\/www.ctf-fce.ca\\\/fr\\\/\",\"name\":\"CTF-FCE\",\"description\":\"\",\"publisher\":{\"@id\":\"https:\\\/\\\/www.ctf-fce.ca\\\/fr\\\/#organization\"},\"potentialAction\":[{\"@type\":\"SearchAction\",\"target\":{\"@type\":\"EntryPoint\",\"urlTemplate\":\"https:\\\/\\\/www.ctf-fce.ca\\\/fr\\\/?s={search_term_string}\"},\"query-input\":{\"@type\":\"PropertyValueSpecification\",\"valueRequired\":true,\"valueName\":\"search_term_string\"}}],\"inLanguage\":\"fr-FR\"},{\"@type\":\"Organization\",\"@id\":\"https:\\\/\\\/www.ctf-fce.ca\\\/fr\\\/#organization\",\"name\":\"CTF-FCE\",\"url\":\"https:\\\/\\\/www.ctf-fce.ca\\\/fr\\\/\",\"logo\":{\"@type\":\"ImageObject\",\"inLanguage\":\"fr-FR\",\"@id\":\"https:\\\/\\\/www.ctf-fce.ca\\\/fr\\\/#\\\/schema\\\/logo\\\/image\\\/\",\"url\":\"https:\\\/\\\/www.ctf-fce.ca\\\/wp-content\\\/uploads\\\/2020\\\/01\\\/ctf-fce-logo@2x.png\",\"contentUrl\":\"https:\\\/\\\/www.ctf-fce.ca\\\/wp-content\\\/uploads\\\/2020\\\/01\\\/ctf-fce-logo@2x.png\",\"width\":485,\"height\":146,\"caption\":\"CTF-FCE\"},\"image\":{\"@id\":\"https:\\\/\\\/www.ctf-fce.ca\\\/fr\\\/#\\\/schema\\\/logo\\\/image\\\/\"},\"sameAs\":[\"https:\\\/\\\/www.facebook.com\\\/CTF.FCE\\\/\",\"https:\\\/\\\/x.com\\\/CTFFCE\",\"https:\\\/\\\/www.instagram.com\\\/ctffce\\\/\",\"https:\\\/\\\/www.linkedin.com\\\/company\\\/canadian-teachers'\u200b-federation---f\u00e9d.-canadienne-des-enseignantes-et-des-enseignants\\\/\",\"https:\\\/\\\/www.youtube.com\\\/user\\\/canadianteachers\"]}]}<\/script>\n<!-- \/ Yoast SEO plugin. -->","yoast_head_json":{"title":"R\u00e9duire la stigmatisation associ\u00e9e \u00e0 la maladie mentale \u00e0 l\u2019\u00e9l\u00e9mentaire&nbsp;: une affaire d\u2019exemple","description":"Trop souvent, le personnel enseignant ne peut compter que sur lui-m\u00eame pour trouver comment aider des enfants aux difficult\u00e9s d\u2019apprentissage et aux probl\u00e8mes de sant\u00e9 mentale aussi vari\u00e9s que ceux qu\u2019on retrouve en salle de classe. Ron Muller, membre du Comit\u00e9 consultatif de la diversit\u00e9 et des droits de la personne de la FCE, d\u00e9crit son exp\u00e9rience et explique les discussions \u00ab&nbsp;courageuses&nbsp;\u00bb qu\u2019il a avec ses \u00e9l\u00e8ves en salle de classe sur la sant\u00e9 mentale.","robots":{"index":"index","follow":"follow","max-snippet":"max-snippet:-1","max-image-preview":"max-image-preview:large","max-video-preview":"max-video-preview:-1"},"canonical":"https:\/\/www.ctf-fce.ca\/fr\/journal-education-publique\/reduire-la-stigmatisation-associee-a-la-maladie-mentale-a-lelementaire-une-affaire-dexemple\/","og_locale":"fr_FR","og_type":"article","og_title":"R\u00e9duire la stigmatisation associ\u00e9e \u00e0 la maladie mentale \u00e0 l\u2019\u00e9l\u00e9mentaire&nbsp;: une affaire d\u2019exemple","og_description":"Trop souvent, le personnel enseignant ne peut compter que sur lui-m\u00eame pour trouver comment aider des enfants aux difficult\u00e9s d\u2019apprentissage et aux probl\u00e8mes de sant\u00e9 mentale aussi vari\u00e9s que ceux qu\u2019on retrouve en salle de classe. Ron Muller, membre du Comit\u00e9 consultatif de la diversit\u00e9 et des droits de la personne de la FCE, d\u00e9crit son exp\u00e9rience et explique les discussions \u00ab&nbsp;courageuses&nbsp;\u00bb qu\u2019il a avec ses \u00e9l\u00e8ves en salle de classe sur la sant\u00e9 mentale.","og_url":"https:\/\/www.ctf-fce.ca\/fr\/journal-education-publique\/reduire-la-stigmatisation-associee-a-la-maladie-mentale-a-lelementaire-une-affaire-dexemple\/","og_site_name":"CTF-FCE","article_publisher":"https:\/\/www.facebook.com\/CTF.FCE\/","og_image":[{"width":800,"height":500,"url":"https:\/\/www.ctf-fce.ca\/wp-content\/uploads\/2020\/02\/Article-5.jpg","type":"image\/jpeg"}],"twitter_card":"summary_large_image","twitter_title":"R\u00e9duire la stigmatisation associ\u00e9e \u00e0 la maladie mentale \u00e0 l\u2019\u00e9l\u00e9mentaire&nbsp;: une affaire d\u2019exemple","twitter_description":"Trop souvent, le personnel enseignant ne peut compter que sur lui-m\u00eame pour trouver comment aider des enfants aux difficult\u00e9s d\u2019apprentissage et aux probl\u00e8mes de sant\u00e9 mentale aussi vari\u00e9s que ceux qu\u2019on retrouve en salle de classe. Ron Muller, membre du Comit\u00e9 consultatif de la diversit\u00e9 et des droits de la personne de la FCE, d\u00e9crit son exp\u00e9rience et explique les discussions \u00ab&nbsp;courageuses&nbsp;\u00bb qu\u2019il a avec ses \u00e9l\u00e8ves en salle de classe sur la sant\u00e9 mentale.","twitter_site":"@CTFFCE","twitter_misc":{"Dur\u00e9e de lecture estim\u00e9e":"6 minutes"},"schema":{"@context":"https:\/\/schema.org","@graph":[{"@type":"WebPage","@id":"https:\/\/www.ctf-fce.ca\/fr\/journal-education-publique\/reduire-la-stigmatisation-associee-a-la-maladie-mentale-a-lelementaire-une-affaire-dexemple\/","url":"https:\/\/www.ctf-fce.ca\/fr\/journal-education-publique\/reduire-la-stigmatisation-associee-a-la-maladie-mentale-a-lelementaire-une-affaire-dexemple\/","name":"R\u00e9duire la stigmatisation associ\u00e9e \u00e0 la maladie mentale \u00e0 l\u2019\u00e9l\u00e9mentaire&nbsp;: une affaire d\u2019exemple","isPartOf":{"@id":"https:\/\/www.ctf-fce.ca\/fr\/#website"},"primaryImageOfPage":{"@id":"https:\/\/www.ctf-fce.ca\/fr\/journal-education-publique\/reduire-la-stigmatisation-associee-a-la-maladie-mentale-a-lelementaire-une-affaire-dexemple\/#primaryimage"},"image":{"@id":"https:\/\/www.ctf-fce.ca\/fr\/journal-education-publique\/reduire-la-stigmatisation-associee-a-la-maladie-mentale-a-lelementaire-une-affaire-dexemple\/#primaryimage"},"thumbnailUrl":"https:\/\/www.ctf-fce.ca\/wp-content\/uploads\/2020\/02\/Article-5.jpg","datePublished":"2015-03-06T05:00:00+00:00","description":"Trop souvent, le personnel enseignant ne peut compter que sur lui-m\u00eame pour trouver comment aider des enfants aux difficult\u00e9s d\u2019apprentissage et aux probl\u00e8mes de sant\u00e9 mentale aussi vari\u00e9s que ceux qu\u2019on retrouve en salle de classe. Ron Muller, membre du Comit\u00e9 consultatif de la diversit\u00e9 et des droits de la personne de la FCE, d\u00e9crit son exp\u00e9rience et explique les discussions \u00ab&nbsp;courageuses&nbsp;\u00bb qu\u2019il a avec ses \u00e9l\u00e8ves en salle de classe sur la sant\u00e9 mentale.","breadcrumb":{"@id":"https:\/\/www.ctf-fce.ca\/fr\/journal-education-publique\/reduire-la-stigmatisation-associee-a-la-maladie-mentale-a-lelementaire-une-affaire-dexemple\/#breadcrumb"},"inLanguage":"fr-FR","potentialAction":[{"@type":"ReadAction","target":["https:\/\/www.ctf-fce.ca\/fr\/journal-education-publique\/reduire-la-stigmatisation-associee-a-la-maladie-mentale-a-lelementaire-une-affaire-dexemple\/"]}]},{"@type":"ImageObject","inLanguage":"fr-FR","@id":"https:\/\/www.ctf-fce.ca\/fr\/journal-education-publique\/reduire-la-stigmatisation-associee-a-la-maladie-mentale-a-lelementaire-une-affaire-dexemple\/#primaryimage","url":"https:\/\/www.ctf-fce.ca\/wp-content\/uploads\/2020\/02\/Article-5.jpg","contentUrl":"https:\/\/www.ctf-fce.ca\/wp-content\/uploads\/2020\/02\/Article-5.jpg","width":800,"height":500,"caption":"La soci\u00e9t\u00e9 civile francophone se mobilise contre la marchandisation de l\u2019\u00e9ducation"},{"@type":"BreadcrumbList","@id":"https:\/\/www.ctf-fce.ca\/fr\/journal-education-publique\/reduire-la-stigmatisation-associee-a-la-maladie-mentale-a-lelementaire-une-affaire-dexemple\/#breadcrumb","itemListElement":[{"@type":"ListItem","position":1,"name":"Accueil","item":"https:\/\/www.ctf-fce.ca\/fr\/"},{"@type":"ListItem","position":2,"name":"Journal de l\u2019\u00e9ducation publique","item":"https:\/\/www.ctf-fce.ca\/fr\/journal-education-publique\/"},{"@type":"ListItem","position":3,"name":"R\u00e9duire la stigmatisation associ\u00e9e \u00e0 la maladie mentale \u00e0 l\u2019\u00e9l\u00e9mentaire&nbsp;: une affaire d\u2019exemple"}]},{"@type":"WebSite","@id":"https:\/\/www.ctf-fce.ca\/fr\/#website","url":"https:\/\/www.ctf-fce.ca\/fr\/","name":"CTF-FCE","description":"","publisher":{"@id":"https:\/\/www.ctf-fce.ca\/fr\/#organization"},"potentialAction":[{"@type":"SearchAction","target":{"@type":"EntryPoint","urlTemplate":"https:\/\/www.ctf-fce.ca\/fr\/?s={search_term_string}"},"query-input":{"@type":"PropertyValueSpecification","valueRequired":true,"valueName":"search_term_string"}}],"inLanguage":"fr-FR"},{"@type":"Organization","@id":"https:\/\/www.ctf-fce.ca\/fr\/#organization","name":"CTF-FCE","url":"https:\/\/www.ctf-fce.ca\/fr\/","logo":{"@type":"ImageObject","inLanguage":"fr-FR","@id":"https:\/\/www.ctf-fce.ca\/fr\/#\/schema\/logo\/image\/","url":"https:\/\/www.ctf-fce.ca\/wp-content\/uploads\/2020\/01\/ctf-fce-logo@2x.png","contentUrl":"https:\/\/www.ctf-fce.ca\/wp-content\/uploads\/2020\/01\/ctf-fce-logo@2x.png","width":485,"height":146,"caption":"CTF-FCE"},"image":{"@id":"https:\/\/www.ctf-fce.ca\/fr\/#\/schema\/logo\/image\/"},"sameAs":["https:\/\/www.facebook.com\/CTF.FCE\/","https:\/\/x.com\/CTFFCE","https:\/\/www.instagram.com\/ctffce\/","https:\/\/www.linkedin.com\/company\/canadian-teachers'\u200b-federation---f\u00e9d.-canadienne-des-enseignantes-et-des-enseignants\/","https:\/\/www.youtube.com\/user\/canadianteachers"]}]}},"featured_img":"https:\/\/www.ctf-fce.ca\/wp-content\/uploads\/2020\/02\/Article-5.jpg","coauthors":[],"author_meta":{"author_link":"https:\/\/www.ctf-fce.ca\/fr\/author\/contactkeshocommunications-ca\/","display_name":"contact@keshocommunications.ca"},"relative_dates":{"created":"Publi\u00e9 11 ans il y a","modified":"Mis \u00e0 jour 11 ans il y a"},"absolute_dates":{"created":"Publi\u00e9 le 6 mars 2015","modified":"Mise \u00e0 jour le 6 mars 2015"},"absolute_dates_time":{"created":"Publi\u00e9 le 6 mars 2015 0h00","modified":"Mise \u00e0 jour le 6 mars 2015 0h00"},"featured_img_caption":"","tax_additional":{"categories_perspectives_cpt":{"linked":["<a href=\"https:\/\/www.ctf-fce.ca\/fr\/categories\/diversite\/\" class=\"advgb-post-tax-term\">Diversit\u00e9<\/a>","<a href=\"https:\/\/www.ctf-fce.ca\/fr\/categories\/sante-mentale\/\" class=\"advgb-post-tax-term\">Sant\u00e9 mentale<\/a>"],"unlinked":["<span class=\"advgb-post-tax-term\">Diversit\u00e9<\/span>","<span class=\"advgb-post-tax-term\">Sant\u00e9 mentale<\/span>"],"slug":"categories_perspectives_cpt","name":"Cat\u00e9gories"},"authors_perspectives_cpt":{"linked":["<a href=\"https:\/\/www.ctf-fce.ca\/fr\/auteurs\/ron-muller-fr\/\" class=\"advgb-post-tax-term\">Ron Muller<\/a>"],"unlinked":["<span class=\"advgb-post-tax-term\">Ron Muller<\/span>"],"slug":"authors_perspectives_cpt","name":"Auteures et auteurs"},"translation_priority":{"linked":["<a href=\"https:\/\/www.ctf-fce.ca\/fr\/?taxonomy=translation_priority&#038;term=facultatif\" class=\"advgb-post-tax-term\">Facultatif<\/a>"],"unlinked":["<span class=\"advgb-post-tax-term\">Facultatif<\/span>"],"slug":"translation_priority","name":"Priorit\u00e9s de traduction"}},"series_order":"","_links":{"self":[{"href":"https:\/\/www.ctf-fce.ca\/fr\/wp-json\/wp\/v2\/perspectives_cpt\/2983","targetHints":{"allow":["GET"]}}],"collection":[{"href":"https:\/\/www.ctf-fce.ca\/fr\/wp-json\/wp\/v2\/perspectives_cpt"}],"about":[{"href":"https:\/\/www.ctf-fce.ca\/fr\/wp-json\/wp\/v2\/types\/perspectives_cpt"}],"author":[{"embeddable":true,"href":"https:\/\/www.ctf-fce.ca\/fr\/wp-json\/wp\/v2\/users\/1"}],"replies":[{"embeddable":true,"href":"https:\/\/www.ctf-fce.ca\/fr\/wp-json\/wp\/v2\/comments?post=2983"}],"version-history":[{"count":0,"href":"https:\/\/www.ctf-fce.ca\/fr\/wp-json\/wp\/v2\/perspectives_cpt\/2983\/revisions"}],"wp:featuredmedia":[{"embeddable":true,"href":"https:\/\/www.ctf-fce.ca\/fr\/wp-json\/wp\/v2\/media\/1146"}],"wp:attachment":[{"href":"https:\/\/www.ctf-fce.ca\/fr\/wp-json\/wp\/v2\/media?parent=2983"}],"wp:term":[{"taxonomy":"categories_perspectives_cpt","embeddable":true,"href":"https:\/\/www.ctf-fce.ca\/fr\/wp-json\/wp\/v2\/categories_perspectives_cpt?post=2983"},{"taxonomy":"authors_perspectives_cpt","embeddable":true,"href":"https:\/\/www.ctf-fce.ca\/fr\/wp-json\/wp\/v2\/authors_perspectives_cpt?post=2983"}],"curies":[{"name":"wp","href":"https:\/\/api.w.org\/{rel}","templated":true}]}}