{"id":2999,"date":"2015-09-24T00:00:00","date_gmt":"2015-09-24T04:00:00","guid":{"rendered":"http:\/\/184.107.41.70\/~ctffce\/perspectives_cpt\/nouveau-parti-democratique\/"},"modified":"2015-09-24T00:00:00","modified_gmt":"2015-09-24T04:00:00","slug":"nouveau-parti-democratique","status":"publish","type":"perspectives_cpt","link":"https:\/\/www.ctf-fce.ca\/fr\/journal-education-publique\/nouveau-parti-democratique\/","title":{"rendered":"Nouveau Parti d\u00e9mocratique"},"content":{"rendered":"<p>Des milliers d\u2019enseignants et de travailleurs de soutien \u00e0 l\u2019\u00e9ducation partout au pays se rendent tous les matins en salle de classe en esp\u00e9rant offrir aux enfants la meilleure \u00e9ducation possible. Nous savons par contre que de nombreux facteurs hors de leur contr\u00f4le ont une influence sur la capacit\u00e9 des enfants \u00e0 apprendre. Certains enfants ont trop faim, d\u2019autres ont des probl\u00e8mes de sant\u00e9 mentale non diagnostiqu\u00e9s ou encore mal trait\u00e9s. Tous les \u00e9l\u00e8ves n\u2019ont pas non plus les m\u00eames conditions de vie en dehors de l\u2019\u00e9cole, certains vivent des situations difficiles.<\/p>\n<p>Les n\u00e9o-d\u00e9mocrates veulent travailler avec les enseignants pour b\u00e2tir un pays o\u00f9 tous les enfants ont le meilleur d\u00e9part possible dans la vie. C\u2019est pourquoi notre plan pour des services de garderie abordables aidera plus d\u2019enfants \u00e0 avoir acc\u00e8s t\u00f4t dans la vie \u00e0 des programmes d\u2019apprentissages de qualit\u00e9. C\u2019est aussi pourquoi nous souhaitons lutter contre la pauvret\u00e9 chez les enfants en bonifiant la Prestation nationale pour enfants pour les familles \u00e0 faible revenu ainsi que la Prestation fiscale pour le revenu de travail. <img decoding=\"async\" src=\"http:\/\/perspectives.ctf-fce.ca\/Documents\/Articles\/Issue19\/Graphics\/Tom-in-classroom.jpg\" style=\"float:right;width: 50%; max-width:500px;padding:8px;\" alt=\"Tom Mulcair\" \/>Nous allons am\u00e9liorer la s\u00e9curit\u00e9 alimentaire des Canadiens gr\u00e2ce \u00e0 notre strat\u00e9gie alimentaire pancanadienne : Manger, c\u2019est vital. Nous allons \u00e9galement travailler avec les provinces et les territoires afin d\u2019am\u00e9liorer le diagnostic et le traitement des maladies mentales. <\/p>\n<p>Nous reconnaissons que les \u00e9ducateurs \u00e0 la retraite qui ont tant donn\u00e9 \u00e0 nos enfants ont le droit \u00e0 une s\u00e9curit\u00e9 de la retraite. Trop d\u2019a\u00een\u00e9s canadiens voient leur niveau de vie baiss\u00e9 quand ils prennent leur retraite. Certains tombent m\u00eame dans la pauvret\u00e9. Aux derni\u00e8res \u00e9lections, Stephen Harper avait promis de ne pas r\u00e9duire les pensions publiques. Mais il a augment\u00e9 l\u2019\u00e2ge d\u2019admissibilit\u00e9 \u00e0 la s\u00e9curit\u00e9 de la vieillesse \u00e0 67&nbsp;ans. En raison de cette d\u00e9cision malencontreuse, encore plus d\u2019a\u00een\u00e9s vivront d\u2019ici peu dans la pauvret\u00e9.<\/p>\n<p>Un gouvernement n\u00e9o-d\u00e9mocrate r\u00e9tablira l\u2019\u00e2ge d\u2019admissibilit\u00e9 \u00e0 la s\u00e9curit\u00e9 de la vieillesse et au suppl\u00e9ment de revenu garanti \u00e0 65&nbsp;ans. Nous renforcerons le suppl\u00e9ment de revenu garanti pour aider les a\u00een\u00e9s vivant dans la pauvret\u00e9 \u00e0 s\u2019en sortir. Nous travaillerons avec les provinces et les territoires afin de bonifier les prestations du R\u00e9gime de pensions du Canada afin d\u2019assurer aux Canadiens un revenu de retraite pr\u00e9visible et s\u00fbr.<\/p>\n<hr \/>\n<p><span style=\"font-size: 10pt; color: #808080;\">Les partis ont fourni les articles en fran\u00e7ais et en anglais. Ils ont \u00e9t\u00e9 reproduits exactement comme ils ont \u00e9t\u00e9 soumis.<\/span><\/p>\n","protected":false},"excerpt":{"rendered":"<p>Des milliers d\u2019enseignants et de travailleurs de soutien \u00e0 l\u2019\u00e9ducation partout au pays se rendent tous les matins en salle de classe en esp\u00e9rant offrir aux enfants la meilleure \u00e9ducation possible.<\/p>\n","protected":false},"author":1,"featured_media":1184,"menu_order":0,"comment_status":"closed","ping_status":"open","template":"","format":"standard","meta":{"_acf_changed":false,"advgb_blocks_editor_width":"","advgb_blocks_columns_visual_guide":"","footnotes":""},"categories_perspectives_cpt":[498],"authors_perspectives_cpt":[402],"class_list":["post-2999","perspectives_cpt","type-perspectives_cpt","status-publish","format-standard","has-post-thumbnail","hentry","categories_perspectives_cpt-election-fr","authors_perspectives_cpt-tom-mulcair-fr"],"acf":[],"yoast_head":"<!-- This site is optimized with the Yoast SEO plugin v27.4 - https:\/\/yoast.com\/product\/yoast-seo-wordpress\/ -->\n<title>Nouveau Parti d\u00e9mocratique<\/title>\n<meta name=\"description\" content=\"Des milliers d\u2019enseignants et de travailleurs de soutien \u00e0 l\u2019\u00e9ducation partout au pays se rendent tous les matins en salle de classe en esp\u00e9rant offrir aux enfants la meilleure \u00e9ducation possible.\" \/>\n<meta name=\"robots\" content=\"index, follow, max-snippet:-1, max-image-preview:large, max-video-preview:-1\" \/>\n<link rel=\"canonical\" href=\"https:\/\/www.ctf-fce.ca\/fr\/journal-education-publique\/nouveau-parti-democratique\/\" \/>\n<meta property=\"og:locale\" content=\"fr_FR\" \/>\n<meta property=\"og:type\" content=\"article\" \/>\n<meta property=\"og:title\" content=\"Nouveau Parti d\u00e9mocratique\" \/>\n<meta property=\"og:description\" content=\"Des milliers d\u2019enseignants et de travailleurs de soutien \u00e0 l\u2019\u00e9ducation partout au pays se rendent tous les matins en salle de classe en esp\u00e9rant offrir aux enfants la meilleure \u00e9ducation possible.\" \/>\n<meta property=\"og:url\" content=\"https:\/\/www.ctf-fce.ca\/fr\/journal-education-publique\/nouveau-parti-democratique\/\" \/>\n<meta property=\"og:site_name\" content=\"CTF-FCE\" \/>\n<meta property=\"article:publisher\" content=\"https:\/\/www.facebook.com\/CTF.FCE\/\" \/>\n<meta property=\"og:image\" content=\"https:\/\/www.ctf-fce.ca\/wp-content\/uploads\/2020\/02\/article-3.png\" \/>\n\t<meta property=\"og:image:width\" content=\"800\" \/>\n\t<meta property=\"og:image:height\" content=\"500\" \/>\n\t<meta property=\"og:image:type\" content=\"image\/png\" \/>\n<meta name=\"twitter:card\" content=\"summary_large_image\" \/>\n<meta name=\"twitter:title\" content=\"Nouveau Parti d\u00e9mocratique\" \/>\n<meta name=\"twitter:description\" content=\"Des milliers d\u2019enseignants et de travailleurs de soutien \u00e0 l\u2019\u00e9ducation partout au pays se rendent tous les matins en salle de classe en esp\u00e9rant offrir aux enfants la meilleure \u00e9ducation possible.\" \/>\n<meta name=\"twitter:site\" content=\"@CTFFCE\" \/>\n<meta name=\"twitter:label1\" content=\"Dur\u00e9e de lecture estim\u00e9e\" \/>\n\t<meta name=\"twitter:data1\" content=\"2 minutes\" \/>\n<script type=\"application\/ld+json\" class=\"yoast-schema-graph\">{\"@context\":\"https:\\\/\\\/schema.org\",\"@graph\":[{\"@type\":\"WebPage\",\"@id\":\"https:\\\/\\\/www.ctf-fce.ca\\\/fr\\\/journal-education-publique\\\/nouveau-parti-democratique\\\/\",\"url\":\"https:\\\/\\\/www.ctf-fce.ca\\\/fr\\\/journal-education-publique\\\/nouveau-parti-democratique\\\/\",\"name\":\"Nouveau Parti d\u00e9mocratique\",\"isPartOf\":{\"@id\":\"https:\\\/\\\/www.ctf-fce.ca\\\/fr\\\/#website\"},\"primaryImageOfPage\":{\"@id\":\"https:\\\/\\\/www.ctf-fce.ca\\\/fr\\\/journal-education-publique\\\/nouveau-parti-democratique\\\/#primaryimage\"},\"image\":{\"@id\":\"https:\\\/\\\/www.ctf-fce.ca\\\/fr\\\/journal-education-publique\\\/nouveau-parti-democratique\\\/#primaryimage\"},\"thumbnailUrl\":\"https:\\\/\\\/www.ctf-fce.ca\\\/wp-content\\\/uploads\\\/2020\\\/02\\\/article-3.png\",\"datePublished\":\"2015-09-24T04:00:00+00:00\",\"description\":\"Des milliers d\u2019enseignants et de travailleurs de soutien \u00e0 l\u2019\u00e9ducation partout au pays se rendent tous les matins en salle de classe en esp\u00e9rant offrir aux enfants la meilleure \u00e9ducation possible.\",\"breadcrumb\":{\"@id\":\"https:\\\/\\\/www.ctf-fce.ca\\\/fr\\\/journal-education-publique\\\/nouveau-parti-democratique\\\/#breadcrumb\"},\"inLanguage\":\"fr-FR\",\"potentialAction\":[{\"@type\":\"ReadAction\",\"target\":[\"https:\\\/\\\/www.ctf-fce.ca\\\/fr\\\/journal-education-publique\\\/nouveau-parti-democratique\\\/\"]}]},{\"@type\":\"ImageObject\",\"inLanguage\":\"fr-FR\",\"@id\":\"https:\\\/\\\/www.ctf-fce.ca\\\/fr\\\/journal-education-publique\\\/nouveau-parti-democratique\\\/#primaryimage\",\"url\":\"https:\\\/\\\/www.ctf-fce.ca\\\/wp-content\\\/uploads\\\/2020\\\/02\\\/article-3.png\",\"contentUrl\":\"https:\\\/\\\/www.ctf-fce.ca\\\/wp-content\\\/uploads\\\/2020\\\/02\\\/article-3.png\",\"width\":800,\"height\":500,\"caption\":\"Nouveau Parti d\u00e9mocratique\"},{\"@type\":\"BreadcrumbList\",\"@id\":\"https:\\\/\\\/www.ctf-fce.ca\\\/fr\\\/journal-education-publique\\\/nouveau-parti-democratique\\\/#breadcrumb\",\"itemListElement\":[{\"@type\":\"ListItem\",\"position\":1,\"name\":\"Accueil\",\"item\":\"https:\\\/\\\/www.ctf-fce.ca\\\/fr\\\/\"},{\"@type\":\"ListItem\",\"position\":2,\"name\":\"Journal de l\u2019\u00e9ducation publique\",\"item\":\"https:\\\/\\\/www.ctf-fce.ca\\\/fr\\\/journal-education-publique\\\/\"},{\"@type\":\"ListItem\",\"position\":3,\"name\":\"Nouveau Parti d\u00e9mocratique\"}]},{\"@type\":\"WebSite\",\"@id\":\"https:\\\/\\\/www.ctf-fce.ca\\\/fr\\\/#website\",\"url\":\"https:\\\/\\\/www.ctf-fce.ca\\\/fr\\\/\",\"name\":\"CTF-FCE\",\"description\":\"\",\"publisher\":{\"@id\":\"https:\\\/\\\/www.ctf-fce.ca\\\/fr\\\/#organization\"},\"potentialAction\":[{\"@type\":\"SearchAction\",\"target\":{\"@type\":\"EntryPoint\",\"urlTemplate\":\"https:\\\/\\\/www.ctf-fce.ca\\\/fr\\\/?s={search_term_string}\"},\"query-input\":{\"@type\":\"PropertyValueSpecification\",\"valueRequired\":true,\"valueName\":\"search_term_string\"}}],\"inLanguage\":\"fr-FR\"},{\"@type\":\"Organization\",\"@id\":\"https:\\\/\\\/www.ctf-fce.ca\\\/fr\\\/#organization\",\"name\":\"CTF-FCE\",\"url\":\"https:\\\/\\\/www.ctf-fce.ca\\\/fr\\\/\",\"logo\":{\"@type\":\"ImageObject\",\"inLanguage\":\"fr-FR\",\"@id\":\"https:\\\/\\\/www.ctf-fce.ca\\\/fr\\\/#\\\/schema\\\/logo\\\/image\\\/\",\"url\":\"https:\\\/\\\/www.ctf-fce.ca\\\/wp-content\\\/uploads\\\/2020\\\/01\\\/ctf-fce-logo@2x.png\",\"contentUrl\":\"https:\\\/\\\/www.ctf-fce.ca\\\/wp-content\\\/uploads\\\/2020\\\/01\\\/ctf-fce-logo@2x.png\",\"width\":485,\"height\":146,\"caption\":\"CTF-FCE\"},\"image\":{\"@id\":\"https:\\\/\\\/www.ctf-fce.ca\\\/fr\\\/#\\\/schema\\\/logo\\\/image\\\/\"},\"sameAs\":[\"https:\\\/\\\/www.facebook.com\\\/CTF.FCE\\\/\",\"https:\\\/\\\/x.com\\\/CTFFCE\",\"https:\\\/\\\/www.instagram.com\\\/ctffce\\\/\",\"https:\\\/\\\/www.linkedin.com\\\/company\\\/canadian-teachers'\u200b-federation---f\u00e9d.-canadienne-des-enseignantes-et-des-enseignants\\\/\",\"https:\\\/\\\/www.youtube.com\\\/user\\\/canadianteachers\"]}]}<\/script>\n<!-- \/ Yoast SEO plugin. -->","yoast_head_json":{"title":"Nouveau Parti d\u00e9mocratique","description":"Des milliers d\u2019enseignants et de travailleurs de soutien \u00e0 l\u2019\u00e9ducation partout au pays se rendent tous les matins en salle de classe en esp\u00e9rant offrir aux enfants la meilleure \u00e9ducation possible.","robots":{"index":"index","follow":"follow","max-snippet":"max-snippet:-1","max-image-preview":"max-image-preview:large","max-video-preview":"max-video-preview:-1"},"canonical":"https:\/\/www.ctf-fce.ca\/fr\/journal-education-publique\/nouveau-parti-democratique\/","og_locale":"fr_FR","og_type":"article","og_title":"Nouveau Parti d\u00e9mocratique","og_description":"Des milliers d\u2019enseignants et de travailleurs de soutien \u00e0 l\u2019\u00e9ducation partout au pays se rendent tous les matins en salle de classe en esp\u00e9rant offrir aux enfants la meilleure \u00e9ducation possible.","og_url":"https:\/\/www.ctf-fce.ca\/fr\/journal-education-publique\/nouveau-parti-democratique\/","og_site_name":"CTF-FCE","article_publisher":"https:\/\/www.facebook.com\/CTF.FCE\/","og_image":[{"width":800,"height":500,"url":"https:\/\/www.ctf-fce.ca\/wp-content\/uploads\/2020\/02\/article-3.png","type":"image\/png"}],"twitter_card":"summary_large_image","twitter_title":"Nouveau Parti d\u00e9mocratique","twitter_description":"Des milliers d\u2019enseignants et de travailleurs de soutien \u00e0 l\u2019\u00e9ducation partout au pays se rendent tous les matins en salle de classe en esp\u00e9rant offrir aux enfants la meilleure \u00e9ducation possible.","twitter_site":"@CTFFCE","twitter_misc":{"Dur\u00e9e de lecture estim\u00e9e":"2 minutes"},"schema":{"@context":"https:\/\/schema.org","@graph":[{"@type":"WebPage","@id":"https:\/\/www.ctf-fce.ca\/fr\/journal-education-publique\/nouveau-parti-democratique\/","url":"https:\/\/www.ctf-fce.ca\/fr\/journal-education-publique\/nouveau-parti-democratique\/","name":"Nouveau Parti d\u00e9mocratique","isPartOf":{"@id":"https:\/\/www.ctf-fce.ca\/fr\/#website"},"primaryImageOfPage":{"@id":"https:\/\/www.ctf-fce.ca\/fr\/journal-education-publique\/nouveau-parti-democratique\/#primaryimage"},"image":{"@id":"https:\/\/www.ctf-fce.ca\/fr\/journal-education-publique\/nouveau-parti-democratique\/#primaryimage"},"thumbnailUrl":"https:\/\/www.ctf-fce.ca\/wp-content\/uploads\/2020\/02\/article-3.png","datePublished":"2015-09-24T04:00:00+00:00","description":"Des milliers d\u2019enseignants et de travailleurs de soutien \u00e0 l\u2019\u00e9ducation partout au pays se rendent tous les matins en salle de classe en esp\u00e9rant offrir aux enfants la meilleure \u00e9ducation possible.","breadcrumb":{"@id":"https:\/\/www.ctf-fce.ca\/fr\/journal-education-publique\/nouveau-parti-democratique\/#breadcrumb"},"inLanguage":"fr-FR","potentialAction":[{"@type":"ReadAction","target":["https:\/\/www.ctf-fce.ca\/fr\/journal-education-publique\/nouveau-parti-democratique\/"]}]},{"@type":"ImageObject","inLanguage":"fr-FR","@id":"https:\/\/www.ctf-fce.ca\/fr\/journal-education-publique\/nouveau-parti-democratique\/#primaryimage","url":"https:\/\/www.ctf-fce.ca\/wp-content\/uploads\/2020\/02\/article-3.png","contentUrl":"https:\/\/www.ctf-fce.ca\/wp-content\/uploads\/2020\/02\/article-3.png","width":800,"height":500,"caption":"Nouveau Parti d\u00e9mocratique"},{"@type":"BreadcrumbList","@id":"https:\/\/www.ctf-fce.ca\/fr\/journal-education-publique\/nouveau-parti-democratique\/#breadcrumb","itemListElement":[{"@type":"ListItem","position":1,"name":"Accueil","item":"https:\/\/www.ctf-fce.ca\/fr\/"},{"@type":"ListItem","position":2,"name":"Journal de l\u2019\u00e9ducation publique","item":"https:\/\/www.ctf-fce.ca\/fr\/journal-education-publique\/"},{"@type":"ListItem","position":3,"name":"Nouveau Parti d\u00e9mocratique"}]},{"@type":"WebSite","@id":"https:\/\/www.ctf-fce.ca\/fr\/#website","url":"https:\/\/www.ctf-fce.ca\/fr\/","name":"CTF-FCE","description":"","publisher":{"@id":"https:\/\/www.ctf-fce.ca\/fr\/#organization"},"potentialAction":[{"@type":"SearchAction","target":{"@type":"EntryPoint","urlTemplate":"https:\/\/www.ctf-fce.ca\/fr\/?s={search_term_string}"},"query-input":{"@type":"PropertyValueSpecification","valueRequired":true,"valueName":"search_term_string"}}],"inLanguage":"fr-FR"},{"@type":"Organization","@id":"https:\/\/www.ctf-fce.ca\/fr\/#organization","name":"CTF-FCE","url":"https:\/\/www.ctf-fce.ca\/fr\/","logo":{"@type":"ImageObject","inLanguage":"fr-FR","@id":"https:\/\/www.ctf-fce.ca\/fr\/#\/schema\/logo\/image\/","url":"https:\/\/www.ctf-fce.ca\/wp-content\/uploads\/2020\/01\/ctf-fce-logo@2x.png","contentUrl":"https:\/\/www.ctf-fce.ca\/wp-content\/uploads\/2020\/01\/ctf-fce-logo@2x.png","width":485,"height":146,"caption":"CTF-FCE"},"image":{"@id":"https:\/\/www.ctf-fce.ca\/fr\/#\/schema\/logo\/image\/"},"sameAs":["https:\/\/www.facebook.com\/CTF.FCE\/","https:\/\/x.com\/CTFFCE","https:\/\/www.instagram.com\/ctffce\/","https:\/\/www.linkedin.com\/company\/canadian-teachers'\u200b-federation---f\u00e9d.-canadienne-des-enseignantes-et-des-enseignants\/","https:\/\/www.youtube.com\/user\/canadianteachers"]}]}},"featured_img":"https:\/\/www.ctf-fce.ca\/wp-content\/uploads\/2020\/02\/article-3.png","coauthors":[],"author_meta":{"author_link":"https:\/\/www.ctf-fce.ca\/fr\/author\/contactkeshocommunications-ca\/","display_name":"contact@keshocommunications.ca"},"relative_dates":{"created":"Publi\u00e9 11 ans il y a","modified":"Mis \u00e0 jour 11 ans il y a"},"absolute_dates":{"created":"Publi\u00e9 le 24 septembre 2015","modified":"Mise \u00e0 jour le 24 septembre 2015"},"absolute_dates_time":{"created":"Publi\u00e9 le 24 septembre 2015 0h00","modified":"Mise \u00e0 jour le 24 septembre 2015 0h00"},"featured_img_caption":"","tax_additional":{"categories_perspectives_cpt":{"linked":["<a href=\"https:\/\/www.ctf-fce.ca\/fr\/categories\/election-fr\/\" class=\"advgb-post-tax-term\">\u00c9lection<\/a>"],"unlinked":["<span class=\"advgb-post-tax-term\">\u00c9lection<\/span>"],"slug":"categories_perspectives_cpt","name":"Cat\u00e9gories"},"authors_perspectives_cpt":{"linked":["<a href=\"https:\/\/www.ctf-fce.ca\/fr\/auteurs\/tom-mulcair-fr\/\" class=\"advgb-post-tax-term\">Tom Mulcair<\/a>"],"unlinked":["<span class=\"advgb-post-tax-term\">Tom Mulcair<\/span>"],"slug":"authors_perspectives_cpt","name":"Auteures et auteurs"},"translation_priority":{"linked":["<a href=\"https:\/\/www.ctf-fce.ca\/fr\/?taxonomy=translation_priority&#038;term=facultatif\" class=\"advgb-post-tax-term\">Facultatif<\/a>"],"unlinked":["<span class=\"advgb-post-tax-term\">Facultatif<\/span>"],"slug":"translation_priority","name":"Priorit\u00e9s de traduction"}},"series_order":"","_links":{"self":[{"href":"https:\/\/www.ctf-fce.ca\/fr\/wp-json\/wp\/v2\/perspectives_cpt\/2999","targetHints":{"allow":["GET"]}}],"collection":[{"href":"https:\/\/www.ctf-fce.ca\/fr\/wp-json\/wp\/v2\/perspectives_cpt"}],"about":[{"href":"https:\/\/www.ctf-fce.ca\/fr\/wp-json\/wp\/v2\/types\/perspectives_cpt"}],"author":[{"embeddable":true,"href":"https:\/\/www.ctf-fce.ca\/fr\/wp-json\/wp\/v2\/users\/1"}],"replies":[{"embeddable":true,"href":"https:\/\/www.ctf-fce.ca\/fr\/wp-json\/wp\/v2\/comments?post=2999"}],"version-history":[{"count":0,"href":"https:\/\/www.ctf-fce.ca\/fr\/wp-json\/wp\/v2\/perspectives_cpt\/2999\/revisions"}],"wp:featuredmedia":[{"embeddable":true,"href":"https:\/\/www.ctf-fce.ca\/fr\/wp-json\/wp\/v2\/media\/1184"}],"wp:attachment":[{"href":"https:\/\/www.ctf-fce.ca\/fr\/wp-json\/wp\/v2\/media?parent=2999"}],"wp:term":[{"taxonomy":"categories_perspectives_cpt","embeddable":true,"href":"https:\/\/www.ctf-fce.ca\/fr\/wp-json\/wp\/v2\/categories_perspectives_cpt?post=2999"},{"taxonomy":"authors_perspectives_cpt","embeddable":true,"href":"https:\/\/www.ctf-fce.ca\/fr\/wp-json\/wp\/v2\/authors_perspectives_cpt?post=2999"}],"curies":[{"name":"wp","href":"https:\/\/api.w.org\/{rel}","templated":true}]}}