{"id":3000,"date":"2015-09-24T00:00:00","date_gmt":"2015-09-24T04:00:00","guid":{"rendered":"http:\/\/184.107.41.70\/~ctffce\/perspectives_cpt\/parti-liberal-du-canada\/"},"modified":"2015-09-24T00:00:00","modified_gmt":"2015-09-24T04:00:00","slug":"parti-liberal-du-canada","status":"publish","type":"perspectives_cpt","link":"https:\/\/www.ctf-fce.ca\/fr\/journal-education-publique\/parti-liberal-du-canada\/","title":{"rendered":"Parti lib\u00e9ral du Canada"},"content":{"rendered":"<p>Alors que les enseignants et les \u00e9ducateurs de la petite enfance pr\u00e9parent leur salle de classe pour la rentr\u00e9e scolaire, nous sommes appel\u00e9s \u00e0 r\u00e9aliser plus que jamais l\u2019importance cruciale du r\u00f4le que jouent les professionnels de l\u2019enseignement dans le d\u00e9veloppement de nos enfants et dans l\u2019\u00e9dification de notre pays. Nous reconnaissons le fait que les enseignants et les gens qui travaillent dans les garderies s\u2019exposent souvent \u00e0 des d\u00e9penses impr\u00e9vues lorsqu\u2019ils cr\u00e9ent un environnement d\u2019apprentissage positif pour nos enfants. Bien que ces d\u00e9penses les aident \u00e0 am\u00e9liorer consid\u00e9rablement l\u2019ambiance qui r\u00e8gne dans les salles de classe que fr\u00e9quentent nos enfants, le syst\u00e8me d\u2019imposition f\u00e9d\u00e9ral ne reconnait actuellement pas cette&nbsp;g\u00e9n\u00e9rosit\u00e9.<\/p>\n<p>Voil\u00e0 pourquoi un gouvernement lib\u00e9ral men\u00e9 par Justin Trudeau mettra en place un nouveau <strong>cr\u00e9dit d\u2019imp\u00f4t sur les fournitures scolaires \u00e0 l\u2019intention des enseignant(e)s<\/strong><strong> et \u00e9ducateurs(trices) de la petite enfance<\/strong>. Offert \u00e0 tous les enseignant(e)s et \u00e9ducateurs(trices) accr\u00e9dit\u00e9(e)s ou autoris\u00e9(e)s par leur province ou territoire, ce cr\u00e9dit d\u2019imp\u00f4t s\u2019appliquera lors de l\u2019achat de fournitures scolaires pour leurs \u00e9tudiants, pour un maximum de 1&nbsp;000&nbsp;$ par ann\u00e9e, ce qui repr\u00e9sente un retour d\u2019imp\u00f4t pouvant aller jusqu\u2019\u00e0 150&nbsp;$. <img decoding=\"async\" src=\"http:\/\/perspectives.ctf-fce.ca\/Documents\/Articles\/Issue19\/Graphics\/Trudeau-teacher.jpg\" style=\"float:right;width: 50%; max-width:500px;padding:8px;\" alt=\"Justin Trudeau\" \/>Ce cr\u00e9dit sera remboursable de fa\u00e7on \u00e0 ce que tous les \u00e9ducateurs(trices) qui ont achet\u00e9 du mat\u00e9riel p\u00e9dagogique y soient admissibles, ind\u00e9pendamment de leur niveau de revenu. La liste des fournitures scolaires d\u00e9ductibles s\u2019inspirera des pratiques exemplaires de l\u2019\u00cele-du-Prince-\u00c9douard, qui a d\u00e9j\u00e0 instaur\u00e9 un cr\u00e9dit d\u2019imp\u00f4t provincial de cette nature.<\/p>\n<p>Le cr\u00e9dit d\u2019imp\u00f4t sur les fournitures scolaires \u00e0 l\u2019intention des enseignant(e)s et \u00e9ducateurs(trices) de la petite enfance s\u2019appliquera aux d\u00e9penses encourues pour l\u2019ann\u00e9e fiscale 2015 et signifiera une \u00e9conomie d\u2019imp\u00f4ts de 60&nbsp;millions de dollars par ann\u00e9e pour les <span style=\"white-space:nowrap\">enseignant(e)s<\/span> et <span style=\"white-space:nowrap\">\u00e9ducateurs(trices)<\/span> de partout au pays.<\/p>\n<hr \/>\n<p><span style=\"font-size: 10pt; color: #808080;\">Les partis ont fourni les articles en fran\u00e7ais et en anglais. Ils ont \u00e9t\u00e9 reproduits exactement comme ils ont \u00e9t\u00e9 soumis.<\/span><\/p>\n","protected":false},"excerpt":{"rendered":"<p>Alors que les enseignants et les \u00e9ducateurs de la petite enfance pr\u00e9parent leur salle de classe pour la rentr\u00e9e scolaire, nous sommes appel\u00e9s \u00e0 r\u00e9aliser plus que jamais l\u2019importance cruciale du r\u00f4le que jouent les professionnels de l\u2019enseignement dans le d\u00e9veloppement de nos enfants et dans l\u2019\u00e9dification de notre pays.<\/p>\n","protected":false},"author":1,"featured_media":1187,"menu_order":0,"comment_status":"closed","ping_status":"open","template":"","format":"standard","meta":{"_acf_changed":false,"advgb_blocks_editor_width":"","advgb_blocks_columns_visual_guide":"","footnotes":""},"categories_perspectives_cpt":[498],"authors_perspectives_cpt":[403],"class_list":["post-3000","perspectives_cpt","type-perspectives_cpt","status-publish","format-standard","has-post-thumbnail","hentry","categories_perspectives_cpt-election-fr","authors_perspectives_cpt-justin-trudeau-fr"],"acf":[],"yoast_head":"<!-- This site is optimized with the Yoast SEO plugin v27.4 - https:\/\/yoast.com\/product\/yoast-seo-wordpress\/ -->\n<title>Parti lib\u00e9ral du Canada<\/title>\n<meta name=\"description\" content=\"Alors que les enseignants et les \u00e9ducateurs de la petite enfance pr\u00e9parent leur salle de classe pour la rentr\u00e9e scolaire, nous sommes appel\u00e9s \u00e0 r\u00e9aliser plus que jamais l\u2019importance cruciale du r\u00f4le que jouent les professionnels de l\u2019enseignement dans le d\u00e9veloppement de nos enfants et dans l\u2019\u00e9dification de notre pays.\" \/>\n<meta name=\"robots\" content=\"index, follow, max-snippet:-1, max-image-preview:large, max-video-preview:-1\" \/>\n<link rel=\"canonical\" href=\"https:\/\/www.ctf-fce.ca\/fr\/journal-education-publique\/parti-liberal-du-canada\/\" \/>\n<meta property=\"og:locale\" content=\"fr_FR\" \/>\n<meta property=\"og:type\" content=\"article\" \/>\n<meta property=\"og:title\" content=\"Parti lib\u00e9ral du Canada\" \/>\n<meta property=\"og:description\" content=\"Alors que les enseignants et les \u00e9ducateurs de la petite enfance pr\u00e9parent leur salle de classe pour la rentr\u00e9e scolaire, nous sommes appel\u00e9s \u00e0 r\u00e9aliser plus que jamais l\u2019importance cruciale du r\u00f4le que jouent les professionnels de l\u2019enseignement dans le d\u00e9veloppement de nos enfants et dans l\u2019\u00e9dification de notre pays.\" \/>\n<meta property=\"og:url\" content=\"https:\/\/www.ctf-fce.ca\/fr\/journal-education-publique\/parti-liberal-du-canada\/\" \/>\n<meta property=\"og:site_name\" content=\"CTF-FCE\" \/>\n<meta property=\"article:publisher\" content=\"https:\/\/www.facebook.com\/CTF.FCE\/\" \/>\n<meta property=\"og:image\" content=\"https:\/\/www.ctf-fce.ca\/wp-content\/uploads\/2020\/02\/article-4.png\" \/>\n\t<meta property=\"og:image:width\" content=\"800\" \/>\n\t<meta property=\"og:image:height\" content=\"500\" \/>\n\t<meta property=\"og:image:type\" content=\"image\/png\" \/>\n<meta name=\"twitter:card\" content=\"summary_large_image\" \/>\n<meta name=\"twitter:title\" content=\"Parti lib\u00e9ral du Canada\" \/>\n<meta name=\"twitter:description\" content=\"Alors que les enseignants et les \u00e9ducateurs de la petite enfance pr\u00e9parent leur salle de classe pour la rentr\u00e9e scolaire, nous sommes appel\u00e9s \u00e0 r\u00e9aliser plus que jamais l\u2019importance cruciale du r\u00f4le que jouent les professionnels de l\u2019enseignement dans le d\u00e9veloppement de nos enfants et dans l\u2019\u00e9dification de notre pays.\" \/>\n<meta name=\"twitter:site\" content=\"@CTFFCE\" \/>\n<meta name=\"twitter:label1\" content=\"Dur\u00e9e de lecture estim\u00e9e\" \/>\n\t<meta name=\"twitter:data1\" content=\"2 minutes\" \/>\n<script type=\"application\/ld+json\" class=\"yoast-schema-graph\">{\"@context\":\"https:\\\/\\\/schema.org\",\"@graph\":[{\"@type\":\"WebPage\",\"@id\":\"https:\\\/\\\/www.ctf-fce.ca\\\/fr\\\/journal-education-publique\\\/parti-liberal-du-canada\\\/\",\"url\":\"https:\\\/\\\/www.ctf-fce.ca\\\/fr\\\/journal-education-publique\\\/parti-liberal-du-canada\\\/\",\"name\":\"Parti lib\u00e9ral du Canada\",\"isPartOf\":{\"@id\":\"https:\\\/\\\/www.ctf-fce.ca\\\/fr\\\/#website\"},\"primaryImageOfPage\":{\"@id\":\"https:\\\/\\\/www.ctf-fce.ca\\\/fr\\\/journal-education-publique\\\/parti-liberal-du-canada\\\/#primaryimage\"},\"image\":{\"@id\":\"https:\\\/\\\/www.ctf-fce.ca\\\/fr\\\/journal-education-publique\\\/parti-liberal-du-canada\\\/#primaryimage\"},\"thumbnailUrl\":\"https:\\\/\\\/www.ctf-fce.ca\\\/wp-content\\\/uploads\\\/2020\\\/02\\\/article-4.png\",\"datePublished\":\"2015-09-24T04:00:00+00:00\",\"description\":\"Alors que les enseignants et les \u00e9ducateurs de la petite enfance pr\u00e9parent leur salle de classe pour la rentr\u00e9e scolaire, nous sommes appel\u00e9s \u00e0 r\u00e9aliser plus que jamais l\u2019importance cruciale du r\u00f4le que jouent les professionnels de l\u2019enseignement dans le d\u00e9veloppement de nos enfants et dans l\u2019\u00e9dification de notre pays.\",\"breadcrumb\":{\"@id\":\"https:\\\/\\\/www.ctf-fce.ca\\\/fr\\\/journal-education-publique\\\/parti-liberal-du-canada\\\/#breadcrumb\"},\"inLanguage\":\"fr-FR\",\"potentialAction\":[{\"@type\":\"ReadAction\",\"target\":[\"https:\\\/\\\/www.ctf-fce.ca\\\/fr\\\/journal-education-publique\\\/parti-liberal-du-canada\\\/\"]}]},{\"@type\":\"ImageObject\",\"inLanguage\":\"fr-FR\",\"@id\":\"https:\\\/\\\/www.ctf-fce.ca\\\/fr\\\/journal-education-publique\\\/parti-liberal-du-canada\\\/#primaryimage\",\"url\":\"https:\\\/\\\/www.ctf-fce.ca\\\/wp-content\\\/uploads\\\/2020\\\/02\\\/article-4.png\",\"contentUrl\":\"https:\\\/\\\/www.ctf-fce.ca\\\/wp-content\\\/uploads\\\/2020\\\/02\\\/article-4.png\",\"width\":800,\"height\":500,\"caption\":\"Le Programme international de la FCE : En fran\u00e7ais\"},{\"@type\":\"BreadcrumbList\",\"@id\":\"https:\\\/\\\/www.ctf-fce.ca\\\/fr\\\/journal-education-publique\\\/parti-liberal-du-canada\\\/#breadcrumb\",\"itemListElement\":[{\"@type\":\"ListItem\",\"position\":1,\"name\":\"Accueil\",\"item\":\"https:\\\/\\\/www.ctf-fce.ca\\\/fr\\\/\"},{\"@type\":\"ListItem\",\"position\":2,\"name\":\"Journal de l\u2019\u00e9ducation publique\",\"item\":\"https:\\\/\\\/www.ctf-fce.ca\\\/fr\\\/journal-education-publique\\\/\"},{\"@type\":\"ListItem\",\"position\":3,\"name\":\"Parti lib\u00e9ral du Canada\"}]},{\"@type\":\"WebSite\",\"@id\":\"https:\\\/\\\/www.ctf-fce.ca\\\/fr\\\/#website\",\"url\":\"https:\\\/\\\/www.ctf-fce.ca\\\/fr\\\/\",\"name\":\"CTF-FCE\",\"description\":\"\",\"publisher\":{\"@id\":\"https:\\\/\\\/www.ctf-fce.ca\\\/fr\\\/#organization\"},\"potentialAction\":[{\"@type\":\"SearchAction\",\"target\":{\"@type\":\"EntryPoint\",\"urlTemplate\":\"https:\\\/\\\/www.ctf-fce.ca\\\/fr\\\/?s={search_term_string}\"},\"query-input\":{\"@type\":\"PropertyValueSpecification\",\"valueRequired\":true,\"valueName\":\"search_term_string\"}}],\"inLanguage\":\"fr-FR\"},{\"@type\":\"Organization\",\"@id\":\"https:\\\/\\\/www.ctf-fce.ca\\\/fr\\\/#organization\",\"name\":\"CTF-FCE\",\"url\":\"https:\\\/\\\/www.ctf-fce.ca\\\/fr\\\/\",\"logo\":{\"@type\":\"ImageObject\",\"inLanguage\":\"fr-FR\",\"@id\":\"https:\\\/\\\/www.ctf-fce.ca\\\/fr\\\/#\\\/schema\\\/logo\\\/image\\\/\",\"url\":\"https:\\\/\\\/www.ctf-fce.ca\\\/wp-content\\\/uploads\\\/2020\\\/01\\\/ctf-fce-logo@2x.png\",\"contentUrl\":\"https:\\\/\\\/www.ctf-fce.ca\\\/wp-content\\\/uploads\\\/2020\\\/01\\\/ctf-fce-logo@2x.png\",\"width\":485,\"height\":146,\"caption\":\"CTF-FCE\"},\"image\":{\"@id\":\"https:\\\/\\\/www.ctf-fce.ca\\\/fr\\\/#\\\/schema\\\/logo\\\/image\\\/\"},\"sameAs\":[\"https:\\\/\\\/www.facebook.com\\\/CTF.FCE\\\/\",\"https:\\\/\\\/x.com\\\/CTFFCE\",\"https:\\\/\\\/www.instagram.com\\\/ctffce\\\/\",\"https:\\\/\\\/www.linkedin.com\\\/company\\\/canadian-teachers'\u200b-federation---f\u00e9d.-canadienne-des-enseignantes-et-des-enseignants\\\/\",\"https:\\\/\\\/www.youtube.com\\\/user\\\/canadianteachers\"]}]}<\/script>\n<!-- \/ Yoast SEO plugin. -->","yoast_head_json":{"title":"Parti lib\u00e9ral du Canada","description":"Alors que les enseignants et les \u00e9ducateurs de la petite enfance pr\u00e9parent leur salle de classe pour la rentr\u00e9e scolaire, nous sommes appel\u00e9s \u00e0 r\u00e9aliser plus que jamais l\u2019importance cruciale du r\u00f4le que jouent les professionnels de l\u2019enseignement dans le d\u00e9veloppement de nos enfants et dans l\u2019\u00e9dification de notre pays.","robots":{"index":"index","follow":"follow","max-snippet":"max-snippet:-1","max-image-preview":"max-image-preview:large","max-video-preview":"max-video-preview:-1"},"canonical":"https:\/\/www.ctf-fce.ca\/fr\/journal-education-publique\/parti-liberal-du-canada\/","og_locale":"fr_FR","og_type":"article","og_title":"Parti lib\u00e9ral du Canada","og_description":"Alors que les enseignants et les \u00e9ducateurs de la petite enfance pr\u00e9parent leur salle de classe pour la rentr\u00e9e scolaire, nous sommes appel\u00e9s \u00e0 r\u00e9aliser plus que jamais l\u2019importance cruciale du r\u00f4le que jouent les professionnels de l\u2019enseignement dans le d\u00e9veloppement de nos enfants et dans l\u2019\u00e9dification de notre pays.","og_url":"https:\/\/www.ctf-fce.ca\/fr\/journal-education-publique\/parti-liberal-du-canada\/","og_site_name":"CTF-FCE","article_publisher":"https:\/\/www.facebook.com\/CTF.FCE\/","og_image":[{"width":800,"height":500,"url":"https:\/\/www.ctf-fce.ca\/wp-content\/uploads\/2020\/02\/article-4.png","type":"image\/png"}],"twitter_card":"summary_large_image","twitter_title":"Parti lib\u00e9ral du Canada","twitter_description":"Alors que les enseignants et les \u00e9ducateurs de la petite enfance pr\u00e9parent leur salle de classe pour la rentr\u00e9e scolaire, nous sommes appel\u00e9s \u00e0 r\u00e9aliser plus que jamais l\u2019importance cruciale du r\u00f4le que jouent les professionnels de l\u2019enseignement dans le d\u00e9veloppement de nos enfants et dans l\u2019\u00e9dification de notre pays.","twitter_site":"@CTFFCE","twitter_misc":{"Dur\u00e9e de lecture estim\u00e9e":"2 minutes"},"schema":{"@context":"https:\/\/schema.org","@graph":[{"@type":"WebPage","@id":"https:\/\/www.ctf-fce.ca\/fr\/journal-education-publique\/parti-liberal-du-canada\/","url":"https:\/\/www.ctf-fce.ca\/fr\/journal-education-publique\/parti-liberal-du-canada\/","name":"Parti lib\u00e9ral du Canada","isPartOf":{"@id":"https:\/\/www.ctf-fce.ca\/fr\/#website"},"primaryImageOfPage":{"@id":"https:\/\/www.ctf-fce.ca\/fr\/journal-education-publique\/parti-liberal-du-canada\/#primaryimage"},"image":{"@id":"https:\/\/www.ctf-fce.ca\/fr\/journal-education-publique\/parti-liberal-du-canada\/#primaryimage"},"thumbnailUrl":"https:\/\/www.ctf-fce.ca\/wp-content\/uploads\/2020\/02\/article-4.png","datePublished":"2015-09-24T04:00:00+00:00","description":"Alors que les enseignants et les \u00e9ducateurs de la petite enfance pr\u00e9parent leur salle de classe pour la rentr\u00e9e scolaire, nous sommes appel\u00e9s \u00e0 r\u00e9aliser plus que jamais l\u2019importance cruciale du r\u00f4le que jouent les professionnels de l\u2019enseignement dans le d\u00e9veloppement de nos enfants et dans l\u2019\u00e9dification de notre pays.","breadcrumb":{"@id":"https:\/\/www.ctf-fce.ca\/fr\/journal-education-publique\/parti-liberal-du-canada\/#breadcrumb"},"inLanguage":"fr-FR","potentialAction":[{"@type":"ReadAction","target":["https:\/\/www.ctf-fce.ca\/fr\/journal-education-publique\/parti-liberal-du-canada\/"]}]},{"@type":"ImageObject","inLanguage":"fr-FR","@id":"https:\/\/www.ctf-fce.ca\/fr\/journal-education-publique\/parti-liberal-du-canada\/#primaryimage","url":"https:\/\/www.ctf-fce.ca\/wp-content\/uploads\/2020\/02\/article-4.png","contentUrl":"https:\/\/www.ctf-fce.ca\/wp-content\/uploads\/2020\/02\/article-4.png","width":800,"height":500,"caption":"Le Programme international de la FCE : En fran\u00e7ais"},{"@type":"BreadcrumbList","@id":"https:\/\/www.ctf-fce.ca\/fr\/journal-education-publique\/parti-liberal-du-canada\/#breadcrumb","itemListElement":[{"@type":"ListItem","position":1,"name":"Accueil","item":"https:\/\/www.ctf-fce.ca\/fr\/"},{"@type":"ListItem","position":2,"name":"Journal de l\u2019\u00e9ducation publique","item":"https:\/\/www.ctf-fce.ca\/fr\/journal-education-publique\/"},{"@type":"ListItem","position":3,"name":"Parti lib\u00e9ral du Canada"}]},{"@type":"WebSite","@id":"https:\/\/www.ctf-fce.ca\/fr\/#website","url":"https:\/\/www.ctf-fce.ca\/fr\/","name":"CTF-FCE","description":"","publisher":{"@id":"https:\/\/www.ctf-fce.ca\/fr\/#organization"},"potentialAction":[{"@type":"SearchAction","target":{"@type":"EntryPoint","urlTemplate":"https:\/\/www.ctf-fce.ca\/fr\/?s={search_term_string}"},"query-input":{"@type":"PropertyValueSpecification","valueRequired":true,"valueName":"search_term_string"}}],"inLanguage":"fr-FR"},{"@type":"Organization","@id":"https:\/\/www.ctf-fce.ca\/fr\/#organization","name":"CTF-FCE","url":"https:\/\/www.ctf-fce.ca\/fr\/","logo":{"@type":"ImageObject","inLanguage":"fr-FR","@id":"https:\/\/www.ctf-fce.ca\/fr\/#\/schema\/logo\/image\/","url":"https:\/\/www.ctf-fce.ca\/wp-content\/uploads\/2020\/01\/ctf-fce-logo@2x.png","contentUrl":"https:\/\/www.ctf-fce.ca\/wp-content\/uploads\/2020\/01\/ctf-fce-logo@2x.png","width":485,"height":146,"caption":"CTF-FCE"},"image":{"@id":"https:\/\/www.ctf-fce.ca\/fr\/#\/schema\/logo\/image\/"},"sameAs":["https:\/\/www.facebook.com\/CTF.FCE\/","https:\/\/x.com\/CTFFCE","https:\/\/www.instagram.com\/ctffce\/","https:\/\/www.linkedin.com\/company\/canadian-teachers'\u200b-federation---f\u00e9d.-canadienne-des-enseignantes-et-des-enseignants\/","https:\/\/www.youtube.com\/user\/canadianteachers"]}]}},"featured_img":"https:\/\/www.ctf-fce.ca\/wp-content\/uploads\/2020\/02\/article-4.png","coauthors":[],"author_meta":{"author_link":"https:\/\/www.ctf-fce.ca\/fr\/author\/contactkeshocommunications-ca\/","display_name":"contact@keshocommunications.ca"},"relative_dates":{"created":"Publi\u00e9 11 ans il y a","modified":"Mis \u00e0 jour 11 ans il y a"},"absolute_dates":{"created":"Publi\u00e9 le 24 septembre 2015","modified":"Mise \u00e0 jour le 24 septembre 2015"},"absolute_dates_time":{"created":"Publi\u00e9 le 24 septembre 2015 0h00","modified":"Mise \u00e0 jour le 24 septembre 2015 0h00"},"featured_img_caption":"","tax_additional":{"categories_perspectives_cpt":{"linked":["<a href=\"https:\/\/www.ctf-fce.ca\/fr\/categories\/election-fr\/\" class=\"advgb-post-tax-term\">\u00c9lection<\/a>"],"unlinked":["<span class=\"advgb-post-tax-term\">\u00c9lection<\/span>"],"slug":"categories_perspectives_cpt","name":"Cat\u00e9gories"},"authors_perspectives_cpt":{"linked":["<a href=\"https:\/\/www.ctf-fce.ca\/fr\/auteurs\/justin-trudeau-fr\/\" class=\"advgb-post-tax-term\">Justin Trudeau<\/a>"],"unlinked":["<span class=\"advgb-post-tax-term\">Justin Trudeau<\/span>"],"slug":"authors_perspectives_cpt","name":"Auteures et auteurs"},"translation_priority":{"linked":["<a href=\"https:\/\/www.ctf-fce.ca\/fr\/?taxonomy=translation_priority&#038;term=facultatif\" class=\"advgb-post-tax-term\">Facultatif<\/a>"],"unlinked":["<span class=\"advgb-post-tax-term\">Facultatif<\/span>"],"slug":"translation_priority","name":"Priorit\u00e9s de traduction"}},"series_order":"","_links":{"self":[{"href":"https:\/\/www.ctf-fce.ca\/fr\/wp-json\/wp\/v2\/perspectives_cpt\/3000","targetHints":{"allow":["GET"]}}],"collection":[{"href":"https:\/\/www.ctf-fce.ca\/fr\/wp-json\/wp\/v2\/perspectives_cpt"}],"about":[{"href":"https:\/\/www.ctf-fce.ca\/fr\/wp-json\/wp\/v2\/types\/perspectives_cpt"}],"author":[{"embeddable":true,"href":"https:\/\/www.ctf-fce.ca\/fr\/wp-json\/wp\/v2\/users\/1"}],"replies":[{"embeddable":true,"href":"https:\/\/www.ctf-fce.ca\/fr\/wp-json\/wp\/v2\/comments?post=3000"}],"version-history":[{"count":0,"href":"https:\/\/www.ctf-fce.ca\/fr\/wp-json\/wp\/v2\/perspectives_cpt\/3000\/revisions"}],"wp:featuredmedia":[{"embeddable":true,"href":"https:\/\/www.ctf-fce.ca\/fr\/wp-json\/wp\/v2\/media\/1187"}],"wp:attachment":[{"href":"https:\/\/www.ctf-fce.ca\/fr\/wp-json\/wp\/v2\/media?parent=3000"}],"wp:term":[{"taxonomy":"categories_perspectives_cpt","embeddable":true,"href":"https:\/\/www.ctf-fce.ca\/fr\/wp-json\/wp\/v2\/categories_perspectives_cpt?post=3000"},{"taxonomy":"authors_perspectives_cpt","embeddable":true,"href":"https:\/\/www.ctf-fce.ca\/fr\/wp-json\/wp\/v2\/authors_perspectives_cpt?post=3000"}],"curies":[{"name":"wp","href":"https:\/\/api.w.org\/{rel}","templated":true}]}}