{"id":3006,"date":"2015-12-10T00:00:00","date_gmt":"2015-12-10T05:00:00","guid":{"rendered":"http:\/\/184.107.41.70\/~ctffce\/perspectives_cpt\/parler-vrai-au-pouvoir-canada-les-droits-de-la-personne-de-leducation-a-laction\/"},"modified":"2015-12-10T00:00:00","modified_gmt":"2015-12-10T05:00:00","slug":"parler-vrai-au-pouvoir-canada-les-droits-de-la-personne-de-leducation-a-laction","status":"publish","type":"perspectives_cpt","link":"https:\/\/www.ctf-fce.ca\/fr\/journal-education-publique\/parler-vrai-au-pouvoir-canada-les-droits-de-la-personne-de-leducation-a-laction\/","title":{"rendered":"Parler vrai au pouvoir Canada : les droits de la personne, de l\u2019\u00e9ducation \u00e0 l\u2019action"},"content":{"rendered":"<h2>Qu\u2019est-ce que Parler vrai au pouvoir Canada?<\/h2>\n<p>Parler vrai au pouvoir Canada est un <strong>outil p\u00e9dagogique<\/strong> pluridimensionnel ciblant principalement les <strong>\u00e9l\u00e8ves de la 5<sup>e<\/sup> ann\u00e9e \u00e0 la fin du secondaire<\/strong> et dont le <strong>contenu peut facilement \u00eatre adapt\u00e9<\/strong> aux \u00e9l\u00e8ves plus jeunes. La ressource met en valeur les exp\u00e9riences de&nbsp;12 Canadiennes et Canadiens contemporains qui consacrent leur vie \u00e0 la d\u00e9fense des droits de la personne. Les questions abord\u00e9es vont des crimes contre l\u2019humanit\u00e9 \u00e0 la d\u00e9fense des droits des enfants en passant par l\u2019autod\u00e9termination des Autochtones et la participation citoyenne.<\/p>\n<p>Parler vrai au pouvoir Canada part du principe que, lorsqu\u2019on parle \u00ab&nbsp;vrai&nbsp;\u00bb en s\u2019appuyant sur un apprentissage solide, la v\u00e9rit\u00e9 a du pouvoir, et que les personnes bien inform\u00e9es ont l\u2019obligation de parler vrai aux personnes au pouvoir. C\u2019est dans cet esprit que les enseignants et enseignantes, et les \u00e9l\u00e8ves utilisent cet outil : comme un tremplin pour mieux comprendre les questions li\u00e9es aux droits de la personne \u00e0 l\u2019\u00e9chelle locale, nationale et internationale, et pour explorer ce sujet d\u2019int\u00e9r\u00eat tout en d\u00e9veloppant leurs capacit\u00e9s sur les <strong>plans cognitif, social et personnel<\/strong>.<\/p>\n<p>Les <strong>12 d\u00e9fenseurs et d\u00e9fenseuses<\/strong> des droits de la personne de Parler vrai au pouvoir Canada sont des gens de diverses origines et de tous \u00e2ges, provenant de divers milieux et exer\u00e7ant diff\u00e9rentes professions. Certaines et certains sont bien connus du grand public alors que d\u2019autres ne le sont pas du tout mais chose certaine, elles et ils ont tous et toutes accompli de grandes choses! <\/p>\n<p>Les <strong>entrevues<\/strong> men\u00e9es aupr\u00e8s des d\u00e9fenseurs et d\u00e9fenseuses, les <strong>biographies<\/strong> et les <strong>plans de le\u00e7on<\/strong> de Parler vrai au pouvoir Canada aident les \u00e9l\u00e8ves \u00e0 comprendre non seulement que les droits de la personne font partie int\u00e9grante de l\u2019\u00c9tat de droit et s\u2019appliquent donc dans toutes les collectivit\u00e9s, mais aussi qu\u2019ils sont la responsabilit\u00e9 personnelle de chaque citoyen et citoyenne. Non seulement les \u00e9l\u00e8ves se familiariseront avec le travail des 12 personnes d\u2019exception mises en valeur dans la ressource, mais ils seront \u00e9galement appel\u00e9s \u00e0 <strong>prendre position<\/strong> face \u00e0 diverses questions relatives aux droits de la personne, \u00e0 <strong>s\u2019engager<\/strong> et \u00e0 <strong>passer \u00e0 l\u2019action<\/strong> dans leur classe, leur \u00e9cole ou leur communaut\u00e9.<\/p>\n<p>Les programmes d\u2019\u00e9tudes de toutes les provinces et de tous les territoires du Canada pr\u00e9voient l\u2019enseignement des droits de la personne tels qu\u2019ils sont d\u00e9finis dans le droit canadien et international. Il est facile d\u2019int\u00e9grer les le\u00e7ons de Parler vrai au pouvoir Canada \u00e0 d\u2019autres mati\u00e8res comme la <strong>langue<\/strong>, la <strong>sant\u00e9<\/strong>, les <strong>sciences sociales<\/strong> et les <strong>arts<\/strong>.<\/p>\n<h2>Un peu d\u2019histoire\u2026<\/h2>\n<p>Ce projet a \u00e9t\u00e9 men\u00e9 par la F\u00e9d\u00e9ration canadienne des enseignantes et des enseignants (FCE) en partenariat avec le Mus\u00e9e canadien pour les droits de la personne, le centre Robert F. Kennedy Human Rights, l\u2019Assembl\u00e9e des Premi\u00e8res Nations et l\u2019Inuit Tapiriit Kanatami.<\/p>\n<p>Nos partenaires et nous avions le d\u00e9sir de faire connaitre aux \u00e9l\u00e8ves des mod\u00e8les canadiens qui arrivent \u00e0 influencer le cours des choses dans le monde. Pendant deux ans, nous nous sommes livr\u00e9s \u00e0 un exercice ax\u00e9 enti\u00e8rement sur la collaboration et le consensus pour concevoir cet outil p\u00e9dagogique dont l\u2019\u00e9laboration a repos\u00e9 sur des relations de confiance et le respect de la contribution et de l\u2019expertise de chaque partenaire.<\/p>\n<p>En 2013, la FCE a men\u00e9 un <strong>sondage en ligne<\/strong> aupr\u00e8s des membres de la profession enseignante afin de connaitre leurs perspectives sur l\u2019enseignement des droits de la personne dans les \u00e9coles du Canada. Le sondage nous a confirm\u00e9 ce que l\u2019on soup\u00e7onnait&nbsp;:<\/p>\n<ul>\n<li>Le personnel enseignant valorise fortement&nbsp;l\u2019enseignement des droits de la personne (92%).<\/li>\n<li>L\u2019enseignement des droits de la personne dans les \u00e9coles s\u2019inscrit \u00e0 la fois dans le programme d\u2019\u00e9tudes et les activit\u00e9s parascolaires.<\/li>\n<li>Le th\u00e8me identifi\u00e9 comme le plus important est celui des \u00ab relations \u00bb \u2014 traiter les autres avec respect et favoriser la cr\u00e9ation d\u2019une communaut\u00e9 o\u00f9 tous et toutes se sentent en s\u00e9curit\u00e9.<\/li>\n<li>Le plus grand d\u00e9fi que pr\u00e9sente l\u2019enseignement des droits de la personne au Canada est le manque de ressources.<\/li>\n<\/ul>\n<p>Suite au d\u00e9veloppement de la <a href=\"http:\/\/www.imagine-action.ca\/hr-dp\/default.aspx\">Trousse canadienne sur les droits de la personne<\/a> qui offre une vaste s\u00e9lection de ressources visant l\u2019enseignement des droits de la personne, nous nous sommes mis \u00e0 la recherche de d\u00e9fenseuses et d\u00e9fenseurs canadiens qui refl\u00e9taient la r\u00e9alit\u00e9 canadienne. La t\u00e2che \u00e9tait tellement difficile que nous avons d\u00e9cid\u00e9 d\u2019ajouter des d\u00e9fenseuses et d\u00e9fenseurs de la communaut\u00e9 \u00e0 la trousse Parler vrai au pouvoir. Lorsque l\u2019on parle de d\u00e9fenseurs et de d\u00e9fenseuses de la communaut\u00e9, c\u2019est toujours dans un&nbsp; sens d\u2019unit\u00e9 d\u2019esprit et d\u2019action. <\/p>\n<p>Nous avons d\u00e9velopp\u00e9 les 100&nbsp;moments marquants de l\u2019\u00e9volution des droits de la personne au Canada et dans le monde, ainsi qu\u2019offert trois plans de le\u00e7on en langue autochtone : le Cri, l\u2019Inuktitut et le Mohawk.<\/p>\n<h2>En conclusion\u2026<\/h2>\n<p>Nous esp\u00e9rons que Parler vrai au pouvoir Canada fera voir aux \u00e9l\u00e8ves que les progr\u00e8s en mati\u00e8re de droits de la personne sont toujours <strong>le fruit de r\u00e9alisations personnelles<\/strong> et qu\u2019il est \u00e0 la port\u00e9e de tous et de toutes d\u2019accomplir de grandes choses, de faire une diff\u00e9rence!<\/p>\n<p>D\u00e9couvrez <a href=\"http:\/\/pvapcanada.ctf-fce.ca\/\">Parler vrai au pouvoir Canada<\/a> avec vos \u00e9l\u00e8ves et <a href=\"&#109;&#97;&#105;&#108;&#116;&#111;&#58;&#112;&#116;&#104;&#101;&#111;&#64;&#99;&#116;&#102;&#45;&#102;&#99;&#101;&#46;&#99;&#97;\">partagez avec nous<\/a> de quelle fa\u00e7on cet outil a chang\u00e9 la perspective de vos \u00e9l\u00e8ves et les a incit\u00e9s \u00e0 devenir elles et eux aussi des d\u00e9fenseurs et d\u00e9fenseuses des droits de la personne dans leur milieu!<\/p>\n<table style=\"width:95%; border: 1px solid black;\">\n<tr>\n<th style=\"background-color:#ffba0b;\">D\u00e9fenseurs et d\u00e9fenseuses<\/th>\n<th style=\"background-color:#ffba0b;\">Th\u00e8mes<\/th>\n<\/tr>\n<tr style=\"border: 1px solid black;\">\n<td style=\"padding-left:8px;\">Louise Arbour<\/td>\n<td>Crimes contre l\u2019humanit\u00e9<\/td>\n<\/tr>\n<tr style=\"border: 1px solid black; background-color:#f8f8f8;\">\n<td style=\"padding-left:8px;\">Renzi Cej<\/td>\n<td style=\"padding-left:8px;\">Du d\u00e9placement \u00e0 l\u2019activisme<\/td>\n<\/tr>\n<tr style=\"border: 1px solid black;\">\n<td style=\"padding-left:8px;\">L\u00e9onie Couture<\/td>\n<td style=\"padding-left:8px;\">Sant\u00e9 et s\u00e9curit\u00e9 des femmes<\/td>\n<\/tr>\n<tr style=\"border: 1px solid black; background-color:#f8f8f8;\">\n<td style=\"padding-left:8px;\">Jeremy Dias<\/td>\n<td style=\"padding-left:8px;\">Diversit\u00e9 sexuelle et de genre<\/td>\n<\/tr>\n<tr style=\"border: 1px solid black;\">\n<td style=\"padding-left:8px;\">Rick Hansen<\/td>\n<td style=\"padding-left:8px;\">Inclusion pour tous et toutes<\/td>\n<\/tr>\n<tr style=\"border: 1px solid black; background-color:#f8f8f8;\">\n<td style=\"padding-left:8px;\">Gilles Julien<\/td>\n<td style=\"padding-left:8px;\">Sant\u00e9 et bien\u00eatre des enfants<\/td>\n<\/tr>\n<tr style=\"border: 1px solid black;\">\n<td style=\"padding-left:8px;\">Wilton Littlechild<\/td>\n<td style=\"padding-left:8px;\">V\u00e9rit\u00e9 et r\u00e9conciliation<\/td>\n<\/tr>\n<tr style=\"border: 1px solid black; background-color:#f8f8f8;\">\n<td style=\"padding-left:8px;\">Arthur Miki<\/td>\n<td style=\"padding-left:8px;\">\u00c9galit\u00e9 et redressement<\/td>\n<\/tr>\n<tr style=\"border: 1px solid black;\">\n<td style=\"padding-left:8px;\">Timea Nagy<\/td>\n<td style=\"padding-left:8px;\">Traite de personnes<\/td>\n<\/tr>\n<tr style=\"border: 1px solid black; background-color:#f8f8f8;\">\n<td style=\"padding-left:8px;\">Rosemary Sadlier<\/td>\n<td style=\"padding-left:8px;\">Dignit\u00e9 humaine<\/td>\n<\/tr>\n<tr style=\"border: 1px solid black;\">\n<td style=\"padding-left:8px;\">Mary Simon<\/td>\n<td style=\"padding-left:8px;\">Identit\u00e9 culturelle et \u00e9ducation<\/td>\n<\/tr>\n<tr style=\"border: 1px solid black; background-color:#f8f8f8;\">\n<td style=\"padding-left:8px;\">Karihwk\u00e8&nbsp;: Ron Tim Thompson<\/td>\n<td style=\"padding-left:8px;\">\u00c9ducation \u00e9quitable pour tous et toutes<\/td>\n<\/tr>\n<\/table>\n","protected":false},"excerpt":{"rendered":"<p>Lanc\u00e9<br \/>\nen juillet dernier \u00e0 l\u2019occasion de l\u2019Assembl\u00e9e g\u00e9n\u00e9rale annuelle de la FCE, ce<br \/>\nnouvel outil p\u00e9dagogique fait d\u00e9j\u00e0 l\u2019objet d\u2019un grand int\u00e9r\u00eat et de beaucoup d\u2019\u00e9loges<br \/>\nparce qu\u2019il contribue \u00e0 dynamiser l\u2019enseignement des droits de la personne dans<br \/>\nles \u00e9coles du Canada.<\/p>\n","protected":false},"author":1,"featured_media":1199,"menu_order":0,"comment_status":"closed","ping_status":"open","template":"","format":"standard","meta":{"_acf_changed":false,"advgb_blocks_editor_width":"","advgb_blocks_columns_visual_guide":"","footnotes":""},"categories_perspectives_cpt":[503,514,497],"authors_perspectives_cpt":[406],"class_list":["post-3006","perspectives_cpt","type-perspectives_cpt","status-publish","format-standard","has-post-thumbnail","hentry","categories_perspectives_cpt-droits-de-la-personne","categories_perspectives_cpt-justice-sociale","categories_perspectives_cpt-ressources-pedagogiques","authors_perspectives_cpt-brigitte-bergeron-et-pauline-theoret-fr"],"acf":[],"yoast_head":"<!-- This site is optimized with the Yoast SEO plugin v27.4 - https:\/\/yoast.com\/product\/yoast-seo-wordpress\/ -->\n<title>Parler vrai au pouvoir Canada : les droits de la personne, de l\u2019\u00e9ducation \u00e0 l\u2019action<\/title>\n<meta name=\"description\" content=\"Lanc\u00e9 en juillet dernier \u00e0 l\u2019occasion de l\u2019Assembl\u00e9e g\u00e9n\u00e9rale annuelle de la FCE, ce nouvel outil p\u00e9dagogique fait d\u00e9j\u00e0 l\u2019objet d\u2019un grand int\u00e9r\u00eat et de beaucoup d\u2019\u00e9loges parce qu\u2019il contribue \u00e0 dynamiser l\u2019enseignement des droits de la personne dans les \u00e9coles du Canada.\" \/>\n<meta name=\"robots\" content=\"index, follow, max-snippet:-1, max-image-preview:large, max-video-preview:-1\" \/>\n<link rel=\"canonical\" href=\"https:\/\/www.ctf-fce.ca\/fr\/journal-education-publique\/parler-vrai-au-pouvoir-canada-les-droits-de-la-personne-de-leducation-a-laction\/\" \/>\n<meta property=\"og:locale\" content=\"fr_FR\" \/>\n<meta property=\"og:type\" content=\"article\" \/>\n<meta property=\"og:title\" content=\"Parler vrai au pouvoir Canada : les droits de la personne, de l\u2019\u00e9ducation \u00e0 l\u2019action\" \/>\n<meta property=\"og:description\" content=\"Lanc\u00e9 en juillet dernier \u00e0 l\u2019occasion de l\u2019Assembl\u00e9e g\u00e9n\u00e9rale annuelle de la FCE, ce nouvel outil p\u00e9dagogique fait d\u00e9j\u00e0 l\u2019objet d\u2019un grand int\u00e9r\u00eat et de beaucoup d\u2019\u00e9loges parce qu\u2019il contribue \u00e0 dynamiser l\u2019enseignement des droits de la personne dans les \u00e9coles du Canada.\" \/>\n<meta property=\"og:url\" content=\"https:\/\/www.ctf-fce.ca\/fr\/journal-education-publique\/parler-vrai-au-pouvoir-canada-les-droits-de-la-personne-de-leducation-a-laction\/\" \/>\n<meta property=\"og:site_name\" content=\"CTF-FCE\" \/>\n<meta property=\"article:publisher\" content=\"https:\/\/www.facebook.com\/CTF.FCE\/\" \/>\n<meta property=\"og:image\" content=\"https:\/\/www.ctf-fce.ca\/wp-content\/uploads\/2020\/02\/article-3.jpg\" \/>\n\t<meta property=\"og:image:width\" content=\"800\" \/>\n\t<meta property=\"og:image:height\" content=\"471\" \/>\n\t<meta property=\"og:image:type\" content=\"image\/jpeg\" \/>\n<meta name=\"twitter:card\" content=\"summary_large_image\" \/>\n<meta name=\"twitter:title\" content=\"Parler vrai au pouvoir Canada : les droits de la personne, de l\u2019\u00e9ducation \u00e0 l\u2019action\" \/>\n<meta name=\"twitter:description\" content=\"Lanc\u00e9 en juillet dernier \u00e0 l\u2019occasion de l\u2019Assembl\u00e9e g\u00e9n\u00e9rale annuelle de la FCE, ce nouvel outil p\u00e9dagogique fait d\u00e9j\u00e0 l\u2019objet d\u2019un grand int\u00e9r\u00eat et de beaucoup d\u2019\u00e9loges parce qu\u2019il contribue \u00e0 dynamiser l\u2019enseignement des droits de la personne dans les \u00e9coles du Canada.\" \/>\n<meta name=\"twitter:site\" content=\"@CTFFCE\" \/>\n<meta name=\"twitter:label1\" content=\"Dur\u00e9e de lecture estim\u00e9e\" \/>\n\t<meta name=\"twitter:data1\" content=\"5 minutes\" \/>\n<script type=\"application\/ld+json\" class=\"yoast-schema-graph\">{\"@context\":\"https:\\\/\\\/schema.org\",\"@graph\":[{\"@type\":\"WebPage\",\"@id\":\"https:\\\/\\\/www.ctf-fce.ca\\\/fr\\\/journal-education-publique\\\/parler-vrai-au-pouvoir-canada-les-droits-de-la-personne-de-leducation-a-laction\\\/\",\"url\":\"https:\\\/\\\/www.ctf-fce.ca\\\/fr\\\/journal-education-publique\\\/parler-vrai-au-pouvoir-canada-les-droits-de-la-personne-de-leducation-a-laction\\\/\",\"name\":\"Parler vrai au pouvoir Canada : les droits de la personne, de l\u2019\u00e9ducation \u00e0 l\u2019action\",\"isPartOf\":{\"@id\":\"https:\\\/\\\/www.ctf-fce.ca\\\/fr\\\/#website\"},\"primaryImageOfPage\":{\"@id\":\"https:\\\/\\\/www.ctf-fce.ca\\\/fr\\\/journal-education-publique\\\/parler-vrai-au-pouvoir-canada-les-droits-de-la-personne-de-leducation-a-laction\\\/#primaryimage\"},\"image\":{\"@id\":\"https:\\\/\\\/www.ctf-fce.ca\\\/fr\\\/journal-education-publique\\\/parler-vrai-au-pouvoir-canada-les-droits-de-la-personne-de-leducation-a-laction\\\/#primaryimage\"},\"thumbnailUrl\":\"https:\\\/\\\/www.ctf-fce.ca\\\/wp-content\\\/uploads\\\/2020\\\/02\\\/article-3.jpg\",\"datePublished\":\"2015-12-10T05:00:00+00:00\",\"description\":\"Lanc\u00e9 en juillet dernier \u00e0 l\u2019occasion de l\u2019Assembl\u00e9e g\u00e9n\u00e9rale annuelle de la FCE, ce nouvel outil p\u00e9dagogique fait d\u00e9j\u00e0 l\u2019objet d\u2019un grand int\u00e9r\u00eat et de beaucoup d\u2019\u00e9loges parce qu\u2019il contribue \u00e0 dynamiser l\u2019enseignement des droits de la personne dans les \u00e9coles du Canada.\",\"breadcrumb\":{\"@id\":\"https:\\\/\\\/www.ctf-fce.ca\\\/fr\\\/journal-education-publique\\\/parler-vrai-au-pouvoir-canada-les-droits-de-la-personne-de-leducation-a-laction\\\/#breadcrumb\"},\"inLanguage\":\"fr-FR\",\"potentialAction\":[{\"@type\":\"ReadAction\",\"target\":[\"https:\\\/\\\/www.ctf-fce.ca\\\/fr\\\/journal-education-publique\\\/parler-vrai-au-pouvoir-canada-les-droits-de-la-personne-de-leducation-a-laction\\\/\"]}]},{\"@type\":\"ImageObject\",\"inLanguage\":\"fr-FR\",\"@id\":\"https:\\\/\\\/www.ctf-fce.ca\\\/fr\\\/journal-education-publique\\\/parler-vrai-au-pouvoir-canada-les-droits-de-la-personne-de-leducation-a-laction\\\/#primaryimage\",\"url\":\"https:\\\/\\\/www.ctf-fce.ca\\\/wp-content\\\/uploads\\\/2020\\\/02\\\/article-3.jpg\",\"contentUrl\":\"https:\\\/\\\/www.ctf-fce.ca\\\/wp-content\\\/uploads\\\/2020\\\/02\\\/article-3.jpg\",\"width\":800,\"height\":471,\"caption\":\"Les tendances mondiales et leurs r\u00e9percussions sur le travail que nous accomplissons en faveur d\u2019une \u00e9ducation gratuite\"},{\"@type\":\"BreadcrumbList\",\"@id\":\"https:\\\/\\\/www.ctf-fce.ca\\\/fr\\\/journal-education-publique\\\/parler-vrai-au-pouvoir-canada-les-droits-de-la-personne-de-leducation-a-laction\\\/#breadcrumb\",\"itemListElement\":[{\"@type\":\"ListItem\",\"position\":1,\"name\":\"Accueil\",\"item\":\"https:\\\/\\\/www.ctf-fce.ca\\\/fr\\\/\"},{\"@type\":\"ListItem\",\"position\":2,\"name\":\"Journal de l\u2019\u00e9ducation publique\",\"item\":\"https:\\\/\\\/www.ctf-fce.ca\\\/fr\\\/journal-education-publique\\\/\"},{\"@type\":\"ListItem\",\"position\":3,\"name\":\"Parler vrai au pouvoir Canada : les droits de la personne, de l\u2019\u00e9ducation \u00e0 l\u2019action\"}]},{\"@type\":\"WebSite\",\"@id\":\"https:\\\/\\\/www.ctf-fce.ca\\\/fr\\\/#website\",\"url\":\"https:\\\/\\\/www.ctf-fce.ca\\\/fr\\\/\",\"name\":\"CTF-FCE\",\"description\":\"\",\"publisher\":{\"@id\":\"https:\\\/\\\/www.ctf-fce.ca\\\/fr\\\/#organization\"},\"potentialAction\":[{\"@type\":\"SearchAction\",\"target\":{\"@type\":\"EntryPoint\",\"urlTemplate\":\"https:\\\/\\\/www.ctf-fce.ca\\\/fr\\\/?s={search_term_string}\"},\"query-input\":{\"@type\":\"PropertyValueSpecification\",\"valueRequired\":true,\"valueName\":\"search_term_string\"}}],\"inLanguage\":\"fr-FR\"},{\"@type\":\"Organization\",\"@id\":\"https:\\\/\\\/www.ctf-fce.ca\\\/fr\\\/#organization\",\"name\":\"CTF-FCE\",\"url\":\"https:\\\/\\\/www.ctf-fce.ca\\\/fr\\\/\",\"logo\":{\"@type\":\"ImageObject\",\"inLanguage\":\"fr-FR\",\"@id\":\"https:\\\/\\\/www.ctf-fce.ca\\\/fr\\\/#\\\/schema\\\/logo\\\/image\\\/\",\"url\":\"https:\\\/\\\/www.ctf-fce.ca\\\/wp-content\\\/uploads\\\/2020\\\/01\\\/ctf-fce-logo@2x.png\",\"contentUrl\":\"https:\\\/\\\/www.ctf-fce.ca\\\/wp-content\\\/uploads\\\/2020\\\/01\\\/ctf-fce-logo@2x.png\",\"width\":485,\"height\":146,\"caption\":\"CTF-FCE\"},\"image\":{\"@id\":\"https:\\\/\\\/www.ctf-fce.ca\\\/fr\\\/#\\\/schema\\\/logo\\\/image\\\/\"},\"sameAs\":[\"https:\\\/\\\/www.facebook.com\\\/CTF.FCE\\\/\",\"https:\\\/\\\/x.com\\\/CTFFCE\",\"https:\\\/\\\/www.instagram.com\\\/ctffce\\\/\",\"https:\\\/\\\/www.linkedin.com\\\/company\\\/canadian-teachers'\u200b-federation---f\u00e9d.-canadienne-des-enseignantes-et-des-enseignants\\\/\",\"https:\\\/\\\/www.youtube.com\\\/user\\\/canadianteachers\"]}]}<\/script>\n<!-- \/ Yoast SEO plugin. -->","yoast_head_json":{"title":"Parler vrai au pouvoir Canada : les droits de la personne, de l\u2019\u00e9ducation \u00e0 l\u2019action","description":"Lanc\u00e9 en juillet dernier \u00e0 l\u2019occasion de l\u2019Assembl\u00e9e g\u00e9n\u00e9rale annuelle de la FCE, ce nouvel outil p\u00e9dagogique fait d\u00e9j\u00e0 l\u2019objet d\u2019un grand int\u00e9r\u00eat et de beaucoup d\u2019\u00e9loges parce qu\u2019il contribue \u00e0 dynamiser l\u2019enseignement des droits de la personne dans les \u00e9coles du Canada.","robots":{"index":"index","follow":"follow","max-snippet":"max-snippet:-1","max-image-preview":"max-image-preview:large","max-video-preview":"max-video-preview:-1"},"canonical":"https:\/\/www.ctf-fce.ca\/fr\/journal-education-publique\/parler-vrai-au-pouvoir-canada-les-droits-de-la-personne-de-leducation-a-laction\/","og_locale":"fr_FR","og_type":"article","og_title":"Parler vrai au pouvoir Canada : les droits de la personne, de l\u2019\u00e9ducation \u00e0 l\u2019action","og_description":"Lanc\u00e9 en juillet dernier \u00e0 l\u2019occasion de l\u2019Assembl\u00e9e g\u00e9n\u00e9rale annuelle de la FCE, ce nouvel outil p\u00e9dagogique fait d\u00e9j\u00e0 l\u2019objet d\u2019un grand int\u00e9r\u00eat et de beaucoup d\u2019\u00e9loges parce qu\u2019il contribue \u00e0 dynamiser l\u2019enseignement des droits de la personne dans les \u00e9coles du Canada.","og_url":"https:\/\/www.ctf-fce.ca\/fr\/journal-education-publique\/parler-vrai-au-pouvoir-canada-les-droits-de-la-personne-de-leducation-a-laction\/","og_site_name":"CTF-FCE","article_publisher":"https:\/\/www.facebook.com\/CTF.FCE\/","og_image":[{"width":800,"height":471,"url":"https:\/\/www.ctf-fce.ca\/wp-content\/uploads\/2020\/02\/article-3.jpg","type":"image\/jpeg"}],"twitter_card":"summary_large_image","twitter_title":"Parler vrai au pouvoir Canada : les droits de la personne, de l\u2019\u00e9ducation \u00e0 l\u2019action","twitter_description":"Lanc\u00e9 en juillet dernier \u00e0 l\u2019occasion de l\u2019Assembl\u00e9e g\u00e9n\u00e9rale annuelle de la FCE, ce nouvel outil p\u00e9dagogique fait d\u00e9j\u00e0 l\u2019objet d\u2019un grand int\u00e9r\u00eat et de beaucoup d\u2019\u00e9loges parce qu\u2019il contribue \u00e0 dynamiser l\u2019enseignement des droits de la personne dans les \u00e9coles du Canada.","twitter_site":"@CTFFCE","twitter_misc":{"Dur\u00e9e de lecture estim\u00e9e":"5 minutes"},"schema":{"@context":"https:\/\/schema.org","@graph":[{"@type":"WebPage","@id":"https:\/\/www.ctf-fce.ca\/fr\/journal-education-publique\/parler-vrai-au-pouvoir-canada-les-droits-de-la-personne-de-leducation-a-laction\/","url":"https:\/\/www.ctf-fce.ca\/fr\/journal-education-publique\/parler-vrai-au-pouvoir-canada-les-droits-de-la-personne-de-leducation-a-laction\/","name":"Parler vrai au pouvoir Canada : les droits de la personne, de l\u2019\u00e9ducation \u00e0 l\u2019action","isPartOf":{"@id":"https:\/\/www.ctf-fce.ca\/fr\/#website"},"primaryImageOfPage":{"@id":"https:\/\/www.ctf-fce.ca\/fr\/journal-education-publique\/parler-vrai-au-pouvoir-canada-les-droits-de-la-personne-de-leducation-a-laction\/#primaryimage"},"image":{"@id":"https:\/\/www.ctf-fce.ca\/fr\/journal-education-publique\/parler-vrai-au-pouvoir-canada-les-droits-de-la-personne-de-leducation-a-laction\/#primaryimage"},"thumbnailUrl":"https:\/\/www.ctf-fce.ca\/wp-content\/uploads\/2020\/02\/article-3.jpg","datePublished":"2015-12-10T05:00:00+00:00","description":"Lanc\u00e9 en juillet dernier \u00e0 l\u2019occasion de l\u2019Assembl\u00e9e g\u00e9n\u00e9rale annuelle de la FCE, ce nouvel outil p\u00e9dagogique fait d\u00e9j\u00e0 l\u2019objet d\u2019un grand int\u00e9r\u00eat et de beaucoup d\u2019\u00e9loges parce qu\u2019il contribue \u00e0 dynamiser l\u2019enseignement des droits de la personne dans les \u00e9coles du Canada.","breadcrumb":{"@id":"https:\/\/www.ctf-fce.ca\/fr\/journal-education-publique\/parler-vrai-au-pouvoir-canada-les-droits-de-la-personne-de-leducation-a-laction\/#breadcrumb"},"inLanguage":"fr-FR","potentialAction":[{"@type":"ReadAction","target":["https:\/\/www.ctf-fce.ca\/fr\/journal-education-publique\/parler-vrai-au-pouvoir-canada-les-droits-de-la-personne-de-leducation-a-laction\/"]}]},{"@type":"ImageObject","inLanguage":"fr-FR","@id":"https:\/\/www.ctf-fce.ca\/fr\/journal-education-publique\/parler-vrai-au-pouvoir-canada-les-droits-de-la-personne-de-leducation-a-laction\/#primaryimage","url":"https:\/\/www.ctf-fce.ca\/wp-content\/uploads\/2020\/02\/article-3.jpg","contentUrl":"https:\/\/www.ctf-fce.ca\/wp-content\/uploads\/2020\/02\/article-3.jpg","width":800,"height":471,"caption":"Les tendances mondiales et leurs r\u00e9percussions sur le travail que nous accomplissons en faveur d\u2019une \u00e9ducation gratuite"},{"@type":"BreadcrumbList","@id":"https:\/\/www.ctf-fce.ca\/fr\/journal-education-publique\/parler-vrai-au-pouvoir-canada-les-droits-de-la-personne-de-leducation-a-laction\/#breadcrumb","itemListElement":[{"@type":"ListItem","position":1,"name":"Accueil","item":"https:\/\/www.ctf-fce.ca\/fr\/"},{"@type":"ListItem","position":2,"name":"Journal de l\u2019\u00e9ducation publique","item":"https:\/\/www.ctf-fce.ca\/fr\/journal-education-publique\/"},{"@type":"ListItem","position":3,"name":"Parler vrai au pouvoir Canada : les droits de la personne, de l\u2019\u00e9ducation \u00e0 l\u2019action"}]},{"@type":"WebSite","@id":"https:\/\/www.ctf-fce.ca\/fr\/#website","url":"https:\/\/www.ctf-fce.ca\/fr\/","name":"CTF-FCE","description":"","publisher":{"@id":"https:\/\/www.ctf-fce.ca\/fr\/#organization"},"potentialAction":[{"@type":"SearchAction","target":{"@type":"EntryPoint","urlTemplate":"https:\/\/www.ctf-fce.ca\/fr\/?s={search_term_string}"},"query-input":{"@type":"PropertyValueSpecification","valueRequired":true,"valueName":"search_term_string"}}],"inLanguage":"fr-FR"},{"@type":"Organization","@id":"https:\/\/www.ctf-fce.ca\/fr\/#organization","name":"CTF-FCE","url":"https:\/\/www.ctf-fce.ca\/fr\/","logo":{"@type":"ImageObject","inLanguage":"fr-FR","@id":"https:\/\/www.ctf-fce.ca\/fr\/#\/schema\/logo\/image\/","url":"https:\/\/www.ctf-fce.ca\/wp-content\/uploads\/2020\/01\/ctf-fce-logo@2x.png","contentUrl":"https:\/\/www.ctf-fce.ca\/wp-content\/uploads\/2020\/01\/ctf-fce-logo@2x.png","width":485,"height":146,"caption":"CTF-FCE"},"image":{"@id":"https:\/\/www.ctf-fce.ca\/fr\/#\/schema\/logo\/image\/"},"sameAs":["https:\/\/www.facebook.com\/CTF.FCE\/","https:\/\/x.com\/CTFFCE","https:\/\/www.instagram.com\/ctffce\/","https:\/\/www.linkedin.com\/company\/canadian-teachers'\u200b-federation---f\u00e9d.-canadienne-des-enseignantes-et-des-enseignants\/","https:\/\/www.youtube.com\/user\/canadianteachers"]}]}},"featured_img":"https:\/\/www.ctf-fce.ca\/wp-content\/uploads\/2020\/02\/article-3.jpg","coauthors":[],"author_meta":{"author_link":"https:\/\/www.ctf-fce.ca\/fr\/author\/contactkeshocommunications-ca\/","display_name":"contact@keshocommunications.ca"},"relative_dates":{"created":"Publi\u00e9 10 ans il y a","modified":"Mis \u00e0 jour 10 ans il y a"},"absolute_dates":{"created":"Publi\u00e9 le 10 d\u00e9cembre 2015","modified":"Mise \u00e0 jour le 10 d\u00e9cembre 2015"},"absolute_dates_time":{"created":"Publi\u00e9 le 10 d\u00e9cembre 2015 0h00","modified":"Mise \u00e0 jour le 10 d\u00e9cembre 2015 0h00"},"featured_img_caption":"","tax_additional":{"categories_perspectives_cpt":{"linked":["<a href=\"https:\/\/www.ctf-fce.ca\/fr\/categories\/droits-de-la-personne\/\" class=\"advgb-post-tax-term\">Droits de la personne<\/a>","<a href=\"https:\/\/www.ctf-fce.ca\/fr\/categories\/justice-sociale\/\" class=\"advgb-post-tax-term\">Justice sociale<\/a>","<a href=\"https:\/\/www.ctf-fce.ca\/fr\/categories\/ressources-pedagogiques\/\" class=\"advgb-post-tax-term\">Ressources p\u00e9dagogiques<\/a>"],"unlinked":["<span class=\"advgb-post-tax-term\">Droits de la personne<\/span>","<span class=\"advgb-post-tax-term\">Justice sociale<\/span>","<span class=\"advgb-post-tax-term\">Ressources p\u00e9dagogiques<\/span>"],"slug":"categories_perspectives_cpt","name":"Cat\u00e9gories"},"authors_perspectives_cpt":{"linked":["<a href=\"https:\/\/www.ctf-fce.ca\/fr\/auteurs\/brigitte-bergeron-et-pauline-theoret-fr\/\" class=\"advgb-post-tax-term\">Brigitte Bergeron et Pauline Th\u00e9oret<\/a>"],"unlinked":["<span class=\"advgb-post-tax-term\">Brigitte Bergeron et Pauline Th\u00e9oret<\/span>"],"slug":"authors_perspectives_cpt","name":"Auteures et auteurs"},"translation_priority":{"linked":["<a href=\"https:\/\/www.ctf-fce.ca\/fr\/?taxonomy=translation_priority&#038;term=facultatif\" class=\"advgb-post-tax-term\">Facultatif<\/a>"],"unlinked":["<span class=\"advgb-post-tax-term\">Facultatif<\/span>"],"slug":"translation_priority","name":"Priorit\u00e9s de traduction"}},"series_order":"","_links":{"self":[{"href":"https:\/\/www.ctf-fce.ca\/fr\/wp-json\/wp\/v2\/perspectives_cpt\/3006","targetHints":{"allow":["GET"]}}],"collection":[{"href":"https:\/\/www.ctf-fce.ca\/fr\/wp-json\/wp\/v2\/perspectives_cpt"}],"about":[{"href":"https:\/\/www.ctf-fce.ca\/fr\/wp-json\/wp\/v2\/types\/perspectives_cpt"}],"author":[{"embeddable":true,"href":"https:\/\/www.ctf-fce.ca\/fr\/wp-json\/wp\/v2\/users\/1"}],"replies":[{"embeddable":true,"href":"https:\/\/www.ctf-fce.ca\/fr\/wp-json\/wp\/v2\/comments?post=3006"}],"version-history":[{"count":0,"href":"https:\/\/www.ctf-fce.ca\/fr\/wp-json\/wp\/v2\/perspectives_cpt\/3006\/revisions"}],"wp:featuredmedia":[{"embeddable":true,"href":"https:\/\/www.ctf-fce.ca\/fr\/wp-json\/wp\/v2\/media\/1199"}],"wp:attachment":[{"href":"https:\/\/www.ctf-fce.ca\/fr\/wp-json\/wp\/v2\/media?parent=3006"}],"wp:term":[{"taxonomy":"categories_perspectives_cpt","embeddable":true,"href":"https:\/\/www.ctf-fce.ca\/fr\/wp-json\/wp\/v2\/categories_perspectives_cpt?post=3006"},{"taxonomy":"authors_perspectives_cpt","embeddable":true,"href":"https:\/\/www.ctf-fce.ca\/fr\/wp-json\/wp\/v2\/authors_perspectives_cpt?post=3006"}],"curies":[{"name":"wp","href":"https:\/\/api.w.org\/{rel}","templated":true}]}}