{"id":3012,"date":"2015-12-10T00:00:00","date_gmt":"2015-12-10T05:00:00","guid":{"rendered":"http:\/\/184.107.41.70\/~ctffce\/perspectives_cpt\/ressources-de-la-fce-et-comite-consultatif-de-la-diversite-et-des-droits-de-la-personne\/"},"modified":"2015-12-10T00:00:00","modified_gmt":"2015-12-10T05:00:00","slug":"ressources-de-la-fce-et-comite-consultatif-de-la-diversite-et-des-droits-de-la-personne","status":"publish","type":"perspectives_cpt","link":"https:\/\/www.ctf-fce.ca\/fr\/journal-education-publique\/ressources-de-la-fce-et-comite-consultatif-de-la-diversite-et-des-droits-de-la-personne\/","title":{"rendered":"Ressources de la FCE et Comit\u00e9 consultatif de la diversit\u00e9 et des droits de la personne"},"content":{"rendered":"<p>Le <strong>Comit\u00e9 consultatif de la diversit\u00e9 et des droits de la personne de la FCE<\/strong> fournit des conseils sur les orientations, les strat\u00e9gies et les principes directeurs \u00e0 long terme touchant la diversit\u00e9 et les droits de la personne en \u00e9ducation et dans la soci\u00e9t\u00e9. Il se compose cette ann\u00e9e des personnes suivantes, \u00e9lues \u00e0 l\u2019Assembl\u00e9e g\u00e9n\u00e9rale annuelle de la FCE, en juillet 2015 :<\/p>\n<div style=\"clear:both; padding-top:10px;\"><\/div>\n<div style=\"width:100%\">\n<div style=\"width:30%;float:left;text-align:center;\"><strong>Heather Smith<\/strong><br \/>\nPr\u00e9sidente du Comit\u00e9 et pr\u00e9sidente de la F\u00e9d\u00e9ration canadienne des enseignantes et des enseignants<\/div>\n<div style=\"width:30%;float:left;text-align:center;\"><strong>Mary Chalmers<\/strong><br \/>\nThe Manitoba Teachers\u2019 Society<\/div>\n<div style=\"width:30%;float:left;text-align:center;\"><strong>Juanita Tuharsky<\/strong><br \/>\nF\u00e9d\u00e9ration des enseignantes et des enseignants de la Saskatchewan<\/div>\n<\/div>\n<div style=\"clear:both; padding-top:10px;\"><\/div>\n<div style=\"width:100%\">\n<div style=\"width:30%;float:left;text-align:center;\"><strong>\u00c1ine Larkin<\/strong><br \/>\nAssociation des enseignantes et des&nbsp;enseignants du Yukon<\/div>\n<div style=\"width:30%;float:left;text-align:center;\"><strong>Ronald Muller<\/strong><br \/>\nNova Scotia Teachers Union <\/div>\n<div style=\"width:30%;float:left;text-align:center;\"><strong>Brigitte Bergeron<\/strong><br \/>\nDirectrice du Programme de coop\u00e9ration internationale et de justice&nbsp;sociale <br \/>\nF\u00e9d\u00e9ration canadienne des enseignantes et des enseignants<\/div>\n<\/div>\n<div style=\"clear:both; padding-top:10px;\"><\/div>\n<div style=\"width:100%\">\n<div style=\"width:30%;float:left;text-align:center;\"><strong>Pauline Th\u00e9oret<\/strong><br \/>\nAgente du Programme de coop\u00e9ration internationale et de justice sociale <br \/>\nF\u00e9d\u00e9ration canadienne des enseignantes et des enseignants<\/div>\n<div style=\"width:30%;float:left;text-align:center;\"><strong>Diane Dewing<\/strong><br \/>\nF\u00e9d\u00e9ration des enseignantes et des enseignants de l\u2019\u00e9l\u00e9mentaire de l\u2019Ontario<\/div>\n<div style=\"width:30%;float:left;\"><\/div>\n<\/div>\n<div style=\"clear:both\"><\/div>\n<ul>\n<li>En savoir plus sur <a href=\"http:\/\/www.ctf-fce.ca\/fr\/Pages\/Issues\/Diversity-and-Human-Rights.aspx\">le travail de la FCE dans le dossier de la diversit\u00e9 et des droits de la personne<\/a><\/li>\n<li><a href=\"http:\/\/pvapcanada.ctf-fce.ca\/\">Parler vrai au pouvoir Canada<\/a><\/li>\n<li><a href=\"http:\/\/vox.ctf-fce.ca\/\">Action politique<\/a> men\u00e9e au sujet de la pauvret\u00e9 des enfants et de la sant\u00e9 mentale des enfants et des jeunes<\/li>\n<li><a href=\"http:\/\/www.ctf-fce.ca\/fr\/Pages\/catalogue\/Publications.aspx\">Ressources<\/a> sur les minorit\u00e9s sexuelles et de genre et autres publications&nbsp;<\/li>\n<\/ul>\n","protected":false},"excerpt":{"rendered":"<p>Qui, quoi, comment : La diversit\u00e9 et les droits de la personne \u00e0 la F\u00e9d\u00e9ration canadienne des enseignantes et des enseignants.<\/p>\n","protected":false},"author":1,"featured_media":1169,"menu_order":0,"comment_status":"closed","ping_status":"open","template":"","format":"standard","meta":{"_acf_changed":false,"advgb_blocks_editor_width":"","advgb_blocks_columns_visual_guide":"","footnotes":""},"categories_perspectives_cpt":[509,503,498],"authors_perspectives_cpt":[398],"class_list":["post-3012","perspectives_cpt","type-perspectives_cpt","status-publish","format-standard","has-post-thumbnail","hentry","categories_perspectives_cpt-action-politique","categories_perspectives_cpt-droits-de-la-personne","categories_perspectives_cpt-election-fr","authors_perspectives_cpt-francine-filion-fr"],"acf":[],"yoast_head":"<!-- This site is optimized with the Yoast SEO plugin v27.4 - https:\/\/yoast.com\/product\/yoast-seo-wordpress\/ -->\n<title>Ressources de la FCE et Comit\u00e9 consultatif de la diversit\u00e9 et des droits de la personne<\/title>\n<meta name=\"description\" content=\"Qui, quoi, comment : La diversit\u00e9 et les droits de la personne \u00e0 la F\u00e9d\u00e9ration canadienne des enseignantes et des enseignants.\" \/>\n<meta name=\"robots\" content=\"index, follow, max-snippet:-1, max-image-preview:large, max-video-preview:-1\" \/>\n<link rel=\"canonical\" href=\"https:\/\/www.ctf-fce.ca\/fr\/journal-education-publique\/ressources-de-la-fce-et-comite-consultatif-de-la-diversite-et-des-droits-de-la-personne\/\" \/>\n<meta property=\"og:locale\" content=\"fr_FR\" \/>\n<meta property=\"og:type\" content=\"article\" \/>\n<meta property=\"og:title\" content=\"Ressources de la FCE et Comit\u00e9 consultatif de la diversit\u00e9 et des droits de la personne\" \/>\n<meta property=\"og:description\" content=\"Qui, quoi, comment : La diversit\u00e9 et les droits de la personne \u00e0 la F\u00e9d\u00e9ration canadienne des enseignantes et des enseignants.\" \/>\n<meta property=\"og:url\" content=\"https:\/\/www.ctf-fce.ca\/fr\/journal-education-publique\/ressources-de-la-fce-et-comite-consultatif-de-la-diversite-et-des-droits-de-la-personne\/\" \/>\n<meta property=\"og:site_name\" content=\"CTF-FCE\" \/>\n<meta property=\"article:publisher\" content=\"https:\/\/www.facebook.com\/CTF.FCE\/\" \/>\n<meta property=\"og:image\" content=\"https:\/\/www.ctf-fce.ca\/wp-content\/uploads\/2020\/02\/article6.png\" \/>\n\t<meta property=\"og:image:width\" content=\"800\" \/>\n\t<meta property=\"og:image:height\" content=\"500\" \/>\n\t<meta property=\"og:image:type\" content=\"image\/png\" \/>\n<meta name=\"twitter:card\" content=\"summary_large_image\" \/>\n<meta name=\"twitter:title\" content=\"Ressources de la FCE et Comit\u00e9 consultatif de la diversit\u00e9 et des droits de la personne\" \/>\n<meta name=\"twitter:description\" content=\"Qui, quoi, comment : La diversit\u00e9 et les droits de la personne \u00e0 la F\u00e9d\u00e9ration canadienne des enseignantes et des enseignants.\" \/>\n<meta name=\"twitter:site\" content=\"@CTFFCE\" \/>\n<meta name=\"twitter:label1\" content=\"Dur\u00e9e de lecture estim\u00e9e\" \/>\n\t<meta name=\"twitter:data1\" content=\"1 minute\" \/>\n<script type=\"application\/ld+json\" class=\"yoast-schema-graph\">{\"@context\":\"https:\\\/\\\/schema.org\",\"@graph\":[{\"@type\":\"WebPage\",\"@id\":\"https:\\\/\\\/www.ctf-fce.ca\\\/fr\\\/journal-education-publique\\\/ressources-de-la-fce-et-comite-consultatif-de-la-diversite-et-des-droits-de-la-personne\\\/\",\"url\":\"https:\\\/\\\/www.ctf-fce.ca\\\/fr\\\/journal-education-publique\\\/ressources-de-la-fce-et-comite-consultatif-de-la-diversite-et-des-droits-de-la-personne\\\/\",\"name\":\"Ressources de la FCE et Comit\u00e9 consultatif de la diversit\u00e9 et des droits de la personne\",\"isPartOf\":{\"@id\":\"https:\\\/\\\/www.ctf-fce.ca\\\/fr\\\/#website\"},\"primaryImageOfPage\":{\"@id\":\"https:\\\/\\\/www.ctf-fce.ca\\\/fr\\\/journal-education-publique\\\/ressources-de-la-fce-et-comite-consultatif-de-la-diversite-et-des-droits-de-la-personne\\\/#primaryimage\"},\"image\":{\"@id\":\"https:\\\/\\\/www.ctf-fce.ca\\\/fr\\\/journal-education-publique\\\/ressources-de-la-fce-et-comite-consultatif-de-la-diversite-et-des-droits-de-la-personne\\\/#primaryimage\"},\"thumbnailUrl\":\"https:\\\/\\\/www.ctf-fce.ca\\\/wp-content\\\/uploads\\\/2020\\\/02\\\/article6.png\",\"datePublished\":\"2015-12-10T05:00:00+00:00\",\"description\":\"Qui, quoi, comment : La diversit\u00e9 et les droits de la personne \u00e0 la F\u00e9d\u00e9ration canadienne des enseignantes et des enseignants.\",\"breadcrumb\":{\"@id\":\"https:\\\/\\\/www.ctf-fce.ca\\\/fr\\\/journal-education-publique\\\/ressources-de-la-fce-et-comite-consultatif-de-la-diversite-et-des-droits-de-la-personne\\\/#breadcrumb\"},\"inLanguage\":\"fr-FR\",\"potentialAction\":[{\"@type\":\"ReadAction\",\"target\":[\"https:\\\/\\\/www.ctf-fce.ca\\\/fr\\\/journal-education-publique\\\/ressources-de-la-fce-et-comite-consultatif-de-la-diversite-et-des-droits-de-la-personne\\\/\"]}]},{\"@type\":\"ImageObject\",\"inLanguage\":\"fr-FR\",\"@id\":\"https:\\\/\\\/www.ctf-fce.ca\\\/fr\\\/journal-education-publique\\\/ressources-de-la-fce-et-comite-consultatif-de-la-diversite-et-des-droits-de-la-personne\\\/#primaryimage\",\"url\":\"https:\\\/\\\/www.ctf-fce.ca\\\/wp-content\\\/uploads\\\/2020\\\/02\\\/article6.png\",\"contentUrl\":\"https:\\\/\\\/www.ctf-fce.ca\\\/wp-content\\\/uploads\\\/2020\\\/02\\\/article6.png\",\"width\":800,\"height\":500,\"caption\":\"Ressources de la FCE et Comit\u00e9 consultatif de la diversit\u00e9 et des droits de la personne\"},{\"@type\":\"BreadcrumbList\",\"@id\":\"https:\\\/\\\/www.ctf-fce.ca\\\/fr\\\/journal-education-publique\\\/ressources-de-la-fce-et-comite-consultatif-de-la-diversite-et-des-droits-de-la-personne\\\/#breadcrumb\",\"itemListElement\":[{\"@type\":\"ListItem\",\"position\":1,\"name\":\"Accueil\",\"item\":\"https:\\\/\\\/www.ctf-fce.ca\\\/fr\\\/\"},{\"@type\":\"ListItem\",\"position\":2,\"name\":\"Journal de l\u2019\u00e9ducation publique\",\"item\":\"https:\\\/\\\/www.ctf-fce.ca\\\/fr\\\/journal-education-publique\\\/\"},{\"@type\":\"ListItem\",\"position\":3,\"name\":\"Ressources de la FCE et Comit\u00e9 consultatif de la diversit\u00e9 et des droits de la personne\"}]},{\"@type\":\"WebSite\",\"@id\":\"https:\\\/\\\/www.ctf-fce.ca\\\/fr\\\/#website\",\"url\":\"https:\\\/\\\/www.ctf-fce.ca\\\/fr\\\/\",\"name\":\"CTF-FCE\",\"description\":\"\",\"publisher\":{\"@id\":\"https:\\\/\\\/www.ctf-fce.ca\\\/fr\\\/#organization\"},\"potentialAction\":[{\"@type\":\"SearchAction\",\"target\":{\"@type\":\"EntryPoint\",\"urlTemplate\":\"https:\\\/\\\/www.ctf-fce.ca\\\/fr\\\/?s={search_term_string}\"},\"query-input\":{\"@type\":\"PropertyValueSpecification\",\"valueRequired\":true,\"valueName\":\"search_term_string\"}}],\"inLanguage\":\"fr-FR\"},{\"@type\":\"Organization\",\"@id\":\"https:\\\/\\\/www.ctf-fce.ca\\\/fr\\\/#organization\",\"name\":\"CTF-FCE\",\"url\":\"https:\\\/\\\/www.ctf-fce.ca\\\/fr\\\/\",\"logo\":{\"@type\":\"ImageObject\",\"inLanguage\":\"fr-FR\",\"@id\":\"https:\\\/\\\/www.ctf-fce.ca\\\/fr\\\/#\\\/schema\\\/logo\\\/image\\\/\",\"url\":\"https:\\\/\\\/www.ctf-fce.ca\\\/wp-content\\\/uploads\\\/2020\\\/01\\\/ctf-fce-logo@2x.png\",\"contentUrl\":\"https:\\\/\\\/www.ctf-fce.ca\\\/wp-content\\\/uploads\\\/2020\\\/01\\\/ctf-fce-logo@2x.png\",\"width\":485,\"height\":146,\"caption\":\"CTF-FCE\"},\"image\":{\"@id\":\"https:\\\/\\\/www.ctf-fce.ca\\\/fr\\\/#\\\/schema\\\/logo\\\/image\\\/\"},\"sameAs\":[\"https:\\\/\\\/www.facebook.com\\\/CTF.FCE\\\/\",\"https:\\\/\\\/x.com\\\/CTFFCE\",\"https:\\\/\\\/www.instagram.com\\\/ctffce\\\/\",\"https:\\\/\\\/www.linkedin.com\\\/company\\\/canadian-teachers'\u200b-federation---f\u00e9d.-canadienne-des-enseignantes-et-des-enseignants\\\/\",\"https:\\\/\\\/www.youtube.com\\\/user\\\/canadianteachers\"]}]}<\/script>\n<!-- \/ Yoast SEO plugin. -->","yoast_head_json":{"title":"Ressources de la FCE et Comit\u00e9 consultatif de la diversit\u00e9 et des droits de la personne","description":"Qui, quoi, comment : La diversit\u00e9 et les droits de la personne \u00e0 la F\u00e9d\u00e9ration canadienne des enseignantes et des enseignants.","robots":{"index":"index","follow":"follow","max-snippet":"max-snippet:-1","max-image-preview":"max-image-preview:large","max-video-preview":"max-video-preview:-1"},"canonical":"https:\/\/www.ctf-fce.ca\/fr\/journal-education-publique\/ressources-de-la-fce-et-comite-consultatif-de-la-diversite-et-des-droits-de-la-personne\/","og_locale":"fr_FR","og_type":"article","og_title":"Ressources de la FCE et Comit\u00e9 consultatif de la diversit\u00e9 et des droits de la personne","og_description":"Qui, quoi, comment : La diversit\u00e9 et les droits de la personne \u00e0 la F\u00e9d\u00e9ration canadienne des enseignantes et des enseignants.","og_url":"https:\/\/www.ctf-fce.ca\/fr\/journal-education-publique\/ressources-de-la-fce-et-comite-consultatif-de-la-diversite-et-des-droits-de-la-personne\/","og_site_name":"CTF-FCE","article_publisher":"https:\/\/www.facebook.com\/CTF.FCE\/","og_image":[{"width":800,"height":500,"url":"https:\/\/www.ctf-fce.ca\/wp-content\/uploads\/2020\/02\/article6.png","type":"image\/png"}],"twitter_card":"summary_large_image","twitter_title":"Ressources de la FCE et Comit\u00e9 consultatif de la diversit\u00e9 et des droits de la personne","twitter_description":"Qui, quoi, comment : La diversit\u00e9 et les droits de la personne \u00e0 la F\u00e9d\u00e9ration canadienne des enseignantes et des enseignants.","twitter_site":"@CTFFCE","twitter_misc":{"Dur\u00e9e de lecture estim\u00e9e":"1 minute"},"schema":{"@context":"https:\/\/schema.org","@graph":[{"@type":"WebPage","@id":"https:\/\/www.ctf-fce.ca\/fr\/journal-education-publique\/ressources-de-la-fce-et-comite-consultatif-de-la-diversite-et-des-droits-de-la-personne\/","url":"https:\/\/www.ctf-fce.ca\/fr\/journal-education-publique\/ressources-de-la-fce-et-comite-consultatif-de-la-diversite-et-des-droits-de-la-personne\/","name":"Ressources de la FCE et Comit\u00e9 consultatif de la diversit\u00e9 et des droits de la personne","isPartOf":{"@id":"https:\/\/www.ctf-fce.ca\/fr\/#website"},"primaryImageOfPage":{"@id":"https:\/\/www.ctf-fce.ca\/fr\/journal-education-publique\/ressources-de-la-fce-et-comite-consultatif-de-la-diversite-et-des-droits-de-la-personne\/#primaryimage"},"image":{"@id":"https:\/\/www.ctf-fce.ca\/fr\/journal-education-publique\/ressources-de-la-fce-et-comite-consultatif-de-la-diversite-et-des-droits-de-la-personne\/#primaryimage"},"thumbnailUrl":"https:\/\/www.ctf-fce.ca\/wp-content\/uploads\/2020\/02\/article6.png","datePublished":"2015-12-10T05:00:00+00:00","description":"Qui, quoi, comment : La diversit\u00e9 et les droits de la personne \u00e0 la F\u00e9d\u00e9ration canadienne des enseignantes et des enseignants.","breadcrumb":{"@id":"https:\/\/www.ctf-fce.ca\/fr\/journal-education-publique\/ressources-de-la-fce-et-comite-consultatif-de-la-diversite-et-des-droits-de-la-personne\/#breadcrumb"},"inLanguage":"fr-FR","potentialAction":[{"@type":"ReadAction","target":["https:\/\/www.ctf-fce.ca\/fr\/journal-education-publique\/ressources-de-la-fce-et-comite-consultatif-de-la-diversite-et-des-droits-de-la-personne\/"]}]},{"@type":"ImageObject","inLanguage":"fr-FR","@id":"https:\/\/www.ctf-fce.ca\/fr\/journal-education-publique\/ressources-de-la-fce-et-comite-consultatif-de-la-diversite-et-des-droits-de-la-personne\/#primaryimage","url":"https:\/\/www.ctf-fce.ca\/wp-content\/uploads\/2020\/02\/article6.png","contentUrl":"https:\/\/www.ctf-fce.ca\/wp-content\/uploads\/2020\/02\/article6.png","width":800,"height":500,"caption":"Ressources de la FCE et Comit\u00e9 consultatif de la diversit\u00e9 et des droits de la personne"},{"@type":"BreadcrumbList","@id":"https:\/\/www.ctf-fce.ca\/fr\/journal-education-publique\/ressources-de-la-fce-et-comite-consultatif-de-la-diversite-et-des-droits-de-la-personne\/#breadcrumb","itemListElement":[{"@type":"ListItem","position":1,"name":"Accueil","item":"https:\/\/www.ctf-fce.ca\/fr\/"},{"@type":"ListItem","position":2,"name":"Journal de l\u2019\u00e9ducation publique","item":"https:\/\/www.ctf-fce.ca\/fr\/journal-education-publique\/"},{"@type":"ListItem","position":3,"name":"Ressources de la FCE et Comit\u00e9 consultatif de la diversit\u00e9 et des droits de la personne"}]},{"@type":"WebSite","@id":"https:\/\/www.ctf-fce.ca\/fr\/#website","url":"https:\/\/www.ctf-fce.ca\/fr\/","name":"CTF-FCE","description":"","publisher":{"@id":"https:\/\/www.ctf-fce.ca\/fr\/#organization"},"potentialAction":[{"@type":"SearchAction","target":{"@type":"EntryPoint","urlTemplate":"https:\/\/www.ctf-fce.ca\/fr\/?s={search_term_string}"},"query-input":{"@type":"PropertyValueSpecification","valueRequired":true,"valueName":"search_term_string"}}],"inLanguage":"fr-FR"},{"@type":"Organization","@id":"https:\/\/www.ctf-fce.ca\/fr\/#organization","name":"CTF-FCE","url":"https:\/\/www.ctf-fce.ca\/fr\/","logo":{"@type":"ImageObject","inLanguage":"fr-FR","@id":"https:\/\/www.ctf-fce.ca\/fr\/#\/schema\/logo\/image\/","url":"https:\/\/www.ctf-fce.ca\/wp-content\/uploads\/2020\/01\/ctf-fce-logo@2x.png","contentUrl":"https:\/\/www.ctf-fce.ca\/wp-content\/uploads\/2020\/01\/ctf-fce-logo@2x.png","width":485,"height":146,"caption":"CTF-FCE"},"image":{"@id":"https:\/\/www.ctf-fce.ca\/fr\/#\/schema\/logo\/image\/"},"sameAs":["https:\/\/www.facebook.com\/CTF.FCE\/","https:\/\/x.com\/CTFFCE","https:\/\/www.instagram.com\/ctffce\/","https:\/\/www.linkedin.com\/company\/canadian-teachers'\u200b-federation---f\u00e9d.-canadienne-des-enseignantes-et-des-enseignants\/","https:\/\/www.youtube.com\/user\/canadianteachers"]}]}},"featured_img":"https:\/\/www.ctf-fce.ca\/wp-content\/uploads\/2020\/02\/article6.png","coauthors":[],"author_meta":{"author_link":"https:\/\/www.ctf-fce.ca\/fr\/author\/contactkeshocommunications-ca\/","display_name":"contact@keshocommunications.ca"},"relative_dates":{"created":"Publi\u00e9 10 ans il y a","modified":"Mis \u00e0 jour 10 ans il y a"},"absolute_dates":{"created":"Publi\u00e9 le 10 d\u00e9cembre 2015","modified":"Mise \u00e0 jour le 10 d\u00e9cembre 2015"},"absolute_dates_time":{"created":"Publi\u00e9 le 10 d\u00e9cembre 2015 0h00","modified":"Mise \u00e0 jour le 10 d\u00e9cembre 2015 0h00"},"featured_img_caption":"","tax_additional":{"categories_perspectives_cpt":{"linked":["<a href=\"https:\/\/www.ctf-fce.ca\/fr\/categories\/action-politique\/\" class=\"advgb-post-tax-term\">Action politique<\/a>","<a href=\"https:\/\/www.ctf-fce.ca\/fr\/categories\/droits-de-la-personne\/\" class=\"advgb-post-tax-term\">Droits de la personne<\/a>","<a href=\"https:\/\/www.ctf-fce.ca\/fr\/categories\/election-fr\/\" class=\"advgb-post-tax-term\">\u00c9lection<\/a>"],"unlinked":["<span class=\"advgb-post-tax-term\">Action politique<\/span>","<span class=\"advgb-post-tax-term\">Droits de la personne<\/span>","<span class=\"advgb-post-tax-term\">\u00c9lection<\/span>"],"slug":"categories_perspectives_cpt","name":"Cat\u00e9gories"},"authors_perspectives_cpt":{"linked":["<a href=\"https:\/\/www.ctf-fce.ca\/fr\/auteurs\/francine-filion-fr\/\" class=\"advgb-post-tax-term\">Francine Filion<\/a>"],"unlinked":["<span class=\"advgb-post-tax-term\">Francine Filion<\/span>"],"slug":"authors_perspectives_cpt","name":"Auteures et auteurs"},"translation_priority":{"linked":["<a href=\"https:\/\/www.ctf-fce.ca\/fr\/?taxonomy=translation_priority&#038;term=facultatif\" class=\"advgb-post-tax-term\">Facultatif<\/a>"],"unlinked":["<span class=\"advgb-post-tax-term\">Facultatif<\/span>"],"slug":"translation_priority","name":"Priorit\u00e9s de traduction"}},"series_order":"","_links":{"self":[{"href":"https:\/\/www.ctf-fce.ca\/fr\/wp-json\/wp\/v2\/perspectives_cpt\/3012","targetHints":{"allow":["GET"]}}],"collection":[{"href":"https:\/\/www.ctf-fce.ca\/fr\/wp-json\/wp\/v2\/perspectives_cpt"}],"about":[{"href":"https:\/\/www.ctf-fce.ca\/fr\/wp-json\/wp\/v2\/types\/perspectives_cpt"}],"author":[{"embeddable":true,"href":"https:\/\/www.ctf-fce.ca\/fr\/wp-json\/wp\/v2\/users\/1"}],"replies":[{"embeddable":true,"href":"https:\/\/www.ctf-fce.ca\/fr\/wp-json\/wp\/v2\/comments?post=3012"}],"version-history":[{"count":0,"href":"https:\/\/www.ctf-fce.ca\/fr\/wp-json\/wp\/v2\/perspectives_cpt\/3012\/revisions"}],"wp:featuredmedia":[{"embeddable":true,"href":"https:\/\/www.ctf-fce.ca\/fr\/wp-json\/wp\/v2\/media\/1169"}],"wp:attachment":[{"href":"https:\/\/www.ctf-fce.ca\/fr\/wp-json\/wp\/v2\/media?parent=3012"}],"wp:term":[{"taxonomy":"categories_perspectives_cpt","embeddable":true,"href":"https:\/\/www.ctf-fce.ca\/fr\/wp-json\/wp\/v2\/categories_perspectives_cpt?post=3012"},{"taxonomy":"authors_perspectives_cpt","embeddable":true,"href":"https:\/\/www.ctf-fce.ca\/fr\/wp-json\/wp\/v2\/authors_perspectives_cpt?post=3012"}],"curies":[{"name":"wp","href":"https:\/\/api.w.org\/{rel}","templated":true}]}}