{"id":3017,"date":"2016-03-18T00:00:00","date_gmt":"2016-03-18T04:00:00","guid":{"rendered":"http:\/\/184.107.41.70\/~ctffce\/perspectives_cpt\/le-togo-toujours-au-coeur-de-nos-vies\/"},"modified":"2016-03-18T00:00:00","modified_gmt":"2016-03-18T04:00:00","slug":"le-togo-toujours-au-coeur-de-nos-vies","status":"publish","type":"perspectives_cpt","link":"https:\/\/www.ctf-fce.ca\/fr\/journal-education-publique\/le-togo-toujours-au-coeur-de-nos-vies\/","title":{"rendered":"Le Togo \u2014 toujours au c\u0153ur de nos vies"},"content":{"rendered":"<p>Depuis notre retour de ce petit pays d\u2019Afrique de l\u2019Ouest, il ne se passe pas un seul jour sans que nos coll\u00e8gues togolais soient dans nos pens\u00e9es. Des souvenirs refont surface, flottent sur l\u2019eau claire de la vie qui continue. Un profond sentiment de gratitude pour ce mois de formation et de partage nous \u00e9treint.<\/p>\n<p>Quelle belle aventure nous avons v\u00e9cue dans le cadre du Projet outre-mer 2015! Nous parlons maintenant de cette exp\u00e9rience transformatrice \u00e0 qui veut bien nous entendre. \u00c9mus par la musicalit\u00e9 de la langue \u00e9w\u00e9 et inspir\u00e9s par la philosophie de nos coll\u00e8gues togolais, nous avons beaucoup appris de leur accueil chaleureux, de leur g\u00e9n\u00e9rosit\u00e9 et de leur sens inn\u00e9 de la communaut\u00e9. Nous avons aussi d\u00e9couvert que nous avions beaucoup en commun avec eux.<\/p>\n<p>Le travail de formation d\u2019enseignants dans le cadre d\u2019une collaboration internationale n\u2019a \u00e9t\u00e9 qu\u2019un aspect de l\u2019exp\u00e9rience que nous avons v\u00e9cue. Nous avons donn\u00e9 des ateliers sur plusieurs sujets dont : la planification de le\u00e7ons, la litt\u00e9ratie, les math\u00e9matiques par le jeu et la d\u00e9marche scientifique.<\/p>\n<p>Aujourd\u2019hui, c\u2019est le sentiment de nous \u00eatre rapproch\u00e9s de nos coll\u00e8gues africains qui demeure. Leur t\u00e9nacit\u00e9, leur courage, leur d\u00e9vouement et leur \u00e9nergie p\u00e9tillante, malgr\u00e9 un manque d\u00e9mesur\u00e9 de ressources et d\u2019appui, sont exemplaires. La distance et les circonstances nous s\u00e9parent, bien s\u00fbr, mais au bout du compte nous sommes semblables et solidaires en mati\u00e8re d\u2019\u00e9ducation, puisque nous partageons la m\u00eame passion, enseigner, et le m\u00eame objectif, donner \u00e0 chaque \u00e9l\u00e8ve le coup de pouce dont il a besoin.<\/p>\n<p>Depuis notre retour dans nos salles de classe, ce que nous avons appris cet \u00e9t\u00e9 en collaboration avec nos coll\u00e8gues africains refait parfois surface. Nous savourons alors ces pr\u00e9cieux souvenirs comme s\u2019il restait en nous un peu de ce magnifique continent. Il nous a suffi de fouler leur terre pour que la solidarit\u00e9 et l\u2019amiti\u00e9 grandissent entre nous.<\/p>\n","protected":false},"excerpt":{"rendered":"<p>D\u00e9couvrez l\u2019exp\u00e9rience v\u00e9cue par Simone Desilets et Simon Pag\u00e9, tous deux membres de l\u2019Alberta Teachers\u2019 Association, qui se sont rendus au Togo dans le cadre du Projet outre-mer de la FCE de 2015.<\/p>\n","protected":false},"author":1,"featured_media":1218,"menu_order":0,"comment_status":"closed","ping_status":"open","template":"","format":"standard","meta":{"_acf_changed":false,"advgb_blocks_editor_width":"","advgb_blocks_columns_visual_guide":"","footnotes":""},"categories_perspectives_cpt":[505,500],"authors_perspectives_cpt":[410],"class_list":["post-3017","perspectives_cpt","type-perspectives_cpt","status-publish","format-standard","has-post-thumbnail","hentry","categories_perspectives_cpt-developpement-international","categories_perspectives_cpt-francophonie-fr","authors_perspectives_cpt-simone-desilets-et-simon-page-fr"],"acf":[],"yoast_head":"<!-- This site is optimized with the Yoast SEO plugin v27.4 - https:\/\/yoast.com\/product\/yoast-seo-wordpress\/ -->\n<title>Le Togo \u2014 toujours au c\u0153ur de nos vies<\/title>\n<meta name=\"description\" content=\"D\u00e9couvrez l\u2019exp\u00e9rience v\u00e9cue par Simone Desilets et Simon Pag\u00e9, tous deux membres de l\u2019Alberta Teachers\u2019 Association, qui se sont rendus au Togo dans le cadre du Projet outre-mer de la FCE de 2015.\" \/>\n<meta name=\"robots\" content=\"index, follow, max-snippet:-1, max-image-preview:large, max-video-preview:-1\" \/>\n<link rel=\"canonical\" href=\"https:\/\/www.ctf-fce.ca\/fr\/journal-education-publique\/le-togo-toujours-au-coeur-de-nos-vies\/\" \/>\n<meta property=\"og:locale\" content=\"fr_FR\" \/>\n<meta property=\"og:type\" content=\"article\" \/>\n<meta property=\"og:title\" content=\"Le Togo \u2014 toujours au c\u0153ur de nos vies\" \/>\n<meta property=\"og:description\" content=\"D\u00e9couvrez l\u2019exp\u00e9rience v\u00e9cue par Simone Desilets et Simon Pag\u00e9, tous deux membres de l\u2019Alberta Teachers\u2019 Association, qui se sont rendus au Togo dans le cadre du Projet outre-mer de la FCE de 2015.\" \/>\n<meta property=\"og:url\" content=\"https:\/\/www.ctf-fce.ca\/fr\/journal-education-publique\/le-togo-toujours-au-coeur-de-nos-vies\/\" \/>\n<meta property=\"og:site_name\" content=\"CTF-FCE\" \/>\n<meta property=\"article:publisher\" content=\"https:\/\/www.facebook.com\/CTF.FCE\/\" \/>\n<meta property=\"og:image\" content=\"https:\/\/www.ctf-fce.ca\/wp-content\/uploads\/2020\/02\/article-6.jpg\" \/>\n\t<meta property=\"og:image:width\" content=\"800\" \/>\n\t<meta property=\"og:image:height\" content=\"500\" \/>\n\t<meta property=\"og:image:type\" content=\"image\/jpeg\" \/>\n<meta name=\"twitter:card\" content=\"summary_large_image\" \/>\n<meta name=\"twitter:title\" content=\"Le Togo \u2014 toujours au c\u0153ur de nos vies\" \/>\n<meta name=\"twitter:description\" content=\"D\u00e9couvrez l\u2019exp\u00e9rience v\u00e9cue par Simone Desilets et Simon Pag\u00e9, tous deux membres de l\u2019Alberta Teachers\u2019 Association, qui se sont rendus au Togo dans le cadre du Projet outre-mer de la FCE de 2015.\" \/>\n<meta name=\"twitter:site\" content=\"@CTFFCE\" \/>\n<meta name=\"twitter:label1\" content=\"Dur\u00e9e de lecture estim\u00e9e\" \/>\n\t<meta name=\"twitter:data1\" content=\"2 minutes\" \/>\n<script type=\"application\/ld+json\" class=\"yoast-schema-graph\">{\"@context\":\"https:\\\/\\\/schema.org\",\"@graph\":[{\"@type\":\"WebPage\",\"@id\":\"https:\\\/\\\/www.ctf-fce.ca\\\/fr\\\/journal-education-publique\\\/le-togo-toujours-au-coeur-de-nos-vies\\\/\",\"url\":\"https:\\\/\\\/www.ctf-fce.ca\\\/fr\\\/journal-education-publique\\\/le-togo-toujours-au-coeur-de-nos-vies\\\/\",\"name\":\"Le Togo \u2014 toujours au c\u0153ur de nos vies\",\"isPartOf\":{\"@id\":\"https:\\\/\\\/www.ctf-fce.ca\\\/fr\\\/#website\"},\"primaryImageOfPage\":{\"@id\":\"https:\\\/\\\/www.ctf-fce.ca\\\/fr\\\/journal-education-publique\\\/le-togo-toujours-au-coeur-de-nos-vies\\\/#primaryimage\"},\"image\":{\"@id\":\"https:\\\/\\\/www.ctf-fce.ca\\\/fr\\\/journal-education-publique\\\/le-togo-toujours-au-coeur-de-nos-vies\\\/#primaryimage\"},\"thumbnailUrl\":\"https:\\\/\\\/www.ctf-fce.ca\\\/wp-content\\\/uploads\\\/2020\\\/02\\\/article-6.jpg\",\"datePublished\":\"2016-03-18T04:00:00+00:00\",\"description\":\"D\u00e9couvrez l\u2019exp\u00e9rience v\u00e9cue par Simone Desilets et Simon Pag\u00e9, tous deux membres de l\u2019Alberta Teachers\u2019 Association, qui se sont rendus au Togo dans le cadre du Projet outre-mer de la FCE de 2015.\",\"breadcrumb\":{\"@id\":\"https:\\\/\\\/www.ctf-fce.ca\\\/fr\\\/journal-education-publique\\\/le-togo-toujours-au-coeur-de-nos-vies\\\/#breadcrumb\"},\"inLanguage\":\"fr-FR\",\"potentialAction\":[{\"@type\":\"ReadAction\",\"target\":[\"https:\\\/\\\/www.ctf-fce.ca\\\/fr\\\/journal-education-publique\\\/le-togo-toujours-au-coeur-de-nos-vies\\\/\"]}]},{\"@type\":\"ImageObject\",\"inLanguage\":\"fr-FR\",\"@id\":\"https:\\\/\\\/www.ctf-fce.ca\\\/fr\\\/journal-education-publique\\\/le-togo-toujours-au-coeur-de-nos-vies\\\/#primaryimage\",\"url\":\"https:\\\/\\\/www.ctf-fce.ca\\\/wp-content\\\/uploads\\\/2020\\\/02\\\/article-6.jpg\",\"contentUrl\":\"https:\\\/\\\/www.ctf-fce.ca\\\/wp-content\\\/uploads\\\/2020\\\/02\\\/article-6.jpg\",\"width\":800,\"height\":500,\"caption\":\"R\u00e9ponse de l\u2019Internationale de l\u2019\u00c9ducation au Rapport mondial de suivi sur l\u2019\u00e9ducation\"},{\"@type\":\"BreadcrumbList\",\"@id\":\"https:\\\/\\\/www.ctf-fce.ca\\\/fr\\\/journal-education-publique\\\/le-togo-toujours-au-coeur-de-nos-vies\\\/#breadcrumb\",\"itemListElement\":[{\"@type\":\"ListItem\",\"position\":1,\"name\":\"Accueil\",\"item\":\"https:\\\/\\\/www.ctf-fce.ca\\\/fr\\\/\"},{\"@type\":\"ListItem\",\"position\":2,\"name\":\"Journal de l\u2019\u00e9ducation publique\",\"item\":\"https:\\\/\\\/www.ctf-fce.ca\\\/fr\\\/journal-education-publique\\\/\"},{\"@type\":\"ListItem\",\"position\":3,\"name\":\"Le Togo \u2014 toujours au c\u0153ur de nos vies\"}]},{\"@type\":\"WebSite\",\"@id\":\"https:\\\/\\\/www.ctf-fce.ca\\\/fr\\\/#website\",\"url\":\"https:\\\/\\\/www.ctf-fce.ca\\\/fr\\\/\",\"name\":\"CTF-FCE\",\"description\":\"\",\"publisher\":{\"@id\":\"https:\\\/\\\/www.ctf-fce.ca\\\/fr\\\/#organization\"},\"potentialAction\":[{\"@type\":\"SearchAction\",\"target\":{\"@type\":\"EntryPoint\",\"urlTemplate\":\"https:\\\/\\\/www.ctf-fce.ca\\\/fr\\\/?s={search_term_string}\"},\"query-input\":{\"@type\":\"PropertyValueSpecification\",\"valueRequired\":true,\"valueName\":\"search_term_string\"}}],\"inLanguage\":\"fr-FR\"},{\"@type\":\"Organization\",\"@id\":\"https:\\\/\\\/www.ctf-fce.ca\\\/fr\\\/#organization\",\"name\":\"CTF-FCE\",\"url\":\"https:\\\/\\\/www.ctf-fce.ca\\\/fr\\\/\",\"logo\":{\"@type\":\"ImageObject\",\"inLanguage\":\"fr-FR\",\"@id\":\"https:\\\/\\\/www.ctf-fce.ca\\\/fr\\\/#\\\/schema\\\/logo\\\/image\\\/\",\"url\":\"https:\\\/\\\/www.ctf-fce.ca\\\/wp-content\\\/uploads\\\/2020\\\/01\\\/ctf-fce-logo@2x.png\",\"contentUrl\":\"https:\\\/\\\/www.ctf-fce.ca\\\/wp-content\\\/uploads\\\/2020\\\/01\\\/ctf-fce-logo@2x.png\",\"width\":485,\"height\":146,\"caption\":\"CTF-FCE\"},\"image\":{\"@id\":\"https:\\\/\\\/www.ctf-fce.ca\\\/fr\\\/#\\\/schema\\\/logo\\\/image\\\/\"},\"sameAs\":[\"https:\\\/\\\/www.facebook.com\\\/CTF.FCE\\\/\",\"https:\\\/\\\/x.com\\\/CTFFCE\",\"https:\\\/\\\/www.instagram.com\\\/ctffce\\\/\",\"https:\\\/\\\/www.linkedin.com\\\/company\\\/canadian-teachers'\u200b-federation---f\u00e9d.-canadienne-des-enseignantes-et-des-enseignants\\\/\",\"https:\\\/\\\/www.youtube.com\\\/user\\\/canadianteachers\"]}]}<\/script>\n<!-- \/ Yoast SEO plugin. -->","yoast_head_json":{"title":"Le Togo \u2014 toujours au c\u0153ur de nos vies","description":"D\u00e9couvrez l\u2019exp\u00e9rience v\u00e9cue par Simone Desilets et Simon Pag\u00e9, tous deux membres de l\u2019Alberta Teachers\u2019 Association, qui se sont rendus au Togo dans le cadre du Projet outre-mer de la FCE de 2015.","robots":{"index":"index","follow":"follow","max-snippet":"max-snippet:-1","max-image-preview":"max-image-preview:large","max-video-preview":"max-video-preview:-1"},"canonical":"https:\/\/www.ctf-fce.ca\/fr\/journal-education-publique\/le-togo-toujours-au-coeur-de-nos-vies\/","og_locale":"fr_FR","og_type":"article","og_title":"Le Togo \u2014 toujours au c\u0153ur de nos vies","og_description":"D\u00e9couvrez l\u2019exp\u00e9rience v\u00e9cue par Simone Desilets et Simon Pag\u00e9, tous deux membres de l\u2019Alberta Teachers\u2019 Association, qui se sont rendus au Togo dans le cadre du Projet outre-mer de la FCE de 2015.","og_url":"https:\/\/www.ctf-fce.ca\/fr\/journal-education-publique\/le-togo-toujours-au-coeur-de-nos-vies\/","og_site_name":"CTF-FCE","article_publisher":"https:\/\/www.facebook.com\/CTF.FCE\/","og_image":[{"width":800,"height":500,"url":"https:\/\/www.ctf-fce.ca\/wp-content\/uploads\/2020\/02\/article-6.jpg","type":"image\/jpeg"}],"twitter_card":"summary_large_image","twitter_title":"Le Togo \u2014 toujours au c\u0153ur de nos vies","twitter_description":"D\u00e9couvrez l\u2019exp\u00e9rience v\u00e9cue par Simone Desilets et Simon Pag\u00e9, tous deux membres de l\u2019Alberta Teachers\u2019 Association, qui se sont rendus au Togo dans le cadre du Projet outre-mer de la FCE de 2015.","twitter_site":"@CTFFCE","twitter_misc":{"Dur\u00e9e de lecture estim\u00e9e":"2 minutes"},"schema":{"@context":"https:\/\/schema.org","@graph":[{"@type":"WebPage","@id":"https:\/\/www.ctf-fce.ca\/fr\/journal-education-publique\/le-togo-toujours-au-coeur-de-nos-vies\/","url":"https:\/\/www.ctf-fce.ca\/fr\/journal-education-publique\/le-togo-toujours-au-coeur-de-nos-vies\/","name":"Le Togo \u2014 toujours au c\u0153ur de nos vies","isPartOf":{"@id":"https:\/\/www.ctf-fce.ca\/fr\/#website"},"primaryImageOfPage":{"@id":"https:\/\/www.ctf-fce.ca\/fr\/journal-education-publique\/le-togo-toujours-au-coeur-de-nos-vies\/#primaryimage"},"image":{"@id":"https:\/\/www.ctf-fce.ca\/fr\/journal-education-publique\/le-togo-toujours-au-coeur-de-nos-vies\/#primaryimage"},"thumbnailUrl":"https:\/\/www.ctf-fce.ca\/wp-content\/uploads\/2020\/02\/article-6.jpg","datePublished":"2016-03-18T04:00:00+00:00","description":"D\u00e9couvrez l\u2019exp\u00e9rience v\u00e9cue par Simone Desilets et Simon Pag\u00e9, tous deux membres de l\u2019Alberta Teachers\u2019 Association, qui se sont rendus au Togo dans le cadre du Projet outre-mer de la FCE de 2015.","breadcrumb":{"@id":"https:\/\/www.ctf-fce.ca\/fr\/journal-education-publique\/le-togo-toujours-au-coeur-de-nos-vies\/#breadcrumb"},"inLanguage":"fr-FR","potentialAction":[{"@type":"ReadAction","target":["https:\/\/www.ctf-fce.ca\/fr\/journal-education-publique\/le-togo-toujours-au-coeur-de-nos-vies\/"]}]},{"@type":"ImageObject","inLanguage":"fr-FR","@id":"https:\/\/www.ctf-fce.ca\/fr\/journal-education-publique\/le-togo-toujours-au-coeur-de-nos-vies\/#primaryimage","url":"https:\/\/www.ctf-fce.ca\/wp-content\/uploads\/2020\/02\/article-6.jpg","contentUrl":"https:\/\/www.ctf-fce.ca\/wp-content\/uploads\/2020\/02\/article-6.jpg","width":800,"height":500,"caption":"R\u00e9ponse de l\u2019Internationale de l\u2019\u00c9ducation au Rapport mondial de suivi sur l\u2019\u00e9ducation"},{"@type":"BreadcrumbList","@id":"https:\/\/www.ctf-fce.ca\/fr\/journal-education-publique\/le-togo-toujours-au-coeur-de-nos-vies\/#breadcrumb","itemListElement":[{"@type":"ListItem","position":1,"name":"Accueil","item":"https:\/\/www.ctf-fce.ca\/fr\/"},{"@type":"ListItem","position":2,"name":"Journal de l\u2019\u00e9ducation publique","item":"https:\/\/www.ctf-fce.ca\/fr\/journal-education-publique\/"},{"@type":"ListItem","position":3,"name":"Le Togo \u2014 toujours au c\u0153ur de nos vies"}]},{"@type":"WebSite","@id":"https:\/\/www.ctf-fce.ca\/fr\/#website","url":"https:\/\/www.ctf-fce.ca\/fr\/","name":"CTF-FCE","description":"","publisher":{"@id":"https:\/\/www.ctf-fce.ca\/fr\/#organization"},"potentialAction":[{"@type":"SearchAction","target":{"@type":"EntryPoint","urlTemplate":"https:\/\/www.ctf-fce.ca\/fr\/?s={search_term_string}"},"query-input":{"@type":"PropertyValueSpecification","valueRequired":true,"valueName":"search_term_string"}}],"inLanguage":"fr-FR"},{"@type":"Organization","@id":"https:\/\/www.ctf-fce.ca\/fr\/#organization","name":"CTF-FCE","url":"https:\/\/www.ctf-fce.ca\/fr\/","logo":{"@type":"ImageObject","inLanguage":"fr-FR","@id":"https:\/\/www.ctf-fce.ca\/fr\/#\/schema\/logo\/image\/","url":"https:\/\/www.ctf-fce.ca\/wp-content\/uploads\/2020\/01\/ctf-fce-logo@2x.png","contentUrl":"https:\/\/www.ctf-fce.ca\/wp-content\/uploads\/2020\/01\/ctf-fce-logo@2x.png","width":485,"height":146,"caption":"CTF-FCE"},"image":{"@id":"https:\/\/www.ctf-fce.ca\/fr\/#\/schema\/logo\/image\/"},"sameAs":["https:\/\/www.facebook.com\/CTF.FCE\/","https:\/\/x.com\/CTFFCE","https:\/\/www.instagram.com\/ctffce\/","https:\/\/www.linkedin.com\/company\/canadian-teachers'\u200b-federation---f\u00e9d.-canadienne-des-enseignantes-et-des-enseignants\/","https:\/\/www.youtube.com\/user\/canadianteachers"]}]}},"featured_img":"https:\/\/www.ctf-fce.ca\/wp-content\/uploads\/2020\/02\/article-6.jpg","coauthors":[],"author_meta":{"author_link":"https:\/\/www.ctf-fce.ca\/fr\/author\/contactkeshocommunications-ca\/","display_name":"contact@keshocommunications.ca"},"relative_dates":{"created":"Publi\u00e9 10 ans il y a","modified":"Mis \u00e0 jour 10 ans il y a"},"absolute_dates":{"created":"Publi\u00e9 le 18 mars 2016","modified":"Mise \u00e0 jour le 18 mars 2016"},"absolute_dates_time":{"created":"Publi\u00e9 le 18 mars 2016 0h00","modified":"Mise \u00e0 jour le 18 mars 2016 0h00"},"featured_img_caption":"","tax_additional":{"categories_perspectives_cpt":{"linked":["<a href=\"https:\/\/www.ctf-fce.ca\/fr\/categories\/developpement-international\/\" class=\"advgb-post-tax-term\">D\u00e9veloppement international<\/a>","<a href=\"https:\/\/www.ctf-fce.ca\/fr\/categories\/francophonie-fr\/\" class=\"advgb-post-tax-term\">Francophonie<\/a>"],"unlinked":["<span class=\"advgb-post-tax-term\">D\u00e9veloppement international<\/span>","<span class=\"advgb-post-tax-term\">Francophonie<\/span>"],"slug":"categories_perspectives_cpt","name":"Cat\u00e9gories"},"authors_perspectives_cpt":{"linked":["<a href=\"https:\/\/www.ctf-fce.ca\/fr\/auteurs\/simone-desilets-et-simon-page-fr\/\" class=\"advgb-post-tax-term\">Simone Desilets et Simon Pag\u00e9<\/a>"],"unlinked":["<span class=\"advgb-post-tax-term\">Simone Desilets et Simon Pag\u00e9<\/span>"],"slug":"authors_perspectives_cpt","name":"Auteures et auteurs"},"translation_priority":{"linked":["<a href=\"https:\/\/www.ctf-fce.ca\/fr\/?taxonomy=translation_priority&#038;term=facultatif\" class=\"advgb-post-tax-term\">Facultatif<\/a>"],"unlinked":["<span class=\"advgb-post-tax-term\">Facultatif<\/span>"],"slug":"translation_priority","name":"Priorit\u00e9s de traduction"}},"series_order":"","_links":{"self":[{"href":"https:\/\/www.ctf-fce.ca\/fr\/wp-json\/wp\/v2\/perspectives_cpt\/3017","targetHints":{"allow":["GET"]}}],"collection":[{"href":"https:\/\/www.ctf-fce.ca\/fr\/wp-json\/wp\/v2\/perspectives_cpt"}],"about":[{"href":"https:\/\/www.ctf-fce.ca\/fr\/wp-json\/wp\/v2\/types\/perspectives_cpt"}],"author":[{"embeddable":true,"href":"https:\/\/www.ctf-fce.ca\/fr\/wp-json\/wp\/v2\/users\/1"}],"replies":[{"embeddable":true,"href":"https:\/\/www.ctf-fce.ca\/fr\/wp-json\/wp\/v2\/comments?post=3017"}],"version-history":[{"count":0,"href":"https:\/\/www.ctf-fce.ca\/fr\/wp-json\/wp\/v2\/perspectives_cpt\/3017\/revisions"}],"wp:featuredmedia":[{"embeddable":true,"href":"https:\/\/www.ctf-fce.ca\/fr\/wp-json\/wp\/v2\/media\/1218"}],"wp:attachment":[{"href":"https:\/\/www.ctf-fce.ca\/fr\/wp-json\/wp\/v2\/media?parent=3017"}],"wp:term":[{"taxonomy":"categories_perspectives_cpt","embeddable":true,"href":"https:\/\/www.ctf-fce.ca\/fr\/wp-json\/wp\/v2\/categories_perspectives_cpt?post=3017"},{"taxonomy":"authors_perspectives_cpt","embeddable":true,"href":"https:\/\/www.ctf-fce.ca\/fr\/wp-json\/wp\/v2\/authors_perspectives_cpt?post=3017"}],"curies":[{"name":"wp","href":"https:\/\/api.w.org\/{rel}","templated":true}]}}