{"id":3049,"date":"2017-02-17T00:00:00","date_gmt":"2017-02-17T05:00:00","guid":{"rendered":"http:\/\/184.107.41.70\/~ctffce\/perspectives_cpt\/enseigner-aux-filles-dans-une-classe-branchee-une-collaboration-avec-lequality-project\/"},"modified":"2017-02-17T00:00:00","modified_gmt":"2017-02-17T05:00:00","slug":"enseigner-aux-filles-dans-une-classe-branchee-une-collaboration-avec-lequality-project","status":"publish","type":"perspectives_cpt","link":"https:\/\/www.ctf-fce.ca\/fr\/journal-education-publique\/enseigner-aux-filles-dans-une-classe-branchee-une-collaboration-avec-lequality-project\/","title":{"rendered":"Enseigner aux filles dans une classe branch\u00e9e&nbsp;:  une collaboration avec l\u2019eQuality Project"},"content":{"rendered":"<p>Si vous passez du temps avec les filles, vous savez qu\u2019elles sont de grandes adeptes des technologies sociales. Comparativement \u00e0 leurs camarades masculins, les adolescentes <a href=\"http:\/\/www.pewinternet.org\/2015\/04\/09\/teens-social-media-technology-2015\/\">dominent<\/a> dans les sites de m\u00e9dias sociaux populaires comme Instagram, Twitter et Snapchat. <a href=\"http:\/\/www.pewinternet.org\/2012\/03\/19\/teens-smartphones-texting\/\">Une \u00e9tude men\u00e9e en 2012<\/a> r\u00e9v\u00e8le que l\u2019adolescente ou adolescent moyen envoie environ 60 textos par jour, tandis que les adolescentes plus \u00e2g\u00e9es, elles, en envoient pr\u00e8s d\u2019une centaine. On peut affirmer sans craindre de se tromper que ces chiffres n\u2019ont fait qu\u2019augmenter au cours des cinq derni\u00e8res ann\u00e9es. Des \u00e9tudes r\u00e9centes font \u00e9galement observer que les filles sont plus susceptibles que les gar\u00e7ons d\u2019\u00eatre la cible de cyberattaques \u00e0 caract\u00e8re sexuel. Les jeunes handicap\u00e9s, allosexuels, autochtones et issus des minorit\u00e9s raciales sont aussi particuli\u00e8rement vuln\u00e9rables \u00e0 la cyberviolence. Que signifient ces r\u00e9alit\u00e9s pour les personnes qui enseignent dans une classe branch\u00e9e?<\/p>\n<div style=\"border-top: 1px solid #ffba0b;float: right; width: 33%; margin: 5px;background: transparent url(http:\/\/perspectives.ctf-fce.ca\/Documents\/Articles\/Issue22\/Graphics\/quote.gif) no-repeat scroll 95% 90%;\">\n<p style=\"display:block;font-size:1.2em; font-weight:normal; margin-left: 8px; padding-bottom:20px;border-bottom: 1px solid #ffba0b;\"><em>Forts de leur exp\u00e9rience, les enseignantes et enseignants comprennent les capacit\u00e9s des jeunes et les conflits auxquels ces derniers doivent faire face. De par leur r\u00f4le, ils guident les filles dans leurs exp\u00e9riences \u00e9ducatives et les aident \u00e0 reconna\u00eetre leur droit \u00e0 l\u2019\u00e9galit\u00e9 dans le monde num\u00e9rique. <\/em><\/p>\n<\/div>\n<p>Disons d\u2019abord que les membres du personnel enseignant et les filles, en particulier celles issues d\u2019une des communaut\u00e9s en qu\u00eate d\u2019\u00e9galit\u00e9 susmentionn\u00e9es, b\u00e9n\u00e9ficient d\u2019occasions d\u2019apprentissage r\u00e9ciproques en mati\u00e8re de communication, d\u2019\u00e9ducation et d\u2019harmonisation de la vie en ligne et hors ligne, ce que les jeunes arrivent si bien \u00e0 faire. Forts de leur exp\u00e9rience, les enseignantes et enseignants comprennent les capacit\u00e9s des jeunes et les conflits auxquels ces derniers doivent faire face. De par leur r\u00f4le, ils guident les filles dans leurs exp\u00e9riences \u00e9ducatives et les aident \u00e0 reconna\u00eetre leur droit \u00e0 l\u2019\u00e9galit\u00e9 dans le monde num\u00e9rique. De leur c\u00f4t\u00e9, les filles, avec leurs connaissances d\u2019expertes et leur exp\u00e9rience des communaut\u00e9s virtuelles, ont beaucoup \u00e0 apprendre aux enseignantes et enseignants, qui ne sont peut-\u00eatre pas toujours au fait des derni\u00e8res tendances et des pratiques en ligne des \u00e9l\u00e8ves.<\/p>\n<p>Ces derni\u00e8res ann\u00e9es, bon nombre de provinces et territoires du Canada ont modifi\u00e9 leurs lois, leurs r\u00e8glements et leurs politiques sur l\u2019\u00e9ducation afin d\u2019obliger explicitement les \u00e9coles et les conseils et commissions scolaires \u00e0 \u00e9laborer des pratiques et des principes directeurs visant \u00e0 offrir des milieux s\u00fbrs et inclusifs aux \u00e9l\u00e8ves de tous horizons, tout en encourageant l\u2019utilisation des technologies en salle de classe. De plus, dans un mouvement qui s\u2019\u00e9tendra probablement \u00e0 l\u2019ensemble du Canada, l\u2019Alberta, le Manitoba, le Nouveau-Brunswick, les Territoires du Nord-Ouest, la Nouvelle-\u00c9cosse, l\u2019Ontario et le Qu\u00e9bec ont adopt\u00e9 des <a href=\"https:\/\/papers.ssrn.com\/sol3\/papers.cfm?abstract_id=2841413\">dispositions l\u00e9gislatives<\/a> pr\u00e9cis\u00e9ment pour contrer la cyberintimidation. Dans certaines r\u00e9gions, les enseignantes et enseignants ont le pouvoir d\u2019intervenir en cas de cyberintimidation en dehors des heures de classe, si la situation en question a une incidence sur la culture et l\u2019environnement d\u2019apprentissage de l\u2019\u00e9cole. Par cons\u00e9quent, de nombreux membres du personnel enseignant se retrouvent en premi\u00e8re ligne \u00e0 montrer \u00e0 leurs \u00e9l\u00e8ves comment utiliser les nouvelles technologies, puis \u00e0 intervenir quand les choses tournent mal. <\/p>\n<p>Ces changements ont vu le jour en partie parce que le personnel enseignant est bien plac\u00e9 pour se pencher sur les relations l\u00e9gales et \u00e9thiques des jeunes avec les espaces num\u00e9riques. Les sp\u00e9cialistes de la cyberintimidation et de la cyberviolence ont reconnu <a href=\"https:\/\/press.uottawa.ca\/egirls-ecitizens.html?___store=uop_fr&amp;___from_store=uop_eng\">maintes<\/a> et <a href=\"http:\/\/antibullying.novascotia.ca\/sites\/default\/files\/French_Cyberbullying_Task_Force_Report.pdf\">maintes (PDF &#8211; 1,73&nbsp;Mo) <\/a> fois que les enseignantes et enseignants peuvent aider les filles \u00e0 \u00e9valuer les risques et les bienfaits des espaces num\u00e9riques. Afin de bien r\u00e9pondre aux besoins des filles, les enseignantes et enseignants doivent, d\u2019une part, nouer le dialogue avec des filles de toutes les communaut\u00e9s et les \u00e9couter pour mieux comprendre ce qu\u2019elles vivent en ligne et, d\u2019autre part, tenir compte de leurs points de vue en ce qui concerne les interventions p\u00e9dagogiques qu\u2019elles jugent susceptibles de r\u00e9ussir ou, au contraire, d\u2019\u00e9chouer.<\/p>\n<p>Parce qu\u2019ils peuvent apprendre de l\u2019exp\u00e9rience des filles et tirer parti du mat\u00e9riel de formation professionnelle continue ax\u00e9 sur les droits de la personne mis \u00e0 leur disposition, les enseignantes et enseignants sont bien plac\u00e9s pour sensibiliser les \u00e9l\u00e8ves \u00e0 la citoyennet\u00e9 num\u00e9rique et au droit \u00e9gal des filles de s\u2019investir dans ce monde num\u00e9rique qui est le n\u00f4tre.<\/p>\n<p style=\"float:left;margin-right:12px;\"><img decoding=\"async\" alt=\"\" style=\"width:100%;max-width:300px;\" src=\"\/Documents\/Articles\/Issue24\/Graphics\/equality-project.jpg\" \/><\/p>\n<p>Le dialogue en milieu scolaire sur ces questions ouvre toutes sortes de possibilit\u00e9s, dont celle de faire participer les filles \u00e0 l\u2019\u00e9laboration d\u2019outils \u00e9ducatifs fond\u00e9s sur leurs exp\u00e9riences, leurs besoins et leurs aspirations. Des \u00e9tudes men\u00e9es par l\u2019<a href=\"http:\/\/www.egirlsproject.ca\/\">eGirls Project<\/a> et l\u2019<a href=\"http:\/\/www.equalityproject.ca\/\">eQuality Project<\/a> montrent que les filles ont con\u00e7u des outils pour savoir reconna\u00eetre les interactions probl\u00e9matiques en ligne et les g\u00e9rer. Les exp\u00e9riences que les filles vivent dans les communaut\u00e9s en ligne constituent une ressource largement inexploit\u00e9e pour les enseignantes et enseignants qui veulent aider les jeunes \u00e0 am\u00e9liorer leurs comp\u00e9tences civiques dans le monde num\u00e9rique.<\/p>\n<p>Heureusement, les membres du personnel enseignant ont aussi acc\u00e8s \u00e0 un nombre grandissant d\u2019outils p\u00e9dagogiques et de principes directeurs \u00e9labor\u00e9s par des organisations comme la <a href=\"http:\/\/www.ctf-fce.ca\/fr\/Pages\/Issues\/Cyberintimidation.aspx\">F\u00e9d\u00e9ration canadienne des enseignantes et des enseignants<\/a> et <a href=\"http:\/\/habilomedias.ca\/\">HabiloM\u00e9dias<\/a>, qui traitent de cyberintimidation, fournissent des cadres de litt\u00e9ratie num\u00e9rique et offrent des lignes directrices au personnel concernant l\u2019utilisation des m\u00e9dias sociaux en salle de classe. Malgr\u00e9 tout, il n\u2019est pas toujours facile de parler de cyberviolence et des formes de discrimination \u2014 racisme, sexisme, homophobie\u2026 \u2014, souvent \u00e0 la base de cette violence. Un examen des causes profondes plut\u00f4t qu\u2019une approche strictement r\u00e9active ou punitive en r\u00e9ponse \u00e0 des situations particuli\u00e8res est une t\u00e2che n\u00e9cessaire mais difficile qui peut \u00eatre facilit\u00e9e par une collaboration multisectorielle. Et c\u2019est exactement cette sorte de collaboration que l\u2019<a href=\"http:\/\/www.equalityproject.ca\/\">eQuality Project<\/a> cherche \u00e0 encourager.<\/p>\n<p>L\u2019eQuality Project est un projet de partenariat financ\u00e9 par le Conseil de recherches en sciences humaines qui r\u00e9unit des universitaires, des enseignantes et enseignants, des responsables des politiques, des organisations \u00e0 but non lucratif et des jeunes. Ensemble, ces personnes cherchent \u00e0 comprendre comment assurer l\u2019\u00e9galit\u00e9 en ligne aux jeunes Canadiens et Canadiennes. Elles \u00e9tudient pour ce faire des questions comme la cyberviolence et les fa\u00e7ons dont l\u2019am\u00e9nagement g\u00e9n\u00e9ral de l\u2019environnement num\u00e9rique fa\u00e7onne les interactions entre les personnes et, dans certains cas, les place en situation de conflit. Fond\u00e9 sur la collaboration, ce projet a pour but d\u2019\u00e9laborer des ressources et de mettre en place des pratiques exemplaires \u00e0 la lumi\u00e8re de l\u2019expertise d\u2019enseignantes et enseignants et d\u2019\u00e9l\u00e8ves qui examinent la citoyennet\u00e9 num\u00e9rique sous l\u2019angle des droits de la personne. Des activit\u00e9s sont destin\u00e9es aux enseignantes et enseignants, aux responsables des politiques, aux organismes gouvernementaux et aux organisations priv\u00e9es, par exemple l\u2019atelier <a href=\"http:\/\/www.equalityproject.ca\/blog-and-news\/news-archive\/\">Privacy Implications in the Networked Classroom<\/a>, offert par l\u2019Alberta Teachers\u2019 Association, partenaire du projet, gr\u00e2ce au soutien du Big Data Project et de l\u2019Office of the Information and Privacy Commissioner of Alberta.<\/p>\n<p>Pour de plus amples renseignements sur les possibilit\u00e9s de recherche, les ateliers et les occasions de participation, nous vous invitons \u00e0 consulter le <a href=\"http:\/\/www.equalityproject.ca\/\">site Web<\/a> de l\u2019eQuality Project, \u00e0 vous inscrire \u00e0 notre liste de diffusion ou \u00e0 nous suivre sur Twitter @eQuality_ca.<\/p>\n<hr style=\"border:0; width: 33%; color: #c8c8c8; background-color: #c8c8c8; height: 1px; margin-top:15px;\" align=\"left\" \/>\n<p>Note de la r\u00e9daction&nbsp;: La F\u00e9d\u00e9ration canadienne des enseignantes et des enseignants est fi\u00e8re d\u2019appuyer l\u2019eQuality Project par des activit\u00e9s de recherche, d\u2019analyse et de communication.<\/p>\n","protected":false},"excerpt":{"rendered":"<p>Les enseignantes et enseignants sont bien plac\u00e9s pour sensibiliser les \u00e9l\u00e8ves \u00e0 la citoyennet\u00e9 num\u00e9rique et, plus particuli\u00e8rement, au droit \u00e9gal des filles de s\u2019investir dans le monde num\u00e9rique. Voyez ce qu\u2019il est possible de faire\u2026<\/p>\n","protected":false},"author":1,"featured_media":1235,"menu_order":0,"comment_status":"closed","ping_status":"open","template":"","format":"standard","meta":{"_acf_changed":false,"advgb_blocks_editor_width":"","advgb_blocks_columns_visual_guide":"","footnotes":""},"categories_perspectives_cpt":[503,502],"authors_perspectives_cpt":[426],"class_list":["post-3049","perspectives_cpt","type-perspectives_cpt","status-publish","format-standard","has-post-thumbnail","hentry","categories_perspectives_cpt-droits-de-la-personne","categories_perspectives_cpt-equite-entre-les-genres","authors_perspectives_cpt-suzie-dunn-fr"],"acf":[],"yoast_head":"<!-- This site is optimized with the Yoast SEO plugin v27.4 - https:\/\/yoast.com\/product\/yoast-seo-wordpress\/ -->\n<title>Enseigner aux filles dans une classe branch\u00e9e&nbsp;: une collaboration avec l\u2019eQuality Project<\/title>\n<meta name=\"description\" content=\"Les enseignantes et enseignants sont bien plac\u00e9s pour sensibiliser les \u00e9l\u00e8ves \u00e0 la citoyennet\u00e9 num\u00e9rique et, plus particuli\u00e8rement, au droit \u00e9gal des filles de s\u2019investir dans le monde num\u00e9rique. Voyez ce qu\u2019il est possible de faire\u2026\" \/>\n<meta name=\"robots\" content=\"index, follow, max-snippet:-1, max-image-preview:large, max-video-preview:-1\" \/>\n<link rel=\"canonical\" href=\"https:\/\/www.ctf-fce.ca\/fr\/journal-education-publique\/enseigner-aux-filles-dans-une-classe-branchee-une-collaboration-avec-lequality-project\/\" \/>\n<meta property=\"og:locale\" content=\"fr_FR\" \/>\n<meta property=\"og:type\" content=\"article\" \/>\n<meta property=\"og:title\" content=\"Enseigner aux filles dans une classe branch\u00e9e&nbsp;: une collaboration avec l\u2019eQuality Project\" \/>\n<meta property=\"og:description\" content=\"Les enseignantes et enseignants sont bien plac\u00e9s pour sensibiliser les \u00e9l\u00e8ves \u00e0 la citoyennet\u00e9 num\u00e9rique et, plus particuli\u00e8rement, au droit \u00e9gal des filles de s\u2019investir dans le monde num\u00e9rique. Voyez ce qu\u2019il est possible de faire\u2026\" \/>\n<meta property=\"og:url\" content=\"https:\/\/www.ctf-fce.ca\/fr\/journal-education-publique\/enseigner-aux-filles-dans-une-classe-branchee-une-collaboration-avec-lequality-project\/\" \/>\n<meta property=\"og:site_name\" content=\"CTF-FCE\" \/>\n<meta property=\"article:publisher\" content=\"https:\/\/www.facebook.com\/CTF.FCE\/\" \/>\n<meta property=\"og:image\" content=\"https:\/\/www.ctf-fce.ca\/wp-content\/uploads\/2020\/02\/article5.jpg\" \/>\n\t<meta property=\"og:image:width\" content=\"800\" \/>\n\t<meta property=\"og:image:height\" content=\"500\" \/>\n\t<meta property=\"og:image:type\" content=\"image\/jpeg\" \/>\n<meta name=\"twitter:card\" content=\"summary_large_image\" \/>\n<meta name=\"twitter:title\" content=\"Enseigner aux filles dans une classe branch\u00e9e&nbsp;: une collaboration avec l\u2019eQuality Project\" \/>\n<meta name=\"twitter:description\" content=\"Les enseignantes et enseignants sont bien plac\u00e9s pour sensibiliser les \u00e9l\u00e8ves \u00e0 la citoyennet\u00e9 num\u00e9rique et, plus particuli\u00e8rement, au droit \u00e9gal des filles de s\u2019investir dans le monde num\u00e9rique. Voyez ce qu\u2019il est possible de faire\u2026\" \/>\n<meta name=\"twitter:site\" content=\"@CTFFCE\" \/>\n<meta name=\"twitter:label1\" content=\"Dur\u00e9e de lecture estim\u00e9e\" \/>\n\t<meta name=\"twitter:data1\" content=\"7 minutes\" \/>\n<script type=\"application\/ld+json\" class=\"yoast-schema-graph\">{\"@context\":\"https:\\\/\\\/schema.org\",\"@graph\":[{\"@type\":\"WebPage\",\"@id\":\"https:\\\/\\\/www.ctf-fce.ca\\\/fr\\\/journal-education-publique\\\/enseigner-aux-filles-dans-une-classe-branchee-une-collaboration-avec-lequality-project\\\/\",\"url\":\"https:\\\/\\\/www.ctf-fce.ca\\\/fr\\\/journal-education-publique\\\/enseigner-aux-filles-dans-une-classe-branchee-une-collaboration-avec-lequality-project\\\/\",\"name\":\"Enseigner aux filles dans une classe branch\u00e9e&nbsp;: une collaboration avec l\u2019eQuality Project\",\"isPartOf\":{\"@id\":\"https:\\\/\\\/www.ctf-fce.ca\\\/fr\\\/#website\"},\"primaryImageOfPage\":{\"@id\":\"https:\\\/\\\/www.ctf-fce.ca\\\/fr\\\/journal-education-publique\\\/enseigner-aux-filles-dans-une-classe-branchee-une-collaboration-avec-lequality-project\\\/#primaryimage\"},\"image\":{\"@id\":\"https:\\\/\\\/www.ctf-fce.ca\\\/fr\\\/journal-education-publique\\\/enseigner-aux-filles-dans-une-classe-branchee-une-collaboration-avec-lequality-project\\\/#primaryimage\"},\"thumbnailUrl\":\"https:\\\/\\\/www.ctf-fce.ca\\\/wp-content\\\/uploads\\\/2020\\\/02\\\/article5.jpg\",\"datePublished\":\"2017-02-17T05:00:00+00:00\",\"description\":\"Les enseignantes et enseignants sont bien plac\u00e9s pour sensibiliser les \u00e9l\u00e8ves \u00e0 la citoyennet\u00e9 num\u00e9rique et, plus particuli\u00e8rement, au droit \u00e9gal des filles de s\u2019investir dans le monde num\u00e9rique. Voyez ce qu\u2019il est possible de faire\u2026\",\"breadcrumb\":{\"@id\":\"https:\\\/\\\/www.ctf-fce.ca\\\/fr\\\/journal-education-publique\\\/enseigner-aux-filles-dans-une-classe-branchee-une-collaboration-avec-lequality-project\\\/#breadcrumb\"},\"inLanguage\":\"fr-FR\",\"potentialAction\":[{\"@type\":\"ReadAction\",\"target\":[\"https:\\\/\\\/www.ctf-fce.ca\\\/fr\\\/journal-education-publique\\\/enseigner-aux-filles-dans-une-classe-branchee-une-collaboration-avec-lequality-project\\\/\"]}]},{\"@type\":\"ImageObject\",\"inLanguage\":\"fr-FR\",\"@id\":\"https:\\\/\\\/www.ctf-fce.ca\\\/fr\\\/journal-education-publique\\\/enseigner-aux-filles-dans-une-classe-branchee-une-collaboration-avec-lequality-project\\\/#primaryimage\",\"url\":\"https:\\\/\\\/www.ctf-fce.ca\\\/wp-content\\\/uploads\\\/2020\\\/02\\\/article5.jpg\",\"contentUrl\":\"https:\\\/\\\/www.ctf-fce.ca\\\/wp-content\\\/uploads\\\/2020\\\/02\\\/article5.jpg\",\"width\":800,\"height\":500,\"caption\":\"Les participantes et participants du Projet outre-mer de&nbsp;1967 s\u2019appr\u00eatant \u00e0 prendre l\u2019avion vers leur pays d\u2019affectation.\"},{\"@type\":\"BreadcrumbList\",\"@id\":\"https:\\\/\\\/www.ctf-fce.ca\\\/fr\\\/journal-education-publique\\\/enseigner-aux-filles-dans-une-classe-branchee-une-collaboration-avec-lequality-project\\\/#breadcrumb\",\"itemListElement\":[{\"@type\":\"ListItem\",\"position\":1,\"name\":\"Accueil\",\"item\":\"https:\\\/\\\/www.ctf-fce.ca\\\/fr\\\/\"},{\"@type\":\"ListItem\",\"position\":2,\"name\":\"Journal de l\u2019\u00e9ducation publique\",\"item\":\"https:\\\/\\\/www.ctf-fce.ca\\\/fr\\\/journal-education-publique\\\/\"},{\"@type\":\"ListItem\",\"position\":3,\"name\":\"Enseigner aux filles dans une classe branch\u00e9e&nbsp;: une collaboration avec l\u2019eQuality Project\"}]},{\"@type\":\"WebSite\",\"@id\":\"https:\\\/\\\/www.ctf-fce.ca\\\/fr\\\/#website\",\"url\":\"https:\\\/\\\/www.ctf-fce.ca\\\/fr\\\/\",\"name\":\"CTF-FCE\",\"description\":\"\",\"publisher\":{\"@id\":\"https:\\\/\\\/www.ctf-fce.ca\\\/fr\\\/#organization\"},\"potentialAction\":[{\"@type\":\"SearchAction\",\"target\":{\"@type\":\"EntryPoint\",\"urlTemplate\":\"https:\\\/\\\/www.ctf-fce.ca\\\/fr\\\/?s={search_term_string}\"},\"query-input\":{\"@type\":\"PropertyValueSpecification\",\"valueRequired\":true,\"valueName\":\"search_term_string\"}}],\"inLanguage\":\"fr-FR\"},{\"@type\":\"Organization\",\"@id\":\"https:\\\/\\\/www.ctf-fce.ca\\\/fr\\\/#organization\",\"name\":\"CTF-FCE\",\"url\":\"https:\\\/\\\/www.ctf-fce.ca\\\/fr\\\/\",\"logo\":{\"@type\":\"ImageObject\",\"inLanguage\":\"fr-FR\",\"@id\":\"https:\\\/\\\/www.ctf-fce.ca\\\/fr\\\/#\\\/schema\\\/logo\\\/image\\\/\",\"url\":\"https:\\\/\\\/www.ctf-fce.ca\\\/wp-content\\\/uploads\\\/2020\\\/01\\\/ctf-fce-logo@2x.png\",\"contentUrl\":\"https:\\\/\\\/www.ctf-fce.ca\\\/wp-content\\\/uploads\\\/2020\\\/01\\\/ctf-fce-logo@2x.png\",\"width\":485,\"height\":146,\"caption\":\"CTF-FCE\"},\"image\":{\"@id\":\"https:\\\/\\\/www.ctf-fce.ca\\\/fr\\\/#\\\/schema\\\/logo\\\/image\\\/\"},\"sameAs\":[\"https:\\\/\\\/www.facebook.com\\\/CTF.FCE\\\/\",\"https:\\\/\\\/x.com\\\/CTFFCE\",\"https:\\\/\\\/www.instagram.com\\\/ctffce\\\/\",\"https:\\\/\\\/www.linkedin.com\\\/company\\\/canadian-teachers'\u200b-federation---f\u00e9d.-canadienne-des-enseignantes-et-des-enseignants\\\/\",\"https:\\\/\\\/www.youtube.com\\\/user\\\/canadianteachers\"]}]}<\/script>\n<!-- \/ Yoast SEO plugin. -->","yoast_head_json":{"title":"Enseigner aux filles dans une classe branch\u00e9e&nbsp;: une collaboration avec l\u2019eQuality Project","description":"Les enseignantes et enseignants sont bien plac\u00e9s pour sensibiliser les \u00e9l\u00e8ves \u00e0 la citoyennet\u00e9 num\u00e9rique et, plus particuli\u00e8rement, au droit \u00e9gal des filles de s\u2019investir dans le monde num\u00e9rique. Voyez ce qu\u2019il est possible de faire\u2026","robots":{"index":"index","follow":"follow","max-snippet":"max-snippet:-1","max-image-preview":"max-image-preview:large","max-video-preview":"max-video-preview:-1"},"canonical":"https:\/\/www.ctf-fce.ca\/fr\/journal-education-publique\/enseigner-aux-filles-dans-une-classe-branchee-une-collaboration-avec-lequality-project\/","og_locale":"fr_FR","og_type":"article","og_title":"Enseigner aux filles dans une classe branch\u00e9e&nbsp;: une collaboration avec l\u2019eQuality Project","og_description":"Les enseignantes et enseignants sont bien plac\u00e9s pour sensibiliser les \u00e9l\u00e8ves \u00e0 la citoyennet\u00e9 num\u00e9rique et, plus particuli\u00e8rement, au droit \u00e9gal des filles de s\u2019investir dans le monde num\u00e9rique. Voyez ce qu\u2019il est possible de faire\u2026","og_url":"https:\/\/www.ctf-fce.ca\/fr\/journal-education-publique\/enseigner-aux-filles-dans-une-classe-branchee-une-collaboration-avec-lequality-project\/","og_site_name":"CTF-FCE","article_publisher":"https:\/\/www.facebook.com\/CTF.FCE\/","og_image":[{"width":800,"height":500,"url":"https:\/\/www.ctf-fce.ca\/wp-content\/uploads\/2020\/02\/article5.jpg","type":"image\/jpeg"}],"twitter_card":"summary_large_image","twitter_title":"Enseigner aux filles dans une classe branch\u00e9e&nbsp;: une collaboration avec l\u2019eQuality Project","twitter_description":"Les enseignantes et enseignants sont bien plac\u00e9s pour sensibiliser les \u00e9l\u00e8ves \u00e0 la citoyennet\u00e9 num\u00e9rique et, plus particuli\u00e8rement, au droit \u00e9gal des filles de s\u2019investir dans le monde num\u00e9rique. Voyez ce qu\u2019il est possible de faire\u2026","twitter_site":"@CTFFCE","twitter_misc":{"Dur\u00e9e de lecture estim\u00e9e":"7 minutes"},"schema":{"@context":"https:\/\/schema.org","@graph":[{"@type":"WebPage","@id":"https:\/\/www.ctf-fce.ca\/fr\/journal-education-publique\/enseigner-aux-filles-dans-une-classe-branchee-une-collaboration-avec-lequality-project\/","url":"https:\/\/www.ctf-fce.ca\/fr\/journal-education-publique\/enseigner-aux-filles-dans-une-classe-branchee-une-collaboration-avec-lequality-project\/","name":"Enseigner aux filles dans une classe branch\u00e9e&nbsp;: une collaboration avec l\u2019eQuality Project","isPartOf":{"@id":"https:\/\/www.ctf-fce.ca\/fr\/#website"},"primaryImageOfPage":{"@id":"https:\/\/www.ctf-fce.ca\/fr\/journal-education-publique\/enseigner-aux-filles-dans-une-classe-branchee-une-collaboration-avec-lequality-project\/#primaryimage"},"image":{"@id":"https:\/\/www.ctf-fce.ca\/fr\/journal-education-publique\/enseigner-aux-filles-dans-une-classe-branchee-une-collaboration-avec-lequality-project\/#primaryimage"},"thumbnailUrl":"https:\/\/www.ctf-fce.ca\/wp-content\/uploads\/2020\/02\/article5.jpg","datePublished":"2017-02-17T05:00:00+00:00","description":"Les enseignantes et enseignants sont bien plac\u00e9s pour sensibiliser les \u00e9l\u00e8ves \u00e0 la citoyennet\u00e9 num\u00e9rique et, plus particuli\u00e8rement, au droit \u00e9gal des filles de s\u2019investir dans le monde num\u00e9rique. Voyez ce qu\u2019il est possible de faire\u2026","breadcrumb":{"@id":"https:\/\/www.ctf-fce.ca\/fr\/journal-education-publique\/enseigner-aux-filles-dans-une-classe-branchee-une-collaboration-avec-lequality-project\/#breadcrumb"},"inLanguage":"fr-FR","potentialAction":[{"@type":"ReadAction","target":["https:\/\/www.ctf-fce.ca\/fr\/journal-education-publique\/enseigner-aux-filles-dans-une-classe-branchee-une-collaboration-avec-lequality-project\/"]}]},{"@type":"ImageObject","inLanguage":"fr-FR","@id":"https:\/\/www.ctf-fce.ca\/fr\/journal-education-publique\/enseigner-aux-filles-dans-une-classe-branchee-une-collaboration-avec-lequality-project\/#primaryimage","url":"https:\/\/www.ctf-fce.ca\/wp-content\/uploads\/2020\/02\/article5.jpg","contentUrl":"https:\/\/www.ctf-fce.ca\/wp-content\/uploads\/2020\/02\/article5.jpg","width":800,"height":500,"caption":"Les participantes et participants du Projet outre-mer de&nbsp;1967 s\u2019appr\u00eatant \u00e0 prendre l\u2019avion vers leur pays d\u2019affectation."},{"@type":"BreadcrumbList","@id":"https:\/\/www.ctf-fce.ca\/fr\/journal-education-publique\/enseigner-aux-filles-dans-une-classe-branchee-une-collaboration-avec-lequality-project\/#breadcrumb","itemListElement":[{"@type":"ListItem","position":1,"name":"Accueil","item":"https:\/\/www.ctf-fce.ca\/fr\/"},{"@type":"ListItem","position":2,"name":"Journal de l\u2019\u00e9ducation publique","item":"https:\/\/www.ctf-fce.ca\/fr\/journal-education-publique\/"},{"@type":"ListItem","position":3,"name":"Enseigner aux filles dans une classe branch\u00e9e&nbsp;: une collaboration avec l\u2019eQuality Project"}]},{"@type":"WebSite","@id":"https:\/\/www.ctf-fce.ca\/fr\/#website","url":"https:\/\/www.ctf-fce.ca\/fr\/","name":"CTF-FCE","description":"","publisher":{"@id":"https:\/\/www.ctf-fce.ca\/fr\/#organization"},"potentialAction":[{"@type":"SearchAction","target":{"@type":"EntryPoint","urlTemplate":"https:\/\/www.ctf-fce.ca\/fr\/?s={search_term_string}"},"query-input":{"@type":"PropertyValueSpecification","valueRequired":true,"valueName":"search_term_string"}}],"inLanguage":"fr-FR"},{"@type":"Organization","@id":"https:\/\/www.ctf-fce.ca\/fr\/#organization","name":"CTF-FCE","url":"https:\/\/www.ctf-fce.ca\/fr\/","logo":{"@type":"ImageObject","inLanguage":"fr-FR","@id":"https:\/\/www.ctf-fce.ca\/fr\/#\/schema\/logo\/image\/","url":"https:\/\/www.ctf-fce.ca\/wp-content\/uploads\/2020\/01\/ctf-fce-logo@2x.png","contentUrl":"https:\/\/www.ctf-fce.ca\/wp-content\/uploads\/2020\/01\/ctf-fce-logo@2x.png","width":485,"height":146,"caption":"CTF-FCE"},"image":{"@id":"https:\/\/www.ctf-fce.ca\/fr\/#\/schema\/logo\/image\/"},"sameAs":["https:\/\/www.facebook.com\/CTF.FCE\/","https:\/\/x.com\/CTFFCE","https:\/\/www.instagram.com\/ctffce\/","https:\/\/www.linkedin.com\/company\/canadian-teachers'\u200b-federation---f\u00e9d.-canadienne-des-enseignantes-et-des-enseignants\/","https:\/\/www.youtube.com\/user\/canadianteachers"]}]}},"featured_img":"https:\/\/www.ctf-fce.ca\/wp-content\/uploads\/2020\/02\/article5.jpg","coauthors":[],"author_meta":{"author_link":"https:\/\/www.ctf-fce.ca\/fr\/author\/contactkeshocommunications-ca\/","display_name":"contact@keshocommunications.ca"},"relative_dates":{"created":"Publi\u00e9 9 ans il y a","modified":"Mis \u00e0 jour 9 ans il y a"},"absolute_dates":{"created":"Publi\u00e9 le 17 f\u00e9vrier 2017","modified":"Mise \u00e0 jour le 17 f\u00e9vrier 2017"},"absolute_dates_time":{"created":"Publi\u00e9 le 17 f\u00e9vrier 2017 0h00","modified":"Mise \u00e0 jour le 17 f\u00e9vrier 2017 0h00"},"featured_img_caption":"Les participantes et participants du Projet outre-mer de&nbsp;1967 s\u2019appr\u00eatant \u00e0 prendre l\u2019avion vers leur pays d\u2019affectation.","tax_additional":{"categories_perspectives_cpt":{"linked":["<a href=\"https:\/\/www.ctf-fce.ca\/fr\/categories\/droits-de-la-personne\/\" class=\"advgb-post-tax-term\">Droits de la personne<\/a>","<a href=\"https:\/\/www.ctf-fce.ca\/fr\/categories\/equite-entre-les-genres\/\" class=\"advgb-post-tax-term\">\u00c9quit\u00e9 entre les genres<\/a>"],"unlinked":["<span class=\"advgb-post-tax-term\">Droits de la personne<\/span>","<span class=\"advgb-post-tax-term\">\u00c9quit\u00e9 entre les genres<\/span>"],"slug":"categories_perspectives_cpt","name":"Cat\u00e9gories"},"authors_perspectives_cpt":{"linked":["<a href=\"https:\/\/www.ctf-fce.ca\/fr\/auteurs\/suzie-dunn-fr\/\" class=\"advgb-post-tax-term\">Suzie Dunn<\/a>"],"unlinked":["<span class=\"advgb-post-tax-term\">Suzie Dunn<\/span>"],"slug":"authors_perspectives_cpt","name":"Auteures et auteurs"},"translation_priority":{"linked":["<a href=\"https:\/\/www.ctf-fce.ca\/fr\/?taxonomy=translation_priority&#038;term=facultatif\" class=\"advgb-post-tax-term\">Facultatif<\/a>"],"unlinked":["<span class=\"advgb-post-tax-term\">Facultatif<\/span>"],"slug":"translation_priority","name":"Priorit\u00e9s de traduction"}},"series_order":"","_links":{"self":[{"href":"https:\/\/www.ctf-fce.ca\/fr\/wp-json\/wp\/v2\/perspectives_cpt\/3049","targetHints":{"allow":["GET"]}}],"collection":[{"href":"https:\/\/www.ctf-fce.ca\/fr\/wp-json\/wp\/v2\/perspectives_cpt"}],"about":[{"href":"https:\/\/www.ctf-fce.ca\/fr\/wp-json\/wp\/v2\/types\/perspectives_cpt"}],"author":[{"embeddable":true,"href":"https:\/\/www.ctf-fce.ca\/fr\/wp-json\/wp\/v2\/users\/1"}],"replies":[{"embeddable":true,"href":"https:\/\/www.ctf-fce.ca\/fr\/wp-json\/wp\/v2\/comments?post=3049"}],"version-history":[{"count":0,"href":"https:\/\/www.ctf-fce.ca\/fr\/wp-json\/wp\/v2\/perspectives_cpt\/3049\/revisions"}],"wp:featuredmedia":[{"embeddable":true,"href":"https:\/\/www.ctf-fce.ca\/fr\/wp-json\/wp\/v2\/media\/1235"}],"wp:attachment":[{"href":"https:\/\/www.ctf-fce.ca\/fr\/wp-json\/wp\/v2\/media?parent=3049"}],"wp:term":[{"taxonomy":"categories_perspectives_cpt","embeddable":true,"href":"https:\/\/www.ctf-fce.ca\/fr\/wp-json\/wp\/v2\/categories_perspectives_cpt?post=3049"},{"taxonomy":"authors_perspectives_cpt","embeddable":true,"href":"https:\/\/www.ctf-fce.ca\/fr\/wp-json\/wp\/v2\/authors_perspectives_cpt?post=3049"}],"curies":[{"name":"wp","href":"https:\/\/api.w.org\/{rel}","templated":true}]}}