{"id":3052,"date":"2017-02-17T00:00:00","date_gmt":"2017-02-17T05:00:00","guid":{"rendered":"http:\/\/184.107.41.70\/~ctffce\/perspectives_cpt\/une-courtepointe-pour-toi\/"},"modified":"2017-02-17T00:00:00","modified_gmt":"2017-02-17T05:00:00","slug":"une-courtepointe-pour-toi","status":"publish","type":"perspectives_cpt","link":"https:\/\/www.ctf-fce.ca\/fr\/journal-education-publique\/une-courtepointe-pour-toi\/","title":{"rendered":"\u00ab Une courtepointe pour toi \u00bb"},"content":{"rendered":"<p>L\u2019\u00e9ducation \u00e0 l\u2019\u00e9galit\u00e9 et au respect entre filles et gar\u00e7ons fait partie int\u00e9grante de notre m\u00e9tier. Nous nous devons de transmettre des valeurs d\u2019\u00e9galit\u00e9 et de respect entre les filles et les gar\u00e7ons, les femmes et les hommes \u00e0 tout moment de la journ\u00e9e, car malheureusement, encore aujourd\u2019hui, des in\u00e9galit\u00e9s de traitement, de r\u00e9ussite scolaire, d\u2019orientation et de carri\u00e8re professionnelle demeurent bien r\u00e9elles entre filles et gar\u00e7ons.<\/p>\n<p>Les enseignantes et enseignants doivent donc lutter contre les pr\u00e9jug\u00e9s et les st\u00e9r\u00e9otypes ancr\u00e9s dans la soci\u00e9t\u00e9. L\u2019\u00e9cole, et par extension la salle de classe, peuvent \u00eatre per\u00e7ues comme des microsoci\u00e9t\u00e9s qui refl\u00e8tent le monde dans lequel nous vivons. Chaque enfant et chaque enseignante et enseignant arrive \u00e0 l\u2019\u00e9cole avec une culture premi\u00e8re et des valeurs propres \u00e0 chaque famille. Le but est d\u2019arriver \u00e0 vivre en harmonie et de r\u00e9aliser que tout le monde se compl\u00e8te.<\/p>\n<p>Je me souviens particuli\u00e8rement d\u2019un \u00e9l\u00e8ve dans ma classe de maternelle. Il avait cinq ans et voulait pr\u00e9senter sa nouvelle passion devant toute la classe dans le cadre d\u2019une activit\u00e9 que je nommais \u00ab&nbsp;montre et raconte&nbsp;\u00bb. Cet enfant \u00e9crivait son nom tous les jours sur le tableau pour avoir le droit \u00e0 la parole. Cependant, lorsque le moment de sa pr\u00e9sentation arrivait, il trouvait toujours quelque chose d\u2019autre \u00e0 pr\u00e9senter. Il n\u2019osait pas nous montrer ce qu\u2019il gardait secr\u00e8tement dans sa poche\u2026<\/p>\n<p>Un jour pourtant, il d\u00e9cida qu\u2019il \u00e9tait temps de montrer son tr\u00e9sor. C\u2019est avec fiert\u00e9 qu\u2019il pr\u00e9senta des morceaux de tissu. La r\u00e9action quelque peu n\u00e9gative de ses camarades de classe fut imm\u00e9diate. Ils et elles ne voulaient pas entendre parler de chiffons\u2026 C\u2019est \u00e0 cet instant que l\u2019enseignante ou l\u2019enseignant joue un r\u00f4le important de <em>leader<\/em>. Les enfants connaissaient mon go\u00fbt pour les travaux manuels et la couture. Alors, j\u2019ai commenc\u00e9 \u00e0 lui poser des questions sur ces fameux morceaux de tissu. \u00c0 quoi servaient-ils? Puis, des mains se sont lev\u00e9es et les enfants aussi commenc\u00e8rent \u00e0 s\u2019int\u00e9resser au sujet. \u00ab&nbsp;Pourquoi as-tu emmen\u00e9 ces morceaux de tissu?&nbsp;\u00bb, demanda un \u00e9l\u00e8ve. L\u2019enfant interrog\u00e9 me regarda et me dit&nbsp;: \u00ab&nbsp;C\u2019est pour toi. Je fais une couverture pour toi!&nbsp;\u00bb <\/p>\n<p>Ce petit gar\u00e7on de cinq ans, bient\u00f4t six, m\u2019a appris une le\u00e7on, ainsi qu\u2019\u00e0 tous les autres enfants de la classe. Il n\u2019existe pas d\u2019activit\u00e9 ou de passion uniquement pour les filles ou pour les gar\u00e7ons. Chacun doit suivre ses passions. \u00c0 partir de cette simple activit\u00e9, tous les enfants de cette classe partageaient un profond respect de toutes et de tous. Nous n\u2019\u00e9tions plus des filles et des gar\u00e7ons, mais un groupe, une unit\u00e9 qui ne peut pas se diviser.<\/p>\n<p>La meilleure chose \u00e0 faire dans nos salles de classe est d\u2019\u00e9couter et d\u2019observer nos \u00e9l\u00e8ves non pas pour les changer, mais pour leur montrer d\u2019autres fa\u00e7ons de voir les choses et leur laisser le choix. Nous, enseignantes et enseignants, ouvrons des possibilit\u00e9s vers l\u2019\u00e9galit\u00e9 des sexes dans nos salles de classe. Cela fera certainement boule de neige dans la soci\u00e9t\u00e9.<\/p>\n<hr style=\"border:0; width: 33%; color: #c8c8c8; background-color: #c8c8c8; height: 1px; margin-top:15px;clear:right;\" align=\"left\">\n<p style=\"font-size:85%;color:#808080;\">Note : Le pr\u00e9sent article est reproduit tel qu\u2019il nous a \u00e9t\u00e9 fourni.<\/p>\n","protected":false},"excerpt":{"rendered":"<p>Une enseignante nous fait part d\u2019une exp\u00e9rience personnelle qui nous rappelle l\u2019importance de promouvoir l\u2019\u00e9galit\u00e9 entre les sexes dans nos salles de classe.<\/p>\n","protected":false},"author":1,"featured_media":1279,"menu_order":0,"comment_status":"closed","ping_status":"open","template":"","format":"standard","meta":{"_acf_changed":false,"advgb_blocks_editor_width":"","advgb_blocks_columns_visual_guide":"","footnotes":""},"categories_perspectives_cpt":[502],"authors_perspectives_cpt":[427],"class_list":["post-3052","perspectives_cpt","type-perspectives_cpt","status-publish","format-standard","has-post-thumbnail","hentry","categories_perspectives_cpt-equite-entre-les-genres","authors_perspectives_cpt-natacha-roudeix-fr"],"acf":[],"yoast_head":"<!-- This site is optimized with the Yoast SEO plugin v27.4 - https:\/\/yoast.com\/product\/yoast-seo-wordpress\/ -->\n<title>\u00ab Une courtepointe pour toi \u00bb<\/title>\n<meta name=\"description\" content=\"Une enseignante nous fait part d\u2019une exp\u00e9rience personnelle qui nous rappelle l\u2019importance de promouvoir l\u2019\u00e9galit\u00e9 entre les sexes dans nos salles de classe.\" \/>\n<meta name=\"robots\" content=\"index, follow, max-snippet:-1, max-image-preview:large, max-video-preview:-1\" \/>\n<link rel=\"canonical\" href=\"https:\/\/www.ctf-fce.ca\/fr\/journal-education-publique\/une-courtepointe-pour-toi\/\" \/>\n<meta property=\"og:locale\" content=\"fr_FR\" \/>\n<meta property=\"og:type\" content=\"article\" \/>\n<meta property=\"og:title\" content=\"\u00ab Une courtepointe pour toi \u00bb\" \/>\n<meta property=\"og:description\" content=\"Une enseignante nous fait part d\u2019une exp\u00e9rience personnelle qui nous rappelle l\u2019importance de promouvoir l\u2019\u00e9galit\u00e9 entre les sexes dans nos salles de classe.\" \/>\n<meta property=\"og:url\" content=\"https:\/\/www.ctf-fce.ca\/fr\/journal-education-publique\/une-courtepointe-pour-toi\/\" \/>\n<meta property=\"og:site_name\" content=\"CTF-FCE\" \/>\n<meta property=\"article:publisher\" content=\"https:\/\/www.facebook.com\/CTF.FCE\/\" \/>\n<meta property=\"og:image\" content=\"https:\/\/www.ctf-fce.ca\/wp-content\/uploads\/2020\/02\/article-8.jpg\" \/>\n\t<meta property=\"og:image:width\" content=\"800\" \/>\n\t<meta property=\"og:image:height\" content=\"500\" \/>\n\t<meta property=\"og:image:type\" content=\"image\/jpeg\" \/>\n<meta name=\"twitter:card\" content=\"summary_large_image\" \/>\n<meta name=\"twitter:title\" content=\"\u00ab Une courtepointe pour toi \u00bb\" \/>\n<meta name=\"twitter:description\" content=\"Une enseignante nous fait part d\u2019une exp\u00e9rience personnelle qui nous rappelle l\u2019importance de promouvoir l\u2019\u00e9galit\u00e9 entre les sexes dans nos salles de classe.\" \/>\n<meta name=\"twitter:site\" content=\"@CTFFCE\" \/>\n<meta name=\"twitter:label1\" content=\"Dur\u00e9e de lecture estim\u00e9e\" \/>\n\t<meta name=\"twitter:data1\" content=\"3 minutes\" \/>\n<script type=\"application\/ld+json\" class=\"yoast-schema-graph\">{\"@context\":\"https:\\\/\\\/schema.org\",\"@graph\":[{\"@type\":\"WebPage\",\"@id\":\"https:\\\/\\\/www.ctf-fce.ca\\\/fr\\\/journal-education-publique\\\/une-courtepointe-pour-toi\\\/\",\"url\":\"https:\\\/\\\/www.ctf-fce.ca\\\/fr\\\/journal-education-publique\\\/une-courtepointe-pour-toi\\\/\",\"name\":\"\u00ab Une courtepointe pour toi \u00bb\",\"isPartOf\":{\"@id\":\"https:\\\/\\\/www.ctf-fce.ca\\\/fr\\\/#website\"},\"primaryImageOfPage\":{\"@id\":\"https:\\\/\\\/www.ctf-fce.ca\\\/fr\\\/journal-education-publique\\\/une-courtepointe-pour-toi\\\/#primaryimage\"},\"image\":{\"@id\":\"https:\\\/\\\/www.ctf-fce.ca\\\/fr\\\/journal-education-publique\\\/une-courtepointe-pour-toi\\\/#primaryimage\"},\"thumbnailUrl\":\"https:\\\/\\\/www.ctf-fce.ca\\\/wp-content\\\/uploads\\\/2020\\\/02\\\/article-8.jpg\",\"datePublished\":\"2017-02-17T05:00:00+00:00\",\"description\":\"Une enseignante nous fait part d\u2019une exp\u00e9rience personnelle qui nous rappelle l\u2019importance de promouvoir l\u2019\u00e9galit\u00e9 entre les sexes dans nos salles de classe.\",\"breadcrumb\":{\"@id\":\"https:\\\/\\\/www.ctf-fce.ca\\\/fr\\\/journal-education-publique\\\/une-courtepointe-pour-toi\\\/#breadcrumb\"},\"inLanguage\":\"fr-FR\",\"potentialAction\":[{\"@type\":\"ReadAction\",\"target\":[\"https:\\\/\\\/www.ctf-fce.ca\\\/fr\\\/journal-education-publique\\\/une-courtepointe-pour-toi\\\/\"]}]},{\"@type\":\"ImageObject\",\"inLanguage\":\"fr-FR\",\"@id\":\"https:\\\/\\\/www.ctf-fce.ca\\\/fr\\\/journal-education-publique\\\/une-courtepointe-pour-toi\\\/#primaryimage\",\"url\":\"https:\\\/\\\/www.ctf-fce.ca\\\/wp-content\\\/uploads\\\/2020\\\/02\\\/article-8.jpg\",\"contentUrl\":\"https:\\\/\\\/www.ctf-fce.ca\\\/wp-content\\\/uploads\\\/2020\\\/02\\\/article-8.jpg\",\"width\":800,\"height\":500,\"caption\":\"\u00ab Une courtepointe pour toi \u00bb\"},{\"@type\":\"BreadcrumbList\",\"@id\":\"https:\\\/\\\/www.ctf-fce.ca\\\/fr\\\/journal-education-publique\\\/une-courtepointe-pour-toi\\\/#breadcrumb\",\"itemListElement\":[{\"@type\":\"ListItem\",\"position\":1,\"name\":\"Accueil\",\"item\":\"https:\\\/\\\/www.ctf-fce.ca\\\/fr\\\/\"},{\"@type\":\"ListItem\",\"position\":2,\"name\":\"Journal de l\u2019\u00e9ducation publique\",\"item\":\"https:\\\/\\\/www.ctf-fce.ca\\\/fr\\\/journal-education-publique\\\/\"},{\"@type\":\"ListItem\",\"position\":3,\"name\":\"\u00ab Une courtepointe pour toi \u00bb\"}]},{\"@type\":\"WebSite\",\"@id\":\"https:\\\/\\\/www.ctf-fce.ca\\\/fr\\\/#website\",\"url\":\"https:\\\/\\\/www.ctf-fce.ca\\\/fr\\\/\",\"name\":\"CTF-FCE\",\"description\":\"\",\"publisher\":{\"@id\":\"https:\\\/\\\/www.ctf-fce.ca\\\/fr\\\/#organization\"},\"potentialAction\":[{\"@type\":\"SearchAction\",\"target\":{\"@type\":\"EntryPoint\",\"urlTemplate\":\"https:\\\/\\\/www.ctf-fce.ca\\\/fr\\\/?s={search_term_string}\"},\"query-input\":{\"@type\":\"PropertyValueSpecification\",\"valueRequired\":true,\"valueName\":\"search_term_string\"}}],\"inLanguage\":\"fr-FR\"},{\"@type\":\"Organization\",\"@id\":\"https:\\\/\\\/www.ctf-fce.ca\\\/fr\\\/#organization\",\"name\":\"CTF-FCE\",\"url\":\"https:\\\/\\\/www.ctf-fce.ca\\\/fr\\\/\",\"logo\":{\"@type\":\"ImageObject\",\"inLanguage\":\"fr-FR\",\"@id\":\"https:\\\/\\\/www.ctf-fce.ca\\\/fr\\\/#\\\/schema\\\/logo\\\/image\\\/\",\"url\":\"https:\\\/\\\/www.ctf-fce.ca\\\/wp-content\\\/uploads\\\/2020\\\/01\\\/ctf-fce-logo@2x.png\",\"contentUrl\":\"https:\\\/\\\/www.ctf-fce.ca\\\/wp-content\\\/uploads\\\/2020\\\/01\\\/ctf-fce-logo@2x.png\",\"width\":485,\"height\":146,\"caption\":\"CTF-FCE\"},\"image\":{\"@id\":\"https:\\\/\\\/www.ctf-fce.ca\\\/fr\\\/#\\\/schema\\\/logo\\\/image\\\/\"},\"sameAs\":[\"https:\\\/\\\/www.facebook.com\\\/CTF.FCE\\\/\",\"https:\\\/\\\/x.com\\\/CTFFCE\",\"https:\\\/\\\/www.instagram.com\\\/ctffce\\\/\",\"https:\\\/\\\/www.linkedin.com\\\/company\\\/canadian-teachers'\u200b-federation---f\u00e9d.-canadienne-des-enseignantes-et-des-enseignants\\\/\",\"https:\\\/\\\/www.youtube.com\\\/user\\\/canadianteachers\"]}]}<\/script>\n<!-- \/ Yoast SEO plugin. -->","yoast_head_json":{"title":"\u00ab Une courtepointe pour toi \u00bb","description":"Une enseignante nous fait part d\u2019une exp\u00e9rience personnelle qui nous rappelle l\u2019importance de promouvoir l\u2019\u00e9galit\u00e9 entre les sexes dans nos salles de classe.","robots":{"index":"index","follow":"follow","max-snippet":"max-snippet:-1","max-image-preview":"max-image-preview:large","max-video-preview":"max-video-preview:-1"},"canonical":"https:\/\/www.ctf-fce.ca\/fr\/journal-education-publique\/une-courtepointe-pour-toi\/","og_locale":"fr_FR","og_type":"article","og_title":"\u00ab Une courtepointe pour toi \u00bb","og_description":"Une enseignante nous fait part d\u2019une exp\u00e9rience personnelle qui nous rappelle l\u2019importance de promouvoir l\u2019\u00e9galit\u00e9 entre les sexes dans nos salles de classe.","og_url":"https:\/\/www.ctf-fce.ca\/fr\/journal-education-publique\/une-courtepointe-pour-toi\/","og_site_name":"CTF-FCE","article_publisher":"https:\/\/www.facebook.com\/CTF.FCE\/","og_image":[{"width":800,"height":500,"url":"https:\/\/www.ctf-fce.ca\/wp-content\/uploads\/2020\/02\/article-8.jpg","type":"image\/jpeg"}],"twitter_card":"summary_large_image","twitter_title":"\u00ab Une courtepointe pour toi \u00bb","twitter_description":"Une enseignante nous fait part d\u2019une exp\u00e9rience personnelle qui nous rappelle l\u2019importance de promouvoir l\u2019\u00e9galit\u00e9 entre les sexes dans nos salles de classe.","twitter_site":"@CTFFCE","twitter_misc":{"Dur\u00e9e de lecture estim\u00e9e":"3 minutes"},"schema":{"@context":"https:\/\/schema.org","@graph":[{"@type":"WebPage","@id":"https:\/\/www.ctf-fce.ca\/fr\/journal-education-publique\/une-courtepointe-pour-toi\/","url":"https:\/\/www.ctf-fce.ca\/fr\/journal-education-publique\/une-courtepointe-pour-toi\/","name":"\u00ab Une courtepointe pour toi \u00bb","isPartOf":{"@id":"https:\/\/www.ctf-fce.ca\/fr\/#website"},"primaryImageOfPage":{"@id":"https:\/\/www.ctf-fce.ca\/fr\/journal-education-publique\/une-courtepointe-pour-toi\/#primaryimage"},"image":{"@id":"https:\/\/www.ctf-fce.ca\/fr\/journal-education-publique\/une-courtepointe-pour-toi\/#primaryimage"},"thumbnailUrl":"https:\/\/www.ctf-fce.ca\/wp-content\/uploads\/2020\/02\/article-8.jpg","datePublished":"2017-02-17T05:00:00+00:00","description":"Une enseignante nous fait part d\u2019une exp\u00e9rience personnelle qui nous rappelle l\u2019importance de promouvoir l\u2019\u00e9galit\u00e9 entre les sexes dans nos salles de classe.","breadcrumb":{"@id":"https:\/\/www.ctf-fce.ca\/fr\/journal-education-publique\/une-courtepointe-pour-toi\/#breadcrumb"},"inLanguage":"fr-FR","potentialAction":[{"@type":"ReadAction","target":["https:\/\/www.ctf-fce.ca\/fr\/journal-education-publique\/une-courtepointe-pour-toi\/"]}]},{"@type":"ImageObject","inLanguage":"fr-FR","@id":"https:\/\/www.ctf-fce.ca\/fr\/journal-education-publique\/une-courtepointe-pour-toi\/#primaryimage","url":"https:\/\/www.ctf-fce.ca\/wp-content\/uploads\/2020\/02\/article-8.jpg","contentUrl":"https:\/\/www.ctf-fce.ca\/wp-content\/uploads\/2020\/02\/article-8.jpg","width":800,"height":500,"caption":"\u00ab Une courtepointe pour toi \u00bb"},{"@type":"BreadcrumbList","@id":"https:\/\/www.ctf-fce.ca\/fr\/journal-education-publique\/une-courtepointe-pour-toi\/#breadcrumb","itemListElement":[{"@type":"ListItem","position":1,"name":"Accueil","item":"https:\/\/www.ctf-fce.ca\/fr\/"},{"@type":"ListItem","position":2,"name":"Journal de l\u2019\u00e9ducation publique","item":"https:\/\/www.ctf-fce.ca\/fr\/journal-education-publique\/"},{"@type":"ListItem","position":3,"name":"\u00ab Une courtepointe pour toi \u00bb"}]},{"@type":"WebSite","@id":"https:\/\/www.ctf-fce.ca\/fr\/#website","url":"https:\/\/www.ctf-fce.ca\/fr\/","name":"CTF-FCE","description":"","publisher":{"@id":"https:\/\/www.ctf-fce.ca\/fr\/#organization"},"potentialAction":[{"@type":"SearchAction","target":{"@type":"EntryPoint","urlTemplate":"https:\/\/www.ctf-fce.ca\/fr\/?s={search_term_string}"},"query-input":{"@type":"PropertyValueSpecification","valueRequired":true,"valueName":"search_term_string"}}],"inLanguage":"fr-FR"},{"@type":"Organization","@id":"https:\/\/www.ctf-fce.ca\/fr\/#organization","name":"CTF-FCE","url":"https:\/\/www.ctf-fce.ca\/fr\/","logo":{"@type":"ImageObject","inLanguage":"fr-FR","@id":"https:\/\/www.ctf-fce.ca\/fr\/#\/schema\/logo\/image\/","url":"https:\/\/www.ctf-fce.ca\/wp-content\/uploads\/2020\/01\/ctf-fce-logo@2x.png","contentUrl":"https:\/\/www.ctf-fce.ca\/wp-content\/uploads\/2020\/01\/ctf-fce-logo@2x.png","width":485,"height":146,"caption":"CTF-FCE"},"image":{"@id":"https:\/\/www.ctf-fce.ca\/fr\/#\/schema\/logo\/image\/"},"sameAs":["https:\/\/www.facebook.com\/CTF.FCE\/","https:\/\/x.com\/CTFFCE","https:\/\/www.instagram.com\/ctffce\/","https:\/\/www.linkedin.com\/company\/canadian-teachers'\u200b-federation---f\u00e9d.-canadienne-des-enseignantes-et-des-enseignants\/","https:\/\/www.youtube.com\/user\/canadianteachers"]}]}},"featured_img":"https:\/\/www.ctf-fce.ca\/wp-content\/uploads\/2020\/02\/article-8.jpg","coauthors":[],"author_meta":{"author_link":"https:\/\/www.ctf-fce.ca\/fr\/author\/contactkeshocommunications-ca\/","display_name":"contact@keshocommunications.ca"},"relative_dates":{"created":"Publi\u00e9 9 ans il y a","modified":"Mis \u00e0 jour 9 ans il y a"},"absolute_dates":{"created":"Publi\u00e9 le 17 f\u00e9vrier 2017","modified":"Mise \u00e0 jour le 17 f\u00e9vrier 2017"},"absolute_dates_time":{"created":"Publi\u00e9 le 17 f\u00e9vrier 2017 0h00","modified":"Mise \u00e0 jour le 17 f\u00e9vrier 2017 0h00"},"featured_img_caption":"","tax_additional":{"categories_perspectives_cpt":{"linked":["<a href=\"https:\/\/www.ctf-fce.ca\/fr\/categories\/equite-entre-les-genres\/\" class=\"advgb-post-tax-term\">\u00c9quit\u00e9 entre les genres<\/a>"],"unlinked":["<span class=\"advgb-post-tax-term\">\u00c9quit\u00e9 entre les genres<\/span>"],"slug":"categories_perspectives_cpt","name":"Cat\u00e9gories"},"authors_perspectives_cpt":{"linked":["<a href=\"https:\/\/www.ctf-fce.ca\/fr\/auteurs\/natacha-roudeix-fr\/\" class=\"advgb-post-tax-term\">Natacha Roudeix<\/a>"],"unlinked":["<span class=\"advgb-post-tax-term\">Natacha Roudeix<\/span>"],"slug":"authors_perspectives_cpt","name":"Auteures et auteurs"},"translation_priority":{"linked":["<a href=\"https:\/\/www.ctf-fce.ca\/fr\/?taxonomy=translation_priority&#038;term=facultatif\" class=\"advgb-post-tax-term\">Facultatif<\/a>"],"unlinked":["<span class=\"advgb-post-tax-term\">Facultatif<\/span>"],"slug":"translation_priority","name":"Priorit\u00e9s de traduction"}},"series_order":"","_links":{"self":[{"href":"https:\/\/www.ctf-fce.ca\/fr\/wp-json\/wp\/v2\/perspectives_cpt\/3052","targetHints":{"allow":["GET"]}}],"collection":[{"href":"https:\/\/www.ctf-fce.ca\/fr\/wp-json\/wp\/v2\/perspectives_cpt"}],"about":[{"href":"https:\/\/www.ctf-fce.ca\/fr\/wp-json\/wp\/v2\/types\/perspectives_cpt"}],"author":[{"embeddable":true,"href":"https:\/\/www.ctf-fce.ca\/fr\/wp-json\/wp\/v2\/users\/1"}],"replies":[{"embeddable":true,"href":"https:\/\/www.ctf-fce.ca\/fr\/wp-json\/wp\/v2\/comments?post=3052"}],"version-history":[{"count":0,"href":"https:\/\/www.ctf-fce.ca\/fr\/wp-json\/wp\/v2\/perspectives_cpt\/3052\/revisions"}],"wp:featuredmedia":[{"embeddable":true,"href":"https:\/\/www.ctf-fce.ca\/fr\/wp-json\/wp\/v2\/media\/1279"}],"wp:attachment":[{"href":"https:\/\/www.ctf-fce.ca\/fr\/wp-json\/wp\/v2\/media?parent=3052"}],"wp:term":[{"taxonomy":"categories_perspectives_cpt","embeddable":true,"href":"https:\/\/www.ctf-fce.ca\/fr\/wp-json\/wp\/v2\/categories_perspectives_cpt?post=3052"},{"taxonomy":"authors_perspectives_cpt","embeddable":true,"href":"https:\/\/www.ctf-fce.ca\/fr\/wp-json\/wp\/v2\/authors_perspectives_cpt?post=3052"}],"curies":[{"name":"wp","href":"https:\/\/api.w.org\/{rel}","templated":true}]}}