{"id":3054,"date":"2017-02-17T00:00:00","date_gmt":"2017-02-17T05:00:00","guid":{"rendered":"http:\/\/184.107.41.70\/~ctffce\/perspectives_cpt\/les-enseignantes-et-enseignants-doivent-trumper-les-trump-de-ce-monde\/"},"modified":"2017-02-17T00:00:00","modified_gmt":"2017-02-17T05:00:00","slug":"les-enseignantes-et-enseignants-doivent-trumper-les-trump-de-ce-monde","status":"publish","type":"perspectives_cpt","link":"https:\/\/www.ctf-fce.ca\/fr\/journal-education-publique\/les-enseignantes-et-enseignants-doivent-trumper-les-trump-de-ce-monde\/","title":{"rendered":"Les enseignantes et enseignants doivent \u00ab&nbsp;trumper&nbsp;\u00bb les Trump de ce monde"},"content":{"rendered":"<p><em>Cet article, \u00e9crit juste avant l\u2019\u00e9lection pr\u00e9sidentielle am\u00e9ricaine, a \u00e9t\u00e9 publi\u00e9 le 8&nbsp;novembre 2016 dans la revue <\/em><span lang=\"fr\">ATA&nbsp;News<\/span><em>. Depuis, <a href=\"http:\/\/ici.radio-canada.ca\/nouvelle\/813588\/sandra-jansen-donna-kennedy-glans-parti-pc\">Sandra&nbsp;Jansen, membre de longue date du Parti progressiste-conservateur&nbsp;(PPC) de l\u2019Alberta, s\u2019est retir\u00e9e de la course \u00e0 la direction du parti en raison de l\u2019intimidation et du harc\u00e8lement dont elle a \u00e9t\u00e9 victime lors du Congr\u00e8s annuel des membres. Une autre candidate \u00e0 la chefferie, Donna Kennedy\u2011\u00adGlans, \u00e9galement membre de longue date du PPC et ancienne membre de l\u2019Assembl\u00e9e l\u00e9gislative, s\u2019est elle aussi retir\u00e9e de la course<\/a>. M<sup>me<\/sup>&nbsp;Kennedy\u2011Glans a d\u00e9clar\u00e9 en entrevue qu\u2019elle n\u2019a pas elle-m\u00eame subi de harc\u00e8lement ou d\u2019intimidation, mais qu\u2019elle a \u00e9t\u00e9 t\u00e9moin de ce que sa coll\u00e8gue a v\u00e9cu. Elle a \u00e9galement dit qu\u2019\u00e0 son avis, son programme progressiste n\u2019aurait pas eu de place au sein du parti. De son c\u00f4t\u00e9, Sandra Jansen a rejoint les rangs du NPD environ une semaine apr\u00e8s son retrait de la course \u00e0 la chefferie du PPC. Pendant son premier discours en tant que nouvelle d\u00e9put\u00e9e n\u00e9od\u00e9mocrate \u00e0 l\u2019Assembl\u00e9e l\u00e9gislative, M<sup>me<\/sup>&nbsp;Jansen a lu certains des messages haineux et misogynes qu\u2019elle avait re\u00e7us. Elle a par ailleurs eu droit aux services d\u2019une \u00e9quipe de s\u00e9curit\u00e9 apr\u00e8s avoir re\u00e7u des menaces plus violentes. L\u2019article original est pr\u00e9sent\u00e9 ci\u2011dessous dans son int\u00e9gralit\u00e9.<\/em><\/p>\n<p>Au moment o\u00f9 vous lirez ces lignes, la temp\u00eate qui a secou\u00e9 l\u2019\u00e9lection pr\u00e9sidentielle aux \u00c9tats-Unis sera chose du pass\u00e9 et un nouveau pr\u00e9sident ou une nouvelle pr\u00e9sidente aura \u00e9t\u00e9 choisi. Pour le moment, alors que la campagne tire \u00e0 sa fin, le r\u00e9seau Twitter semble tous les jours submerg\u00e9 par la masse de commentaires publi\u00e9s en r\u00e9action aux propos de Donald Trump, et je ne peux m\u2019emp\u00eacher de me dire&nbsp;: \u00ab&nbsp;comme je suis contente de vivre au Canada&nbsp;\u00bb. Mais en \u00e9coutant les nouvelles et en lisant les propos publi\u00e9s en ligne, je me dis aussi que la tendance \u00e0 ne pas prendre les agressions sexuelles au s\u00e9rieux et \u00e0 jeter le bl\u00e2me sur la victime est un ph\u00e9nom\u00e8ne social qui n\u2019a pas de fronti\u00e8res.<\/p>\n<div style=\"border-top: 1px solid #ffba0b;float: right; width: 32%; margin: 5px;background: transparent url(http:\/\/perspectives.ctf-fce.ca\/Documents\/Articles\/Issue22\/Graphics\/quote.gif) no-repeat scroll 95% 90%;\">\n<p style=\"display:block;font-size:1.2em; font-weight:normal; margin-left: 8px; padding-bottom:20px;border-bottom: 1px solid #ffba0b;\"><em> J\u2019ai entendu un nombre incalculable d\u2019hommes dire se dissocier de Donald Trump parce qu\u2019ils avaient une fille, une \u00e9pouse, une s\u0153ur ou une m\u00e8re. Donc, m\u00eame quand ils prennent la d\u00e9fense des femmes, ces hommes font valoir leur \u00ab&nbsp;droit de propri\u00e9t\u00e9&nbsp;\u00bb.<\/em><\/p>\n<\/div>\n<p>J\u2019ai entendu un candidat \u00e0 la pr\u00e9sidence des \u00c9tats-Unis d\u00e9clarer qu\u2019il n\u2019aurait jamais pu avoir agress\u00e9 sexuellement l\u2019une de ses accusatrices parce qu\u2019elle n\u2019\u00e9tait pas assez jolie. J\u2019ai entendu un nombre incalculable d\u2019hommes dire se dissocier de Donald Trump parce qu\u2019ils avaient une fille, une \u00e9pouse, une s\u0153ur ou une m\u00e8re. Donc, m\u00eame quand ils prennent la d\u00e9fense des femmes, ces hommes font valoir leur \u00ab&nbsp;droit de propri\u00e9t\u00e9&nbsp;\u00bb.<\/p>\n<p>Ces d\u00e9clarations m\u2019ont \u00e9galement rappel\u00e9 que, pour une survivante d\u2019agression sexuelle, la dose quotidienne de vitriol qui accompagne chaque r\u00e9v\u00e9lation concernant Trump et chaque accusation port\u00e9e contre lui pouvait raviver des souvenirs qu\u2019il lui faudrait revivre encore et encore. Ces souvenirs renaissent peut-\u00eatre d\u2019abord sous forme d\u2019un l\u00e9ger murmure qui rappelle \u00e0 cette survivante que, pour une femme, la s\u00e9curit\u00e9 n\u2019est qu\u2019une illusion. Mais \u00e0 mesure que les accusations s\u2019accumulent et que les d\u00e9fenseurs de Trump tiennent des propos de plus en plus virulents, ce murmure de peur s\u2019amplifie jusqu\u2019\u00e0 devenir un cri dans sa t\u00eate qu\u2019elle ne peut faire taire.<\/p>\n<p>Vous vous demandez peut-\u00eatre pourquoi l\u2019<em>ATA&nbsp;News<\/em> publie un article d\u2019opinion sur les agressions sexuelles et l\u2019\u00e9lection am\u00e9ricaine. C\u2019est parce que nous vivons dans une culture qui nous oblige encore \u00e0 dire aux jeunes femmes de faire attention \u00e0 leur fa\u00e7on de s\u2019habiller et aux endroits o\u00f9 elles se prom\u00e8nent, de toujours surveiller leur verre pour que personne n\u2019y mette de la drogue et de ne pas trop boire d\u2019alcool dans les f\u00eates pour qu\u2019\u00ab&nbsp;il ne leur arrive rien de mal&nbsp;\u00bb. Nous vivons dans une culture qui dit \u00e0 un groupe d\u2019\u00e9tudiants universitaires du Canada qu\u2019il est correct de publier un livre de chansons qui parle de viol, de meurtre, d\u2019inceste, de bestialit\u00e9 et de relations sexuelles avec des filles mineures. Maintenir le statu quo culturel en mati\u00e8re d\u2019agression sexuelle est inacceptable. Cela nuit \u00e0 tout le monde. Maintenir ce statu quo, c\u2019est entretenir la \u00ab&nbsp;culture du viol&nbsp;\u00bb.<\/p>\n<div style=\"border-top: 1px solid #ffba0b;float: left; width: 30%; margin: 5px;background: transparent url(http:\/\/perspectives.ctf-fce.ca\/Documents\/Articles\/Issue22\/Graphics\/quote.gif) no-repeat scroll 95% 90%;\">\n<p style=\"display:block;font-size:1.2em; font-weight:normal; margin-right: 8px; padding-bottom:20px;border-bottom: 1px solid #ffba0b;\"><em>Nous vivons dans une culture o\u00f9 l\u2019on minimise la gravit\u00e9 des agressions sexuelles et o\u00f9 l\u2019on ne croit pas les victimes.<\/em><\/p>\n<\/div>\n<p>Nous d\u00e9plorons que les femmes ne soient pas plus nombreuses \u00e0 d\u00e9noncer leur agresseur et, en m\u00eame temps, nous \u00e9coutons un juge albertain qui ne cesse d\u2019appeler la victime \u00ab&nbsp;l\u2019accus\u00e9e&nbsp;\u00bb et qui, comble d\u2019impudence, lui demande pourquoi elle n\u2019a pas simplement serr\u00e9 les genoux. Nous vivons dans une culture o\u00f9 l\u2019on minimise la gravit\u00e9 des agressions sexuelles et o\u00f9 l\u2019on ne croit pas les victimes.<\/p>\n<p>Nous appartenons \u00e0 une profession essentiellement f\u00e9minine, et plus de 80&nbsp;% des victimes de crimes sexuels sont des femmes. Une Canadienne sur quatre subira une agression sexuelle au cours de sa vie, mais seulement 6&nbsp;% des agressions sexuelles sont rapport\u00e9es \u00e0 la police. Et si 80&nbsp;% des agressions sexuelles se produisent \u00e0 la maison, entre 1 et 2&nbsp;% seulement des viols commis par une connaissance sont signal\u00e9s \u00e0 la police. De toutes les agressions sexuelles, 80&nbsp;% sont commises par un ami ou un membre de la famille de la victime, mais, pour une raison ou une autre, beaucoup de gens croient encore que le \u00ab&nbsp;viol&nbsp;\u00bb d\u00e9signe uniquement ce qui arrive quand un \u00e9tranger arm\u00e9 d\u2019un fusil attaque une femme dans une ruelle.<\/p>\n<p>Les victimes d\u2019agression sexuelle sont nos coll\u00e8gues. Elles sont assises \u00e0 c\u00f4t\u00e9 de nous dans le salon du personnel et entendent Trump d\u00e9clarer que toutes ses accusatrices sont des menteuses et qu\u2019il les poursuivra en justice d\u00e8s que la campagne \u00e9lectorale sera termin\u00e9e. Elles entendent des personnes avec qui elles passent leur vie professionnelle sp\u00e9culer sur les raisons pour lesquelles ces femmes ont d\u00e9nonc\u00e9 Trump \u00e0 ce moment pr\u00e9cis et mettre en doute la v\u00e9racit\u00e9 de leurs t\u00e9moignages, m\u00eame si nous savons qu\u2019entre 2&nbsp; et 4&nbsp;% seulement des agressions sexuelles signal\u00e9es sont fausses. Et ces femmes, nos coll\u00e8gues, tentent de dissimuler leurs r\u00e9actions. Mais les souvenirs reviennent en force, et elles ne peuvent qu\u2019esp\u00e9rer que les cauchemars ne reviendront pas eux aussi. Et peut-\u00eatre qu\u2019elles se disent&nbsp;: \u00ab&nbsp;Heureusement que je n\u2019ai rien dit&nbsp;\u00bb.<\/p>\n<div style=\"border-top: 1px solid #ffba0b;float: right; width: 33%; margin: 5px;background: transparent url(http:\/\/perspectives.ctf-fce.ca\/Documents\/Articles\/Issue22\/Graphics\/quote.gif) no-repeat scroll 95% 90%;\">\n<p style=\"display:block;font-size:1.2em; font-weight:normal; margin-left: 8px; padding-bottom:20px;border-bottom: 1px solid #ffba0b;\"><em>Nous devons expliquer aux jeunes que les commentaires de Trump ne sont pas que des \u00ab&nbsp;conversations de vestiaire&nbsp;\u00bb ou des fanfaronnades. Nous devons leur faire comprendre que les mots comptent!<\/em><\/p>\n<\/div>\n<p>Nous, enseignantes et enseignants, devons savoir que 60&nbsp;% des victimes de violence ou d\u2019agression sexuelle ont moins de 17&nbsp;ans, et que 15&nbsp;% des victimes d\u2019agression sexuelle sont des gar\u00e7ons de moins de 16&nbsp;ans. Ces enfants sont nos \u00e9l\u00e8ves. Nous devons expliquer aux jeunes que les commentaires de Trump ne sont pas que des \u00ab&nbsp;conversations de vestiaire&nbsp;\u00bb ou des fanfaronnades. Nous devons leur faire comprendre que les mots comptent! Ces discussions ne sont pas faciles. Elles peuvent faire surgir toutes sortes de souvenirs ou de r\u00e9v\u00e9lations. <\/p>\n<p>J\u2019\u00e9coute Trump et je crains que nous ne soyons en train de normaliser son comportement, un comportement qui devrait \u00eatre vu non seulement comme inacceptable, mais \u00e9galement comme criminel. Et m\u00eame si je sais qu\u2019il ne repr\u00e9sente pas toute la population, ni m\u00eame la majorit\u00e9, Trump est un homme avec un micro dans la main et dont les mots se rendent bien au-del\u00e0 des fronti\u00e8res des \u00c9tats-Unis. Il ne suffit pas de se dire en d\u00e9saccord ou de ne rien dire du tout. Nous avons tous et toutes la responsabilit\u00e9 de nous lever et de nous exprimer haut et fort si nous voulons changer la culture, une culture qui permet \u00e0 Trump et \u00e0 ses nombreux partisans de penser que ce qu\u2019il dit et fait est acceptable.<\/p>\n<p>Si vous avez besoin d\u2019aide, il existe un r\u00e9seau de centres et de services qui offrent du soutien 24&nbsp;heures sur 24 aux victimes d\u2019agression sexuelle ainsi que des programmes de counseling et d\u2019autres programmes de r\u00e9tablissement. Vous pouvez obtenir de plus amples renseignements en communiquant avec l\u2019Association of Alberta Sexual Assault Services au 403-237-6905, poste&nbsp;3, ou en visitant <a href=\"https:\/\/aasas.ca\/\">https:\/\/aasas.ca\/<\/a> (en anglais seulement). <\/p>\n","protected":false},"excerpt":{"rendered":"<p>Ensemble, faisons \u00e9chec \u00e0 la mentalit\u00e9 sexiste que Donald Trump incarne et encourage!<\/p>\n","protected":false},"author":1,"featured_media":1283,"menu_order":0,"comment_status":"closed","ping_status":"open","template":"","format":"standard","meta":{"_acf_changed":false,"advgb_blocks_editor_width":"","advgb_blocks_columns_visual_guide":"","footnotes":""},"categories_perspectives_cpt":[502],"authors_perspectives_cpt":[420],"class_list":["post-3054","perspectives_cpt","type-perspectives_cpt","status-publish","format-standard","has-post-thumbnail","hentry","categories_perspectives_cpt-equite-entre-les-genres","authors_perspectives_cpt-shelley-l-magnusson-fr"],"acf":[],"yoast_head":"<!-- This site is optimized with the Yoast SEO plugin v27.4 - https:\/\/yoast.com\/product\/yoast-seo-wordpress\/ -->\n<title>Les enseignantes et enseignants doivent \u00ab&nbsp;trumper&nbsp;\u00bb les Trump de ce monde<\/title>\n<meta name=\"description\" content=\"Ensemble, faisons \u00e9chec \u00e0 la mentalit\u00e9 sexiste que Donald Trump incarne et encourage!\" \/>\n<meta name=\"robots\" content=\"index, follow, max-snippet:-1, max-image-preview:large, max-video-preview:-1\" \/>\n<link rel=\"canonical\" href=\"https:\/\/www.ctf-fce.ca\/fr\/journal-education-publique\/les-enseignantes-et-enseignants-doivent-trumper-les-trump-de-ce-monde\/\" \/>\n<meta property=\"og:locale\" content=\"fr_FR\" \/>\n<meta property=\"og:type\" content=\"article\" \/>\n<meta property=\"og:title\" content=\"Les enseignantes et enseignants doivent \u00ab&nbsp;trumper&nbsp;\u00bb les Trump de ce monde\" \/>\n<meta property=\"og:description\" content=\"Ensemble, faisons \u00e9chec \u00e0 la mentalit\u00e9 sexiste que Donald Trump incarne et encourage!\" \/>\n<meta property=\"og:url\" content=\"https:\/\/www.ctf-fce.ca\/fr\/journal-education-publique\/les-enseignantes-et-enseignants-doivent-trumper-les-trump-de-ce-monde\/\" \/>\n<meta property=\"og:site_name\" content=\"CTF-FCE\" \/>\n<meta property=\"article:publisher\" content=\"https:\/\/www.facebook.com\/CTF.FCE\/\" \/>\n<meta property=\"og:image\" content=\"https:\/\/www.ctf-fce.ca\/wp-content\/uploads\/2020\/02\/article-trump.jpg\" \/>\n\t<meta property=\"og:image:width\" content=\"800\" \/>\n\t<meta property=\"og:image:height\" content=\"500\" \/>\n\t<meta property=\"og:image:type\" content=\"image\/jpeg\" \/>\n<meta name=\"twitter:card\" content=\"summary_large_image\" \/>\n<meta name=\"twitter:title\" content=\"Les enseignantes et enseignants doivent \u00ab&nbsp;trumper&nbsp;\u00bb les Trump de ce monde\" \/>\n<meta name=\"twitter:description\" content=\"Ensemble, faisons \u00e9chec \u00e0 la mentalit\u00e9 sexiste que Donald Trump incarne et encourage!\" \/>\n<meta name=\"twitter:site\" content=\"@CTFFCE\" \/>\n<meta name=\"twitter:label1\" content=\"Dur\u00e9e de lecture estim\u00e9e\" \/>\n\t<meta name=\"twitter:data1\" content=\"8 minutes\" \/>\n<script type=\"application\/ld+json\" class=\"yoast-schema-graph\">{\"@context\":\"https:\\\/\\\/schema.org\",\"@graph\":[{\"@type\":\"WebPage\",\"@id\":\"https:\\\/\\\/www.ctf-fce.ca\\\/fr\\\/journal-education-publique\\\/les-enseignantes-et-enseignants-doivent-trumper-les-trump-de-ce-monde\\\/\",\"url\":\"https:\\\/\\\/www.ctf-fce.ca\\\/fr\\\/journal-education-publique\\\/les-enseignantes-et-enseignants-doivent-trumper-les-trump-de-ce-monde\\\/\",\"name\":\"Les enseignantes et enseignants doivent \u00ab&nbsp;trumper&nbsp;\u00bb les Trump de ce monde\",\"isPartOf\":{\"@id\":\"https:\\\/\\\/www.ctf-fce.ca\\\/fr\\\/#website\"},\"primaryImageOfPage\":{\"@id\":\"https:\\\/\\\/www.ctf-fce.ca\\\/fr\\\/journal-education-publique\\\/les-enseignantes-et-enseignants-doivent-trumper-les-trump-de-ce-monde\\\/#primaryimage\"},\"image\":{\"@id\":\"https:\\\/\\\/www.ctf-fce.ca\\\/fr\\\/journal-education-publique\\\/les-enseignantes-et-enseignants-doivent-trumper-les-trump-de-ce-monde\\\/#primaryimage\"},\"thumbnailUrl\":\"https:\\\/\\\/www.ctf-fce.ca\\\/wp-content\\\/uploads\\\/2020\\\/02\\\/article-trump.jpg\",\"datePublished\":\"2017-02-17T05:00:00+00:00\",\"description\":\"Ensemble, faisons \u00e9chec \u00e0 la mentalit\u00e9 sexiste que Donald Trump incarne et encourage!\",\"breadcrumb\":{\"@id\":\"https:\\\/\\\/www.ctf-fce.ca\\\/fr\\\/journal-education-publique\\\/les-enseignantes-et-enseignants-doivent-trumper-les-trump-de-ce-monde\\\/#breadcrumb\"},\"inLanguage\":\"fr-FR\",\"potentialAction\":[{\"@type\":\"ReadAction\",\"target\":[\"https:\\\/\\\/www.ctf-fce.ca\\\/fr\\\/journal-education-publique\\\/les-enseignantes-et-enseignants-doivent-trumper-les-trump-de-ce-monde\\\/\"]}]},{\"@type\":\"ImageObject\",\"inLanguage\":\"fr-FR\",\"@id\":\"https:\\\/\\\/www.ctf-fce.ca\\\/fr\\\/journal-education-publique\\\/les-enseignantes-et-enseignants-doivent-trumper-les-trump-de-ce-monde\\\/#primaryimage\",\"url\":\"https:\\\/\\\/www.ctf-fce.ca\\\/wp-content\\\/uploads\\\/2020\\\/02\\\/article-trump.jpg\",\"contentUrl\":\"https:\\\/\\\/www.ctf-fce.ca\\\/wp-content\\\/uploads\\\/2020\\\/02\\\/article-trump.jpg\",\"width\":800,\"height\":500,\"caption\":\"curatolocartoons.com\"},{\"@type\":\"BreadcrumbList\",\"@id\":\"https:\\\/\\\/www.ctf-fce.ca\\\/fr\\\/journal-education-publique\\\/les-enseignantes-et-enseignants-doivent-trumper-les-trump-de-ce-monde\\\/#breadcrumb\",\"itemListElement\":[{\"@type\":\"ListItem\",\"position\":1,\"name\":\"Accueil\",\"item\":\"https:\\\/\\\/www.ctf-fce.ca\\\/fr\\\/\"},{\"@type\":\"ListItem\",\"position\":2,\"name\":\"Journal de l\u2019\u00e9ducation publique\",\"item\":\"https:\\\/\\\/www.ctf-fce.ca\\\/fr\\\/journal-education-publique\\\/\"},{\"@type\":\"ListItem\",\"position\":3,\"name\":\"Les enseignantes et enseignants doivent \u00ab&nbsp;trumper&nbsp;\u00bb les Trump de ce monde\"}]},{\"@type\":\"WebSite\",\"@id\":\"https:\\\/\\\/www.ctf-fce.ca\\\/fr\\\/#website\",\"url\":\"https:\\\/\\\/www.ctf-fce.ca\\\/fr\\\/\",\"name\":\"CTF-FCE\",\"description\":\"\",\"publisher\":{\"@id\":\"https:\\\/\\\/www.ctf-fce.ca\\\/fr\\\/#organization\"},\"potentialAction\":[{\"@type\":\"SearchAction\",\"target\":{\"@type\":\"EntryPoint\",\"urlTemplate\":\"https:\\\/\\\/www.ctf-fce.ca\\\/fr\\\/?s={search_term_string}\"},\"query-input\":{\"@type\":\"PropertyValueSpecification\",\"valueRequired\":true,\"valueName\":\"search_term_string\"}}],\"inLanguage\":\"fr-FR\"},{\"@type\":\"Organization\",\"@id\":\"https:\\\/\\\/www.ctf-fce.ca\\\/fr\\\/#organization\",\"name\":\"CTF-FCE\",\"url\":\"https:\\\/\\\/www.ctf-fce.ca\\\/fr\\\/\",\"logo\":{\"@type\":\"ImageObject\",\"inLanguage\":\"fr-FR\",\"@id\":\"https:\\\/\\\/www.ctf-fce.ca\\\/fr\\\/#\\\/schema\\\/logo\\\/image\\\/\",\"url\":\"https:\\\/\\\/www.ctf-fce.ca\\\/wp-content\\\/uploads\\\/2020\\\/01\\\/ctf-fce-logo@2x.png\",\"contentUrl\":\"https:\\\/\\\/www.ctf-fce.ca\\\/wp-content\\\/uploads\\\/2020\\\/01\\\/ctf-fce-logo@2x.png\",\"width\":485,\"height\":146,\"caption\":\"CTF-FCE\"},\"image\":{\"@id\":\"https:\\\/\\\/www.ctf-fce.ca\\\/fr\\\/#\\\/schema\\\/logo\\\/image\\\/\"},\"sameAs\":[\"https:\\\/\\\/www.facebook.com\\\/CTF.FCE\\\/\",\"https:\\\/\\\/x.com\\\/CTFFCE\",\"https:\\\/\\\/www.instagram.com\\\/ctffce\\\/\",\"https:\\\/\\\/www.linkedin.com\\\/company\\\/canadian-teachers'\u200b-federation---f\u00e9d.-canadienne-des-enseignantes-et-des-enseignants\\\/\",\"https:\\\/\\\/www.youtube.com\\\/user\\\/canadianteachers\"]}]}<\/script>\n<!-- \/ Yoast SEO plugin. -->","yoast_head_json":{"title":"Les enseignantes et enseignants doivent \u00ab&nbsp;trumper&nbsp;\u00bb les Trump de ce monde","description":"Ensemble, faisons \u00e9chec \u00e0 la mentalit\u00e9 sexiste que Donald Trump incarne et encourage!","robots":{"index":"index","follow":"follow","max-snippet":"max-snippet:-1","max-image-preview":"max-image-preview:large","max-video-preview":"max-video-preview:-1"},"canonical":"https:\/\/www.ctf-fce.ca\/fr\/journal-education-publique\/les-enseignantes-et-enseignants-doivent-trumper-les-trump-de-ce-monde\/","og_locale":"fr_FR","og_type":"article","og_title":"Les enseignantes et enseignants doivent \u00ab&nbsp;trumper&nbsp;\u00bb les Trump de ce monde","og_description":"Ensemble, faisons \u00e9chec \u00e0 la mentalit\u00e9 sexiste que Donald Trump incarne et encourage!","og_url":"https:\/\/www.ctf-fce.ca\/fr\/journal-education-publique\/les-enseignantes-et-enseignants-doivent-trumper-les-trump-de-ce-monde\/","og_site_name":"CTF-FCE","article_publisher":"https:\/\/www.facebook.com\/CTF.FCE\/","og_image":[{"width":800,"height":500,"url":"https:\/\/www.ctf-fce.ca\/wp-content\/uploads\/2020\/02\/article-trump.jpg","type":"image\/jpeg"}],"twitter_card":"summary_large_image","twitter_title":"Les enseignantes et enseignants doivent \u00ab&nbsp;trumper&nbsp;\u00bb les Trump de ce monde","twitter_description":"Ensemble, faisons \u00e9chec \u00e0 la mentalit\u00e9 sexiste que Donald Trump incarne et encourage!","twitter_site":"@CTFFCE","twitter_misc":{"Dur\u00e9e de lecture estim\u00e9e":"8 minutes"},"schema":{"@context":"https:\/\/schema.org","@graph":[{"@type":"WebPage","@id":"https:\/\/www.ctf-fce.ca\/fr\/journal-education-publique\/les-enseignantes-et-enseignants-doivent-trumper-les-trump-de-ce-monde\/","url":"https:\/\/www.ctf-fce.ca\/fr\/journal-education-publique\/les-enseignantes-et-enseignants-doivent-trumper-les-trump-de-ce-monde\/","name":"Les enseignantes et enseignants doivent \u00ab&nbsp;trumper&nbsp;\u00bb les Trump de ce monde","isPartOf":{"@id":"https:\/\/www.ctf-fce.ca\/fr\/#website"},"primaryImageOfPage":{"@id":"https:\/\/www.ctf-fce.ca\/fr\/journal-education-publique\/les-enseignantes-et-enseignants-doivent-trumper-les-trump-de-ce-monde\/#primaryimage"},"image":{"@id":"https:\/\/www.ctf-fce.ca\/fr\/journal-education-publique\/les-enseignantes-et-enseignants-doivent-trumper-les-trump-de-ce-monde\/#primaryimage"},"thumbnailUrl":"https:\/\/www.ctf-fce.ca\/wp-content\/uploads\/2020\/02\/article-trump.jpg","datePublished":"2017-02-17T05:00:00+00:00","description":"Ensemble, faisons \u00e9chec \u00e0 la mentalit\u00e9 sexiste que Donald Trump incarne et encourage!","breadcrumb":{"@id":"https:\/\/www.ctf-fce.ca\/fr\/journal-education-publique\/les-enseignantes-et-enseignants-doivent-trumper-les-trump-de-ce-monde\/#breadcrumb"},"inLanguage":"fr-FR","potentialAction":[{"@type":"ReadAction","target":["https:\/\/www.ctf-fce.ca\/fr\/journal-education-publique\/les-enseignantes-et-enseignants-doivent-trumper-les-trump-de-ce-monde\/"]}]},{"@type":"ImageObject","inLanguage":"fr-FR","@id":"https:\/\/www.ctf-fce.ca\/fr\/journal-education-publique\/les-enseignantes-et-enseignants-doivent-trumper-les-trump-de-ce-monde\/#primaryimage","url":"https:\/\/www.ctf-fce.ca\/wp-content\/uploads\/2020\/02\/article-trump.jpg","contentUrl":"https:\/\/www.ctf-fce.ca\/wp-content\/uploads\/2020\/02\/article-trump.jpg","width":800,"height":500,"caption":"curatolocartoons.com"},{"@type":"BreadcrumbList","@id":"https:\/\/www.ctf-fce.ca\/fr\/journal-education-publique\/les-enseignantes-et-enseignants-doivent-trumper-les-trump-de-ce-monde\/#breadcrumb","itemListElement":[{"@type":"ListItem","position":1,"name":"Accueil","item":"https:\/\/www.ctf-fce.ca\/fr\/"},{"@type":"ListItem","position":2,"name":"Journal de l\u2019\u00e9ducation publique","item":"https:\/\/www.ctf-fce.ca\/fr\/journal-education-publique\/"},{"@type":"ListItem","position":3,"name":"Les enseignantes et enseignants doivent \u00ab&nbsp;trumper&nbsp;\u00bb les Trump de ce monde"}]},{"@type":"WebSite","@id":"https:\/\/www.ctf-fce.ca\/fr\/#website","url":"https:\/\/www.ctf-fce.ca\/fr\/","name":"CTF-FCE","description":"","publisher":{"@id":"https:\/\/www.ctf-fce.ca\/fr\/#organization"},"potentialAction":[{"@type":"SearchAction","target":{"@type":"EntryPoint","urlTemplate":"https:\/\/www.ctf-fce.ca\/fr\/?s={search_term_string}"},"query-input":{"@type":"PropertyValueSpecification","valueRequired":true,"valueName":"search_term_string"}}],"inLanguage":"fr-FR"},{"@type":"Organization","@id":"https:\/\/www.ctf-fce.ca\/fr\/#organization","name":"CTF-FCE","url":"https:\/\/www.ctf-fce.ca\/fr\/","logo":{"@type":"ImageObject","inLanguage":"fr-FR","@id":"https:\/\/www.ctf-fce.ca\/fr\/#\/schema\/logo\/image\/","url":"https:\/\/www.ctf-fce.ca\/wp-content\/uploads\/2020\/01\/ctf-fce-logo@2x.png","contentUrl":"https:\/\/www.ctf-fce.ca\/wp-content\/uploads\/2020\/01\/ctf-fce-logo@2x.png","width":485,"height":146,"caption":"CTF-FCE"},"image":{"@id":"https:\/\/www.ctf-fce.ca\/fr\/#\/schema\/logo\/image\/"},"sameAs":["https:\/\/www.facebook.com\/CTF.FCE\/","https:\/\/x.com\/CTFFCE","https:\/\/www.instagram.com\/ctffce\/","https:\/\/www.linkedin.com\/company\/canadian-teachers'\u200b-federation---f\u00e9d.-canadienne-des-enseignantes-et-des-enseignants\/","https:\/\/www.youtube.com\/user\/canadianteachers"]}]}},"featured_img":"https:\/\/www.ctf-fce.ca\/wp-content\/uploads\/2020\/02\/article-trump.jpg","coauthors":[],"author_meta":{"author_link":"https:\/\/www.ctf-fce.ca\/fr\/author\/contactkeshocommunications-ca\/","display_name":"contact@keshocommunications.ca"},"relative_dates":{"created":"Publi\u00e9 9 ans il y a","modified":"Mis \u00e0 jour 9 ans il y a"},"absolute_dates":{"created":"Publi\u00e9 le 17 f\u00e9vrier 2017","modified":"Mise \u00e0 jour le 17 f\u00e9vrier 2017"},"absolute_dates_time":{"created":"Publi\u00e9 le 17 f\u00e9vrier 2017 0h00","modified":"Mise \u00e0 jour le 17 f\u00e9vrier 2017 0h00"},"featured_img_caption":"curatolocartoons.com","tax_additional":{"categories_perspectives_cpt":{"linked":["<a href=\"https:\/\/www.ctf-fce.ca\/fr\/categories\/equite-entre-les-genres\/\" class=\"advgb-post-tax-term\">\u00c9quit\u00e9 entre les genres<\/a>"],"unlinked":["<span class=\"advgb-post-tax-term\">\u00c9quit\u00e9 entre les genres<\/span>"],"slug":"categories_perspectives_cpt","name":"Cat\u00e9gories"},"authors_perspectives_cpt":{"linked":["<a href=\"https:\/\/www.ctf-fce.ca\/fr\/auteurs\/shelley-l-magnusson-fr\/\" class=\"advgb-post-tax-term\">Shelley L. Magnusson<\/a>"],"unlinked":["<span class=\"advgb-post-tax-term\">Shelley L. Magnusson<\/span>"],"slug":"authors_perspectives_cpt","name":"Auteures et auteurs"},"translation_priority":{"linked":["<a href=\"https:\/\/www.ctf-fce.ca\/fr\/?taxonomy=translation_priority&#038;term=facultatif\" class=\"advgb-post-tax-term\">Facultatif<\/a>"],"unlinked":["<span class=\"advgb-post-tax-term\">Facultatif<\/span>"],"slug":"translation_priority","name":"Priorit\u00e9s de traduction"}},"series_order":"","_links":{"self":[{"href":"https:\/\/www.ctf-fce.ca\/fr\/wp-json\/wp\/v2\/perspectives_cpt\/3054","targetHints":{"allow":["GET"]}}],"collection":[{"href":"https:\/\/www.ctf-fce.ca\/fr\/wp-json\/wp\/v2\/perspectives_cpt"}],"about":[{"href":"https:\/\/www.ctf-fce.ca\/fr\/wp-json\/wp\/v2\/types\/perspectives_cpt"}],"author":[{"embeddable":true,"href":"https:\/\/www.ctf-fce.ca\/fr\/wp-json\/wp\/v2\/users\/1"}],"replies":[{"embeddable":true,"href":"https:\/\/www.ctf-fce.ca\/fr\/wp-json\/wp\/v2\/comments?post=3054"}],"version-history":[{"count":0,"href":"https:\/\/www.ctf-fce.ca\/fr\/wp-json\/wp\/v2\/perspectives_cpt\/3054\/revisions"}],"wp:featuredmedia":[{"embeddable":true,"href":"https:\/\/www.ctf-fce.ca\/fr\/wp-json\/wp\/v2\/media\/1283"}],"wp:attachment":[{"href":"https:\/\/www.ctf-fce.ca\/fr\/wp-json\/wp\/v2\/media?parent=3054"}],"wp:term":[{"taxonomy":"categories_perspectives_cpt","embeddable":true,"href":"https:\/\/www.ctf-fce.ca\/fr\/wp-json\/wp\/v2\/categories_perspectives_cpt?post=3054"},{"taxonomy":"authors_perspectives_cpt","embeddable":true,"href":"https:\/\/www.ctf-fce.ca\/fr\/wp-json\/wp\/v2\/authors_perspectives_cpt?post=3054"}],"curies":[{"name":"wp","href":"https:\/\/api.w.org\/{rel}","templated":true}]}}