{"id":3080,"date":"2018-03-23T00:00:00","date_gmt":"2018-03-23T04:00:00","guid":{"rendered":"http:\/\/184.107.41.70\/~ctffce\/perspectives_cpt\/la-participation-comme-fondement-de-lautonomisation-des-enseignantes-et-des-enseignants\/"},"modified":"2020-03-09T21:55:36","modified_gmt":"2020-03-10T01:55:36","slug":"la-participation-comme-fondement-de-lautonomisation-des-enseignantes-et-des-enseignants","status":"publish","type":"perspectives_cpt","link":"https:\/\/www.ctf-fce.ca\/fr\/journal-education-publique\/la-participation-comme-fondement-de-lautonomisation-des-enseignantes-et-des-enseignants\/","title":{"rendered":"La participation comme fondement de l\u2019autonomisation des enseignantes et des enseignants"},"content":{"rendered":"\n<p>La libert\u00e9 consiste \u00e0 agir selon sa volont\u00e9 et sans contrainte. Cela ne veut nullement dire que chacun en fera \u00e0 sa guise, c\u2019est-\u00e0-dire en dehors de toute loi. Jean-Jacques Rousseau \u00e9tablit bien cette nuance dans son ouvrage intitul\u00e9&nbsp;<em>Du contrat social<\/em>. En effet, Rousseau se propose de construire une soci\u00e9t\u00e9 d\u00e9mocratique o\u00f9 les citoyens pourront&nbsp;exercer leurs libert\u00e9s. C\u2019est ainsi qu\u2019il construit un contrat social o\u00f9 chacun devra se d\u00e9faire de ses \u00e9go\u00efsmes pour se retrouver avec tous les autres dans le cadre de ce qu\u2019il nomme \u00ab&nbsp;Volont\u00e9 G\u00e9n\u00e9rale&nbsp;\u00bb.<\/p>\n\n\n\n<p>Une trilogie se b\u00e2tit autour de cette derni\u00e8re, \u00e0 savoir l\u2019\u00c9tat, la loi et le peuple. L\u2019\u00c9tat repr\u00e9sente l\u2019ex\u00e9cutif; la loi, le principe d\u2019autorit\u00e9; et le peuple, la source du principe d\u2019autorit\u00e9. Cela veut dire que c\u2019est le peuple lui-m\u00eame qui est le l\u00e9gislateur autant qu\u2019il vote les lois auxquelles il se soumet. Et, d\u00e8s lors qu\u2019on ne se soumet qu\u2019aux lois qu\u2019on s\u2019est soi-m\u00eame donn\u00e9es, on reste tout \u00e0 fait libre&nbsp;: \u00ab&nbsp;L\u2019ob\u00e9issance \u00e0 la loi qu\u2019on s\u2019est prescrite est libert\u00e9&nbsp;\u00bb, conclut-il.<\/p>\n\n\n\n<p>Reprenant \u00e0 son compte cette pens\u00e9e de Rousseau, Emmanuel Kant dans ses ouvrages&nbsp;<em>Fondements de la m\u00e9taphysique des m\u0153urs<\/em>&nbsp;et&nbsp;<em>Critique de la raison pratique<\/em>&nbsp;\u00e9tablit une distinction entre l\u2019h\u00e9t\u00e9ronomie de la loi qui est une loi qui tire son fondement de l\u2019ext\u00e9rieur et l\u2019autonomie de la loi qui est celle qui \u00e9mane de soi-m\u00eame. Bien \u00e9videmment, il accorde la pr\u00e9f\u00e9rence \u00e0 la loi autonome. Pour lui, la loi morale \u00e0 laquelle l\u2019homme doit se soumettre sous la forme d\u2019un devoir, d\u2019un \u00ab&nbsp;imp\u00e9ratif cat\u00e9gorique&nbsp;\u00bb, est un fruit de la bonne volont\u00e9 qui est, elle, une \u00e9manation de la raison pratique et donc de soi-m\u00eame. Il suffit, avant toute action, de se poser la question de savoir ce qu\u2019il adviendrait de l\u2019humanit\u00e9 si tout homme agissait comme moi.<\/p>\n\n\n\n<p>Cette br\u00e8ve convocation de Jean-Jacques Rousseau et d\u2019Emmanuel Kant nous d\u00e9montre, s\u2019il en \u00e9tait encore besoin, qu\u2019enseigner en libert\u00e9 et autonomiser les enseignants ne veut pas dire que chacun fera ce qu\u2019il voudra, mais qu\u2019il se soumettra \u00e0 une loi dont il a particip\u00e9 \u00e0 l\u2019\u00e9laboration.<\/p>\n\n\n\n<p>C\u2019est le lieu de faire remarquer que le th\u00e8me recommande non pas d\u2019autonomiser l\u2019enseignant, mais d\u2019autonomiser les enseignants. Il s\u2019agit de se soumettre \u00e0 une loi arbitraire qu\u2019on aurait \u00e9tablie non pas en solitaire mais avec les autres enseignants. En clair, enseigner en libert\u00e9 et autonomiser les enseignants signifient les faire participer \u00e0 l\u2019\u00e9laboration de la loi, \u00e0 la prise des d\u00e9cisions.<\/p>\n\n\n\n<p>Enseigner en libert\u00e9 et autonomiser les enseignants, c\u2019est leur permettre de participer au choix des approches p\u00e9dagogiques.<\/p>\n\n\n\n<p>Enseigner en libert\u00e9 et autonomiser les enseignants, c\u2019est leur permettre de participer au choix du livre d\u00e8s l\u2019amont.<\/p>\n\n\n\n<p>Enseigner en libert\u00e9 et autonomiser les enseignants, c\u2019est leur permettre de participer \u00e0 toutes les d\u00e9cisions qui engagent leur corps de m\u00e9tier et l\u2019\u00e9cole.<\/p>\n\n\n\n<p>Ne pouvant plus retourner \u00e0 l\u2019Antiquit\u00e9 grecque o\u00f9 tout le monde participait \u00e0 la prise de d\u00e9cisions, je ne peux faire appel qu\u2019\u00e0 la notion de repr\u00e9sentativit\u00e9. Celle-ci doit prendre en compte moins la quantit\u00e9 que la qualit\u00e9.<\/p>\n\n\n\n<p>La repr\u00e9sentativit\u00e9 qualitative est celle qui privil\u00e9gie le choix des enseignantes et enseignants parmi ceux qui ont l\u2019\u00e9toffe n\u00e9cessaire et, surtout, une vision av\u00e9r\u00e9e du type d\u2019\u00e9cole et d\u2019enseignement qu\u2019il faut promouvoir pour notre pays&nbsp;: une \u00e9cole humaniste et non technocratique.<\/p>\n\n\n\n<p>Naturellement, cette libert\u00e9 et cette autonomie ne sont possibles que si les enseignantes et enseignants jouissent des moyens de cette politique, si leurs conditions de travail et de vie leur permettent de bien exercer leur noble m\u00e9tier.<\/p>\n\n\n\n<p>En guise de&nbsp;<em>vade mecum<\/em>, c\u2019est-\u00e0-dire ce que l\u2019on emporte avec soi, ce qu\u2019il faut en retenir,&nbsp;je dirais que le pr\u00e9sent travail part d\u2019un constat&nbsp;: l\u2019enseignante ou enseignant, malgr\u00e9 l\u2019impression qu\u2019il donne,&nbsp;exerce son m\u00e9tier de fa\u00e7on h\u00e9t\u00e9ronome. Il s\u2019installe ensuite sur un d\u00e9bat&nbsp;: comment et pourquoi l\u2019enseignante ou enseignant doit travailler en toute libert\u00e9 et en toute autonomie. Il ouvre enfin sur des perspectives&nbsp;: les enseignantes et enseignants doivent, autant que possible, participer \u00e0 la prise de d\u00e9cision en ce qui concerne l\u2019\u00e9cole et, le cas \u00e9ch\u00e9ant, y \u00eatre repr\u00e9sent\u00e9s par ceux qui en ont l\u2019\u00e9toffe \u00e0 travers une vision qui int\u00e8gre tant le bilinguisme que le multiculturalisme, socles de notre unit\u00e9 nationale, sans laquelle&nbsp;l\u2019\u00e9mergence ne serait qu\u2019une hypostase.<\/p>\n\n\n\n<p>Le pr\u00e9sent article est reproduit tel qu\u2019il nous a \u00e9t\u00e9 fourni.<\/p>\n\n\n\n<hr class=\"wp-block-separator\"\/>\n\n\n\n<p>Source&nbsp;:&nbsp;<a href=\"http:\/\/www.mediaterre.org\/actu,20171024095130,6.html\">M\u00e9diaterre<\/a><\/p>\n\n\n\n<p><a href=\"http:\/\/www.csfef.org\/dossiers\/la-participation-comme-fondement-de-lautonomisation-des-enseignants\">www.csfef.org\/dossiers\/la-participation-comme-fondement-de-lautonomisation-des-enseignants<\/a><\/p>\n","protected":false},"excerpt":{"rendered":"<p>Agn\u00e8s Bikoko et Paul Ombiono, de la F\u00e9d\u00e9ration camerounaise des syndicats de l\u2019\u00e9ducation, exposent leur conception de l\u2019autonomie du personnel enseignant.<\/p>\n","protected":false},"author":1,"featured_media":1335,"menu_order":0,"comment_status":"closed","ping_status":"open","template":"","format":"standard","meta":{"_acf_changed":false,"advgb_blocks_editor_width":"","advgb_blocks_columns_visual_guide":"","footnotes":""},"categories_perspectives_cpt":[516],"authors_perspectives_cpt":[437],"class_list":["post-3080","perspectives_cpt","type-perspectives_cpt","status-publish","format-standard","has-post-thumbnail","hentry","categories_perspectives_cpt-profession-enseignante","authors_perspectives_cpt-agnes-bikoko-et-paul-ombiono-fr"],"acf":[],"yoast_head":"<!-- This site is optimized with the Yoast SEO plugin v27.4 - https:\/\/yoast.com\/product\/yoast-seo-wordpress\/ -->\n<title>La participation comme fondement de l\u2019autonomisation des enseignantes et des enseignants<\/title>\n<meta name=\"description\" content=\"Agn\u00e8s Bikoko et Paul Ombiono, de la F\u00e9d\u00e9ration camerounaise des syndicats de l\u2019\u00e9ducation, exposent leur conception de l\u2019autonomie du personnel enseignant.\" \/>\n<meta name=\"robots\" content=\"index, follow, max-snippet:-1, max-image-preview:large, max-video-preview:-1\" \/>\n<link rel=\"canonical\" href=\"https:\/\/www.ctf-fce.ca\/fr\/journal-education-publique\/la-participation-comme-fondement-de-lautonomisation-des-enseignantes-et-des-enseignants\/\" \/>\n<meta property=\"og:locale\" content=\"fr_FR\" \/>\n<meta property=\"og:type\" content=\"article\" \/>\n<meta property=\"og:title\" content=\"La participation comme fondement de l\u2019autonomisation des enseignantes et des enseignants\" \/>\n<meta property=\"og:description\" content=\"Agn\u00e8s Bikoko et Paul Ombiono, de la F\u00e9d\u00e9ration camerounaise des syndicats de l\u2019\u00e9ducation, exposent leur conception de l\u2019autonomie du personnel enseignant.\" \/>\n<meta property=\"og:url\" content=\"https:\/\/www.ctf-fce.ca\/fr\/journal-education-publique\/la-participation-comme-fondement-de-lautonomisation-des-enseignantes-et-des-enseignants\/\" \/>\n<meta property=\"og:site_name\" content=\"CTF-FCE\" \/>\n<meta property=\"article:publisher\" content=\"https:\/\/www.facebook.com\/CTF.FCE\/\" \/>\n<meta property=\"article:modified_time\" content=\"2020-03-10T01:55:36+00:00\" \/>\n<meta property=\"og:image\" content=\"https:\/\/www.ctf-fce.ca\/wp-content\/uploads\/2020\/02\/Articles-10_800x500.png\" \/>\n\t<meta property=\"og:image:width\" content=\"800\" \/>\n\t<meta property=\"og:image:height\" content=\"500\" \/>\n\t<meta property=\"og:image:type\" content=\"image\/png\" \/>\n<meta name=\"twitter:card\" content=\"summary_large_image\" \/>\n<meta name=\"twitter:title\" content=\"La participation comme fondement de l\u2019autonomisation des enseignantes et des enseignants\" \/>\n<meta name=\"twitter:description\" content=\"Agn\u00e8s Bikoko et Paul Ombiono, de la F\u00e9d\u00e9ration camerounaise des syndicats de l\u2019\u00e9ducation, exposent leur conception de l\u2019autonomie du personnel enseignant.\" \/>\n<meta name=\"twitter:site\" content=\"@CTFFCE\" \/>\n<meta name=\"twitter:label1\" content=\"Dur\u00e9e de lecture estim\u00e9e\" \/>\n\t<meta name=\"twitter:data1\" content=\"4 minutes\" \/>\n<script type=\"application\/ld+json\" class=\"yoast-schema-graph\">{\"@context\":\"https:\\\/\\\/schema.org\",\"@graph\":[{\"@type\":\"WebPage\",\"@id\":\"https:\\\/\\\/www.ctf-fce.ca\\\/fr\\\/journal-education-publique\\\/la-participation-comme-fondement-de-lautonomisation-des-enseignantes-et-des-enseignants\\\/\",\"url\":\"https:\\\/\\\/www.ctf-fce.ca\\\/fr\\\/journal-education-publique\\\/la-participation-comme-fondement-de-lautonomisation-des-enseignantes-et-des-enseignants\\\/\",\"name\":\"La participation comme fondement de l\u2019autonomisation des enseignantes et des enseignants\",\"isPartOf\":{\"@id\":\"https:\\\/\\\/www.ctf-fce.ca\\\/fr\\\/#website\"},\"primaryImageOfPage\":{\"@id\":\"https:\\\/\\\/www.ctf-fce.ca\\\/fr\\\/journal-education-publique\\\/la-participation-comme-fondement-de-lautonomisation-des-enseignantes-et-des-enseignants\\\/#primaryimage\"},\"image\":{\"@id\":\"https:\\\/\\\/www.ctf-fce.ca\\\/fr\\\/journal-education-publique\\\/la-participation-comme-fondement-de-lautonomisation-des-enseignantes-et-des-enseignants\\\/#primaryimage\"},\"thumbnailUrl\":\"https:\\\/\\\/www.ctf-fce.ca\\\/wp-content\\\/uploads\\\/2020\\\/02\\\/Articles-10_800x500.png\",\"datePublished\":\"2018-03-23T04:00:00+00:00\",\"dateModified\":\"2020-03-10T01:55:36+00:00\",\"description\":\"Agn\u00e8s Bikoko et Paul Ombiono, de la F\u00e9d\u00e9ration camerounaise des syndicats de l\u2019\u00e9ducation, exposent leur conception de l\u2019autonomie du personnel enseignant.\",\"breadcrumb\":{\"@id\":\"https:\\\/\\\/www.ctf-fce.ca\\\/fr\\\/journal-education-publique\\\/la-participation-comme-fondement-de-lautonomisation-des-enseignantes-et-des-enseignants\\\/#breadcrumb\"},\"inLanguage\":\"fr-FR\",\"potentialAction\":[{\"@type\":\"ReadAction\",\"target\":[\"https:\\\/\\\/www.ctf-fce.ca\\\/fr\\\/journal-education-publique\\\/la-participation-comme-fondement-de-lautonomisation-des-enseignantes-et-des-enseignants\\\/\"]}]},{\"@type\":\"ImageObject\",\"inLanguage\":\"fr-FR\",\"@id\":\"https:\\\/\\\/www.ctf-fce.ca\\\/fr\\\/journal-education-publique\\\/la-participation-comme-fondement-de-lautonomisation-des-enseignantes-et-des-enseignants\\\/#primaryimage\",\"url\":\"https:\\\/\\\/www.ctf-fce.ca\\\/wp-content\\\/uploads\\\/2020\\\/02\\\/Articles-10_800x500.png\",\"contentUrl\":\"https:\\\/\\\/www.ctf-fce.ca\\\/wp-content\\\/uploads\\\/2020\\\/02\\\/Articles-10_800x500.png\",\"width\":800,\"height\":500,\"caption\":\"La participation comme fondement de l\u2019autonomisation des enseignantes et des enseignants\"},{\"@type\":\"BreadcrumbList\",\"@id\":\"https:\\\/\\\/www.ctf-fce.ca\\\/fr\\\/journal-education-publique\\\/la-participation-comme-fondement-de-lautonomisation-des-enseignantes-et-des-enseignants\\\/#breadcrumb\",\"itemListElement\":[{\"@type\":\"ListItem\",\"position\":1,\"name\":\"Accueil\",\"item\":\"https:\\\/\\\/www.ctf-fce.ca\\\/fr\\\/\"},{\"@type\":\"ListItem\",\"position\":2,\"name\":\"Journal de l\u2019\u00e9ducation publique\",\"item\":\"https:\\\/\\\/www.ctf-fce.ca\\\/fr\\\/journal-education-publique\\\/\"},{\"@type\":\"ListItem\",\"position\":3,\"name\":\"La participation comme fondement de l\u2019autonomisation des enseignantes et des enseignants\"}]},{\"@type\":\"WebSite\",\"@id\":\"https:\\\/\\\/www.ctf-fce.ca\\\/fr\\\/#website\",\"url\":\"https:\\\/\\\/www.ctf-fce.ca\\\/fr\\\/\",\"name\":\"CTF-FCE\",\"description\":\"\",\"publisher\":{\"@id\":\"https:\\\/\\\/www.ctf-fce.ca\\\/fr\\\/#organization\"},\"potentialAction\":[{\"@type\":\"SearchAction\",\"target\":{\"@type\":\"EntryPoint\",\"urlTemplate\":\"https:\\\/\\\/www.ctf-fce.ca\\\/fr\\\/?s={search_term_string}\"},\"query-input\":{\"@type\":\"PropertyValueSpecification\",\"valueRequired\":true,\"valueName\":\"search_term_string\"}}],\"inLanguage\":\"fr-FR\"},{\"@type\":\"Organization\",\"@id\":\"https:\\\/\\\/www.ctf-fce.ca\\\/fr\\\/#organization\",\"name\":\"CTF-FCE\",\"url\":\"https:\\\/\\\/www.ctf-fce.ca\\\/fr\\\/\",\"logo\":{\"@type\":\"ImageObject\",\"inLanguage\":\"fr-FR\",\"@id\":\"https:\\\/\\\/www.ctf-fce.ca\\\/fr\\\/#\\\/schema\\\/logo\\\/image\\\/\",\"url\":\"https:\\\/\\\/www.ctf-fce.ca\\\/wp-content\\\/uploads\\\/2020\\\/01\\\/ctf-fce-logo@2x.png\",\"contentUrl\":\"https:\\\/\\\/www.ctf-fce.ca\\\/wp-content\\\/uploads\\\/2020\\\/01\\\/ctf-fce-logo@2x.png\",\"width\":485,\"height\":146,\"caption\":\"CTF-FCE\"},\"image\":{\"@id\":\"https:\\\/\\\/www.ctf-fce.ca\\\/fr\\\/#\\\/schema\\\/logo\\\/image\\\/\"},\"sameAs\":[\"https:\\\/\\\/www.facebook.com\\\/CTF.FCE\\\/\",\"https:\\\/\\\/x.com\\\/CTFFCE\",\"https:\\\/\\\/www.instagram.com\\\/ctffce\\\/\",\"https:\\\/\\\/www.linkedin.com\\\/company\\\/canadian-teachers'\u200b-federation---f\u00e9d.-canadienne-des-enseignantes-et-des-enseignants\\\/\",\"https:\\\/\\\/www.youtube.com\\\/user\\\/canadianteachers\"]}]}<\/script>\n<!-- \/ Yoast SEO plugin. -->","yoast_head_json":{"title":"La participation comme fondement de l\u2019autonomisation des enseignantes et des enseignants","description":"Agn\u00e8s Bikoko et Paul Ombiono, de la F\u00e9d\u00e9ration camerounaise des syndicats de l\u2019\u00e9ducation, exposent leur conception de l\u2019autonomie du personnel enseignant.","robots":{"index":"index","follow":"follow","max-snippet":"max-snippet:-1","max-image-preview":"max-image-preview:large","max-video-preview":"max-video-preview:-1"},"canonical":"https:\/\/www.ctf-fce.ca\/fr\/journal-education-publique\/la-participation-comme-fondement-de-lautonomisation-des-enseignantes-et-des-enseignants\/","og_locale":"fr_FR","og_type":"article","og_title":"La participation comme fondement de l\u2019autonomisation des enseignantes et des enseignants","og_description":"Agn\u00e8s Bikoko et Paul Ombiono, de la F\u00e9d\u00e9ration camerounaise des syndicats de l\u2019\u00e9ducation, exposent leur conception de l\u2019autonomie du personnel enseignant.","og_url":"https:\/\/www.ctf-fce.ca\/fr\/journal-education-publique\/la-participation-comme-fondement-de-lautonomisation-des-enseignantes-et-des-enseignants\/","og_site_name":"CTF-FCE","article_publisher":"https:\/\/www.facebook.com\/CTF.FCE\/","article_modified_time":"2020-03-10T01:55:36+00:00","og_image":[{"width":800,"height":500,"url":"https:\/\/www.ctf-fce.ca\/wp-content\/uploads\/2020\/02\/Articles-10_800x500.png","type":"image\/png"}],"twitter_card":"summary_large_image","twitter_title":"La participation comme fondement de l\u2019autonomisation des enseignantes et des enseignants","twitter_description":"Agn\u00e8s Bikoko et Paul Ombiono, de la F\u00e9d\u00e9ration camerounaise des syndicats de l\u2019\u00e9ducation, exposent leur conception de l\u2019autonomie du personnel enseignant.","twitter_site":"@CTFFCE","twitter_misc":{"Dur\u00e9e de lecture estim\u00e9e":"4 minutes"},"schema":{"@context":"https:\/\/schema.org","@graph":[{"@type":"WebPage","@id":"https:\/\/www.ctf-fce.ca\/fr\/journal-education-publique\/la-participation-comme-fondement-de-lautonomisation-des-enseignantes-et-des-enseignants\/","url":"https:\/\/www.ctf-fce.ca\/fr\/journal-education-publique\/la-participation-comme-fondement-de-lautonomisation-des-enseignantes-et-des-enseignants\/","name":"La participation comme fondement de l\u2019autonomisation des enseignantes et des enseignants","isPartOf":{"@id":"https:\/\/www.ctf-fce.ca\/fr\/#website"},"primaryImageOfPage":{"@id":"https:\/\/www.ctf-fce.ca\/fr\/journal-education-publique\/la-participation-comme-fondement-de-lautonomisation-des-enseignantes-et-des-enseignants\/#primaryimage"},"image":{"@id":"https:\/\/www.ctf-fce.ca\/fr\/journal-education-publique\/la-participation-comme-fondement-de-lautonomisation-des-enseignantes-et-des-enseignants\/#primaryimage"},"thumbnailUrl":"https:\/\/www.ctf-fce.ca\/wp-content\/uploads\/2020\/02\/Articles-10_800x500.png","datePublished":"2018-03-23T04:00:00+00:00","dateModified":"2020-03-10T01:55:36+00:00","description":"Agn\u00e8s Bikoko et Paul Ombiono, de la F\u00e9d\u00e9ration camerounaise des syndicats de l\u2019\u00e9ducation, exposent leur conception de l\u2019autonomie du personnel enseignant.","breadcrumb":{"@id":"https:\/\/www.ctf-fce.ca\/fr\/journal-education-publique\/la-participation-comme-fondement-de-lautonomisation-des-enseignantes-et-des-enseignants\/#breadcrumb"},"inLanguage":"fr-FR","potentialAction":[{"@type":"ReadAction","target":["https:\/\/www.ctf-fce.ca\/fr\/journal-education-publique\/la-participation-comme-fondement-de-lautonomisation-des-enseignantes-et-des-enseignants\/"]}]},{"@type":"ImageObject","inLanguage":"fr-FR","@id":"https:\/\/www.ctf-fce.ca\/fr\/journal-education-publique\/la-participation-comme-fondement-de-lautonomisation-des-enseignantes-et-des-enseignants\/#primaryimage","url":"https:\/\/www.ctf-fce.ca\/wp-content\/uploads\/2020\/02\/Articles-10_800x500.png","contentUrl":"https:\/\/www.ctf-fce.ca\/wp-content\/uploads\/2020\/02\/Articles-10_800x500.png","width":800,"height":500,"caption":"La participation comme fondement de l\u2019autonomisation des enseignantes et des enseignants"},{"@type":"BreadcrumbList","@id":"https:\/\/www.ctf-fce.ca\/fr\/journal-education-publique\/la-participation-comme-fondement-de-lautonomisation-des-enseignantes-et-des-enseignants\/#breadcrumb","itemListElement":[{"@type":"ListItem","position":1,"name":"Accueil","item":"https:\/\/www.ctf-fce.ca\/fr\/"},{"@type":"ListItem","position":2,"name":"Journal de l\u2019\u00e9ducation publique","item":"https:\/\/www.ctf-fce.ca\/fr\/journal-education-publique\/"},{"@type":"ListItem","position":3,"name":"La participation comme fondement de l\u2019autonomisation des enseignantes et des enseignants"}]},{"@type":"WebSite","@id":"https:\/\/www.ctf-fce.ca\/fr\/#website","url":"https:\/\/www.ctf-fce.ca\/fr\/","name":"CTF-FCE","description":"","publisher":{"@id":"https:\/\/www.ctf-fce.ca\/fr\/#organization"},"potentialAction":[{"@type":"SearchAction","target":{"@type":"EntryPoint","urlTemplate":"https:\/\/www.ctf-fce.ca\/fr\/?s={search_term_string}"},"query-input":{"@type":"PropertyValueSpecification","valueRequired":true,"valueName":"search_term_string"}}],"inLanguage":"fr-FR"},{"@type":"Organization","@id":"https:\/\/www.ctf-fce.ca\/fr\/#organization","name":"CTF-FCE","url":"https:\/\/www.ctf-fce.ca\/fr\/","logo":{"@type":"ImageObject","inLanguage":"fr-FR","@id":"https:\/\/www.ctf-fce.ca\/fr\/#\/schema\/logo\/image\/","url":"https:\/\/www.ctf-fce.ca\/wp-content\/uploads\/2020\/01\/ctf-fce-logo@2x.png","contentUrl":"https:\/\/www.ctf-fce.ca\/wp-content\/uploads\/2020\/01\/ctf-fce-logo@2x.png","width":485,"height":146,"caption":"CTF-FCE"},"image":{"@id":"https:\/\/www.ctf-fce.ca\/fr\/#\/schema\/logo\/image\/"},"sameAs":["https:\/\/www.facebook.com\/CTF.FCE\/","https:\/\/x.com\/CTFFCE","https:\/\/www.instagram.com\/ctffce\/","https:\/\/www.linkedin.com\/company\/canadian-teachers'\u200b-federation---f\u00e9d.-canadienne-des-enseignantes-et-des-enseignants\/","https:\/\/www.youtube.com\/user\/canadianteachers"]}]}},"featured_img":"https:\/\/www.ctf-fce.ca\/wp-content\/uploads\/2020\/02\/Articles-10_800x500.png","coauthors":[],"author_meta":{"author_link":"https:\/\/www.ctf-fce.ca\/fr\/author\/contactkeshocommunications-ca\/","display_name":"contact@keshocommunications.ca"},"relative_dates":{"created":"Publi\u00e9 8 ans il y a","modified":"Mis \u00e0 jour 6 ans il y a"},"absolute_dates":{"created":"Publi\u00e9 le 23 mars 2018","modified":"Mise \u00e0 jour le 9 mars 2020"},"absolute_dates_time":{"created":"Publi\u00e9 le 23 mars 2018 0h00","modified":"Mise \u00e0 jour le 9 mars 2020 21h55"},"featured_img_caption":"","tax_additional":{"categories_perspectives_cpt":{"linked":["<a href=\"https:\/\/www.ctf-fce.ca\/fr\/categories\/profession-enseignante\/\" class=\"advgb-post-tax-term\">Profession enseignante<\/a>"],"unlinked":["<span class=\"advgb-post-tax-term\">Profession enseignante<\/span>"],"slug":"categories_perspectives_cpt","name":"Cat\u00e9gories"},"authors_perspectives_cpt":{"linked":["<a href=\"https:\/\/www.ctf-fce.ca\/fr\/auteurs\/agnes-bikoko-et-paul-ombiono-fr\/\" class=\"advgb-post-tax-term\">Agn\u00e8s Bikoko et Paul Ombiono<\/a>"],"unlinked":["<span class=\"advgb-post-tax-term\">Agn\u00e8s Bikoko et Paul Ombiono<\/span>"],"slug":"authors_perspectives_cpt","name":"Auteures et auteurs"},"translation_priority":{"linked":["<a href=\"https:\/\/www.ctf-fce.ca\/fr\/?taxonomy=translation_priority&#038;term=facultatif\" class=\"advgb-post-tax-term\">Facultatif<\/a>"],"unlinked":["<span class=\"advgb-post-tax-term\">Facultatif<\/span>"],"slug":"translation_priority","name":"Priorit\u00e9s de traduction"}},"series_order":"","_links":{"self":[{"href":"https:\/\/www.ctf-fce.ca\/fr\/wp-json\/wp\/v2\/perspectives_cpt\/3080","targetHints":{"allow":["GET"]}}],"collection":[{"href":"https:\/\/www.ctf-fce.ca\/fr\/wp-json\/wp\/v2\/perspectives_cpt"}],"about":[{"href":"https:\/\/www.ctf-fce.ca\/fr\/wp-json\/wp\/v2\/types\/perspectives_cpt"}],"author":[{"embeddable":true,"href":"https:\/\/www.ctf-fce.ca\/fr\/wp-json\/wp\/v2\/users\/1"}],"replies":[{"embeddable":true,"href":"https:\/\/www.ctf-fce.ca\/fr\/wp-json\/wp\/v2\/comments?post=3080"}],"version-history":[{"count":0,"href":"https:\/\/www.ctf-fce.ca\/fr\/wp-json\/wp\/v2\/perspectives_cpt\/3080\/revisions"}],"wp:featuredmedia":[{"embeddable":true,"href":"https:\/\/www.ctf-fce.ca\/fr\/wp-json\/wp\/v2\/media\/1335"}],"wp:attachment":[{"href":"https:\/\/www.ctf-fce.ca\/fr\/wp-json\/wp\/v2\/media?parent=3080"}],"wp:term":[{"taxonomy":"categories_perspectives_cpt","embeddable":true,"href":"https:\/\/www.ctf-fce.ca\/fr\/wp-json\/wp\/v2\/categories_perspectives_cpt?post=3080"},{"taxonomy":"authors_perspectives_cpt","embeddable":true,"href":"https:\/\/www.ctf-fce.ca\/fr\/wp-json\/wp\/v2\/authors_perspectives_cpt?post=3080"}],"curies":[{"name":"wp","href":"https:\/\/api.w.org\/{rel}","templated":true}]}}