{"id":3952,"date":"2019-02-19T00:00:00","date_gmt":"2019-02-19T05:00:00","guid":{"rendered":"http:\/\/184.107.41.70\/~ctffce\/blog-perspectives\/reflexion-nouvelle-sur-la-greve-generale-de-winnipeg\/"},"modified":"2020-03-09T21:52:04","modified_gmt":"2020-03-10T01:52:04","slug":"reflexion-nouvelle-sur-la-greve-generale-de-winnipeg","status":"publish","type":"perspectives_cpt","link":"https:\/\/www.ctf-fce.ca\/fr\/journal-education-publique\/reflexion-nouvelle-sur-la-greve-generale-de-winnipeg\/","title":{"rendered":"R\u00e9flexion nouvelle sur la gr\u00e8ve g\u00e9n\u00e9rale de Winnipeg"},"content":{"rendered":"<p>L\u2019ann\u00e9e 2019 marque le 100<sup>e<\/sup> anniversaire de la gr\u00e8ve g\u00e9n\u00e9rale de Winnipeg, un \u00e9v\u00e8nement d\u2019une importance d\u00e9terminante dans l\u2019histoire du mouvement syndical et de notre pays.<\/p>\n\n\n<p>Durant plus de six semaines en 1919, Winnipeg est le th\u00e9\u00e2tre d\u2019une des plus longues gr\u00e8ves g\u00e9n\u00e9rales de l\u2019histoire du Canada, gr\u00e8ve qui aura des r\u00e9percussions profondes et durables sur le mouvement syndical moderne et la politique canadienne.<\/p>\n\n\n\n<p>Les conditions qui m\u00e8nent \u00e0 la gr\u00e8ve g\u00e9n\u00e9rale de Winnipeg r\u00e9sultent de circonstances diverses qui ont pr\u00e9par\u00e9 le terrain au fil des ans.<\/p>\n\n\n\n<p>En 1919, la lutte des classes est un ph\u00e9nom\u00e8ne bien pr\u00e9sent \u00e0 Winnipeg<a href=\"#_ftn1\">[1]<\/a>. Des milliers d\u2019immigrants et immigrantes sont install\u00e9s dans la partie nord de la ville, o\u00f9 les usines et les entrep\u00f4ts bordent les gares de triage, dont les trains traversent la ville. Dans ces quartiers vivent de dynamiques communaut\u00e9s ouvri\u00e8res allemandes, ukrainiennes, juives, polonaises, britanniques et autres qui ont leurs propres institutions politiques, \u00e9ducatives, religieuses et culturelles.<\/p>\n\n\n\n<p>La population y est dense, et les maisons sont souvent construites \u00e0 peu de frais et subdivis\u00e9es de mani\u00e8re \u00e0 permettre aux propri\u00e9taires de multiplier les loyers. L\u2019hygi\u00e8ne laissant souvent \u00e0 d\u00e9sirer, ces communaut\u00e9s sont particuli\u00e8rement vuln\u00e9rables aux \u00e9pid\u00e9mies de typho\u00efde, de tuberculose, de grippe et de pneumonie.<\/p>\n\n\n\n<p>D\u00e9sireux d\u2019am\u00e9liorer leurs conditions, les travailleuses et travailleurs sont nombreux \u00e0 se joindre aux syndicats et aux partis politiques socialistes, o\u00f9 ils jouent un r\u00f4le actif. D\u2019ailleurs, la solidarit\u00e9 des travailleuses et travailleurs de Winnipeg pendant la gr\u00e8ve g\u00e9n\u00e9rale a pris naissance dans le mouvement d\u2019activisme amorc\u00e9 des dizaines d\u2019ann\u00e9es auparavant. <\/p>\n\n\n\n<p>Pendant la Premi\u00e8re Guerre mondiale, les salaires sont bas et les conditions de travail, souvent dangereuses et insalubres. L\u2019inflation galopante entra\u00eene une baisse du pouvoir d\u2019achat et, apr\u00e8s la guerre, les usines sont nombreuses \u00e0 ralentir leurs activit\u00e9s ou \u00e0 fermer leurs portes.<\/p>\n\n\n\n<p>\u00c0 leur retour de la Grande Guerre, bon nombre des soldats sont incapables de trouver un emploi d\u00e9cent, ce qui, en plus des mises \u00e0 pied, contribue \u00e0 une hausse importante du ch\u00f4mage<a href=\"#_ftn2\">[2]<\/a>.<\/p>\n\n\n\n<p>De leur c\u00f4t\u00e9, en contribuant \u00e0 l\u2019effort de guerre, les entreprises ont r\u00e9alis\u00e9 d\u2019\u00e9normes profits aux d\u00e9pens des travailleurs et travailleuses, et des soldats. L\u2019inflation exerce sur la classe ouvri\u00e8re une pression de plus en plus forte que cette derni\u00e8re a de plus en plus de mal \u00e0 supporter. Les travailleurs et travailleuses r\u00e9clament alors le droit de n\u00e9gociation collective et le droit \u00e0 un salaire d\u00e9cent, des droits que le mouvement syndical continue de d\u00e9fendre encore aujourd\u2019hui<a href=\"#_ftn3\">[3]<\/a>.<\/p>\n\n\n\n<p>Pendant la gr\u00e8ve, les entreprises et les usines se retrouvent \u00e0 l\u2019arr\u00eat, tandis que le comit\u00e9 central de gr\u00e8ve coordonne les services essentiels. De nombreuses manifestations et marches pacifiques ont lieu, m\u00eame devant les violences perp\u00e9tr\u00e9es par les agents de la \u00ab police sp\u00e9ciale \u00bb. Embauch\u00e9s par le Citizens\u2019 Committee of 1000 (un groupe compos\u00e9 de l\u2019\u00e9lite du milieu des affaires de Winnipeg) en remplacement de la force polici\u00e8re r\u00e9guli\u00e8re de la ville qui s\u2019est rang\u00e9e du c\u00f4t\u00e9 des gr\u00e9vistes dans un \u00e9lan de solidarit\u00e9, ces \u00ab agents sp\u00e9ciaux \u00bb sont arm\u00e9s de rayons de roues de wagon et autoris\u00e9s \u00e0 utiliser la force contre les gr\u00e9vistes.<\/p>\n\n\n\n<p>Le 21 juin, que l\u2019on appellera plus tard le \u00ab Bloody Saturday \u00bb (le samedi sanglant), la Police \u00e0 cheval du Nord-Ouest fonce sans h\u00e9siter sur les gr\u00e9vistes. Si elle prend fin abruptement quelques jours plus tard, la gr\u00e8ve incite les travailleurs et travailleuses \u00e0 continuer de s\u2019organiser et de se battre pour le droit de n\u00e9gociation collective et d\u2019autres droits importants pour eux.<\/p>\n\n\n\n<p>En cons\u00e9quence, les ann\u00e9es suivantes ont vu l\u2019instauration du salaire minimum, l\u2019am\u00e9lioration des lois sur la sant\u00e9 et la s\u00e9curit\u00e9 au travail, l\u2019adoption de normes d\u2019emploi et, enfin, la reconnaissance d\u2019un grand nombre des droits dont nous, travailleurs et travailleuses, b\u00e9n\u00e9ficions aujourd\u2019hui. La gr\u00e8ve a \u00e9galement servi de catalyseur au renforcement de partis politiques vou\u00e9s aux travailleurs et travailleuses, d\u2019abord la F\u00e9d\u00e9ration du commonwealth coop\u00e9ratif (CCF), puis le Nouveau Parti d\u00e9mocratique<a href=\"#_ftn4\">[4]<\/a>.<\/p>\n\n\n\n<p>Autre r\u00e9sultat de la gr\u00e8ve, imm\u00e9diat celui-l\u00e0, a \u00e9t\u00e9 la naissance d\u2019une volont\u00e9 d\u2019acc\u00e9der au pouvoir politique, qui a men\u00e9 \u00e0 l\u2019\u00e9lection de 11 repr\u00e9sentants syndicaux lors du scrutin de 1920 au Manitoba, m\u00eame si 3 d\u2019entre eux \u00e9taient toujours en prison \u00e0 ce moment-l\u00e0 en raison du r\u00f4le qu\u2019ils avaient jou\u00e9 dans la gr\u00e8ve. Le meneur de gr\u00e8ve J.S. Woodsworth, \u00e9lu pour la premi\u00e8re fois au Parlement en 1921, a \u00e9t\u00e9 une figure d\u00e9terminante de la cr\u00e9ation de la CCF<a href=\"#_ftn5\">[5]<\/a>.<\/p>\n\n\n\n<p>Aujourd\u2019hui, le mouvement syndical du Manitoba s\u2019affaire \u00e0 pr\u00e9parer les c\u00e9l\u00e9brations entourant le centenaire de la gr\u00e8ve g\u00e9n\u00e9rale de Winnipeg. Au cours des mois \u00e0 venir, nous tiendrons un grand nombre d\u2019activit\u00e9s sp\u00e9ciales et pr\u00e9senterons toutes sortes de projets comm\u00e9moratifs afin de c\u00e9l\u00e9brer cet anniversaire. Winnipeg sera \u00e9galement l\u2019h\u00f4te de nombreuses conf\u00e9rences syndicales en 2019, que des organisations syndicales des quatre coins du pays organiseront pour marquer ce jalon important de notre histoire.&nbsp;<\/p>\n\n\n\n<p>Nous ne soulignerons jamais assez l\u2019importance du soutien que nous avons re\u00e7u du mouvement syndical en faveur des c\u00e9l\u00e9brations du centenaire, ici, au Manitoba, et dans l\u2019ensemble du Canada. Sans le d\u00e9vouement de nos s\u0153urs, de nos fr\u00e8res et de nos amies et amis, ces \u00e9v\u00e8nements ne seraient pas possibles.<\/p>\n\n\n\n<p>De l\u2019h\u00e9ritage de la gr\u00e8ve g\u00e9n\u00e9rale de Winnipeg une certitude ressort : les travailleurs et travailleuses ont beaucoup de pouvoir quand ils s\u2019unissent en faveur d\u2019objectifs communs et qu\u2019ils travaillent au b\u00e9n\u00e9fice de tout le monde.<\/p>\n\n\n\n<p>Alors que les travailleuses et travailleurs canadiens doivent composer avec des gouvernements, \u00e0 l\u2019\u00e9chelle f\u00e9d\u00e9rale et provinciale, qui font reculer des droits durement acquis, cet important h\u00e9ritage nous rappelle tout ce que nous pouvons accomplir quand nous unissons nos efforts<\/p>\n\n\n\n<p class=\"has-small-font-size\"><a href=\"#_ftnref1\">[1]<\/a> Melissa Martin, \u00ab Economic inequality at root of Winnipeg General Strike \u00bb, <em>Winnipeg Free Press<\/em>, le 16 juin 2012. <br><a href=\"http:\/\/perspectives-ctf-fce.ca\/wp-admin\/post.php?post=1344&amp;action=edit#_ftnref2\">[2]<\/a> Paul Moist, \u00ab Walker Theatre meeting helped set up Winnipeg General Strike \u00bb, <em>Winnipeg Free Press, <\/em>le 21 d\u00e9cembre 2018. <br><a href=\"http:\/\/perspectives-ctf-fce.ca\/wp-admin\/post.php?post=1344&amp;action=edit#_ftnref3\">[3]<\/a> Congr\u00e8s du travail du Canada, \u00ab Histoire du mouvement syndical au Canada \u00bb, [En ligne]. [http:\/\/congresdutravail.ca\/pourquoi-des-syndicats\/histoire-du-mouvement-syndical-au-canada]. (Consult\u00e9 le 17 janvier 2019). <br><a href=\"http:\/\/perspectives-ctf-fce.ca\/wp-admin\/post.php?post=1344&amp;action=edit&amp;lang=en#_ftnref4\">[4]<\/a> Kate Kehler, \u00ab General strike lessons learned \u00bb, <em>Winnipeg Free Press<\/em>, le 26 juin 2015. <br><a href=\"http:\/\/perspectives-ctf-fce.ca\/wp-admin\/post.php?post=1344&amp;action=edit&amp;lang=en#_ftnref5\">[5]<\/a> Ibid.<\/p>\n\n\n\n<hr class=\"wp-block-separator\"\/>\n\n\n\n<div class=\"wp-block-image\"><figure class=\"alignleft is-resized\"><img loading=\"lazy\" decoding=\"async\" src=\"http:\/\/perspectives-ctf-fce.ca\/wp-content\/uploads\/2019\/02\/KevinRebeck.png\" alt=\"\" class=\"wp-image-1550\" width=\"150\" height=\"150\"\/><\/figure><\/div>\n\n\n\n<p><br><br><br>Kevin Rebeck est le pr\u00e9sident de la Manitoba Federation of Labour.<\/p>\n","protected":false},"excerpt":{"rendered":"<p>L\u2019ann\u00e9e 2019 marque le 100e anniversaire de la gr\u00e8ve g\u00e9n\u00e9rale de Winnipeg, un \u00e9v\u00e8nement d\u2019une importance d\u00e9terminante dans l\u2019histoire du mouvement syndical et de notre pays. Durant plus de six semaines en 1919, Winnipeg est le th\u00e9\u00e2tre d\u2019une des plus longues gr\u00e8ves g\u00e9n\u00e9rales de l\u2019histoire du Canada, gr\u00e8ve qui aura des r\u00e9percussions profondes et durables [&hellip;]<\/p>\n","protected":false},"author":1,"featured_media":3781,"menu_order":0,"comment_status":"open","ping_status":"open","template":"","format":"standard","meta":{"_acf_changed":false,"advgb_blocks_editor_width":"","advgb_blocks_columns_visual_guide":"","footnotes":""},"categories_perspectives_cpt":[509,506,493],"authors_perspectives_cpt":[],"class_list":["post-3952","perspectives_cpt","type-perspectives_cpt","status-publish","format-standard","has-post-thumbnail","hentry","categories_perspectives_cpt-action-politique","categories_perspectives_cpt-droits-des-travailleurs-et-travailleuses","categories_perspectives_cpt-militantisme"],"acf":[],"yoast_head":"<!-- This site is optimized with the Yoast SEO plugin v27.4 - https:\/\/yoast.com\/product\/yoast-seo-wordpress\/ -->\n<title>R\u00e9flexion nouvelle sur la gr\u00e8ve g\u00e9n\u00e9rale de Winnipeg - CTF-FCE<\/title>\n<meta name=\"robots\" content=\"index, follow, max-snippet:-1, max-image-preview:large, max-video-preview:-1\" \/>\n<link rel=\"canonical\" href=\"https:\/\/www.ctf-fce.ca\/fr\/journal-education-publique\/reflexion-nouvelle-sur-la-greve-generale-de-winnipeg\/\" \/>\n<meta property=\"og:locale\" content=\"fr_FR\" \/>\n<meta property=\"og:type\" content=\"article\" \/>\n<meta property=\"og:title\" content=\"R\u00e9flexion nouvelle sur la gr\u00e8ve g\u00e9n\u00e9rale de Winnipeg - CTF-FCE\" \/>\n<meta property=\"og:description\" content=\"L\u2019ann\u00e9e 2019 marque le 100e anniversaire de la gr\u00e8ve g\u00e9n\u00e9rale de Winnipeg, un \u00e9v\u00e8nement d\u2019une importance d\u00e9terminante dans l\u2019histoire du mouvement syndical et de notre pays. Durant plus de six semaines en 1919, Winnipeg est le th\u00e9\u00e2tre d\u2019une des plus longues gr\u00e8ves g\u00e9n\u00e9rales de l\u2019histoire du Canada, gr\u00e8ve qui aura des r\u00e9percussions profondes et durables [&hellip;]\" \/>\n<meta property=\"og:url\" content=\"https:\/\/www.ctf-fce.ca\/fr\/journal-education-publique\/reflexion-nouvelle-sur-la-greve-generale-de-winnipeg\/\" \/>\n<meta property=\"og:site_name\" content=\"CTF-FCE\" \/>\n<meta property=\"article:publisher\" content=\"https:\/\/www.facebook.com\/CTF.FCE\/\" \/>\n<meta property=\"article:modified_time\" content=\"2020-03-10T01:52:04+00:00\" \/>\n<meta property=\"og:image\" content=\"https:\/\/www.ctf-fce.ca\/wp-content\/uploads\/2020\/03\/Perspectives-30_Article-6.png\" \/>\n\t<meta property=\"og:image:width\" content=\"600\" \/>\n\t<meta property=\"og:image:height\" content=\"600\" \/>\n\t<meta property=\"og:image:type\" content=\"image\/png\" \/>\n<meta name=\"twitter:card\" content=\"summary_large_image\" \/>\n<meta name=\"twitter:site\" content=\"@CTFFCE\" \/>\n<meta name=\"twitter:label1\" content=\"Dur\u00e9e de lecture estim\u00e9e\" \/>\n\t<meta name=\"twitter:data1\" content=\"6 minutes\" \/>\n<script type=\"application\/ld+json\" class=\"yoast-schema-graph\">{\"@context\":\"https:\\\/\\\/schema.org\",\"@graph\":[{\"@type\":\"WebPage\",\"@id\":\"https:\\\/\\\/www.ctf-fce.ca\\\/fr\\\/journal-education-publique\\\/reflexion-nouvelle-sur-la-greve-generale-de-winnipeg\\\/\",\"url\":\"https:\\\/\\\/www.ctf-fce.ca\\\/fr\\\/journal-education-publique\\\/reflexion-nouvelle-sur-la-greve-generale-de-winnipeg\\\/\",\"name\":\"R\u00e9flexion nouvelle sur la gr\u00e8ve g\u00e9n\u00e9rale de Winnipeg - CTF-FCE\",\"isPartOf\":{\"@id\":\"https:\\\/\\\/www.ctf-fce.ca\\\/fr\\\/#website\"},\"primaryImageOfPage\":{\"@id\":\"https:\\\/\\\/www.ctf-fce.ca\\\/fr\\\/journal-education-publique\\\/reflexion-nouvelle-sur-la-greve-generale-de-winnipeg\\\/#primaryimage\"},\"image\":{\"@id\":\"https:\\\/\\\/www.ctf-fce.ca\\\/fr\\\/journal-education-publique\\\/reflexion-nouvelle-sur-la-greve-generale-de-winnipeg\\\/#primaryimage\"},\"thumbnailUrl\":\"https:\\\/\\\/www.ctf-fce.ca\\\/wp-content\\\/uploads\\\/2020\\\/03\\\/Perspectives-30_Article-6.png\",\"datePublished\":\"2019-02-19T05:00:00+00:00\",\"dateModified\":\"2020-03-10T01:52:04+00:00\",\"breadcrumb\":{\"@id\":\"https:\\\/\\\/www.ctf-fce.ca\\\/fr\\\/journal-education-publique\\\/reflexion-nouvelle-sur-la-greve-generale-de-winnipeg\\\/#breadcrumb\"},\"inLanguage\":\"fr-FR\",\"potentialAction\":[{\"@type\":\"ReadAction\",\"target\":[\"https:\\\/\\\/www.ctf-fce.ca\\\/fr\\\/journal-education-publique\\\/reflexion-nouvelle-sur-la-greve-generale-de-winnipeg\\\/\"]}]},{\"@type\":\"ImageObject\",\"inLanguage\":\"fr-FR\",\"@id\":\"https:\\\/\\\/www.ctf-fce.ca\\\/fr\\\/journal-education-publique\\\/reflexion-nouvelle-sur-la-greve-generale-de-winnipeg\\\/#primaryimage\",\"url\":\"https:\\\/\\\/www.ctf-fce.ca\\\/wp-content\\\/uploads\\\/2020\\\/03\\\/Perspectives-30_Article-6.png\",\"contentUrl\":\"https:\\\/\\\/www.ctf-fce.ca\\\/wp-content\\\/uploads\\\/2020\\\/03\\\/Perspectives-30_Article-6.png\",\"width\":600,\"height\":600},{\"@type\":\"BreadcrumbList\",\"@id\":\"https:\\\/\\\/www.ctf-fce.ca\\\/fr\\\/journal-education-publique\\\/reflexion-nouvelle-sur-la-greve-generale-de-winnipeg\\\/#breadcrumb\",\"itemListElement\":[{\"@type\":\"ListItem\",\"position\":1,\"name\":\"Accueil\",\"item\":\"https:\\\/\\\/www.ctf-fce.ca\\\/fr\\\/home\\\/\"},{\"@type\":\"ListItem\",\"position\":2,\"name\":\"Journal de l\u2019\u00e9ducation publique\",\"item\":\"https:\\\/\\\/www.ctf-fce.ca\\\/fr\\\/journal-education-publique\\\/\"},{\"@type\":\"ListItem\",\"position\":3,\"name\":\"R\u00e9flexion nouvelle sur la gr\u00e8ve g\u00e9n\u00e9rale de Winnipeg\"}]},{\"@type\":\"WebSite\",\"@id\":\"https:\\\/\\\/www.ctf-fce.ca\\\/fr\\\/#website\",\"url\":\"https:\\\/\\\/www.ctf-fce.ca\\\/fr\\\/\",\"name\":\"CTF-FCE\",\"description\":\"\",\"publisher\":{\"@id\":\"https:\\\/\\\/www.ctf-fce.ca\\\/fr\\\/#organization\"},\"potentialAction\":[{\"@type\":\"SearchAction\",\"target\":{\"@type\":\"EntryPoint\",\"urlTemplate\":\"https:\\\/\\\/www.ctf-fce.ca\\\/fr\\\/?s={search_term_string}\"},\"query-input\":{\"@type\":\"PropertyValueSpecification\",\"valueRequired\":true,\"valueName\":\"search_term_string\"}}],\"inLanguage\":\"fr-FR\"},{\"@type\":\"Organization\",\"@id\":\"https:\\\/\\\/www.ctf-fce.ca\\\/fr\\\/#organization\",\"name\":\"CTF-FCE\",\"url\":\"https:\\\/\\\/www.ctf-fce.ca\\\/fr\\\/\",\"logo\":{\"@type\":\"ImageObject\",\"inLanguage\":\"fr-FR\",\"@id\":\"https:\\\/\\\/www.ctf-fce.ca\\\/fr\\\/#\\\/schema\\\/logo\\\/image\\\/\",\"url\":\"https:\\\/\\\/www.ctf-fce.ca\\\/wp-content\\\/uploads\\\/2020\\\/01\\\/ctf-fce-logo@2x.png\",\"contentUrl\":\"https:\\\/\\\/www.ctf-fce.ca\\\/wp-content\\\/uploads\\\/2020\\\/01\\\/ctf-fce-logo@2x.png\",\"width\":485,\"height\":146,\"caption\":\"CTF-FCE\"},\"image\":{\"@id\":\"https:\\\/\\\/www.ctf-fce.ca\\\/fr\\\/#\\\/schema\\\/logo\\\/image\\\/\"},\"sameAs\":[\"https:\\\/\\\/www.facebook.com\\\/CTF.FCE\\\/\",\"https:\\\/\\\/x.com\\\/CTFFCE\",\"https:\\\/\\\/www.instagram.com\\\/ctffce\\\/\",\"https:\\\/\\\/www.linkedin.com\\\/company\\\/canadian-teachers'\u200b-federation---f\u00e9d.-canadienne-des-enseignantes-et-des-enseignants\\\/\",\"https:\\\/\\\/www.youtube.com\\\/user\\\/canadianteachers\"]}]}<\/script>\n<!-- \/ Yoast SEO plugin. -->","yoast_head_json":{"title":"R\u00e9flexion nouvelle sur la gr\u00e8ve g\u00e9n\u00e9rale de Winnipeg - CTF-FCE","robots":{"index":"index","follow":"follow","max-snippet":"max-snippet:-1","max-image-preview":"max-image-preview:large","max-video-preview":"max-video-preview:-1"},"canonical":"https:\/\/www.ctf-fce.ca\/fr\/journal-education-publique\/reflexion-nouvelle-sur-la-greve-generale-de-winnipeg\/","og_locale":"fr_FR","og_type":"article","og_title":"R\u00e9flexion nouvelle sur la gr\u00e8ve g\u00e9n\u00e9rale de Winnipeg - CTF-FCE","og_description":"L\u2019ann\u00e9e 2019 marque le 100e anniversaire de la gr\u00e8ve g\u00e9n\u00e9rale de Winnipeg, un \u00e9v\u00e8nement d\u2019une importance d\u00e9terminante dans l\u2019histoire du mouvement syndical et de notre pays. Durant plus de six semaines en 1919, Winnipeg est le th\u00e9\u00e2tre d\u2019une des plus longues gr\u00e8ves g\u00e9n\u00e9rales de l\u2019histoire du Canada, gr\u00e8ve qui aura des r\u00e9percussions profondes et durables [&hellip;]","og_url":"https:\/\/www.ctf-fce.ca\/fr\/journal-education-publique\/reflexion-nouvelle-sur-la-greve-generale-de-winnipeg\/","og_site_name":"CTF-FCE","article_publisher":"https:\/\/www.facebook.com\/CTF.FCE\/","article_modified_time":"2020-03-10T01:52:04+00:00","og_image":[{"width":600,"height":600,"url":"https:\/\/www.ctf-fce.ca\/wp-content\/uploads\/2020\/03\/Perspectives-30_Article-6.png","type":"image\/png"}],"twitter_card":"summary_large_image","twitter_site":"@CTFFCE","twitter_misc":{"Dur\u00e9e de lecture estim\u00e9e":"6 minutes"},"schema":{"@context":"https:\/\/schema.org","@graph":[{"@type":"WebPage","@id":"https:\/\/www.ctf-fce.ca\/fr\/journal-education-publique\/reflexion-nouvelle-sur-la-greve-generale-de-winnipeg\/","url":"https:\/\/www.ctf-fce.ca\/fr\/journal-education-publique\/reflexion-nouvelle-sur-la-greve-generale-de-winnipeg\/","name":"R\u00e9flexion nouvelle sur la gr\u00e8ve g\u00e9n\u00e9rale de Winnipeg - CTF-FCE","isPartOf":{"@id":"https:\/\/www.ctf-fce.ca\/fr\/#website"},"primaryImageOfPage":{"@id":"https:\/\/www.ctf-fce.ca\/fr\/journal-education-publique\/reflexion-nouvelle-sur-la-greve-generale-de-winnipeg\/#primaryimage"},"image":{"@id":"https:\/\/www.ctf-fce.ca\/fr\/journal-education-publique\/reflexion-nouvelle-sur-la-greve-generale-de-winnipeg\/#primaryimage"},"thumbnailUrl":"https:\/\/www.ctf-fce.ca\/wp-content\/uploads\/2020\/03\/Perspectives-30_Article-6.png","datePublished":"2019-02-19T05:00:00+00:00","dateModified":"2020-03-10T01:52:04+00:00","breadcrumb":{"@id":"https:\/\/www.ctf-fce.ca\/fr\/journal-education-publique\/reflexion-nouvelle-sur-la-greve-generale-de-winnipeg\/#breadcrumb"},"inLanguage":"fr-FR","potentialAction":[{"@type":"ReadAction","target":["https:\/\/www.ctf-fce.ca\/fr\/journal-education-publique\/reflexion-nouvelle-sur-la-greve-generale-de-winnipeg\/"]}]},{"@type":"ImageObject","inLanguage":"fr-FR","@id":"https:\/\/www.ctf-fce.ca\/fr\/journal-education-publique\/reflexion-nouvelle-sur-la-greve-generale-de-winnipeg\/#primaryimage","url":"https:\/\/www.ctf-fce.ca\/wp-content\/uploads\/2020\/03\/Perspectives-30_Article-6.png","contentUrl":"https:\/\/www.ctf-fce.ca\/wp-content\/uploads\/2020\/03\/Perspectives-30_Article-6.png","width":600,"height":600},{"@type":"BreadcrumbList","@id":"https:\/\/www.ctf-fce.ca\/fr\/journal-education-publique\/reflexion-nouvelle-sur-la-greve-generale-de-winnipeg\/#breadcrumb","itemListElement":[{"@type":"ListItem","position":1,"name":"Accueil","item":"https:\/\/www.ctf-fce.ca\/fr\/home\/"},{"@type":"ListItem","position":2,"name":"Journal de l\u2019\u00e9ducation publique","item":"https:\/\/www.ctf-fce.ca\/fr\/journal-education-publique\/"},{"@type":"ListItem","position":3,"name":"R\u00e9flexion nouvelle sur la gr\u00e8ve g\u00e9n\u00e9rale de Winnipeg"}]},{"@type":"WebSite","@id":"https:\/\/www.ctf-fce.ca\/fr\/#website","url":"https:\/\/www.ctf-fce.ca\/fr\/","name":"CTF-FCE","description":"","publisher":{"@id":"https:\/\/www.ctf-fce.ca\/fr\/#organization"},"potentialAction":[{"@type":"SearchAction","target":{"@type":"EntryPoint","urlTemplate":"https:\/\/www.ctf-fce.ca\/fr\/?s={search_term_string}"},"query-input":{"@type":"PropertyValueSpecification","valueRequired":true,"valueName":"search_term_string"}}],"inLanguage":"fr-FR"},{"@type":"Organization","@id":"https:\/\/www.ctf-fce.ca\/fr\/#organization","name":"CTF-FCE","url":"https:\/\/www.ctf-fce.ca\/fr\/","logo":{"@type":"ImageObject","inLanguage":"fr-FR","@id":"https:\/\/www.ctf-fce.ca\/fr\/#\/schema\/logo\/image\/","url":"https:\/\/www.ctf-fce.ca\/wp-content\/uploads\/2020\/01\/ctf-fce-logo@2x.png","contentUrl":"https:\/\/www.ctf-fce.ca\/wp-content\/uploads\/2020\/01\/ctf-fce-logo@2x.png","width":485,"height":146,"caption":"CTF-FCE"},"image":{"@id":"https:\/\/www.ctf-fce.ca\/fr\/#\/schema\/logo\/image\/"},"sameAs":["https:\/\/www.facebook.com\/CTF.FCE\/","https:\/\/x.com\/CTFFCE","https:\/\/www.instagram.com\/ctffce\/","https:\/\/www.linkedin.com\/company\/canadian-teachers'\u200b-federation---f\u00e9d.-canadienne-des-enseignantes-et-des-enseignants\/","https:\/\/www.youtube.com\/user\/canadianteachers"]}]}},"featured_img":"https:\/\/www.ctf-fce.ca\/wp-content\/uploads\/2020\/03\/Perspectives-30_Article-6.png","coauthors":[],"author_meta":{"author_link":"https:\/\/www.ctf-fce.ca\/fr\/author\/contactkeshocommunications-ca\/","display_name":"contact@keshocommunications.ca"},"relative_dates":{"created":"Publi\u00e9 7 ans il y a","modified":"Mis \u00e0 jour 6 ans il y a"},"absolute_dates":{"created":"Publi\u00e9 le 19 f\u00e9vrier 2019","modified":"Mise \u00e0 jour le 9 mars 2020"},"absolute_dates_time":{"created":"Publi\u00e9 le 19 f\u00e9vrier 2019 0h00","modified":"Mise \u00e0 jour le 9 mars 2020 21h52"},"featured_img_caption":"","tax_additional":{"categories_perspectives_cpt":{"linked":["<a href=\"https:\/\/www.ctf-fce.ca\/fr\/categories\/action-politique\/\" class=\"advgb-post-tax-term\">Action politique<\/a>","<a href=\"https:\/\/www.ctf-fce.ca\/fr\/categories\/droits-des-travailleurs-et-travailleuses\/\" class=\"advgb-post-tax-term\">Droits des travailleurs et travailleuses<\/a>","<a href=\"https:\/\/www.ctf-fce.ca\/fr\/categories\/militantisme\/\" class=\"advgb-post-tax-term\">Militantisme<\/a>"],"unlinked":["<span class=\"advgb-post-tax-term\">Action politique<\/span>","<span class=\"advgb-post-tax-term\">Droits des travailleurs et travailleuses<\/span>","<span class=\"advgb-post-tax-term\">Militantisme<\/span>"],"slug":"categories_perspectives_cpt","name":"Cat\u00e9gories"},"authors_perspectives_cpt":{"linked":[],"unlinked":[],"slug":"authors_perspectives_cpt","name":"Auteures et auteurs"},"translation_priority":{"linked":["<a href=\"https:\/\/www.ctf-fce.ca\/fr\/?taxonomy=translation_priority&#038;term=facultatif\" class=\"advgb-post-tax-term\">Facultatif<\/a>"],"unlinked":["<span class=\"advgb-post-tax-term\">Facultatif<\/span>"],"slug":"translation_priority","name":"Priorit\u00e9s de traduction"}},"series_order":"","_links":{"self":[{"href":"https:\/\/www.ctf-fce.ca\/fr\/wp-json\/wp\/v2\/perspectives_cpt\/3952","targetHints":{"allow":["GET"]}}],"collection":[{"href":"https:\/\/www.ctf-fce.ca\/fr\/wp-json\/wp\/v2\/perspectives_cpt"}],"about":[{"href":"https:\/\/www.ctf-fce.ca\/fr\/wp-json\/wp\/v2\/types\/perspectives_cpt"}],"author":[{"embeddable":true,"href":"https:\/\/www.ctf-fce.ca\/fr\/wp-json\/wp\/v2\/users\/1"}],"replies":[{"embeddable":true,"href":"https:\/\/www.ctf-fce.ca\/fr\/wp-json\/wp\/v2\/comments?post=3952"}],"version-history":[{"count":0,"href":"https:\/\/www.ctf-fce.ca\/fr\/wp-json\/wp\/v2\/perspectives_cpt\/3952\/revisions"}],"wp:featuredmedia":[{"embeddable":true,"href":"https:\/\/www.ctf-fce.ca\/fr\/wp-json\/wp\/v2\/media\/3781"}],"wp:attachment":[{"href":"https:\/\/www.ctf-fce.ca\/fr\/wp-json\/wp\/v2\/media?parent=3952"}],"wp:term":[{"taxonomy":"categories_perspectives_cpt","embeddable":true,"href":"https:\/\/www.ctf-fce.ca\/fr\/wp-json\/wp\/v2\/categories_perspectives_cpt?post=3952"},{"taxonomy":"authors_perspectives_cpt","embeddable":true,"href":"https:\/\/www.ctf-fce.ca\/fr\/wp-json\/wp\/v2\/authors_perspectives_cpt?post=3952"}],"curies":[{"name":"wp","href":"https:\/\/api.w.org\/{rel}","templated":true}]}}