{"id":3967,"date":"2019-05-29T00:00:00","date_gmt":"2019-05-29T04:00:00","guid":{"rendered":"http:\/\/184.107.41.70\/~ctffce\/blog-perspectives\/ce-que-nous-pouvons-apprendre-des-300-jeunes-qui-ont-elabore-la-feuille-de-route-des-jeunes-pour-legalite-des-genres-au-canada\/"},"modified":"2020-03-09T21:51:02","modified_gmt":"2020-03-10T01:51:02","slug":"ce-que-nous-pouvons-apprendre-des-300-jeunes-qui-ont-elabore-la-feuille-de-route-des-jeunes-pour-legalite-des-genres-au-canada","status":"publish","type":"perspectives_cpt","link":"https:\/\/www.ctf-fce.ca\/fr\/journal-education-publique\/ce-que-nous-pouvons-apprendre-des-300-jeunes-qui-ont-elabore-la-feuille-de-route-des-jeunes-pour-legalite-des-genres-au-canada\/","title":{"rendered":"Ce que nous pouvons apprendre des 300 jeunes qui ont \u00e9labor\u00e9 la Feuille de route des jeunes pour l\u2019\u00e9galit\u00e9 des genres au Canada"},"content":{"rendered":"\n<p>En 2019, aucun pays dans le monde n\u2019a atteint l\u2019objectif de l\u2019\u00e9galit\u00e9 des genres. C\u2019est une donn\u00e9e alarmante. Nous sommes \u00e0 un point tournant de l\u2019histoire o\u00f9 il nous faut trouver des fa\u00e7ons de vraiment faire avancer les choses sur ce plan. Le Canada a la possibilit\u00e9 de devenir le tout premier pays du monde \u00e0 parvenir \u00e0 l\u2019\u00e9galit\u00e9 entre les genres. Pour ce faire, nous devons \u00e9couter les voix qui demandent \u00e0 \u00eatre entendues.<\/p>\n\n\n\n<p>Pendant des ann\u00e9es, les jeunes ont \u00e9t\u00e9 exclus des discussions importantes. Leurs a\u00een\u00e9s ont, par moment, sous-estim\u00e9 leurs opinions, fait fi de leurs exp\u00e9riences et n\u00e9glig\u00e9 de tenir pleinement compte de leurs voix avant de forger les d\u00e9cisions qui allaient avoir une influence si profonde dans leur vie. Chaque jour, les jeunes doivent composer avec le caract\u00e8re g\u00e9n\u00e9ralis\u00e9 des in\u00e9galit\u00e9s de genre et ses cons\u00e9quences sur leur v\u00e9cu; pourtant, dans bien des cas, ils ne sont pas consult\u00e9s alors que nous nous effor\u00e7ons de cheminer vers une plus grande \u00e9galit\u00e9.<\/p>\n\n\n\n<p>Je ne peux m\u2019emp\u00eacher de me demander : combien de terrain avons nous perdu dans la lutte pour l\u2019\u00e9galit\u00e9 des genres parce que nous n\u2019avons pas \u00e9cout\u00e9 les voix de la prochaine g\u00e9n\u00e9ration, et comment ferons-nous pour acc\u00e9l\u00e9rer les progr\u00e8s \u00e0 l\u2019avenir?<\/p>\n\n\n\n<p>En 2016, Plan International Canada et la F\u00e9d\u00e9ration canadienne des enseignantes et des enseignants ont inaugur\u00e9 le projet Les jeunes pour l\u2019\u00e9galit\u00e9 des genres (JEG). S\u2019inscrivant dans la foul\u00e9e du Programme de d\u00e9veloppement durable \u00e0 l\u2019horizon 2030 des Nations Unies, cette initiative a mobilis\u00e9 plus de 300 jeunes de partout au pays afin qu\u2019ils r\u00e9pondent \u00e0 une question d\u2019importance cruciale : que peut faire le Canada pour diriger les efforts vers l\u2019atteinte de l\u2019\u00e9galit\u00e9 des genres au pays et ailleurs dans le monde? Au fil de dialogues ax\u00e9s sur l\u2019engagement civique, les jeunes ont mis au jour des normes sociales et culturelles pr\u00e9judiciables, cern\u00e9 les enjeux les plus importants et mis \u00e0 profit leurs propres v\u00e9cus pour formuler des recommandations \u00e9clair\u00e9es et m\u00fbrement r\u00e9fl\u00e9chies \u00e0 l\u2019intention des dirigeantes et dirigeants de notre pays, dans la qu\u00eate pour l\u2019\u00e9galit\u00e9 entre les genres. <\/p>\n\n\n\n<p>Ces jeunes cr\u00e9eront un pr\u00e9c\u00e9dent avec leur rapport in\u00e9dit, intitul\u00e9 <em><a href=\"https:\/\/stories.plancanada.ca\/wp-content\/themes\/planTheme2018\/downloads\/JEG_feuille-de-route_FR_FINAL.pdf?_ga=2.132145934.184983188.1559563614-1567884976.1556543774&amp;_gac=1.25024200.1559563614.Cj0KCQjwitPnBRCQARIsAA5n84n8aJvONp4uSbxFJ_2KYOvQB-eg10WznalBgZPKrtAgRrRDgCzFxv0aAoYLEALw_wcB\">Feuille de route des jeunes pour l\u2019\u00e9galit\u00e9 des genres : Plan visant l\u2019atteinte de l\u2019Objectif de d\u00e9veloppement durable n<\/a><\/em><sup><em><a href=\"https:\/\/stories.plancanada.ca\/wp-content\/themes\/planTheme2018\/downloads\/JEG_feuille-de-route_FR_FINAL.pdf?_ga=2.132145934.184983188.1559563614-1567884976.1556543774&amp;_gac=1.25024200.1559563614.Cj0KCQjwitPnBRCQARIsAA5n84n8aJvONp4uSbxFJ_2KYOvQB-eg10WznalBgZPKrtAgRrRDgCzFxv0aAoYLEALw_wcB\">o<\/a><\/em><\/sup><em><a href=\"https:\/\/stories.plancanada.ca\/wp-content\/themes\/planTheme2018\/downloads\/JEG_feuille-de-route_FR_FINAL.pdf?_ga=2.132145934.184983188.1559563614-1567884976.1556543774&amp;_gac=1.25024200.1559563614.Cj0KCQjwitPnBRCQARIsAA5n84n8aJvONp4uSbxFJ_2KYOvQB-eg10WznalBgZPKrtAgRrRDgCzFxv0aAoYLEALw_wcB\"> 5 au Canada<\/a><\/em>. En mobilisant les jeunes et en amplifiant leurs voix, l\u2019initiative apporte une dimension int\u00e9ressante \u00e0 la conversation sur l\u2019\u00e9galit\u00e9 des genres comme jamais un d\u00e9bat d\u2019orientation ne l\u2019a fait auparavant. Leur honn\u00eatet\u00e9, leur ouverture d\u2019esprit et leur compr\u00e9hension des d\u00e9fis auxquels fait face l\u2019\u00e9galit\u00e9 des genres au Canada sont directement \u00e0 la base des recommandations contenues dans la <em>Feuille de route<\/em>. Ce sont leurs points de vue et leurs v\u00e9cus qui encadrent la prise de mesures concr\u00e8tes et le changement, et leurs voix qui nous permettront d\u2019atteindre cet objectif mondial vital. <\/p>\n\n\n\n<p>Dans d\u2019autres pays o\u00f9 Plan International Canada est actif, cette initiative extraordinaire et son incidence sur les jeunes trouve sa contrepartie. J\u2019ai vu des gar\u00e7ons \u0153uvrer pour mettre fin au tabou menstruel en Ouganda et d\u2019autres s\u2019attaquer \u00e0 la question du harc\u00e8lement sexuel en \u00c9gypte. J\u2019ai vu des jeunes au Nicaragua remettre en question des normes sociales pr\u00e9judiciables afin de promouvoir l\u2019\u00e9galit\u00e9. La r\u00e9alit\u00e9 est que, nous pouvons creuser autant de puits et b\u00e2tir autant d\u2019\u00e9coles que nous voulons, mais sans l\u2019\u00e9galit\u00e9 des genres, c\u2019est-\u00e0-dire si les femmes ne sont pas ma\u00eetresses de leur propre destin\u00e9e, de ce qu\u2019il adviendra de leur avenir ou de leur r\u00f4le dans la soci\u00e9t\u00e9, nous ne parviendrons pas \u00e0 changer le monde.<\/p>\n\n\n\n<p>S\u2019il en est ainsi, c\u2019est que l\u2019in\u00e9galit\u00e9 des genres n\u2019est pas un probl\u00e8me isol\u00e9 \u2013 il interpelle toute la soci\u00e9t\u00e9. C\u2019est un enjeu humain. L\u2019\u00e9galit\u00e9 entre les genres est d\u00e9terminante pour le d\u00e9veloppement \u00e9conomique. Elle est essentielle pour maintenir l\u2019accessibilit\u00e9 et l\u2019efficacit\u00e9 des syst\u00e8mes de sant\u00e9 et d\u2019\u00e9ducation partout dans le monde. Elle est indispensable pour s\u2019assurer qu\u2019on confie les r\u00f4les de direction aux personnes les mieux qualifi\u00e9es et les plus aptes, sans discrimination fond\u00e9e sur le genre, la race ou le handicap. L\u2019\u00e9galit\u00e9 des genres est inextricablement li\u00e9e au d\u00e9veloppement durable. Elle est cruciale pour garantir la reconnaissance et le respect des droits de la personne, et ce pour chaque citoyenne et citoyen du monde, de m\u00eame que pour assurer l\u2019acc\u00e8s \u00e0 l\u2019\u00e9galit\u00e9 des chances, afin que chaque \u00eatre humain ait la possibilit\u00e9 de r\u00e9aliser et de mobiliser son plein potentiel.<\/p>\n\n\n\n<p>En tant que femme occupant un poste de responsabilit\u00e9, j\u2019ai constat\u00e9 de premi\u00e8re main l\u2019urgent besoin d\u2019\u00e9galit\u00e9 entre les genres. J\u2019ai eu la chance de voir bon nombre de mes pairs briser leur propre plafond de verre, mais j\u2019ai aussi \u00e9t\u00e9 t\u00e9moin de ce qui se passe dans les coulisses \u2013 le combat inlassable qu\u2019elles ont d\u00fb mener pour \u00eatre trait\u00e9es de la m\u00eame mani\u00e8re que leurs homologues masculins. J\u2019ai vu des femmes se tailler une place \u00e0 des tables o\u00f9 elles n\u2019avaient pas \u00e9t\u00e9 convi\u00e9es ou exprimer des opinions qui ont \u00e9t\u00e9 prises moins au s\u00e9rieux parce qu\u2019elles \u00e9manaient d\u2019une femme.    <\/p>\n\n\n\n<p>Nous devons aux membres de la prochaine g\u00e9n\u00e9ration de leur donner l\u2019occasion de r\u00e9\u00e9crire cette histoire de l\u2019in\u00e9galit\u00e9. Ils sont conscients que leurs diff\u00e9rents parcours se croisent et ils travaillent ensemble \u00e0 faire tomber ces barri\u00e8res bien r\u00e9elles, afin que chacune et chacun ait sa place dans la soci\u00e9t\u00e9. Ils se rendent compte que, pour parvenir \u00e0 l\u2019\u00e9galit\u00e9 des genres, il faut s\u2019attaquer aux gros obstacles comme aux petits. Les in\u00e9galit\u00e9s se refl\u00e8tent dans des expressions de tous les jours sans qu\u2019on s\u2019en rende compte, dans ce langage qui, par sa nature m\u00eame, exclut certains genres de la conversation et les font se sentir moins importants que les autres. La prochaine g\u00e9n\u00e9ration a compris tout \u00e7a, mais elle a besoin de notre soutien. <\/p>\n\n\n\n<p>Nous avons toujours su que les jeunes \u00e9taient les leaders de demain, alors pourquoi attendre? En \u00e9coutant leurs voix, en respectant leurs id\u00e9es et en donnant du poids \u00e0 leurs solutions, nous permettrons aux jeunes d\u2019occuper la place qui leur revient de plein droit en tant que leaders d\u2019aujourd\u2019hui et, ainsi, susciter un r\u00e9el changement. <\/p>\n\n\n\n<hr class=\"wp-block-separator\"\/>\n\n\n\n<div class=\"wp-block-image\"><figure class=\"alignleft is-resized\"><img loading=\"lazy\" decoding=\"async\" src=\"http:\/\/perspectives-ctf-fce.ca\/wp-content\/uploads\/2019\/05\/Perspectives-31_Authors_CRiseboro.png\" alt=\"\" class=\"wp-image-1950\" width=\"157\" height=\"157\"\/><\/figure><\/div>\n\n\n\n<p>Caroline Riseboro est pr\u00e9sidente-directrice g\u00e9n\u00e9rale de Plan International Canada. <\/p>\n","protected":false},"excerpt":{"rendered":"<p>En 2019, aucun pays dans le monde n\u2019a atteint l\u2019objectif de l\u2019\u00e9galit\u00e9 des genres. C\u2019est une donn\u00e9e alarmante. Nous sommes \u00e0 un point tournant de l\u2019histoire o\u00f9 il nous faut trouver des fa\u00e7ons de vraiment faire avancer les choses sur ce plan. Le Canada a la possibilit\u00e9 de devenir le tout premier pays du monde [&hellip;]<\/p>\n","protected":false},"author":1,"featured_media":3968,"menu_order":0,"comment_status":"open","ping_status":"open","template":"","format":"standard","meta":{"_acf_changed":false,"advgb_blocks_editor_width":"","advgb_blocks_columns_visual_guide":"","footnotes":""},"categories_perspectives_cpt":[502,514],"authors_perspectives_cpt":[],"class_list":["post-3967","perspectives_cpt","type-perspectives_cpt","status-publish","format-standard","has-post-thumbnail","hentry","categories_perspectives_cpt-equite-entre-les-genres","categories_perspectives_cpt-justice-sociale"],"acf":[],"yoast_head":"<!-- This site is optimized with the Yoast SEO plugin v27.4 - https:\/\/yoast.com\/product\/yoast-seo-wordpress\/ -->\n<title>Ce que nous pouvons apprendre des 300 jeunes qui ont \u00e9labor\u00e9 la Feuille de route des jeunes pour l\u2019\u00e9galit\u00e9 des genres au Canada - CTF-FCE<\/title>\n<meta name=\"robots\" content=\"index, follow, max-snippet:-1, max-image-preview:large, max-video-preview:-1\" \/>\n<link rel=\"canonical\" href=\"https:\/\/www.ctf-fce.ca\/fr\/journal-education-publique\/ce-que-nous-pouvons-apprendre-des-300-jeunes-qui-ont-elabore-la-feuille-de-route-des-jeunes-pour-legalite-des-genres-au-canada\/\" \/>\n<meta property=\"og:locale\" content=\"fr_FR\" \/>\n<meta property=\"og:type\" content=\"article\" \/>\n<meta property=\"og:title\" content=\"Ce que nous pouvons apprendre des 300 jeunes qui ont \u00e9labor\u00e9 la Feuille de route des jeunes pour l\u2019\u00e9galit\u00e9 des genres au Canada - CTF-FCE\" \/>\n<meta property=\"og:description\" content=\"En 2019, aucun pays dans le monde n\u2019a atteint l\u2019objectif de l\u2019\u00e9galit\u00e9 des genres. C\u2019est une donn\u00e9e alarmante. Nous sommes \u00e0 un point tournant de l\u2019histoire o\u00f9 il nous faut trouver des fa\u00e7ons de vraiment faire avancer les choses sur ce plan. Le Canada a la possibilit\u00e9 de devenir le tout premier pays du monde [&hellip;]\" \/>\n<meta property=\"og:url\" content=\"https:\/\/www.ctf-fce.ca\/fr\/journal-education-publique\/ce-que-nous-pouvons-apprendre-des-300-jeunes-qui-ont-elabore-la-feuille-de-route-des-jeunes-pour-legalite-des-genres-au-canada\/\" \/>\n<meta property=\"og:site_name\" content=\"CTF-FCE\" \/>\n<meta property=\"article:publisher\" content=\"https:\/\/www.facebook.com\/CTF.FCE\/\" \/>\n<meta property=\"article:modified_time\" content=\"2020-03-10T01:51:02+00:00\" \/>\n<meta property=\"og:image\" content=\"https:\/\/www.ctf-fce.ca\/wp-content\/uploads\/2020\/03\/Perspectives-31_Article4-1.png\" \/>\n\t<meta property=\"og:image:width\" content=\"400\" \/>\n\t<meta property=\"og:image:height\" content=\"400\" \/>\n\t<meta property=\"og:image:type\" content=\"image\/png\" \/>\n<meta name=\"twitter:card\" content=\"summary_large_image\" \/>\n<meta name=\"twitter:site\" content=\"@CTFFCE\" \/>\n<meta name=\"twitter:label1\" content=\"Dur\u00e9e de lecture estim\u00e9e\" \/>\n\t<meta name=\"twitter:data1\" content=\"6 minutes\" \/>\n<script type=\"application\/ld+json\" class=\"yoast-schema-graph\">{\"@context\":\"https:\\\/\\\/schema.org\",\"@graph\":[{\"@type\":\"WebPage\",\"@id\":\"https:\\\/\\\/www.ctf-fce.ca\\\/fr\\\/journal-education-publique\\\/ce-que-nous-pouvons-apprendre-des-300-jeunes-qui-ont-elabore-la-feuille-de-route-des-jeunes-pour-legalite-des-genres-au-canada\\\/\",\"url\":\"https:\\\/\\\/www.ctf-fce.ca\\\/fr\\\/journal-education-publique\\\/ce-que-nous-pouvons-apprendre-des-300-jeunes-qui-ont-elabore-la-feuille-de-route-des-jeunes-pour-legalite-des-genres-au-canada\\\/\",\"name\":\"Ce que nous pouvons apprendre des 300 jeunes qui ont \u00e9labor\u00e9 la Feuille de route des jeunes pour l\u2019\u00e9galit\u00e9 des genres au Canada - CTF-FCE\",\"isPartOf\":{\"@id\":\"https:\\\/\\\/www.ctf-fce.ca\\\/fr\\\/#website\"},\"primaryImageOfPage\":{\"@id\":\"https:\\\/\\\/www.ctf-fce.ca\\\/fr\\\/journal-education-publique\\\/ce-que-nous-pouvons-apprendre-des-300-jeunes-qui-ont-elabore-la-feuille-de-route-des-jeunes-pour-legalite-des-genres-au-canada\\\/#primaryimage\"},\"image\":{\"@id\":\"https:\\\/\\\/www.ctf-fce.ca\\\/fr\\\/journal-education-publique\\\/ce-que-nous-pouvons-apprendre-des-300-jeunes-qui-ont-elabore-la-feuille-de-route-des-jeunes-pour-legalite-des-genres-au-canada\\\/#primaryimage\"},\"thumbnailUrl\":\"https:\\\/\\\/www.ctf-fce.ca\\\/wp-content\\\/uploads\\\/2020\\\/03\\\/Perspectives-31_Article4-1.png\",\"datePublished\":\"2019-05-29T04:00:00+00:00\",\"dateModified\":\"2020-03-10T01:51:02+00:00\",\"breadcrumb\":{\"@id\":\"https:\\\/\\\/www.ctf-fce.ca\\\/fr\\\/journal-education-publique\\\/ce-que-nous-pouvons-apprendre-des-300-jeunes-qui-ont-elabore-la-feuille-de-route-des-jeunes-pour-legalite-des-genres-au-canada\\\/#breadcrumb\"},\"inLanguage\":\"fr-FR\",\"potentialAction\":[{\"@type\":\"ReadAction\",\"target\":[\"https:\\\/\\\/www.ctf-fce.ca\\\/fr\\\/journal-education-publique\\\/ce-que-nous-pouvons-apprendre-des-300-jeunes-qui-ont-elabore-la-feuille-de-route-des-jeunes-pour-legalite-des-genres-au-canada\\\/\"]}]},{\"@type\":\"ImageObject\",\"inLanguage\":\"fr-FR\",\"@id\":\"https:\\\/\\\/www.ctf-fce.ca\\\/fr\\\/journal-education-publique\\\/ce-que-nous-pouvons-apprendre-des-300-jeunes-qui-ont-elabore-la-feuille-de-route-des-jeunes-pour-legalite-des-genres-au-canada\\\/#primaryimage\",\"url\":\"https:\\\/\\\/www.ctf-fce.ca\\\/wp-content\\\/uploads\\\/2020\\\/03\\\/Perspectives-31_Article4-1.png\",\"contentUrl\":\"https:\\\/\\\/www.ctf-fce.ca\\\/wp-content\\\/uploads\\\/2020\\\/03\\\/Perspectives-31_Article4-1.png\",\"width\":400,\"height\":400},{\"@type\":\"BreadcrumbList\",\"@id\":\"https:\\\/\\\/www.ctf-fce.ca\\\/fr\\\/journal-education-publique\\\/ce-que-nous-pouvons-apprendre-des-300-jeunes-qui-ont-elabore-la-feuille-de-route-des-jeunes-pour-legalite-des-genres-au-canada\\\/#breadcrumb\",\"itemListElement\":[{\"@type\":\"ListItem\",\"position\":1,\"name\":\"Accueil\",\"item\":\"https:\\\/\\\/www.ctf-fce.ca\\\/fr\\\/\"},{\"@type\":\"ListItem\",\"position\":2,\"name\":\"Journal de l\u2019\u00e9ducation publique\",\"item\":\"https:\\\/\\\/www.ctf-fce.ca\\\/fr\\\/journal-education-publique\\\/\"},{\"@type\":\"ListItem\",\"position\":3,\"name\":\"Ce que nous pouvons apprendre des 300 jeunes qui ont \u00e9labor\u00e9 la Feuille de route des jeunes pour l\u2019\u00e9galit\u00e9 des genres au Canada\"}]},{\"@type\":\"WebSite\",\"@id\":\"https:\\\/\\\/www.ctf-fce.ca\\\/fr\\\/#website\",\"url\":\"https:\\\/\\\/www.ctf-fce.ca\\\/fr\\\/\",\"name\":\"CTF-FCE\",\"description\":\"\",\"publisher\":{\"@id\":\"https:\\\/\\\/www.ctf-fce.ca\\\/fr\\\/#organization\"},\"potentialAction\":[{\"@type\":\"SearchAction\",\"target\":{\"@type\":\"EntryPoint\",\"urlTemplate\":\"https:\\\/\\\/www.ctf-fce.ca\\\/fr\\\/?s={search_term_string}\"},\"query-input\":{\"@type\":\"PropertyValueSpecification\",\"valueRequired\":true,\"valueName\":\"search_term_string\"}}],\"inLanguage\":\"fr-FR\"},{\"@type\":\"Organization\",\"@id\":\"https:\\\/\\\/www.ctf-fce.ca\\\/fr\\\/#organization\",\"name\":\"CTF-FCE\",\"url\":\"https:\\\/\\\/www.ctf-fce.ca\\\/fr\\\/\",\"logo\":{\"@type\":\"ImageObject\",\"inLanguage\":\"fr-FR\",\"@id\":\"https:\\\/\\\/www.ctf-fce.ca\\\/fr\\\/#\\\/schema\\\/logo\\\/image\\\/\",\"url\":\"https:\\\/\\\/www.ctf-fce.ca\\\/wp-content\\\/uploads\\\/2020\\\/01\\\/ctf-fce-logo@2x.png\",\"contentUrl\":\"https:\\\/\\\/www.ctf-fce.ca\\\/wp-content\\\/uploads\\\/2020\\\/01\\\/ctf-fce-logo@2x.png\",\"width\":485,\"height\":146,\"caption\":\"CTF-FCE\"},\"image\":{\"@id\":\"https:\\\/\\\/www.ctf-fce.ca\\\/fr\\\/#\\\/schema\\\/logo\\\/image\\\/\"},\"sameAs\":[\"https:\\\/\\\/www.facebook.com\\\/CTF.FCE\\\/\",\"https:\\\/\\\/x.com\\\/CTFFCE\",\"https:\\\/\\\/www.instagram.com\\\/ctffce\\\/\",\"https:\\\/\\\/www.linkedin.com\\\/company\\\/canadian-teachers'\u200b-federation---f\u00e9d.-canadienne-des-enseignantes-et-des-enseignants\\\/\",\"https:\\\/\\\/www.youtube.com\\\/user\\\/canadianteachers\"]}]}<\/script>\n<!-- \/ Yoast SEO plugin. -->","yoast_head_json":{"title":"Ce que nous pouvons apprendre des 300 jeunes qui ont \u00e9labor\u00e9 la Feuille de route des jeunes pour l\u2019\u00e9galit\u00e9 des genres au Canada - CTF-FCE","robots":{"index":"index","follow":"follow","max-snippet":"max-snippet:-1","max-image-preview":"max-image-preview:large","max-video-preview":"max-video-preview:-1"},"canonical":"https:\/\/www.ctf-fce.ca\/fr\/journal-education-publique\/ce-que-nous-pouvons-apprendre-des-300-jeunes-qui-ont-elabore-la-feuille-de-route-des-jeunes-pour-legalite-des-genres-au-canada\/","og_locale":"fr_FR","og_type":"article","og_title":"Ce que nous pouvons apprendre des 300 jeunes qui ont \u00e9labor\u00e9 la Feuille de route des jeunes pour l\u2019\u00e9galit\u00e9 des genres au Canada - CTF-FCE","og_description":"En 2019, aucun pays dans le monde n\u2019a atteint l\u2019objectif de l\u2019\u00e9galit\u00e9 des genres. C\u2019est une donn\u00e9e alarmante. Nous sommes \u00e0 un point tournant de l\u2019histoire o\u00f9 il nous faut trouver des fa\u00e7ons de vraiment faire avancer les choses sur ce plan. Le Canada a la possibilit\u00e9 de devenir le tout premier pays du monde [&hellip;]","og_url":"https:\/\/www.ctf-fce.ca\/fr\/journal-education-publique\/ce-que-nous-pouvons-apprendre-des-300-jeunes-qui-ont-elabore-la-feuille-de-route-des-jeunes-pour-legalite-des-genres-au-canada\/","og_site_name":"CTF-FCE","article_publisher":"https:\/\/www.facebook.com\/CTF.FCE\/","article_modified_time":"2020-03-10T01:51:02+00:00","og_image":[{"width":400,"height":400,"url":"https:\/\/www.ctf-fce.ca\/wp-content\/uploads\/2020\/03\/Perspectives-31_Article4-1.png","type":"image\/png"}],"twitter_card":"summary_large_image","twitter_site":"@CTFFCE","twitter_misc":{"Dur\u00e9e de lecture estim\u00e9e":"6 minutes"},"schema":{"@context":"https:\/\/schema.org","@graph":[{"@type":"WebPage","@id":"https:\/\/www.ctf-fce.ca\/fr\/journal-education-publique\/ce-que-nous-pouvons-apprendre-des-300-jeunes-qui-ont-elabore-la-feuille-de-route-des-jeunes-pour-legalite-des-genres-au-canada\/","url":"https:\/\/www.ctf-fce.ca\/fr\/journal-education-publique\/ce-que-nous-pouvons-apprendre-des-300-jeunes-qui-ont-elabore-la-feuille-de-route-des-jeunes-pour-legalite-des-genres-au-canada\/","name":"Ce que nous pouvons apprendre des 300 jeunes qui ont \u00e9labor\u00e9 la Feuille de route des jeunes pour l\u2019\u00e9galit\u00e9 des genres au Canada - CTF-FCE","isPartOf":{"@id":"https:\/\/www.ctf-fce.ca\/fr\/#website"},"primaryImageOfPage":{"@id":"https:\/\/www.ctf-fce.ca\/fr\/journal-education-publique\/ce-que-nous-pouvons-apprendre-des-300-jeunes-qui-ont-elabore-la-feuille-de-route-des-jeunes-pour-legalite-des-genres-au-canada\/#primaryimage"},"image":{"@id":"https:\/\/www.ctf-fce.ca\/fr\/journal-education-publique\/ce-que-nous-pouvons-apprendre-des-300-jeunes-qui-ont-elabore-la-feuille-de-route-des-jeunes-pour-legalite-des-genres-au-canada\/#primaryimage"},"thumbnailUrl":"https:\/\/www.ctf-fce.ca\/wp-content\/uploads\/2020\/03\/Perspectives-31_Article4-1.png","datePublished":"2019-05-29T04:00:00+00:00","dateModified":"2020-03-10T01:51:02+00:00","breadcrumb":{"@id":"https:\/\/www.ctf-fce.ca\/fr\/journal-education-publique\/ce-que-nous-pouvons-apprendre-des-300-jeunes-qui-ont-elabore-la-feuille-de-route-des-jeunes-pour-legalite-des-genres-au-canada\/#breadcrumb"},"inLanguage":"fr-FR","potentialAction":[{"@type":"ReadAction","target":["https:\/\/www.ctf-fce.ca\/fr\/journal-education-publique\/ce-que-nous-pouvons-apprendre-des-300-jeunes-qui-ont-elabore-la-feuille-de-route-des-jeunes-pour-legalite-des-genres-au-canada\/"]}]},{"@type":"ImageObject","inLanguage":"fr-FR","@id":"https:\/\/www.ctf-fce.ca\/fr\/journal-education-publique\/ce-que-nous-pouvons-apprendre-des-300-jeunes-qui-ont-elabore-la-feuille-de-route-des-jeunes-pour-legalite-des-genres-au-canada\/#primaryimage","url":"https:\/\/www.ctf-fce.ca\/wp-content\/uploads\/2020\/03\/Perspectives-31_Article4-1.png","contentUrl":"https:\/\/www.ctf-fce.ca\/wp-content\/uploads\/2020\/03\/Perspectives-31_Article4-1.png","width":400,"height":400},{"@type":"BreadcrumbList","@id":"https:\/\/www.ctf-fce.ca\/fr\/journal-education-publique\/ce-que-nous-pouvons-apprendre-des-300-jeunes-qui-ont-elabore-la-feuille-de-route-des-jeunes-pour-legalite-des-genres-au-canada\/#breadcrumb","itemListElement":[{"@type":"ListItem","position":1,"name":"Accueil","item":"https:\/\/www.ctf-fce.ca\/fr\/"},{"@type":"ListItem","position":2,"name":"Journal de l\u2019\u00e9ducation publique","item":"https:\/\/www.ctf-fce.ca\/fr\/journal-education-publique\/"},{"@type":"ListItem","position":3,"name":"Ce que nous pouvons apprendre des 300 jeunes qui ont \u00e9labor\u00e9 la Feuille de route des jeunes pour l\u2019\u00e9galit\u00e9 des genres au Canada"}]},{"@type":"WebSite","@id":"https:\/\/www.ctf-fce.ca\/fr\/#website","url":"https:\/\/www.ctf-fce.ca\/fr\/","name":"CTF-FCE","description":"","publisher":{"@id":"https:\/\/www.ctf-fce.ca\/fr\/#organization"},"potentialAction":[{"@type":"SearchAction","target":{"@type":"EntryPoint","urlTemplate":"https:\/\/www.ctf-fce.ca\/fr\/?s={search_term_string}"},"query-input":{"@type":"PropertyValueSpecification","valueRequired":true,"valueName":"search_term_string"}}],"inLanguage":"fr-FR"},{"@type":"Organization","@id":"https:\/\/www.ctf-fce.ca\/fr\/#organization","name":"CTF-FCE","url":"https:\/\/www.ctf-fce.ca\/fr\/","logo":{"@type":"ImageObject","inLanguage":"fr-FR","@id":"https:\/\/www.ctf-fce.ca\/fr\/#\/schema\/logo\/image\/","url":"https:\/\/www.ctf-fce.ca\/wp-content\/uploads\/2020\/01\/ctf-fce-logo@2x.png","contentUrl":"https:\/\/www.ctf-fce.ca\/wp-content\/uploads\/2020\/01\/ctf-fce-logo@2x.png","width":485,"height":146,"caption":"CTF-FCE"},"image":{"@id":"https:\/\/www.ctf-fce.ca\/fr\/#\/schema\/logo\/image\/"},"sameAs":["https:\/\/www.facebook.com\/CTF.FCE\/","https:\/\/x.com\/CTFFCE","https:\/\/www.instagram.com\/ctffce\/","https:\/\/www.linkedin.com\/company\/canadian-teachers'\u200b-federation---f\u00e9d.-canadienne-des-enseignantes-et-des-enseignants\/","https:\/\/www.youtube.com\/user\/canadianteachers"]}]}},"featured_img":"https:\/\/www.ctf-fce.ca\/wp-content\/uploads\/2020\/03\/Perspectives-31_Article4-1.png","coauthors":[],"author_meta":{"author_link":"https:\/\/www.ctf-fce.ca\/fr\/author\/contactkeshocommunications-ca\/","display_name":"contact@keshocommunications.ca"},"relative_dates":{"created":"Publi\u00e9 7 ans il y a","modified":"Mis \u00e0 jour 6 ans il y a"},"absolute_dates":{"created":"Publi\u00e9 le 29 mai 2019","modified":"Mise \u00e0 jour le 9 mars 2020"},"absolute_dates_time":{"created":"Publi\u00e9 le 29 mai 2019 0h00","modified":"Mise \u00e0 jour le 9 mars 2020 21h51"},"featured_img_caption":"","tax_additional":{"categories_perspectives_cpt":{"linked":["<a href=\"https:\/\/www.ctf-fce.ca\/fr\/categories\/equite-entre-les-genres\/\" class=\"advgb-post-tax-term\">\u00c9quit\u00e9 entre les genres<\/a>","<a href=\"https:\/\/www.ctf-fce.ca\/fr\/categories\/justice-sociale\/\" class=\"advgb-post-tax-term\">Justice sociale<\/a>"],"unlinked":["<span class=\"advgb-post-tax-term\">\u00c9quit\u00e9 entre les genres<\/span>","<span class=\"advgb-post-tax-term\">Justice sociale<\/span>"],"slug":"categories_perspectives_cpt","name":"Cat\u00e9gories"},"authors_perspectives_cpt":{"linked":[],"unlinked":[],"slug":"authors_perspectives_cpt","name":"Auteures et auteurs"},"translation_priority":{"linked":["<a href=\"https:\/\/www.ctf-fce.ca\/fr\/?taxonomy=translation_priority&#038;term=facultatif\" class=\"advgb-post-tax-term\">Facultatif<\/a>"],"unlinked":["<span class=\"advgb-post-tax-term\">Facultatif<\/span>"],"slug":"translation_priority","name":"Priorit\u00e9s de traduction"}},"series_order":"","_links":{"self":[{"href":"https:\/\/www.ctf-fce.ca\/fr\/wp-json\/wp\/v2\/perspectives_cpt\/3967","targetHints":{"allow":["GET"]}}],"collection":[{"href":"https:\/\/www.ctf-fce.ca\/fr\/wp-json\/wp\/v2\/perspectives_cpt"}],"about":[{"href":"https:\/\/www.ctf-fce.ca\/fr\/wp-json\/wp\/v2\/types\/perspectives_cpt"}],"author":[{"embeddable":true,"href":"https:\/\/www.ctf-fce.ca\/fr\/wp-json\/wp\/v2\/users\/1"}],"replies":[{"embeddable":true,"href":"https:\/\/www.ctf-fce.ca\/fr\/wp-json\/wp\/v2\/comments?post=3967"}],"version-history":[{"count":0,"href":"https:\/\/www.ctf-fce.ca\/fr\/wp-json\/wp\/v2\/perspectives_cpt\/3967\/revisions"}],"wp:featuredmedia":[{"embeddable":true,"href":"https:\/\/www.ctf-fce.ca\/fr\/wp-json\/wp\/v2\/media\/3968"}],"wp:attachment":[{"href":"https:\/\/www.ctf-fce.ca\/fr\/wp-json\/wp\/v2\/media?parent=3967"}],"wp:term":[{"taxonomy":"categories_perspectives_cpt","embeddable":true,"href":"https:\/\/www.ctf-fce.ca\/fr\/wp-json\/wp\/v2\/categories_perspectives_cpt?post=3967"},{"taxonomy":"authors_perspectives_cpt","embeddable":true,"href":"https:\/\/www.ctf-fce.ca\/fr\/wp-json\/wp\/v2\/authors_perspectives_cpt?post=3967"}],"curies":[{"name":"wp","href":"https:\/\/api.w.org\/{rel}","templated":true}]}}